{"id":36410,"date":"2025-06-12T14:06:35","date_gmt":"2025-06-12T12:06:35","guid":{"rendered":"https:\/\/aldaia.es\/empleo\/?page_id=36410"},"modified":"2025-06-16T14:47:34","modified_gmt":"2025-06-16T12:47:34","slug":"inici","status":"publish","type":"page","link":"https:\/\/aldaia.es\/empleo\/ca\/inici\/","title":{"rendered":"Inici"},"content":{"rendered":"\n<div style=\"height:50px\" aria-hidden=\"true\" class=\"wp-block-spacer\"><\/div>\n\n\n\n<div style=\"height:50px\" aria-hidden=\"true\" class=\"wp-block-spacer d-none d-xl-block\"><\/div>\n\n\n\n<div class=\"wp-block-columns bloques-inicio-empleo container mb-0 is-layout-flex wp-container-core-columns-is-layout-9d6595d7 wp-block-columns-is-layout-flex\">\n<div class=\"wp-block-column bloque bloquew is-layout-flow wp-block-column-is-layout-flow\">\n<h2 class=\"wp-block-heading has-text-align-center  d-block my-5\"><a href=\"https:\/\/aldaia.es\/empleo\/ca\/category\/ocupacio-ajuntament-aldaia\/\">Ocupaci\u00f3 Ajuntament<\/a><\/h2>\n<\/div>\n\n\n\n<div class=\"wp-block-column bloque bloquew is-layout-flow wp-block-column-is-layout-flow\">\n<h2 class=\"wp-block-heading has-text-align-center  d-block my-5\"><a href=\"https:\/\/aldaiaproxima.aldaia.eu\/es\/empleo\/\">Ocupaci\u00f3 Aldaia Pr\u00f2xima<\/a><\/h2>\n<\/div>\n\n\n\n<div class=\"wp-block-column bloquew is-layout-flow wp-block-column-is-layout-flow\">\n<div class=\"wp-block-columns bloque2 mb-2 is-layout-flex wp-container-core-columns-is-layout-9d6595d7 wp-block-columns-is-layout-flex\">\n<div class=\"wp-block-column bloque bloque2 is-layout-flow wp-block-column-is-layout-flow\">\n<h2 class=\"wp-block-heading has-text-align-center mx-auto d-block py-3\"><a href=\"https:\/\/aldaia.es\/empleo\/ca\/category\/adl-i-comerc\/\">ADL Ocupaci\u00f3<\/a><\/h2>\n<\/div>\n<\/div>\n\n\n\n<div class=\"wp-block-columns bloque2 mb-0 is-layout-flex wp-container-core-columns-is-layout-9d6595d7 wp-block-columns-is-layout-flex\">\n<div class=\"wp-block-column bloque bloque2 is-layout-flow wp-block-column-is-layout-flow\">\n<h2 class=\"wp-block-heading has-text-align-center mx-auto d-block py-3\"><a href=\"https:\/\/agenciacolocacion.aldaia.es\/\" target=\"_blank\" rel=\"noreferrer noopener\">Ofertes Empreses<br><span>N\u00ba Autorizaci\u00f3: 1000000029<\/span><\/a><\/h2>\n<\/div>\n<\/div>\n<\/div>\n<\/div>\n\n\n\n<div style=\"height:50px\" aria-hidden=\"true\" class=\"wp-block-spacer\"><\/div>\n\n\n\n<div style=\"height:50px\" aria-hidden=\"true\" class=\"wp-block-spacer d-none d-xl-block\"><\/div>\n","protected":false},"excerpt":{"rendered":"<p>Ocupaci\u00f3 Ajuntament Ocupaci\u00f3 Aldaia Pr\u00f2xima ADL Ocupaci\u00f3 Ofertes EmpresesN\u00ba Autorizaci\u00f3: 1000000029 [&#8230;]<\/p>\n<p><a class=\"btn btn-secondary understrap-read-more-link\" href=\"https:\/\/aldaia.es\/empleo\/ca\/inici\/\">Leer m\u00e1s&#8230;<span class=\"screen-reader-text\"> from Inici<\/span><\/a><\/p>\n","protected":false},"author":1,"featured_media":0,"parent":0,"menu_order":0,"comment_status":"closed","ping_status":"closed","template":"page-templates\/homepage.php","meta":{"footnotes":""},"class_list":["post-36410","page","type-page","status-publish","hentry"],"yoast_head":"<!-- This site is optimized with the Yoast SEO plugin v26.9 - https:\/\/yoast.com\/product\/yoast-seo-wordpress\/ -->\n<title>Ocupaci\u00f3 Aldaia - Ofertes de treball - Ajuntament d&#039;Aldaia<\/title>\n<meta name=\"description\" content=\"Troba ofertes de feina a Aldaia. Oportunitats laborals de l&#039;Ajuntament d&#039;Aldaia. La teva propera feina t&#039;espera!\" \/>\n<meta name=\"robots\" content=\"index, follow, max-snippet:-1, max-image-preview:large, max-video-preview:-1\" \/>\n<link rel=\"canonical\" href=\"https:\/\/aldaia.es\/empleo\/ca\/inici\/\" \/>\n<meta property=\"og:locale\" content=\"es_ES\" \/>\n<meta property=\"og:type\" content=\"article\" \/>\n<meta property=\"og:title\" content=\"Ocupaci\u00f3 Aldaia - Ofertes de treball - Ajuntament d&#039;Aldaia\" \/>\n<meta property=\"og:description\" content=\"Troba ofertes de feina a Aldaia. Oportunitats laborals de l&#039;Ajuntament d&#039;Aldaia. La teva propera feina t&#039;espera!\" \/>\n<meta property=\"og:url\" content=\"https:\/\/aldaia.es\/empleo\/ca\/inici\/\" \/>\n<meta property=\"og:site_name\" content=\"Empleo Aldaia\" \/>\n<meta property=\"article:publisher\" content=\"https:\/\/www.facebook.com\/ajuntamentaldaia\" \/>\n<meta property=\"article:modified_time\" content=\"2025-06-16T12:47:34+00:00\" \/>\n<meta name=\"twitter:card\" content=\"summary_large_image\" \/>\n<meta name=\"twitter:site\" content=\"@ajuntaldaia\" \/>\n<meta name=\"twitter:label1\" content=\"Tiempo de lectura\" \/>\n\t<meta name=\"twitter:data1\" content=\"1 minuto\" \/>\n<script type=\"application\/ld+json\" class=\"yoast-schema-graph\">{\"@context\":\"https:\/\/schema.org\",\"@graph\":[{\"@type\":\"WebPage\",\"@id\":\"https:\/\/aldaia.es\/empleo\/ca\/inici\/\",\"url\":\"https:\/\/aldaia.es\/empleo\/ca\/inici\/\",\"name\":\"Ocupaci\u00f3 Aldaia - Ofertes de treball - Ajuntament d'Aldaia\",\"isPartOf\":{\"@id\":\"https:\/\/aldaia.es\/empleo\/#website\"},\"datePublished\":\"2025-06-12T12:06:35+00:00\",\"dateModified\":\"2025-06-16T12:47:34+00:00\",\"description\":\"Troba ofertes de feina a Aldaia. Oportunitats laborals de l'Ajuntament d'Aldaia. La teva propera feina t'espera!\",\"breadcrumb\":{\"@id\":\"https:\/\/aldaia.es\/empleo\/ca\/inici\/#breadcrumb\"},\"inLanguage\":\"es\",\"potentialAction\":[{\"@type\":\"ReadAction\",\"target\":[\"https:\/\/aldaia.es\/empleo\/ca\/inici\/\"]}]},{\"@type\":\"BreadcrumbList\",\"@id\":\"https:\/\/aldaia.es\/empleo\/ca\/inici\/#breadcrumb\",\"itemListElement\":[{\"@type\":\"ListItem\",\"position\":1,\"name\":\"Portada\",\"item\":\"https:\/\/aldaia.es\/empleo\/\"},{\"@type\":\"ListItem\",\"position\":2,\"name\":\"Inici\"}]},{\"@type\":\"WebSite\",\"@id\":\"https:\/\/aldaia.es\/empleo\/#website\",\"url\":\"https:\/\/aldaia.es\/empleo\/\",\"name\":\"Empleo Aldaia\",\"description\":\"\",\"publisher\":{\"@id\":\"https:\/\/aldaia.es\/empleo\/#organization\"},\"potentialAction\":[{\"@type\":\"SearchAction\",\"target\":{\"@type\":\"EntryPoint\",\"urlTemplate\":\"https:\/\/aldaia.es\/empleo\/?s={search_term_string}\"},\"query-input\":{\"@type\":\"PropertyValueSpecification\",\"valueRequired\":true,\"valueName\":\"search_term_string\"}}],\"inLanguage\":\"es\"},{\"@type\":\"Organization\",\"@id\":\"https:\/\/aldaia.es\/empleo\/#organization\",\"name\":\"Empleo Aldaia\",\"url\":\"https:\/\/aldaia.es\/empleo\/\",\"logo\":{\"@type\":\"ImageObject\",\"inLanguage\":\"es\",\"@id\":\"https:\/\/aldaia.es\/empleo\/#\/schema\/logo\/image\/\",\"url\":\"https:\/\/aldaia.es\/empleo\/wp-content\/uploads\/2025\/06\/logo-ajuntament-aldaia.jpg\",\"contentUrl\":\"https:\/\/aldaia.es\/empleo\/wp-content\/uploads\/2025\/06\/logo-ajuntament-aldaia.jpg\",\"width\":768,\"height\":438,\"caption\":\"Empleo Aldaia\"},\"image\":{\"@id\":\"https:\/\/aldaia.es\/empleo\/#\/schema\/logo\/image\/\"},\"sameAs\":[\"https:\/\/www.facebook.com\/ajuntamentaldaia\",\"https:\/\/x.com\/ajuntaldaia\",\"https:\/\/www.instagram.com\/ajuntamentaldaia_\/\",\"https:\/\/www.youtube.com\/@ajuntamentdaldaia8046\"]}]}<\/script>\n<!-- \/ Yoast SEO plugin. -->","yoast_head_json":{"title":"Ocupaci\u00f3 Aldaia - Ofertes de treball - Ajuntament d'Aldaia","description":"Troba ofertes de feina a Aldaia. Oportunitats laborals de l'Ajuntament d'Aldaia. La teva propera feina t'espera!","robots":{"index":"index","follow":"follow","max-snippet":"max-snippet:-1","max-image-preview":"max-image-preview:large","max-video-preview":"max-video-preview:-1"},"canonical":"https:\/\/aldaia.es\/empleo\/ca\/inici\/","og_locale":"es_ES","og_type":"article","og_title":"Ocupaci\u00f3 Aldaia - Ofertes de treball - Ajuntament d'Aldaia","og_description":"Troba ofertes de feina a Aldaia. Oportunitats laborals de l'Ajuntament d'Aldaia. La teva propera feina t'espera!","og_url":"https:\/\/aldaia.es\/empleo\/ca\/inici\/","og_site_name":"Empleo Aldaia","article_publisher":"https:\/\/www.facebook.com\/ajuntamentaldaia","article_modified_time":"2025-06-16T12:47:34+00:00","twitter_card":"summary_large_image","twitter_site":"@ajuntaldaia","twitter_misc":{"Tiempo de lectura":"1 minuto"},"schema":{"@context":"https:\/\/schema.org","@graph":[{"@type":"WebPage","@id":"https:\/\/aldaia.es\/empleo\/ca\/inici\/","url":"https:\/\/aldaia.es\/empleo\/ca\/inici\/","name":"Ocupaci\u00f3 Aldaia - Ofertes de treball - Ajuntament d'Aldaia","isPartOf":{"@id":"https:\/\/aldaia.es\/empleo\/#website"},"datePublished":"2025-06-12T12:06:35+00:00","dateModified":"2025-06-16T12:47:34+00:00","description":"Troba ofertes de feina a Aldaia. Oportunitats laborals de l'Ajuntament d'Aldaia. La teva propera feina t'espera!","breadcrumb":{"@id":"https:\/\/aldaia.es\/empleo\/ca\/inici\/#breadcrumb"},"inLanguage":"es","potentialAction":[{"@type":"ReadAction","target":["https:\/\/aldaia.es\/empleo\/ca\/inici\/"]}]},{"@type":"BreadcrumbList","@id":"https:\/\/aldaia.es\/empleo\/ca\/inici\/#breadcrumb","itemListElement":[{"@type":"ListItem","position":1,"name":"Portada","item":"https:\/\/aldaia.es\/empleo\/"},{"@type":"ListItem","position":2,"name":"Inici"}]},{"@type":"WebSite","@id":"https:\/\/aldaia.es\/empleo\/#website","url":"https:\/\/aldaia.es\/empleo\/","name":"Empleo Aldaia","description":"","publisher":{"@id":"https:\/\/aldaia.es\/empleo\/#organization"},"potentialAction":[{"@type":"SearchAction","target":{"@type":"EntryPoint","urlTemplate":"https:\/\/aldaia.es\/empleo\/?s={search_term_string}"},"query-input":{"@type":"PropertyValueSpecification","valueRequired":true,"valueName":"search_term_string"}}],"inLanguage":"es"},{"@type":"Organization","@id":"https:\/\/aldaia.es\/empleo\/#organization","name":"Empleo Aldaia","url":"https:\/\/aldaia.es\/empleo\/","logo":{"@type":"ImageObject","inLanguage":"es","@id":"https:\/\/aldaia.es\/empleo\/#\/schema\/logo\/image\/","url":"https:\/\/aldaia.es\/empleo\/wp-content\/uploads\/2025\/06\/logo-ajuntament-aldaia.jpg","contentUrl":"https:\/\/aldaia.es\/empleo\/wp-content\/uploads\/2025\/06\/logo-ajuntament-aldaia.jpg","width":768,"height":438,"caption":"Empleo Aldaia"},"image":{"@id":"https:\/\/aldaia.es\/empleo\/#\/schema\/logo\/image\/"},"sameAs":["https:\/\/www.facebook.com\/ajuntamentaldaia","https:\/\/x.com\/ajuntaldaia","https:\/\/www.instagram.com\/ajuntamentaldaia_\/","https:\/\/www.youtube.com\/@ajuntamentdaldaia8046"]}]}},"_links":{"self":[{"href":"https:\/\/aldaia.es\/empleo\/wp-json\/wp\/v2\/pages\/36410","targetHints":{"allow":["GET"]}}],"collection":[{"href":"https:\/\/aldaia.es\/empleo\/wp-json\/wp\/v2\/pages"}],"about":[{"href":"https:\/\/aldaia.es\/empleo\/wp-json\/wp\/v2\/types\/page"}],"author":[{"embeddable":true,"href":"https:\/\/aldaia.es\/empleo\/wp-json\/wp\/v2\/users\/1"}],"replies":[{"embeddable":true,"href":"https:\/\/aldaia.es\/empleo\/wp-json\/wp\/v2\/comments?post=36410"}],"version-history":[{"count":9,"href":"https:\/\/aldaia.es\/empleo\/wp-json\/wp\/v2\/pages\/36410\/revisions"}],"predecessor-version":[{"id":37844,"href":"https:\/\/aldaia.es\/empleo\/wp-json\/wp\/v2\/pages\/36410\/revisions\/37844"}],"wp:attachment":[{"href":"https:\/\/aldaia.es\/empleo\/wp-json\/wp\/v2\/media?parent=36410"}],"curies":[{"name":"wp","href":"https:\/\/api.w.org\/{rel}","templated":true}]}}