{"id":26096,"date":"2024-03-21T11:49:55","date_gmt":"2024-03-21T10:49:55","guid":{"rendered":"https:\/\/aldaia.es\/portes-obertes\/"},"modified":"2024-09-20T10:41:14","modified_gmt":"2024-09-20T08:41:14","slug":"puertas-abiertas","status":"publish","type":"page","link":"https:\/\/aldaia.es\/es\/educacion\/puertas-abiertas\/","title":{"rendered":"Jornada de puertas abiertas 2024-2025"},"content":{"rendered":"\n<div class=\"wp-block-columns dep-educacion is-layout-flex wp-container-core-columns-is-layout-9d6595d7 wp-block-columns-is-layout-flex\">\n<div class=\"wp-block-column is-layout-flow wp-block-column-is-layout-flow\" style=\"flex-basis:30%\"><!--  Info educacion -->\n\n \n\n<div class='bloque-infos-educacion wrapper-departamentos'>\n<p class=\"tit-bloque-infos\">Centro Municipal Vicent Andres Estell\u00e9s<\/p>\n        <div class='infos-departamento'>\n            <p>Av. Miguel Hern\u00e1ndez, 36, 46960 Aldaia, Valencia, Espa\u00f1a<\/p>\n            <p><i class=\"fa fa-phone\" aria-hidden=\"true\"><\/i> <a href=\"tel:+34961510693\">+34 96 198 88 12<\/a><\/p>\n            <p><strong>Horari:<\/strong><\/p>\n            <p>Lunes a Viernes de 9:00 a 14:00 horas. Tardes lunes de 17:00 a 19:00 horas.<\/p>\n            <p><i class=\"fas fa-envelope\"><\/i> <a href=\"mailto:educacio@ajuntamentaldaia.org\">educacio@ajuntamentaldaia.org<\/a><\/p>\n           \n        <\/div>\n\n        <div class='mapa-1'>\n        <iframe src=\"https:\/\/www.google.com\/maps\/embed?pb=!1m18!1m12!1m3!1d2690.682908478369!2d-0.4686331129630299!3d39.46730324512737!2m3!1f0!2f0!3f0!3m2!1i1024!2i768!4f13.1!3m3!1m2!1s0xd605015adeec8f5%3A0x8b1b4140f8e0c4b3!2sCentre%20Municipal%20Vicent%20Andres%20Estell%C3%A9s!5e0!3m2!1ses!2sus!4v1726660218475!5m2!1ses!2sus\" width=\"100%\" height=\"450\" style=\"border:0;\" allowfullscreen=\"\" loading=\"lazy\" referrerpolicy=\"no-referrer-when-downgrade\"><\/iframe>\n        <\/div>\n\n    <\/div>\n    <!-- end bloque infos -->\n   \n\n    \n\n\n<\/div>\n\n\n\n<div class=\"wp-block-column is-layout-flow wp-block-column-is-layout-flow\" style=\"flex-basis:70%\">\n<h1 class=\"wp-block-heading\">Jornada de puertas abiertas 2024-2025<\/h1>\n\n\n\n<h2 class=\"wp-block-heading\">Puertas abiertas colegios para el curso escolar2024\/2025\u00a0\u00a0<\/h2>\n\n\n\n<p>Como cada a\u00f1o los centros educativos de Aldaia celebran sus jornadas de puertas abiertas donde ense\u00f1an sus instalaciones y explican su proyecto educativo. An\u00edmate y p\u00e1sate a conocerlos! Seguro que os gustan todos!\u00a0 \u00a0\u00a0 \u00a0<\/p>\n\n\n\n<h2 class=\"wp-block-heading\">Puertas abiertas \u201cC.E.I.P Vicente Blasco Iba\u00f1ez\u201d\u00a0(<em>Barrio del Crist<\/em>o)<\/h2>\n\n\n\n<p>Bajo petici\u00f3n y con turno libre. Hay que contactar con el centro.<\/p>\n\n\n\n<h2 class=\"wp-block-heading\">Puertas abiertas \u201cC.E.I.P Nuestra se\u00f1ora del Carmen\u201d\u00a0(<em>Barrio del Crist<\/em>o)<\/h2>\n\n\n\n<p>Bajo petici\u00f3n y con turno libre. Hay que contactar con el centro.<\/p>\n\n\n\n<h2 class=\"wp-block-heading\">Puertas abiertas \u201cC.E.I.P El Rajolar\u201d<\/h2>\n\n\n\n<p>Mi\u00e9rcoles, 24 de abril a las 15.00 horas.<\/p>\n\n\n\n<h2 class=\"wp-block-heading\">Puertas abiertas \u201cC.E.I.P Juan Antonio Martinez Torres\u201d<\/h2>\n\n\n\n<p>Lunes, 25 de marzo a las 16.00 horas y Mi\u00e9rcoles, 27 de marzo a las 10.00 horas.<\/p>\n<\/div>\n<\/div>\n\n\n\n<h2 class=\"wp-block-heading display-4\">Carteles<\/h2>\n\n\n\n<div class=\"wp-block-columns is-layout-flex wp-container-core-columns-is-layout-9d6595d7 wp-block-columns-is-layout-flex\">\n<div class=\"wp-block-column is-layout-flow wp-block-column-is-layout-flow\"><div class=\"wp-block-image\">\n<figure data-wp-context=\"{&quot;imageId&quot;:&quot;69f1789f18c18&quot;}\" data-wp-interactive=\"core\/image\" data-wp-key=\"69f1789f18c18\" class=\"aligncenter size-large wp-lightbox-container\"><img decoding=\"async\" data-wp-class--hide=\"state.isContentHidden\" data-wp-class--show=\"state.isContentVisible\" data-wp-init=\"callbacks.setButtonStyles\" data-wp-on--click=\"actions.showLightbox\" data-wp-on--load=\"callbacks.setButtonStyles\" data-wp-on-window--resize=\"callbacks.setButtonStyles\" src=\"https:\/\/aldaia.es\/wp-content\/uploads\/2024\/03\/PUERTAS-ABIERTAS_page-0001-1.jpg\" alt=\"jornada portes obertes aldaia\" style=\"object-fit:cover\"\/><button\n\t\t\tclass=\"lightbox-trigger\"\n\t\t\ttype=\"button\"\n\t\t\taria-haspopup=\"dialog\"\n\t\t\taria-label=\"Agrandar\"\n\t\t\tdata-wp-init=\"callbacks.initTriggerButton\"\n\t\t\tdata-wp-on--click=\"actions.showLightbox\"\n\t\t\tdata-wp-style--right=\"state.imageButtonRight\"\n\t\t\tdata-wp-style--top=\"state.imageButtonTop\"\n\t\t>\n\t\t\t<svg xmlns=\"http:\/\/www.w3.org\/2000\/svg\" width=\"12\" height=\"12\" fill=\"none\" viewBox=\"0 0 12 12\">\n\t\t\t\t<path fill=\"#fff\" d=\"M2 0a2 2 0 0 0-2 2v2h1.5V2a.5.5 0 0 1 .5-.5h2V0H2Zm2 10.5H2a.5.5 0 0 1-.5-.5V8H0v2a2 2 0 0 0 2 2h2v-1.5ZM8 12v-1.5h2a.5.5 0 0 0 .5-.5V8H12v2a2 2 0 0 1-2 2H8Zm2-12a2 2 0 0 1 2 2v2h-1.5V2a.5.5 0 0 0-.5-.5H8V0h2Z\" \/>\n\t\t\t<\/svg>\n\t\t<\/button><\/figure>\n<\/div><\/div>\n\n\n\n<div class=\"wp-block-column is-layout-flow wp-block-column-is-layout-flow\"><div class=\"wp-block-image\">\n<figure data-wp-context=\"{&quot;imageId&quot;:&quot;69f1789f1903d&quot;}\" data-wp-interactive=\"core\/image\" data-wp-key=\"69f1789f1903d\" class=\"aligncenter size-large wp-lightbox-container\"><img decoding=\"async\" data-wp-class--hide=\"state.isContentHidden\" data-wp-class--show=\"state.isContentVisible\" data-wp-init=\"callbacks.setButtonStyles\" data-wp-on--click=\"actions.showLightbox\" data-wp-on--load=\"callbacks.setButtonStyles\" data-wp-on-window--resize=\"callbacks.setButtonStyles\" src=\"https:\/\/aldaia.es\/wp-content\/uploads\/2024\/03\/CEIP-JUAN-ANTONIO-MARTINEZ-TORRES_page-0001.jpg\" alt=\"jornada portes obertes\" style=\"object-fit:cover\"\/><button\n\t\t\tclass=\"lightbox-trigger\"\n\t\t\ttype=\"button\"\n\t\t\taria-haspopup=\"dialog\"\n\t\t\taria-label=\"Agrandar\"\n\t\t\tdata-wp-init=\"callbacks.initTriggerButton\"\n\t\t\tdata-wp-on--click=\"actions.showLightbox\"\n\t\t\tdata-wp-style--right=\"state.imageButtonRight\"\n\t\t\tdata-wp-style--top=\"state.imageButtonTop\"\n\t\t>\n\t\t\t<svg xmlns=\"http:\/\/www.w3.org\/2000\/svg\" width=\"12\" height=\"12\" fill=\"none\" viewBox=\"0 0 12 12\">\n\t\t\t\t<path fill=\"#fff\" d=\"M2 0a2 2 0 0 0-2 2v2h1.5V2a.5.5 0 0 1 .5-.5h2V0H2Zm2 10.5H2a.5.5 0 0 1-.5-.5V8H0v2a2 2 0 0 0 2 2h2v-1.5ZM8 12v-1.5h2a.5.5 0 0 0 .5-.5V8H12v2a2 2 0 0 1-2 2H8Zm2-12a2 2 0 0 1 2 2v2h-1.5V2a.5.5 0 0 0-.5-.5H8V0h2Z\" \/>\n\t\t\t<\/svg>\n\t\t<\/button><\/figure>\n<\/div><\/div>\n<\/div>\n\n\n\n<div style=\"height:50px\" aria-hidden=\"true\" class=\"wp-block-spacer\"><\/div>\n\n\n\n<p><\/p>\n","protected":false},"excerpt":{"rendered":"<p>Jornada de puertas abiertas 2024-2025 Puertas abiertas colegios para el curso escolar2024\/2025\u00a0\u00a0 Como cada a\u00f1o los centros educativos de Aldaia celebran sus jornadas de puertas abiertas donde ense\u00f1an sus instalaciones <a class=\"text-decoration-none text-black\" href=\"https:\/\/aldaia.es\/es\/educacion\/puertas-abiertas\/\"> &#8230; <\/a><\/p>\n","protected":false},"author":42,"featured_media":0,"parent":6252,"menu_order":0,"comment_status":"closed","ping_status":"closed","template":"basic-page-departamentos.php","meta":{"_acf_changed":false,"footnotes":""},"class_list":["post-26096","page","type-page","status-publish","hentry"],"acf":[],"yoast_head":"<!-- This site is optimized with the Yoast SEO plugin v27.0 - https:\/\/yoast.com\/product\/yoast-seo-wordpress\/ -->\n<title>Jornada de puertas abiertas 2024-2025 - Ayuntamiento de Aldaia<\/title>\n<meta name=\"description\" content=\"Cada a\u00f1o los centros educativos de Aldaia celebran sus jornadas de puertas abiertas donde ense\u00f1an sus instalaciones.\" \/>\n<meta name=\"robots\" content=\"index, follow, max-snippet:-1, max-image-preview:large, max-video-preview:-1\" \/>\n<link rel=\"canonical\" href=\"https:\/\/aldaia.es\/es\/educacion\/puertas-abiertas\/\" \/>\n<meta property=\"og:locale\" content=\"es_ES\" \/>\n<meta property=\"og:type\" content=\"article\" \/>\n<meta property=\"og:title\" content=\"Jornada de puertas abiertas 2024-2025 - Ayuntamiento de Aldaia\" \/>\n<meta property=\"og:description\" content=\"Cada a\u00f1o los centros educativos de Aldaia celebran sus jornadas de puertas abiertas donde ense\u00f1an sus instalaciones.\" \/>\n<meta property=\"og:url\" content=\"https:\/\/aldaia.es\/es\/educacion\/puertas-abiertas\/\" \/>\n<meta property=\"og:site_name\" content=\"Ayuntamiento de Aldaia\" \/>\n<meta property=\"article:modified_time\" content=\"2024-09-20T08:41:14+00:00\" \/>\n<meta property=\"og:image\" content=\"https:\/\/aldaia.es\/wp-content\/uploads\/2024\/03\/PUERTAS-ABIERTAS_page-0001-1.jpg\" \/>\n<script type=\"application\/ld+json\" class=\"yoast-schema-graph\">{\"@context\":\"https:\/\/schema.org\",\"@graph\":[{\"@type\":\"WebPage\",\"@id\":\"https:\/\/aldaia.es\/es\/educacion\/puertas-abiertas\/\",\"url\":\"https:\/\/aldaia.es\/es\/educacion\/puertas-abiertas\/\",\"name\":\"Jornada de puertas abiertas 2024-2025 - Ayuntamiento de Aldaia\",\"isPartOf\":{\"@id\":\"https:\/\/aldaia.es\/es\/#website\"},\"primaryImageOfPage\":{\"@id\":\"https:\/\/aldaia.es\/es\/educacion\/puertas-abiertas\/#primaryimage\"},\"image\":{\"@id\":\"https:\/\/aldaia.es\/es\/educacion\/puertas-abiertas\/#primaryimage\"},\"thumbnailUrl\":\"https:\/\/aldaia.es\/wp-content\/uploads\/2024\/03\/PUERTAS-ABIERTAS_page-0001-1.jpg\",\"datePublished\":\"2024-03-21T10:49:55+00:00\",\"dateModified\":\"2024-09-20T08:41:14+00:00\",\"description\":\"Cada a\u00f1o los centros educativos de Aldaia celebran sus jornadas de puertas abiertas donde ense\u00f1an sus instalaciones.\",\"breadcrumb\":{\"@id\":\"https:\/\/aldaia.es\/es\/educacion\/puertas-abiertas\/#breadcrumb\"},\"inLanguage\":\"es\",\"potentialAction\":[{\"@type\":\"ReadAction\",\"target\":[\"https:\/\/aldaia.es\/es\/educacion\/puertas-abiertas\/\"]}]},{\"@type\":\"ImageObject\",\"inLanguage\":\"es\",\"@id\":\"https:\/\/aldaia.es\/es\/educacion\/puertas-abiertas\/#primaryimage\",\"url\":\"https:\/\/aldaia.es\/wp-content\/uploads\/2024\/03\/PUERTAS-ABIERTAS_page-0001-1.jpg\",\"contentUrl\":\"https:\/\/aldaia.es\/wp-content\/uploads\/2024\/03\/PUERTAS-ABIERTAS_page-0001-1.jpg\"},{\"@type\":\"BreadcrumbList\",\"@id\":\"https:\/\/aldaia.es\/es\/educacion\/puertas-abiertas\/#breadcrumb\",\"itemListElement\":[{\"@type\":\"ListItem\",\"position\":1,\"name\":\"Portada\",\"item\":\"https:\/\/aldaia.es\/es\/\"},{\"@type\":\"ListItem\",\"position\":2,\"name\":\"Educaci\u00f3n\",\"item\":\"https:\/\/aldaia.es\/es\/educacion\/\"},{\"@type\":\"ListItem\",\"position\":3,\"name\":\"Jornada de puertas abiertas 2024-2025\"}]},{\"@type\":\"WebSite\",\"@id\":\"https:\/\/aldaia.es\/es\/#website\",\"url\":\"https:\/\/aldaia.es\/es\/\",\"name\":\"Ajuntament D'Aldaia\",\"description\":\"\",\"publisher\":{\"@id\":\"https:\/\/aldaia.es\/es\/#organization\"},\"alternateName\":\"Ajuntament D'Aldaia\",\"potentialAction\":[{\"@type\":\"SearchAction\",\"target\":{\"@type\":\"EntryPoint\",\"urlTemplate\":\"https:\/\/aldaia.es\/es\/?s={search_term_string}\"},\"query-input\":{\"@type\":\"PropertyValueSpecification\",\"valueRequired\":true,\"valueName\":\"search_term_string\"}}],\"inLanguage\":\"es\"},{\"@type\":\"Organization\",\"@id\":\"https:\/\/aldaia.es\/es\/#organization\",\"name\":\"Ajuntament D'Aldaia\",\"url\":\"https:\/\/aldaia.es\/es\/\",\"logo\":{\"@type\":\"ImageObject\",\"inLanguage\":\"es\",\"@id\":\"https:\/\/aldaia.es\/es\/#\/schema\/logo\/image\/\",\"url\":\"https:\/\/aldaia.es\/wp-content\/uploads\/2022\/06\/aldaia-negro-1.png\",\"contentUrl\":\"https:\/\/aldaia.es\/wp-content\/uploads\/2022\/06\/aldaia-negro-1.png\",\"width\":152,\"height\":70,\"caption\":\"Ajuntament D'Aldaia\"},\"image\":{\"@id\":\"https:\/\/aldaia.es\/es\/#\/schema\/logo\/image\/\"}}]}<\/script>\n<!-- \/ Yoast SEO plugin. -->","yoast_head_json":{"title":"Jornada de puertas abiertas 2024-2025 - Ayuntamiento de Aldaia","description":"Cada a\u00f1o los centros educativos de Aldaia celebran sus jornadas de puertas abiertas donde ense\u00f1an sus instalaciones.","robots":{"index":"index","follow":"follow","max-snippet":"max-snippet:-1","max-image-preview":"max-image-preview:large","max-video-preview":"max-video-preview:-1"},"canonical":"https:\/\/aldaia.es\/es\/educacion\/puertas-abiertas\/","og_locale":"es_ES","og_type":"article","og_title":"Jornada de puertas abiertas 2024-2025 - Ayuntamiento de Aldaia","og_description":"Cada a\u00f1o los centros educativos de Aldaia celebran sus jornadas de puertas abiertas donde ense\u00f1an sus instalaciones.","og_url":"https:\/\/aldaia.es\/es\/educacion\/puertas-abiertas\/","og_site_name":"Ayuntamiento de Aldaia","article_modified_time":"2024-09-20T08:41:14+00:00","og_image":[{"url":"https:\/\/aldaia.es\/wp-content\/uploads\/2024\/03\/PUERTAS-ABIERTAS_page-0001-1.jpg","type":"","width":"","height":""}],"schema":{"@context":"https:\/\/schema.org","@graph":[{"@type":"WebPage","@id":"https:\/\/aldaia.es\/es\/educacion\/puertas-abiertas\/","url":"https:\/\/aldaia.es\/es\/educacion\/puertas-abiertas\/","name":"Jornada de puertas abiertas 2024-2025 - Ayuntamiento de Aldaia","isPartOf":{"@id":"https:\/\/aldaia.es\/es\/#website"},"primaryImageOfPage":{"@id":"https:\/\/aldaia.es\/es\/educacion\/puertas-abiertas\/#primaryimage"},"image":{"@id":"https:\/\/aldaia.es\/es\/educacion\/puertas-abiertas\/#primaryimage"},"thumbnailUrl":"https:\/\/aldaia.es\/wp-content\/uploads\/2024\/03\/PUERTAS-ABIERTAS_page-0001-1.jpg","datePublished":"2024-03-21T10:49:55+00:00","dateModified":"2024-09-20T08:41:14+00:00","description":"Cada a\u00f1o los centros educativos de Aldaia celebran sus jornadas de puertas abiertas donde ense\u00f1an sus instalaciones.","breadcrumb":{"@id":"https:\/\/aldaia.es\/es\/educacion\/puertas-abiertas\/#breadcrumb"},"inLanguage":"es","potentialAction":[{"@type":"ReadAction","target":["https:\/\/aldaia.es\/es\/educacion\/puertas-abiertas\/"]}]},{"@type":"ImageObject","inLanguage":"es","@id":"https:\/\/aldaia.es\/es\/educacion\/puertas-abiertas\/#primaryimage","url":"https:\/\/aldaia.es\/wp-content\/uploads\/2024\/03\/PUERTAS-ABIERTAS_page-0001-1.jpg","contentUrl":"https:\/\/aldaia.es\/wp-content\/uploads\/2024\/03\/PUERTAS-ABIERTAS_page-0001-1.jpg"},{"@type":"BreadcrumbList","@id":"https:\/\/aldaia.es\/es\/educacion\/puertas-abiertas\/#breadcrumb","itemListElement":[{"@type":"ListItem","position":1,"name":"Portada","item":"https:\/\/aldaia.es\/es\/"},{"@type":"ListItem","position":2,"name":"Educaci\u00f3n","item":"https:\/\/aldaia.es\/es\/educacion\/"},{"@type":"ListItem","position":3,"name":"Jornada de puertas abiertas 2024-2025"}]},{"@type":"WebSite","@id":"https:\/\/aldaia.es\/es\/#website","url":"https:\/\/aldaia.es\/es\/","name":"Ajuntament D'Aldaia","description":"","publisher":{"@id":"https:\/\/aldaia.es\/es\/#organization"},"alternateName":"Ajuntament D'Aldaia","potentialAction":[{"@type":"SearchAction","target":{"@type":"EntryPoint","urlTemplate":"https:\/\/aldaia.es\/es\/?s={search_term_string}"},"query-input":{"@type":"PropertyValueSpecification","valueRequired":true,"valueName":"search_term_string"}}],"inLanguage":"es"},{"@type":"Organization","@id":"https:\/\/aldaia.es\/es\/#organization","name":"Ajuntament D'Aldaia","url":"https:\/\/aldaia.es\/es\/","logo":{"@type":"ImageObject","inLanguage":"es","@id":"https:\/\/aldaia.es\/es\/#\/schema\/logo\/image\/","url":"https:\/\/aldaia.es\/wp-content\/uploads\/2022\/06\/aldaia-negro-1.png","contentUrl":"https:\/\/aldaia.es\/wp-content\/uploads\/2022\/06\/aldaia-negro-1.png","width":152,"height":70,"caption":"Ajuntament D'Aldaia"},"image":{"@id":"https:\/\/aldaia.es\/es\/#\/schema\/logo\/image\/"}}]}},"_links":{"self":[{"href":"https:\/\/aldaia.es\/es\/wp-json\/wp\/v2\/pages\/26096","targetHints":{"allow":["GET"]}}],"collection":[{"href":"https:\/\/aldaia.es\/es\/wp-json\/wp\/v2\/pages"}],"about":[{"href":"https:\/\/aldaia.es\/es\/wp-json\/wp\/v2\/types\/page"}],"author":[{"embeddable":true,"href":"https:\/\/aldaia.es\/es\/wp-json\/wp\/v2\/users\/42"}],"replies":[{"embeddable":true,"href":"https:\/\/aldaia.es\/es\/wp-json\/wp\/v2\/comments?post=26096"}],"version-history":[{"count":7,"href":"https:\/\/aldaia.es\/es\/wp-json\/wp\/v2\/pages\/26096\/revisions"}],"predecessor-version":[{"id":32591,"href":"https:\/\/aldaia.es\/es\/wp-json\/wp\/v2\/pages\/26096\/revisions\/32591"}],"up":[{"embeddable":true,"href":"https:\/\/aldaia.es\/es\/wp-json\/wp\/v2\/pages\/6252"}],"wp:attachment":[{"href":"https:\/\/aldaia.es\/es\/wp-json\/wp\/v2\/media?parent=26096"}],"curies":[{"name":"wp","href":"https:\/\/api.w.org\/{rel}","templated":true}]}}