{"id":27569,"date":"2024-05-22T11:32:07","date_gmt":"2024-05-22T09:32:07","guid":{"rendered":"https:\/\/aldaia.es\/?page_id=27569"},"modified":"2024-10-02T13:10:39","modified_gmt":"2024-10-02T11:10:39","slug":"servicios-sociales-e-igualdad","status":"publish","type":"page","link":"https:\/\/aldaia.es\/es\/servicios-sociales-e-igualdad\/","title":{"rendered":"Servicios Sociales e Igualdad"},"content":{"rendered":"\n<figure class=\"wp-block-embed is-type-video is-provider-youtube wp-block-embed-youtube wp-embed-aspect-16-9 wp-has-aspect-ratio\"><div class=\"wp-block-embed__wrapper\">\n<iframe loading=\"lazy\" title=\"40 ANYS DE SERVEIS SOCIALS A ALDAIA\" width=\"640\" height=\"360\" src=\"https:\/\/www.youtube.com\/embed\/iqpoL-kIBM8?feature=oembed\" frameborder=\"0\" allow=\"accelerometer; autoplay; clipboard-write; encrypted-media; gyroscope; picture-in-picture; web-share\" referrerpolicy=\"strict-origin-when-cross-origin\" allowfullscreen><\/iframe>\n<\/div><\/figure>\n\n\n\n<div class=\"wp-block-columns dep-servicios is-layout-flex wp-container-core-columns-is-layout-9d6595d7 wp-block-columns-is-layout-flex\">\n<div class=\"wp-block-column is-layout-flow wp-block-column-is-layout-flow\" style=\"flex-basis:30%\"><!--  Info Servicios sociales -->\n\n \n    <div class='wrapper-departamentos bloque-infos-servicios-sociales'>\n        <p class=\"tit-bloque-infos\">Centro Coladors<\/p>\n        <div class='infos-departamento'>          \n            <p>Calle Coladors, 16<br>46960 Aldaia Valencia<\/p>\n            <p><i class=\"fa fa-phone\" aria-hidden=\"true\"><\/i> 961 988 811<\/p>\n            <p><i class=\"fa fa-phone\" aria-hidden=\"true\"><\/i> <a href=\"tel:+34961988811\">+34 961 988 811<\/a><\/p>\n            <p><i class=\"fas fa-envelope\"><\/i> <a href=\"mailto:serveissocials@ajuntamentaldaia.org \">serveissocials@ajuntamentaldaia.org <\/a><\/p>    \n            <p><strong>Horario:<\/strong><\/p>\n            <p>Lunes a viernes: de 9 a 14 horas. Lujes y jueves: de 16 a 18 horas.<\/p>      \n        <\/div>\n\n        <div class='mapa-1'>\n        <iframe src='https:\/\/www.google.com\/maps\/embed?pb=!1m18!1m12!1m3!1d6160.662930491161!2d-0.46871588132768194!3d39.46183988596237!2m3!1f0!2f0!3f0!3m2!1i1024!2i768!4f13.1!3m3!1m2!1s0xd6051dedd0ce773%3A0xd627ceb0166ca3d2!2sCentre%20Serveis%20Socials%20Coladors%20Aldaia!5e0!3m2!1ses!2sus!4v1716371829108!5m2!1ses!2sus' width='100%' height='300' style='border:0;' allowfullscreen='' loading='lazy' referrerpolicy='no-referrer-when-downgrade'><\/iframe>\n        <\/div>\n\n    <\/div>\n   <!-- end bloque infos -->\n\n    \n\n\n\n\n<!--  Info Servicios sociales -->\n\n \n    <div class='wrapper-departamentos bloque-infos-servicios-sociales'>\n        <p class=\"tit-bloque-infos\">Centro Amparo Navarro<\/p>\n            <div class='infos-departamento'>          \n                <p>Plaza de la Constituci\u00f3n, 14<br>46960 Aldaia Valencia<\/p>\n                <p><i class=\"fa fa-phone\" aria-hidden=\"true\"><\/i> 961 988 811<\/p>\n                <p><i class=\"fas fa-envelope\"><\/i> <a href=\"mailto:serveissocials@ajuntamentaldaia.org \">serveissocials@ajuntamentaldaia.org <\/a><\/p>\n                <p><strong>Horario:<\/strong><\/p>\n                <p>Lunes a viernes: de 9 a 14 horas. Lujes y jueves: de 16 a 18 horas.<\/p>\n            <\/div>           \n           \n        <div class='mapa-2'>\n            <iframe src='https:\/\/www.google.com\/maps\/embed?pb=!1m18!1m12!1m3!1d588.6666078659713!2d-0.4617810773955724!3d39.46487358669967!2m3!1f0!2f0!3f0!3m2!1i1024!2i768!4f13.1!3m3!1m2!1s0xd60503d626ee6fd%3A0xee35fc98ab29cac8!2zUGxhw6dhIENvbnN0aXR1Y2nDsywgMTQsIDQ2OTYwIEFsZGFpYSwgVmFsw6huY2lh!5e0!3m2!1ses!2ses!4v1717512910298!5m2!1ses!2ses'  width='100%' height='300' style='border:0;' allowfullscreen='' loading='lazy' referrerpolicy='no-referrer-when-downgrade'><\/iframe>\n        <\/div>\n    <\/div>\n   <!-- end bloque infos -->\n    \n\n\n<\/div>\n\n\n\n<div class=\"wp-block-column is-layout-flow wp-block-column-is-layout-flow\" style=\"flex-basis:70%\">\n<h1 class=\"wp-block-heading\">Servicios Sociales e Igualdad: Pol\u00edticas inclusivas<\/h1>\n\n\n\n<p>Para tratar de dar a conocer los servicios sociales de Aldaia hemos de acudir a la LEY 3\/2019, de 18 de febrero, de la Generalitat, de Servicios Sociales Inclusivos de la Comunitat Valenciana.<\/p>\n\n\n\n<p>Porque los servicios sociales de Aldaia forman parte de la <strong>red de atenci\u00f3n primaria<\/strong> que la ley prev\u00e9 para todos los municipios de la Comunitat Valencia, como <strong>garant\u00eda de derechos a toda la ciudan\u00eda.<\/strong><\/p>\n\n\n\n<p>La ley nos define con claridad algunas cuestiones que reflejamos para su comprensi\u00f3n:<br>Los servicios sociales de Aldaia (y de toda la Comunitat Valencian) est\u00e1n formados por el conjunto de prestaciones y servicios, de titularidad p\u00fablica y privada, as\u00ed como por los planes, estrategias y proyectos destinados a la <strong>prevenci\u00f3n, promoci\u00f3n de la autonom\u00eda personal de car\u00e1cter integral y atenci\u00f3n de las necesidades personales, familiares y sociales, as\u00ed como la garant\u00eda de la inclusi\u00f3n social.<\/strong><\/p>\n\n\n\n<p>El Sistema P\u00fablico Valenciano de Servicios Sociales tiene por objeto garantizar el ejercicio de aquellos derechos sociales que le son propios, favoreciendo la inclusi\u00f3n social, la autonom\u00eda y el desarrollo personal, la convivencia, la igualdad de oportunidades y la participaci\u00f3n social, desarrollando una funci\u00f3n promotora, preventiva, protectora, de acompa\u00f1amiento, de apoyo y de rehabilitaci\u00f3n frente a las necesidades sociales originadas por situaciones de vulnerabilidad, desprotecci\u00f3n, desamparo, dependencia o urgencia social.<\/p>\n\n\n\n<p><strong>Los Servicios Sociales tiene car\u00e1cter de servicio p\u00fablico esencial,<\/strong> porque de este se derivan prestaciones indispensables para satisfacer las necesidades b\u00e1sicas personales y mejorar las condiciones de la calidad de vida de la ciudadan\u00eda, seg\u00fan lo que se dispone en el art\u00edculo 128.2 de la Constituci\u00f3n Espa\u00f1ola.<\/p>\n\n\n\n<p><strong>Los servicios sociales est\u00e1n orientados hacia la igualdad, equidad y la promoci\u00f3n de la justicia social, el desarrollo humano, el enfoque comunitario, la perspectiva de g\u00e9nero y de la infancia, la no discriminaci\u00f3n y la igualdad en la diversidad.<\/strong><\/p>\n\n\n\n<h2 class=\"wp-block-heading\">Principios de car\u00e1cter general y transversal<\/h2>\n\n\n\n<ul class=\"wp-block-list\">\n<li>Universalidad<\/li>\n\n\n\n<li>Responsabilidad p\u00fablica<\/li>\n\n\n\n<li>Responsabilidad institucional en la atenci\u00f3n<\/li>\n<\/ul>\n\n\n\n<h2 class=\"wp-block-heading\">Principios orientadores de la intervenci\u00f3n<\/h2>\n\n\n\n<ul class=\"wp-block-list\">\n<li>Prevenci\u00f3n<\/li>\n\n\n\n<li>Promoci\u00f3n de la autonom\u00eda y desarrollo personal<\/li>\n\n\n\n<li>Promoci\u00f3n de la inclusi\u00f3n y de la cohesi\u00f3n social<\/li>\n\n\n\n<li>Perspectiva comunitaria<\/li>\n<\/ul>\n\n\n\n<p>Por lo que en esta Web en \u201cServicios sociales e igualdad\u201d vas a encontrar todo el cat\u00e1logo de servicios, prestaciones, orientaci\u00f3n e informaci\u00f3n que necesites, para hacerlo m\u00e1s pr\u00e1ctico lo hemos dividido en apartados:<\/p>\n\n\n\n<ol class=\"wp-block-list\">\n<li>Servicios sociales<\/li>\n\n\n\n<li>Igualdad<\/li>\n\n\n\n<li>Infancia y adolescencia<\/li>\n\n\n\n<li>Mayores<\/li>\n\n\n\n<li>Vivienda<\/li>\n\n\n\n<li>Discapacidad<\/li>\n\n\n\n<li>Asesoramiento jur\u00eddico<\/li>\n\n\n\n<li>Salud mental<\/li>\n\n\n\n<li>Diversidad sexual<\/li>\n\n\n\n<li>Extranjer\u00eda<\/li>\n\n\n\n<li>Prevenci\u00f3n de conductas adictivas<\/li>\n<\/ol>\n<\/div>\n<\/div>\n\n\n\n<div class=\"wp-block-columns is-layout-flex wp-container-core-columns-is-layout-9d6595d7 wp-block-columns-is-layout-flex\">\n<div class=\"wp-block-column lista_adjuntos is-layout-flow wp-block-column-is-layout-flow\">\n<h2 class=\"wp-block-heading display-4\">Adjuntos<\/h2>\n\n\n\n<p><i class=\"fas fa-link\"><\/i><a href=\"https:\/\/40anyss.aldaia.eu\/\" target=\"_blank\" rel=\"noreferrer noopener\">40 a\u00f1os Servicios Sociales<\/a><\/p>\n\n\n\n<p><i class=\"far fa-file-pdf\"><\/i><a href=\"https:\/\/aldaia.es\/wp-content\/uploads\/2023\/01\/guia_recursos_municipales_en_materia_de_violencia_de_genero_aldaia-3.pdf\" target=\"_blank\" rel=\"noreferrer noopener\">Gu\u00eda de recursos municipales en materia de violencia de g\u00e9nero<\/a><\/p>\n<\/div>\n<\/div>\n","protected":false},"excerpt":{"rendered":"<p>Servicios Sociales e Igualdad: Pol\u00edticas inclusivas Para tratar de dar a conocer los servicios sociales de Aldaia hemos de acudir a la LEY 3\/2019, de 18 de febrero, de la <a class=\"text-decoration-none text-black\" href=\"https:\/\/aldaia.es\/es\/servicios-sociales-e-igualdad\/\"> &#8230; <\/a><\/p>\n","protected":false},"author":42,"featured_media":0,"parent":0,"menu_order":0,"comment_status":"closed","ping_status":"closed","template":"basic-page-departamentos.php","meta":{"_acf_changed":false,"footnotes":""},"class_list":["post-27569","page","type-page","status-publish","hentry"],"acf":[],"yoast_head":"<!-- This site is optimized with the Yoast SEO plugin v27.0 - https:\/\/yoast.com\/product\/yoast-seo-wordpress\/ -->\n<title>Departamento Igualdad y violencia g\u00e9nero Ayuntamiento de Aldaia<\/title>\n<meta name=\"description\" content=\"Departamento que gestiona la prevenci\u00f3n, tratamiento y eliminaci\u00f3n de cualquier causa o situaci\u00f3n de marginaci\u00f3n o desigualdad social.\" \/>\n<meta name=\"robots\" content=\"index, follow, max-snippet:-1, max-image-preview:large, max-video-preview:-1\" \/>\n<link rel=\"canonical\" href=\"https:\/\/aldaia.es\/es\/servicios-sociales-e-igualdad\/\" \/>\n<meta property=\"og:locale\" content=\"es_ES\" \/>\n<meta property=\"og:type\" content=\"article\" \/>\n<meta property=\"og:title\" content=\"Departamento Igualdad y violencia g\u00e9nero Ayuntamiento de Aldaia\" \/>\n<meta property=\"og:description\" content=\"Departamento que gestiona la prevenci\u00f3n, tratamiento y eliminaci\u00f3n de cualquier causa o situaci\u00f3n de marginaci\u00f3n o desigualdad social.\" \/>\n<meta property=\"og:url\" content=\"https:\/\/aldaia.es\/es\/servicios-sociales-e-igualdad\/\" \/>\n<meta property=\"og:site_name\" content=\"Ayuntamiento de Aldaia\" \/>\n<meta property=\"article:modified_time\" content=\"2024-10-02T11:10:39+00:00\" \/>\n<script type=\"application\/ld+json\" class=\"yoast-schema-graph\">{\"@context\":\"https:\/\/schema.org\",\"@graph\":[{\"@type\":\"WebPage\",\"@id\":\"https:\/\/aldaia.es\/es\/servicios-sociales-e-igualdad\/\",\"url\":\"https:\/\/aldaia.es\/es\/servicios-sociales-e-igualdad\/\",\"name\":\"Departamento Igualdad y violencia g\u00e9nero Ayuntamiento de Aldaia\",\"isPartOf\":{\"@id\":\"https:\/\/aldaia.es\/es\/#website\"},\"datePublished\":\"2024-05-22T09:32:07+00:00\",\"dateModified\":\"2024-10-02T11:10:39+00:00\",\"description\":\"Departamento que gestiona la prevenci\u00f3n, tratamiento y eliminaci\u00f3n de cualquier causa o situaci\u00f3n de marginaci\u00f3n o desigualdad social.\",\"breadcrumb\":{\"@id\":\"https:\/\/aldaia.es\/es\/servicios-sociales-e-igualdad\/#breadcrumb\"},\"inLanguage\":\"es\",\"potentialAction\":[{\"@type\":\"ReadAction\",\"target\":[\"https:\/\/aldaia.es\/es\/servicios-sociales-e-igualdad\/\"]}]},{\"@type\":\"BreadcrumbList\",\"@id\":\"https:\/\/aldaia.es\/es\/servicios-sociales-e-igualdad\/#breadcrumb\",\"itemListElement\":[{\"@type\":\"ListItem\",\"position\":1,\"name\":\"Portada\",\"item\":\"https:\/\/aldaia.es\/es\/\"},{\"@type\":\"ListItem\",\"position\":2,\"name\":\"Servicios Sociales e Igualdad\"}]},{\"@type\":\"WebSite\",\"@id\":\"https:\/\/aldaia.es\/es\/#website\",\"url\":\"https:\/\/aldaia.es\/es\/\",\"name\":\"Ajuntament D'Aldaia\",\"description\":\"\",\"publisher\":{\"@id\":\"https:\/\/aldaia.es\/es\/#organization\"},\"alternateName\":\"Ajuntament D'Aldaia\",\"potentialAction\":[{\"@type\":\"SearchAction\",\"target\":{\"@type\":\"EntryPoint\",\"urlTemplate\":\"https:\/\/aldaia.es\/es\/?s={search_term_string}\"},\"query-input\":{\"@type\":\"PropertyValueSpecification\",\"valueRequired\":true,\"valueName\":\"search_term_string\"}}],\"inLanguage\":\"es\"},{\"@type\":\"Organization\",\"@id\":\"https:\/\/aldaia.es\/es\/#organization\",\"name\":\"Ajuntament D'Aldaia\",\"url\":\"https:\/\/aldaia.es\/es\/\",\"logo\":{\"@type\":\"ImageObject\",\"inLanguage\":\"es\",\"@id\":\"https:\/\/aldaia.es\/es\/#\/schema\/logo\/image\/\",\"url\":\"https:\/\/aldaia.es\/wp-content\/uploads\/2022\/06\/aldaia-negro-1.png\",\"contentUrl\":\"https:\/\/aldaia.es\/wp-content\/uploads\/2022\/06\/aldaia-negro-1.png\",\"width\":152,\"height\":70,\"caption\":\"Ajuntament D'Aldaia\"},\"image\":{\"@id\":\"https:\/\/aldaia.es\/es\/#\/schema\/logo\/image\/\"}}]}<\/script>\n<!-- \/ Yoast SEO plugin. -->","yoast_head_json":{"title":"Departamento Igualdad y violencia g\u00e9nero Ayuntamiento de Aldaia","description":"Departamento que gestiona la prevenci\u00f3n, tratamiento y eliminaci\u00f3n de cualquier causa o situaci\u00f3n de marginaci\u00f3n o desigualdad social.","robots":{"index":"index","follow":"follow","max-snippet":"max-snippet:-1","max-image-preview":"max-image-preview:large","max-video-preview":"max-video-preview:-1"},"canonical":"https:\/\/aldaia.es\/es\/servicios-sociales-e-igualdad\/","og_locale":"es_ES","og_type":"article","og_title":"Departamento Igualdad y violencia g\u00e9nero Ayuntamiento de Aldaia","og_description":"Departamento que gestiona la prevenci\u00f3n, tratamiento y eliminaci\u00f3n de cualquier causa o situaci\u00f3n de marginaci\u00f3n o desigualdad social.","og_url":"https:\/\/aldaia.es\/es\/servicios-sociales-e-igualdad\/","og_site_name":"Ayuntamiento de Aldaia","article_modified_time":"2024-10-02T11:10:39+00:00","schema":{"@context":"https:\/\/schema.org","@graph":[{"@type":"WebPage","@id":"https:\/\/aldaia.es\/es\/servicios-sociales-e-igualdad\/","url":"https:\/\/aldaia.es\/es\/servicios-sociales-e-igualdad\/","name":"Departamento Igualdad y violencia g\u00e9nero Ayuntamiento de Aldaia","isPartOf":{"@id":"https:\/\/aldaia.es\/es\/#website"},"datePublished":"2024-05-22T09:32:07+00:00","dateModified":"2024-10-02T11:10:39+00:00","description":"Departamento que gestiona la prevenci\u00f3n, tratamiento y eliminaci\u00f3n de cualquier causa o situaci\u00f3n de marginaci\u00f3n o desigualdad social.","breadcrumb":{"@id":"https:\/\/aldaia.es\/es\/servicios-sociales-e-igualdad\/#breadcrumb"},"inLanguage":"es","potentialAction":[{"@type":"ReadAction","target":["https:\/\/aldaia.es\/es\/servicios-sociales-e-igualdad\/"]}]},{"@type":"BreadcrumbList","@id":"https:\/\/aldaia.es\/es\/servicios-sociales-e-igualdad\/#breadcrumb","itemListElement":[{"@type":"ListItem","position":1,"name":"Portada","item":"https:\/\/aldaia.es\/es\/"},{"@type":"ListItem","position":2,"name":"Servicios Sociales e Igualdad"}]},{"@type":"WebSite","@id":"https:\/\/aldaia.es\/es\/#website","url":"https:\/\/aldaia.es\/es\/","name":"Ajuntament D'Aldaia","description":"","publisher":{"@id":"https:\/\/aldaia.es\/es\/#organization"},"alternateName":"Ajuntament D'Aldaia","potentialAction":[{"@type":"SearchAction","target":{"@type":"EntryPoint","urlTemplate":"https:\/\/aldaia.es\/es\/?s={search_term_string}"},"query-input":{"@type":"PropertyValueSpecification","valueRequired":true,"valueName":"search_term_string"}}],"inLanguage":"es"},{"@type":"Organization","@id":"https:\/\/aldaia.es\/es\/#organization","name":"Ajuntament D'Aldaia","url":"https:\/\/aldaia.es\/es\/","logo":{"@type":"ImageObject","inLanguage":"es","@id":"https:\/\/aldaia.es\/es\/#\/schema\/logo\/image\/","url":"https:\/\/aldaia.es\/wp-content\/uploads\/2022\/06\/aldaia-negro-1.png","contentUrl":"https:\/\/aldaia.es\/wp-content\/uploads\/2022\/06\/aldaia-negro-1.png","width":152,"height":70,"caption":"Ajuntament D'Aldaia"},"image":{"@id":"https:\/\/aldaia.es\/es\/#\/schema\/logo\/image\/"}}]}},"_links":{"self":[{"href":"https:\/\/aldaia.es\/es\/wp-json\/wp\/v2\/pages\/27569","targetHints":{"allow":["GET"]}}],"collection":[{"href":"https:\/\/aldaia.es\/es\/wp-json\/wp\/v2\/pages"}],"about":[{"href":"https:\/\/aldaia.es\/es\/wp-json\/wp\/v2\/types\/page"}],"author":[{"embeddable":true,"href":"https:\/\/aldaia.es\/es\/wp-json\/wp\/v2\/users\/42"}],"replies":[{"embeddable":true,"href":"https:\/\/aldaia.es\/es\/wp-json\/wp\/v2\/comments?post=27569"}],"version-history":[{"count":16,"href":"https:\/\/aldaia.es\/es\/wp-json\/wp\/v2\/pages\/27569\/revisions"}],"predecessor-version":[{"id":33412,"href":"https:\/\/aldaia.es\/es\/wp-json\/wp\/v2\/pages\/27569\/revisions\/33412"}],"wp:attachment":[{"href":"https:\/\/aldaia.es\/es\/wp-json\/wp\/v2\/media?parent=27569"}],"curies":[{"name":"wp","href":"https:\/\/api.w.org\/{rel}","templated":true}]}}