{"id":27795,"date":"2024-05-27T09:03:37","date_gmt":"2024-05-27T07:03:37","guid":{"rendered":"https:\/\/aldaia.es\/servicios-sociales-e-igualdad\/salut-mental\/"},"modified":"2024-10-02T12:53:33","modified_gmt":"2024-10-02T10:53:33","slug":"salut-mental","status":"publish","type":"page","link":"https:\/\/aldaia.es\/es\/servicios-sociales-e-igualdad\/salut-mental\/","title":{"rendered":"Salud mental"},"content":{"rendered":"\n<div class=\"wp-block-columns dep-servicios is-layout-flex wp-container-core-columns-is-layout-9d6595d7 wp-block-columns-is-layout-flex\">\n<div class=\"wp-block-column is-layout-flow wp-block-column-is-layout-flow\" style=\"flex-basis:30%\"><!--  Info Servicios sociales -->\n\n \n    <div class='wrapper-departamentos bloque-infos-servicios-sociales'>\n        <p class=\"tit-bloque-infos\">Centro Amparo Navarro<\/p>\n            <div class='infos-departamento'>          \n                <p>Plaza de la Constituci\u00f3n, 14<br>46960 Aldaia Valencia<\/p>\n                <p><i class=\"fa fa-phone\" aria-hidden=\"true\"><\/i> 961 988 811<\/p>\n                <p><i class=\"fas fa-envelope\"><\/i> <a href=\"mailto:serveissocials@ajuntamentaldaia.org \">serveissocials@ajuntamentaldaia.org <\/a><\/p>\n                <p><strong>Horario:<\/strong><\/p>\n                <p>Lunes a viernes: de 9 a 14 horas. Lujes y jueves: de 16 a 18 horas.<\/p>\n            <\/div>           \n           \n        <div class='mapa-2'>\n            <iframe src='https:\/\/www.google.com\/maps\/embed?pb=!1m18!1m12!1m3!1d588.6666078659713!2d-0.4617810773955724!3d39.46487358669967!2m3!1f0!2f0!3f0!3m2!1i1024!2i768!4f13.1!3m3!1m2!1s0xd60503d626ee6fd%3A0xee35fc98ab29cac8!2zUGxhw6dhIENvbnN0aXR1Y2nDsywgMTQsIDQ2OTYwIEFsZGFpYSwgVmFsw6huY2lh!5e0!3m2!1ses!2ses!4v1717512910298!5m2!1ses!2ses'  width='100%' height='300' style='border:0;' allowfullscreen='' loading='lazy' referrerpolicy='no-referrer-when-downgrade'><\/iframe>\n        <\/div>\n    <\/div>\n   <!-- end bloque infos -->\n    \n\n\n<\/div>\n\n\n\n<div class=\"wp-block-column is-layout-flow wp-block-column-is-layout-flow\">\n<h1 class=\"wp-block-heading\">Salud mental<\/h1>\n\n\n\n<h2 class=\"wp-block-heading\">Presentaci\u00f3n<\/h2>\n\n\n\n<p>El Ayuntamiento de Aldaia cuenta con el Servicio de atenci\u00f3n psicosocial para las personas con problemas de salud mental (SASEM), enmarcado dentro de los Servicios Sociales de atenci\u00f3n primaria espec\u00edfica.<\/p>\n\n\n\n<p>En dicho servicio se desarrollar\u00e1n programas y actuaciones propias de la intervenci\u00f3n psicosocial, en coordinaci\u00f3n con el sistema sanitario mediante programas de prevenci\u00f3n, promoci\u00f3n de la autonom\u00eda, rehabilitaci\u00f3n e inclusi\u00f3n social.<\/p>\n\n\n\n<h2 class=\"wp-block-heading\">Principales objetivos<\/h2>\n\n\n\n<ul class=\"wp-block-list\">\n<li>Detecci\u00f3n y remisi\u00f3n precoz ante sospecha de una persona con problemas graves de salud mental.<\/li>\n\n\n\n<li>Prevenci\u00f3n de las crisis y promoci\u00f3n de la salud, ofreciendo apoyo para fomentar o mejorar la vinculaci\u00f3n de la persona con enfermedad mental grave con los servicios sociales y sanitarios.<\/li>\n\n\n\n<li>Apoyar y complementar la labor que se desarrolla desde el programa de Rehabilitaci\u00f3n y continuidad en la Unidad de Salud Mental.<\/li>\n\n\n\n<li>Promover el proceso de integraci\u00f3n comunitaria mediante el apoyo y acompa\u00f1amiento cercano y flexible que permita su acceso a los recursos generales y espec\u00edficos de car\u00e1cter social, sanitario, formativo, ocupacional, de empleo protegido y de ocio.&nbsp;<\/li>\n<\/ul>\n\n\n\n<h2 class=\"wp-block-heading\">Perfil de la persona destinataria<\/h2>\n\n\n\n<p>Este servicio va dirigido a entre los y las adolescentes mayores de 14 a\u00f1os, como un servicio de prevenci\u00f3n con diferentes grados de afectaci\u00f3n en su esfera personal, familiar, social. Y muy especialmente a aquellas comprendidas entre 18 y 65 a\u00f1os, en estos casos que re\u00fana los criterios de diagn\u00f3stico y necesidades complejas por su problem\u00e1tica de salud mental. La atenci\u00f3n podr\u00e1 ser de tipo individual, colectiva, familiar y\/o comunitaria.<\/p>\n\n\n\n<h2 class=\"wp-block-heading\">Tipos de intervenci\u00f3n<\/h2>\n\n\n\n<ul class=\"wp-block-list\">\n<li><strong>Individual:<\/strong> identificaci\u00f3n y evaluaci\u00f3n de las necesidades y de las \u00e1reas de intervenci\u00f3n que deber\u00e1 llevar a cabo el equipo SASEM en funci\u00f3n de las necesidades terap\u00e9uticas, rehabilitadoras y de apoyo al usuario. Elaboraci\u00f3n del Plan de Atenci\u00f3n Individual (PAI) que incluir\u00e1 los objetivos planificados.<\/li>\n\n\n\n<li><strong>Familiar:<\/strong> consensuar con el usuario y familia el PAI teniendo en cuenta sus necesidades y fortalezas. Proporcionar el apoyo necesario al cuidador, para garantizar una atenci\u00f3n adecuada a la persona con problemas de salud mental grave y a s\u00ed mismos.<\/li>\n\n\n\n<li><strong>Comunitaria: <\/strong>ofrecer alternativas grupales en los casos de personas con un marcado d\u00e9ficit y deterioro en esta \u00e1rea, cuyas \u00fanicas relaciones sociales se limitan a la familia. <\/li>\n\n\n\n<li>Elaboraci\u00f3n de campa\u00f1as, programas y\/o jornadas de \u00e1mbito comunitario para concienciaci\u00f3n en temas sociales, y en los cuales est\u00e9 involucrada la salud mental.<\/li>\n<\/ul>\n\n\n\n<p>El SASEM no es un servicio de salud ni lo sustituye, es un recurso socio comunitario que cuenta con apoyo psicol\u00f3gico y apoyo a la integraci\u00f3n social y familiar.<\/p>\n\n\n\n<p>El equipo de SASEM Aldaia cuenta con profesionales de la psicolog\u00eda de la Integraci\u00f3n Social.<\/p>\n\n\n\n<p><strong><strong>Ante cualquier necesidad o duda en cuanto a una problem\u00e1tica de salud mental dir\u00edgete a <\/strong>los Servicios Sociales de Atenci\u00f3n primaria, en Calle Coladores N\u00ba12.Tel\u00e9fono 961988796<\/strong><\/p>\n\n\n\n<p>Email: <a href=\"mailto:servesisocials@ajuntamentaldaia.org\">servesisocials@ajuntamentaldaia.org<\/a><\/p>\n<\/div>\n<\/div>\n","protected":false},"excerpt":{"rendered":"<p>Salud mental Presentaci\u00f3n El Ayuntamiento de Aldaia cuenta con el Servicio de atenci\u00f3n psicosocial para las personas con problemas de salud mental (SASEM), enmarcado dentro de los Servicios Sociales de <a class=\"text-decoration-none text-black\" href=\"https:\/\/aldaia.es\/es\/servicios-sociales-e-igualdad\/salut-mental\/\"> &#8230; <\/a><\/p>\n","protected":false},"author":42,"featured_media":0,"parent":27569,"menu_order":0,"comment_status":"closed","ping_status":"closed","template":"basic-page-departamentos.php","meta":{"_acf_changed":false,"footnotes":""},"class_list":["post-27795","page","type-page","status-publish","hentry"],"acf":[],"yoast_head":"<!-- This site is optimized with the Yoast SEO plugin v27.0 - https:\/\/yoast.com\/product\/yoast-seo-wordpress\/ -->\n<title>Departamento de Salud Mental del Ayuntamiento de Aldaia<\/title>\n<meta name=\"description\" content=\"Servicio de atenci\u00f3n psicosocial para personas con problemas de salud mental con programas de prevenci\u00f3n, rehabilitaci\u00f3n e inclusi\u00f3n social\" \/>\n<meta name=\"robots\" content=\"index, follow, max-snippet:-1, max-image-preview:large, max-video-preview:-1\" \/>\n<link rel=\"canonical\" href=\"https:\/\/aldaia.es\/es\/servicios-sociales-e-igualdad\/salut-mental\/\" \/>\n<meta property=\"og:locale\" content=\"es_ES\" \/>\n<meta property=\"og:type\" content=\"article\" \/>\n<meta property=\"og:title\" content=\"Departamento de Salud Mental del Ayuntamiento de Aldaia\" \/>\n<meta property=\"og:description\" content=\"Servicio de atenci\u00f3n psicosocial para personas con problemas de salud mental con programas de prevenci\u00f3n, rehabilitaci\u00f3n e inclusi\u00f3n social\" \/>\n<meta property=\"og:url\" content=\"https:\/\/aldaia.es\/es\/servicios-sociales-e-igualdad\/salut-mental\/\" \/>\n<meta property=\"og:site_name\" content=\"Ayuntamiento de Aldaia\" \/>\n<meta property=\"article:modified_time\" content=\"2024-10-02T10:53:33+00:00\" \/>\n<script type=\"application\/ld+json\" class=\"yoast-schema-graph\">{\"@context\":\"https:\/\/schema.org\",\"@graph\":[{\"@type\":\"WebPage\",\"@id\":\"https:\/\/aldaia.es\/es\/servicios-sociales-e-igualdad\/salut-mental\/\",\"url\":\"https:\/\/aldaia.es\/es\/servicios-sociales-e-igualdad\/salut-mental\/\",\"name\":\"Departamento de Salud Mental del Ayuntamiento de Aldaia\",\"isPartOf\":{\"@id\":\"https:\/\/aldaia.es\/es\/#website\"},\"datePublished\":\"2024-05-27T07:03:37+00:00\",\"dateModified\":\"2024-10-02T10:53:33+00:00\",\"description\":\"Servicio de atenci\u00f3n psicosocial para personas con problemas de salud mental con programas de prevenci\u00f3n, rehabilitaci\u00f3n e inclusi\u00f3n social\",\"breadcrumb\":{\"@id\":\"https:\/\/aldaia.es\/es\/servicios-sociales-e-igualdad\/salut-mental\/#breadcrumb\"},\"inLanguage\":\"es\",\"potentialAction\":[{\"@type\":\"ReadAction\",\"target\":[\"https:\/\/aldaia.es\/es\/servicios-sociales-e-igualdad\/salut-mental\/\"]}]},{\"@type\":\"BreadcrumbList\",\"@id\":\"https:\/\/aldaia.es\/es\/servicios-sociales-e-igualdad\/salut-mental\/#breadcrumb\",\"itemListElement\":[{\"@type\":\"ListItem\",\"position\":1,\"name\":\"Portada\",\"item\":\"https:\/\/aldaia.es\/es\/\"},{\"@type\":\"ListItem\",\"position\":2,\"name\":\"Servicios Sociales e Igualdad\",\"item\":\"https:\/\/aldaia.es\/es\/servicios-sociales-e-igualdad\/\"},{\"@type\":\"ListItem\",\"position\":3,\"name\":\"Salud mental\"}]},{\"@type\":\"WebSite\",\"@id\":\"https:\/\/aldaia.es\/es\/#website\",\"url\":\"https:\/\/aldaia.es\/es\/\",\"name\":\"Ajuntament D'Aldaia\",\"description\":\"\",\"publisher\":{\"@id\":\"https:\/\/aldaia.es\/es\/#organization\"},\"alternateName\":\"Ajuntament D'Aldaia\",\"potentialAction\":[{\"@type\":\"SearchAction\",\"target\":{\"@type\":\"EntryPoint\",\"urlTemplate\":\"https:\/\/aldaia.es\/es\/?s={search_term_string}\"},\"query-input\":{\"@type\":\"PropertyValueSpecification\",\"valueRequired\":true,\"valueName\":\"search_term_string\"}}],\"inLanguage\":\"es\"},{\"@type\":\"Organization\",\"@id\":\"https:\/\/aldaia.es\/es\/#organization\",\"name\":\"Ajuntament D'Aldaia\",\"url\":\"https:\/\/aldaia.es\/es\/\",\"logo\":{\"@type\":\"ImageObject\",\"inLanguage\":\"es\",\"@id\":\"https:\/\/aldaia.es\/es\/#\/schema\/logo\/image\/\",\"url\":\"https:\/\/aldaia.es\/wp-content\/uploads\/2022\/06\/aldaia-negro-1.png\",\"contentUrl\":\"https:\/\/aldaia.es\/wp-content\/uploads\/2022\/06\/aldaia-negro-1.png\",\"width\":152,\"height\":70,\"caption\":\"Ajuntament D'Aldaia\"},\"image\":{\"@id\":\"https:\/\/aldaia.es\/es\/#\/schema\/logo\/image\/\"}}]}<\/script>\n<!-- \/ Yoast SEO plugin. -->","yoast_head_json":{"title":"Departamento de Salud Mental del Ayuntamiento de Aldaia","description":"Servicio de atenci\u00f3n psicosocial para personas con problemas de salud mental con programas de prevenci\u00f3n, rehabilitaci\u00f3n e inclusi\u00f3n social","robots":{"index":"index","follow":"follow","max-snippet":"max-snippet:-1","max-image-preview":"max-image-preview:large","max-video-preview":"max-video-preview:-1"},"canonical":"https:\/\/aldaia.es\/es\/servicios-sociales-e-igualdad\/salut-mental\/","og_locale":"es_ES","og_type":"article","og_title":"Departamento de Salud Mental del Ayuntamiento de Aldaia","og_description":"Servicio de atenci\u00f3n psicosocial para personas con problemas de salud mental con programas de prevenci\u00f3n, rehabilitaci\u00f3n e inclusi\u00f3n social","og_url":"https:\/\/aldaia.es\/es\/servicios-sociales-e-igualdad\/salut-mental\/","og_site_name":"Ayuntamiento de Aldaia","article_modified_time":"2024-10-02T10:53:33+00:00","schema":{"@context":"https:\/\/schema.org","@graph":[{"@type":"WebPage","@id":"https:\/\/aldaia.es\/es\/servicios-sociales-e-igualdad\/salut-mental\/","url":"https:\/\/aldaia.es\/es\/servicios-sociales-e-igualdad\/salut-mental\/","name":"Departamento de Salud Mental del Ayuntamiento de Aldaia","isPartOf":{"@id":"https:\/\/aldaia.es\/es\/#website"},"datePublished":"2024-05-27T07:03:37+00:00","dateModified":"2024-10-02T10:53:33+00:00","description":"Servicio de atenci\u00f3n psicosocial para personas con problemas de salud mental con programas de prevenci\u00f3n, rehabilitaci\u00f3n e inclusi\u00f3n social","breadcrumb":{"@id":"https:\/\/aldaia.es\/es\/servicios-sociales-e-igualdad\/salut-mental\/#breadcrumb"},"inLanguage":"es","potentialAction":[{"@type":"ReadAction","target":["https:\/\/aldaia.es\/es\/servicios-sociales-e-igualdad\/salut-mental\/"]}]},{"@type":"BreadcrumbList","@id":"https:\/\/aldaia.es\/es\/servicios-sociales-e-igualdad\/salut-mental\/#breadcrumb","itemListElement":[{"@type":"ListItem","position":1,"name":"Portada","item":"https:\/\/aldaia.es\/es\/"},{"@type":"ListItem","position":2,"name":"Servicios Sociales e Igualdad","item":"https:\/\/aldaia.es\/es\/servicios-sociales-e-igualdad\/"},{"@type":"ListItem","position":3,"name":"Salud mental"}]},{"@type":"WebSite","@id":"https:\/\/aldaia.es\/es\/#website","url":"https:\/\/aldaia.es\/es\/","name":"Ajuntament D'Aldaia","description":"","publisher":{"@id":"https:\/\/aldaia.es\/es\/#organization"},"alternateName":"Ajuntament D'Aldaia","potentialAction":[{"@type":"SearchAction","target":{"@type":"EntryPoint","urlTemplate":"https:\/\/aldaia.es\/es\/?s={search_term_string}"},"query-input":{"@type":"PropertyValueSpecification","valueRequired":true,"valueName":"search_term_string"}}],"inLanguage":"es"},{"@type":"Organization","@id":"https:\/\/aldaia.es\/es\/#organization","name":"Ajuntament D'Aldaia","url":"https:\/\/aldaia.es\/es\/","logo":{"@type":"ImageObject","inLanguage":"es","@id":"https:\/\/aldaia.es\/es\/#\/schema\/logo\/image\/","url":"https:\/\/aldaia.es\/wp-content\/uploads\/2022\/06\/aldaia-negro-1.png","contentUrl":"https:\/\/aldaia.es\/wp-content\/uploads\/2022\/06\/aldaia-negro-1.png","width":152,"height":70,"caption":"Ajuntament D'Aldaia"},"image":{"@id":"https:\/\/aldaia.es\/es\/#\/schema\/logo\/image\/"}}]}},"_links":{"self":[{"href":"https:\/\/aldaia.es\/es\/wp-json\/wp\/v2\/pages\/27795","targetHints":{"allow":["GET"]}}],"collection":[{"href":"https:\/\/aldaia.es\/es\/wp-json\/wp\/v2\/pages"}],"about":[{"href":"https:\/\/aldaia.es\/es\/wp-json\/wp\/v2\/types\/page"}],"author":[{"embeddable":true,"href":"https:\/\/aldaia.es\/es\/wp-json\/wp\/v2\/users\/42"}],"replies":[{"embeddable":true,"href":"https:\/\/aldaia.es\/es\/wp-json\/wp\/v2\/comments?post=27795"}],"version-history":[{"count":4,"href":"https:\/\/aldaia.es\/es\/wp-json\/wp\/v2\/pages\/27795\/revisions"}],"predecessor-version":[{"id":33407,"href":"https:\/\/aldaia.es\/es\/wp-json\/wp\/v2\/pages\/27795\/revisions\/33407"}],"up":[{"embeddable":true,"href":"https:\/\/aldaia.es\/es\/wp-json\/wp\/v2\/pages\/27569"}],"wp:attachment":[{"href":"https:\/\/aldaia.es\/es\/wp-json\/wp\/v2\/media?parent=27795"}],"curies":[{"name":"wp","href":"https:\/\/api.w.org\/{rel}","templated":true}]}}