{"id":31004,"date":"2023-06-05T08:57:11","date_gmt":"2023-06-05T06:57:11","guid":{"rendered":"https:\/\/aldaia.es\/adl-y-comercio\/orientacio-laboral\/"},"modified":"2025-06-20T11:59:45","modified_gmt":"2025-06-20T09:59:45","slug":"orientacion-laboral","status":"publish","type":"page","link":"https:\/\/aldaia.es\/es\/adl-y-comercio\/orientacion-laboral\/","title":{"rendered":"Orientaci\u00f3n laboral"},"content":{"rendered":"\n<figure class=\"wp-block-image size-large\"><img loading=\"lazy\" decoding=\"async\" width=\"1024\" height=\"576\" src=\"https:\/\/aldaia.es\/wp-content\/uploads\/2024\/09\/orientacion-laboral-adl-ayuntamiento-aldaia-1024x576.jpg\" alt=\"orientaci\u00f3n laboral\" class=\"wp-image-31011\" srcset=\"https:\/\/aldaia.es\/wp-content\/uploads\/2024\/09\/orientacion-laboral-adl-ayuntamiento-aldaia-1024x576.jpg 1024w, https:\/\/aldaia.es\/wp-content\/uploads\/2024\/09\/orientacion-laboral-adl-ayuntamiento-aldaia-300x169.jpg 300w, https:\/\/aldaia.es\/wp-content\/uploads\/2024\/09\/orientacion-laboral-adl-ayuntamiento-aldaia-768x432.jpg 768w, https:\/\/aldaia.es\/wp-content\/uploads\/2024\/09\/orientacion-laboral-adl-ayuntamiento-aldaia-150x84.jpg 150w, https:\/\/aldaia.es\/wp-content\/uploads\/2024\/09\/orientacion-laboral-adl-ayuntamiento-aldaia-696x392.jpg 696w, https:\/\/aldaia.es\/wp-content\/uploads\/2024\/09\/orientacion-laboral-adl-ayuntamiento-aldaia-1068x601.jpg 1068w, https:\/\/aldaia.es\/wp-content\/uploads\/2024\/09\/orientacion-laboral-adl-ayuntamiento-aldaia.jpg 1440w\" sizes=\"auto, (max-width: 1024px) 100vw, 1024px\" \/><\/figure>\n\n\n\n<div class=\"wp-block-columns dep-adl is-layout-flex wp-container-core-columns-is-layout-9d6595d7 wp-block-columns-is-layout-flex\">\n<div class=\"wp-block-column is-layout-flow wp-block-column-is-layout-flow\">\n<h1 class=\"wp-block-heading\">Orientaci\u00f3n laboral<\/h1>\n\n\n\n<h2 class=\"wp-block-heading\">\u00bfQu\u00e9 servicios ofrece?<\/h2>\n\n\n\n<p>El servicio de orientaci\u00f3n laboral te informa, asesora y acompa\u00f1a en la b\u00fasqueda de empleo. A trav\u00e9s de sesiones individuales y\/o grupales, analizamos tus fortalezas y aquellas \u00e1reas que necesitan refuerzo o actualizaci\u00f3n. <\/p>\n\n\n\n<p>Estos son los aspectos que abordaremos:<\/p>\n\n\n\n<p id=\"block-119cf8a7-6cb5-410d-9ac7-f20306be2f15\"><strong>ITINERARIO DE ORIENTACI\u00d3N LABORAL<\/strong><\/p>\n\n\n\n<hr class=\"wp-block-separator has-alpha-channel-opacity\" id=\"block-928f4cb7-5009-4e2a-8a6d-cf8329c8ad9b\"\/>\n\n\n\n<p id=\"block-1a05de65-910c-478e-9385-09214a381d44\"><strong>\ud83d\udd0d Diagn\u00f3stico y planificaci\u00f3n inicial<\/strong><\/p>\n\n\n\n<ul class=\"wp-block-list\" id=\"block-51b2aaa0-5f77-437c-b224-5cee7a9b6c8b\">\n<li>Entrevista de diagn\u00f3stico<\/li>\n\n\n\n<li>Identificaci\u00f3n de alternativas profesionales<\/li>\n\n\n\n<li>Dise\u00f1o de itinerario de inserci\u00f3n<\/li>\n\n\n\n<li>Aspectos de motivaci\u00f3n para la b\u00fasqueda de empleo<\/li>\n<\/ul>\n\n\n\n<hr class=\"wp-block-separator has-alpha-channel-opacity\" id=\"block-80c9328b-2391-4f81-aa03-c8988e9e8d26\"\/>\n\n\n\n<p id=\"block-6d6409c1-8880-4134-b53c-088c9af486c9\"><strong>\ud83d\udcc4 Herramientas para la b\u00fasqueda de empleo<\/strong><\/p>\n\n\n\n<ul class=\"wp-block-list\" id=\"block-76a1db6e-bd06-4379-9d14-3d742c58bac9\">\n<li>Dise\u00f1o de curr\u00edculum<\/li>\n\n\n\n<li>Dise\u00f1o de carta de presentaci\u00f3n<\/li>\n\n\n\n<li>Las herramientas de la b\u00fasqueda de empleo<\/li>\n\n\n\n<li>C\u00f3mo organizar la agenda de b\u00fasqueda de empleo<\/li>\n<\/ul>\n\n\n\n<hr class=\"wp-block-separator has-alpha-channel-opacity\" id=\"block-66456907-91b0-4621-8c30-08a6e804845b\"\/>\n\n\n\n<p id=\"block-935ec3da-6601-42d9-8fd8-17d3b052e33d\"><strong>\ud83d\udcbc Informaci\u00f3n sobre el empleo y el mercado laboral<\/strong><\/p>\n\n\n\n<ul class=\"wp-block-list\" id=\"block-9b2f9c11-2b1c-4037-adcc-3b1c0d6f1a44\">\n<li>Informaci\u00f3n sobre el mercado de trabajo<\/li>\n\n\n\n<li>Informaci\u00f3n sobre los procesos de selecci\u00f3n<\/li>\n\n\n\n<li>Medidas de fomento de la contrataci\u00f3n<\/li>\n\n\n\n<li>V\u00edas de acceso al empleo<\/li>\n<\/ul>\n\n\n\n<hr class=\"wp-block-separator has-alpha-channel-opacity\" id=\"block-128250f1-46e6-44a4-90de-e24fee72e4ed\"\/>\n\n\n\n<p id=\"block-5089c750-0701-4892-aed3-a6bbf4835336\"><strong>\ud83e\udded T\u00e9cnicas y canales de b\u00fasqueda de empleo<\/strong><\/p>\n\n\n\n<ul class=\"wp-block-list\" id=\"block-4e3636ea-6354-4e00-a9ce-b43f22a81a90\">\n<li>B\u00fasqueda de empleo por cuenta ajena<\/li>\n\n\n\n<li>La entrevista de trabajo<\/li>\n\n\n\n<li>Los portales de empleo<\/li>\n\n\n\n<li>La Red EURES<\/li>\n<\/ul>\n\n\n\n<hr class=\"wp-block-separator has-alpha-channel-opacity\" id=\"block-aca13fa0-36f7-46a8-a49c-ba7af5f314d1\"\/>\n\n\n\n<p id=\"block-a0677d04-4b12-45e9-afd6-f3e683021ce8\"><strong>\ud83c\udf93 Formaci\u00f3n y programas de apoyo<\/strong><\/p>\n\n\n\n<ul class=\"wp-block-list\" id=\"block-f9e0f922-4552-4bf0-9e40-44d1c9705334\">\n<li>La formaci\u00f3n<\/li>\n\n\n\n<li>El programa de garant\u00eda juvenil<\/li>\n<\/ul>\n\n\n\n<hr class=\"wp-block-separator has-alpha-channel-opacity\" id=\"block-5e7264bb-a8c4-4a5a-93e0-c5bb33479608\"\/>\n\n\n\n<p id=\"block-01138eca-28a3-4912-9ccb-2c71fd9153ab\"><strong>\ud83d\ude80 Emprendimiento y autoempleo<\/strong><\/p>\n\n\n\n<ul class=\"wp-block-list\" id=\"block-05137a65-00db-4769-99b2-7f83f3e0b2c4\">\n<li>Informaci\u00f3n sobre autoempleo<\/li>\n\n\n\n<li>Acompa\u00f1amiento en proyectos empresariales<\/li>\n<\/ul>\n\n\n\n<hr class=\"wp-block-separator has-alpha-channel-opacity\" id=\"block-97bd7e68-7976-40f5-b0e5-787eebb44890\"\/>\n\n\n\n<p id=\"block-69826170-a184-4e31-9c33-e30ef79f1893\">Este servicio se solicita con cita previa, v\u00eda correo electr\u00f3nico, fax, tel\u00e9fono o presencialmente. ADL<\/p>\n\n\n\n<p id=\"block-040ec6be-1c64-40ed-9db7-3630c060a601\">C\/ Ricardo Fuster Fuster s\/n ( y en el interior del centro SERVEF &#8211; Formaci\u00f3n Aldaia) 46960 Aldaia, Valencia<\/p>\n\n\n\n<p id=\"block-68de5747-470e-45fb-9f56-359414d691d4\">Tel.: 96 198 88 15 \/ 607 998 065 &#8211; email: <a href=\"mailto:adl@ajuntamentaldaia.org\">adl@ajuntamentaldaia.org<\/a><\/p>\n\n\n\n<h3 class=\"wp-block-heading\">Enlaces de inter\u00e9s<\/h3>\n\n\n\n<ul class=\"wp-block-list\">\n<li>Garant\u00eda Juvenil: <a href=\"https:\/\/www.sepe.es\/HomeSepe\/Personas\/encontrar-trabajo\/Garantia-Juvenil.html\">Garant\u00eda Juvenil | Servicio P\u00fablico de Empleo Estatal (sepe.es)<\/a><\/li>\n\n\n\n<li>Red EURES: <a href=\"https:\/\/www.sepe.es\/HomeSepe\/Personas\/encontrar-trabajo\/empleo-europa.html\">EURES: Encontrar empleo en Europa | Servicio P\u00fablico de Empleo Estatal (sepe.es)<\/a><\/li>\n\n\n\n<li>Prestacions, Subsidis i Programes: <a href=\"https:\/\/www.sepe.es\/HomeSepe\/Personas\/distributiva-prestaciones.html\">Prestaciones | Servicio P\u00fablico de Empleo Estatal (sepe.es)<\/a><\/li>\n<\/ul>\n<\/div>\n<\/div>\n\n\n\n<div style=\"height:39px\" aria-hidden=\"true\" class=\"wp-block-spacer\"><\/div>\n","protected":false},"excerpt":{"rendered":"<p>Orientaci\u00f3n laboral \u00bfQu\u00e9 servicios ofrece? El servicio de orientaci\u00f3n laboral te informa, asesora y acompa\u00f1a en la b\u00fasqueda de empleo. A trav\u00e9s de sesiones individuales y\/o grupales, analizamos tus fortalezas <a class=\"text-decoration-none text-black\" href=\"https:\/\/aldaia.es\/es\/adl-y-comercio\/orientacion-laboral\/\"> &#8230; <\/a><\/p>\n","protected":false},"author":2,"featured_media":13056,"parent":6207,"menu_order":0,"comment_status":"closed","ping_status":"closed","template":"basic-page-departamentos.php","meta":{"_acf_changed":false,"footnotes":""},"class_list":["post-31004","page","type-page","status-publish","has-post-thumbnail","hentry"],"acf":[],"yoast_head":"<!-- This site is optimized with the Yoast SEO plugin v27.0 - https:\/\/yoast.com\/product\/yoast-seo-wordpress\/ -->\n<title>Orientaci\u00f3n laboral - Ayuntamiento de Aldaia<\/title>\n<meta name=\"description\" content=\"El servicio de orientaci\u00f3n laboral le informa, asesora y acompa\u00f1a en la b\u00fasqueda de empleo a trav\u00e9s de diferentes acciones.\" \/>\n<meta name=\"robots\" content=\"index, follow, max-snippet:-1, max-image-preview:large, max-video-preview:-1\" \/>\n<link rel=\"canonical\" href=\"https:\/\/aldaia.es\/es\/adl-y-comercio\/orientacion-laboral\/\" \/>\n<meta property=\"og:locale\" content=\"es_ES\" \/>\n<meta property=\"og:type\" content=\"article\" \/>\n<meta property=\"og:title\" content=\"Orientaci\u00f3n laboral - Ayuntamiento de Aldaia\" \/>\n<meta property=\"og:description\" content=\"El servicio de orientaci\u00f3n laboral le informa, asesora y acompa\u00f1a en la b\u00fasqueda de empleo a trav\u00e9s de diferentes acciones.\" \/>\n<meta property=\"og:url\" content=\"https:\/\/aldaia.es\/es\/adl-y-comercio\/orientacion-laboral\/\" \/>\n<meta property=\"og:site_name\" content=\"Ayuntamiento de Aldaia\" \/>\n<meta property=\"article:modified_time\" content=\"2025-06-20T09:59:45+00:00\" \/>\n<meta property=\"og:image\" content=\"https:\/\/aldaia.es\/wp-content\/uploads\/2023\/06\/Portada-O.L.-Valenciano.jpg\" \/>\n\t<meta property=\"og:image:width\" content=\"1920\" \/>\n\t<meta property=\"og:image:height\" content=\"1080\" \/>\n\t<meta property=\"og:image:type\" content=\"image\/jpeg\" \/>\n<script type=\"application\/ld+json\" class=\"yoast-schema-graph\">{\"@context\":\"https:\/\/schema.org\",\"@graph\":[{\"@type\":\"WebPage\",\"@id\":\"https:\/\/aldaia.es\/es\/adl-y-comercio\/orientacion-laboral\/\",\"url\":\"https:\/\/aldaia.es\/es\/adl-y-comercio\/orientacion-laboral\/\",\"name\":\"Orientaci\u00f3n laboral - Ayuntamiento de Aldaia\",\"isPartOf\":{\"@id\":\"https:\/\/aldaia.es\/es\/#website\"},\"primaryImageOfPage\":{\"@id\":\"https:\/\/aldaia.es\/es\/adl-y-comercio\/orientacion-laboral\/#primaryimage\"},\"image\":{\"@id\":\"https:\/\/aldaia.es\/es\/adl-y-comercio\/orientacion-laboral\/#primaryimage\"},\"thumbnailUrl\":\"https:\/\/aldaia.es\/wp-content\/uploads\/2023\/06\/Portada-O.L.-Valenciano.jpg\",\"datePublished\":\"2023-06-05T06:57:11+00:00\",\"dateModified\":\"2025-06-20T09:59:45+00:00\",\"description\":\"El servicio de orientaci\u00f3n laboral le informa, asesora y acompa\u00f1a en la b\u00fasqueda de empleo a trav\u00e9s de diferentes acciones.\",\"breadcrumb\":{\"@id\":\"https:\/\/aldaia.es\/es\/adl-y-comercio\/orientacion-laboral\/#breadcrumb\"},\"inLanguage\":\"es\",\"potentialAction\":[{\"@type\":\"ReadAction\",\"target\":[\"https:\/\/aldaia.es\/es\/adl-y-comercio\/orientacion-laboral\/\"]}]},{\"@type\":\"ImageObject\",\"inLanguage\":\"es\",\"@id\":\"https:\/\/aldaia.es\/es\/adl-y-comercio\/orientacion-laboral\/#primaryimage\",\"url\":\"https:\/\/aldaia.es\/wp-content\/uploads\/2023\/06\/Portada-O.L.-Valenciano.jpg\",\"contentUrl\":\"https:\/\/aldaia.es\/wp-content\/uploads\/2023\/06\/Portada-O.L.-Valenciano.jpg\",\"width\":1920,\"height\":1080},{\"@type\":\"BreadcrumbList\",\"@id\":\"https:\/\/aldaia.es\/es\/adl-y-comercio\/orientacion-laboral\/#breadcrumb\",\"itemListElement\":[{\"@type\":\"ListItem\",\"position\":1,\"name\":\"Portada\",\"item\":\"https:\/\/aldaia.es\/es\/\"},{\"@type\":\"ListItem\",\"position\":2,\"name\":\"ADL y Comercio\",\"item\":\"https:\/\/aldaia.es\/es\/adl-y-comercio\/\"},{\"@type\":\"ListItem\",\"position\":3,\"name\":\"Orientaci\u00f3n laboral\"}]},{\"@type\":\"WebSite\",\"@id\":\"https:\/\/aldaia.es\/es\/#website\",\"url\":\"https:\/\/aldaia.es\/es\/\",\"name\":\"Ajuntament D'Aldaia\",\"description\":\"\",\"publisher\":{\"@id\":\"https:\/\/aldaia.es\/es\/#organization\"},\"alternateName\":\"Ajuntament D'Aldaia\",\"potentialAction\":[{\"@type\":\"SearchAction\",\"target\":{\"@type\":\"EntryPoint\",\"urlTemplate\":\"https:\/\/aldaia.es\/es\/?s={search_term_string}\"},\"query-input\":{\"@type\":\"PropertyValueSpecification\",\"valueRequired\":true,\"valueName\":\"search_term_string\"}}],\"inLanguage\":\"es\"},{\"@type\":\"Organization\",\"@id\":\"https:\/\/aldaia.es\/es\/#organization\",\"name\":\"Ajuntament D'Aldaia\",\"url\":\"https:\/\/aldaia.es\/es\/\",\"logo\":{\"@type\":\"ImageObject\",\"inLanguage\":\"es\",\"@id\":\"https:\/\/aldaia.es\/es\/#\/schema\/logo\/image\/\",\"url\":\"https:\/\/aldaia.es\/wp-content\/uploads\/2022\/06\/aldaia-negro-1.png\",\"contentUrl\":\"https:\/\/aldaia.es\/wp-content\/uploads\/2022\/06\/aldaia-negro-1.png\",\"width\":152,\"height\":70,\"caption\":\"Ajuntament D'Aldaia\"},\"image\":{\"@id\":\"https:\/\/aldaia.es\/es\/#\/schema\/logo\/image\/\"}}]}<\/script>\n<!-- \/ Yoast SEO plugin. -->","yoast_head_json":{"title":"Orientaci\u00f3n laboral - Ayuntamiento de Aldaia","description":"El servicio de orientaci\u00f3n laboral le informa, asesora y acompa\u00f1a en la b\u00fasqueda de empleo a trav\u00e9s de diferentes acciones.","robots":{"index":"index","follow":"follow","max-snippet":"max-snippet:-1","max-image-preview":"max-image-preview:large","max-video-preview":"max-video-preview:-1"},"canonical":"https:\/\/aldaia.es\/es\/adl-y-comercio\/orientacion-laboral\/","og_locale":"es_ES","og_type":"article","og_title":"Orientaci\u00f3n laboral - Ayuntamiento de Aldaia","og_description":"El servicio de orientaci\u00f3n laboral le informa, asesora y acompa\u00f1a en la b\u00fasqueda de empleo a trav\u00e9s de diferentes acciones.","og_url":"https:\/\/aldaia.es\/es\/adl-y-comercio\/orientacion-laboral\/","og_site_name":"Ayuntamiento de Aldaia","article_modified_time":"2025-06-20T09:59:45+00:00","og_image":[{"width":1920,"height":1080,"url":"https:\/\/aldaia.es\/wp-content\/uploads\/2023\/06\/Portada-O.L.-Valenciano.jpg","type":"image\/jpeg"}],"schema":{"@context":"https:\/\/schema.org","@graph":[{"@type":"WebPage","@id":"https:\/\/aldaia.es\/es\/adl-y-comercio\/orientacion-laboral\/","url":"https:\/\/aldaia.es\/es\/adl-y-comercio\/orientacion-laboral\/","name":"Orientaci\u00f3n laboral - Ayuntamiento de Aldaia","isPartOf":{"@id":"https:\/\/aldaia.es\/es\/#website"},"primaryImageOfPage":{"@id":"https:\/\/aldaia.es\/es\/adl-y-comercio\/orientacion-laboral\/#primaryimage"},"image":{"@id":"https:\/\/aldaia.es\/es\/adl-y-comercio\/orientacion-laboral\/#primaryimage"},"thumbnailUrl":"https:\/\/aldaia.es\/wp-content\/uploads\/2023\/06\/Portada-O.L.-Valenciano.jpg","datePublished":"2023-06-05T06:57:11+00:00","dateModified":"2025-06-20T09:59:45+00:00","description":"El servicio de orientaci\u00f3n laboral le informa, asesora y acompa\u00f1a en la b\u00fasqueda de empleo a trav\u00e9s de diferentes acciones.","breadcrumb":{"@id":"https:\/\/aldaia.es\/es\/adl-y-comercio\/orientacion-laboral\/#breadcrumb"},"inLanguage":"es","potentialAction":[{"@type":"ReadAction","target":["https:\/\/aldaia.es\/es\/adl-y-comercio\/orientacion-laboral\/"]}]},{"@type":"ImageObject","inLanguage":"es","@id":"https:\/\/aldaia.es\/es\/adl-y-comercio\/orientacion-laboral\/#primaryimage","url":"https:\/\/aldaia.es\/wp-content\/uploads\/2023\/06\/Portada-O.L.-Valenciano.jpg","contentUrl":"https:\/\/aldaia.es\/wp-content\/uploads\/2023\/06\/Portada-O.L.-Valenciano.jpg","width":1920,"height":1080},{"@type":"BreadcrumbList","@id":"https:\/\/aldaia.es\/es\/adl-y-comercio\/orientacion-laboral\/#breadcrumb","itemListElement":[{"@type":"ListItem","position":1,"name":"Portada","item":"https:\/\/aldaia.es\/es\/"},{"@type":"ListItem","position":2,"name":"ADL y Comercio","item":"https:\/\/aldaia.es\/es\/adl-y-comercio\/"},{"@type":"ListItem","position":3,"name":"Orientaci\u00f3n laboral"}]},{"@type":"WebSite","@id":"https:\/\/aldaia.es\/es\/#website","url":"https:\/\/aldaia.es\/es\/","name":"Ajuntament D'Aldaia","description":"","publisher":{"@id":"https:\/\/aldaia.es\/es\/#organization"},"alternateName":"Ajuntament D'Aldaia","potentialAction":[{"@type":"SearchAction","target":{"@type":"EntryPoint","urlTemplate":"https:\/\/aldaia.es\/es\/?s={search_term_string}"},"query-input":{"@type":"PropertyValueSpecification","valueRequired":true,"valueName":"search_term_string"}}],"inLanguage":"es"},{"@type":"Organization","@id":"https:\/\/aldaia.es\/es\/#organization","name":"Ajuntament D'Aldaia","url":"https:\/\/aldaia.es\/es\/","logo":{"@type":"ImageObject","inLanguage":"es","@id":"https:\/\/aldaia.es\/es\/#\/schema\/logo\/image\/","url":"https:\/\/aldaia.es\/wp-content\/uploads\/2022\/06\/aldaia-negro-1.png","contentUrl":"https:\/\/aldaia.es\/wp-content\/uploads\/2022\/06\/aldaia-negro-1.png","width":152,"height":70,"caption":"Ajuntament D'Aldaia"},"image":{"@id":"https:\/\/aldaia.es\/es\/#\/schema\/logo\/image\/"}}]}},"_links":{"self":[{"href":"https:\/\/aldaia.es\/es\/wp-json\/wp\/v2\/pages\/31004","targetHints":{"allow":["GET"]}}],"collection":[{"href":"https:\/\/aldaia.es\/es\/wp-json\/wp\/v2\/pages"}],"about":[{"href":"https:\/\/aldaia.es\/es\/wp-json\/wp\/v2\/types\/page"}],"author":[{"embeddable":true,"href":"https:\/\/aldaia.es\/es\/wp-json\/wp\/v2\/users\/2"}],"replies":[{"embeddable":true,"href":"https:\/\/aldaia.es\/es\/wp-json\/wp\/v2\/comments?post=31004"}],"version-history":[{"count":7,"href":"https:\/\/aldaia.es\/es\/wp-json\/wp\/v2\/pages\/31004\/revisions"}],"predecessor-version":[{"id":38039,"href":"https:\/\/aldaia.es\/es\/wp-json\/wp\/v2\/pages\/31004\/revisions\/38039"}],"up":[{"embeddable":true,"href":"https:\/\/aldaia.es\/es\/wp-json\/wp\/v2\/pages\/6207"}],"wp:featuredmedia":[{"embeddable":true,"href":"https:\/\/aldaia.es\/es\/wp-json\/wp\/v2\/media\/13056"}],"wp:attachment":[{"href":"https:\/\/aldaia.es\/es\/wp-json\/wp\/v2\/media?parent=31004"}],"curies":[{"name":"wp","href":"https:\/\/api.w.org\/{rel}","templated":true}]}}