{"id":31724,"date":"2024-09-13T09:58:26","date_gmt":"2024-09-13T07:58:26","guid":{"rendered":"https:\/\/aldaia.es\/installacions-del-tama\/"},"modified":"2026-03-11T14:18:52","modified_gmt":"2026-03-11T13:18:52","slug":"instalaciones-del-tama","status":"publish","type":"page","link":"https:\/\/aldaia.es\/es\/cultura\/tama-teatro-auditorio\/instalaciones-del-tama\/","title":{"rendered":"Instalaciones del TAMA"},"content":{"rendered":"\n<div class=\"wp-block-columns dep-cultura is-layout-flex wp-container-core-columns-is-layout-9d6595d7 wp-block-columns-is-layout-flex\">\n<div class=\"wp-block-column is-layout-flow wp-block-column-is-layout-flow\" style=\"flex-basis:30%\"><!--  Info cultura TAMA -->\n\n \n\n<div class='bloque-infos-cultura-tama wrapper-departamentos'>\n<p class=\"tit-bloque-infos\">Localizaci\u00f3n TAMA<\/p>\n        <div class='infos-departamento'>\n            <p>Av. de la M\u00fasica, 11, 46960 Aldaia, Valencia, Espa\u00f1a. Acceso por calle Cuarto s\/n.<\/p>\n            <p><i class=\"fa fa-phone\" aria-hidden=\"true\"><\/i> <a href=\"tel:+34961988406\">+34 96 198 84 06<\/a><\/p>\n            <p><i class=\"fas fa-envelope\"><\/i> <a href=\"mailto:flopez@ajuntamentaldaia.org\">flopez@ajuntamentaldaia.org<\/a><\/p>\n            <p><i class=\"fas fa-envelope\"><\/i> <a href=\"mailto:agarcera@ajuntamentaldaia.org\">agarcera@ajuntamentaldaia.org<\/a><\/p>\n            <p><i class=\"fas fa-envelope\"><\/i> <a href=\"mailto:cultura@ajuntamentaldaia.org\">cultura@ajuntamentaldaia.org<\/a><\/p>\n        <\/div>\n\n        <div class='mapa-1'>\n        <iframe src=\"https:\/\/www.google.com\/maps\/embed?pb=!1m14!1m8!1m3!1d1220.9579746302354!2d-0.45720314031949144!3d39.46531419902647!3m2!1i1024!2i768!4f13.1!3m3!1m2!1s0xd605018834c3113%3A0x18b8f585c8e09c91!2sTAMA%20%E2%80%94%20Teatro%20Auditorio%20Municipal%20de%20Aldaia!5e0!3m2!1ses!2sus!4v1725979334211!5m2!1ses!2sus\" width=\"100%\" height=\"450\" style=\"border:0;\" allowfullscreen=\"\" loading=\"lazy\" referrerpolicy=\"no-referrer-when-downgrade\"><\/iframe>\n        <\/div>\n\n    <\/div>\n    <!-- end bloque infos -->\n   \n\n    \n\n\n<\/div>\n\n\n\n<div class=\"wp-block-column is-layout-flow wp-block-column-is-layout-flow\" style=\"flex-basis:70%\">\n<h1 class=\"wp-block-heading\">Instalaciones del TAMA<\/h1>\n\n\n\n<p>El escenario es de grandes dimensiones (362m2) y est\u00e1 dise\u00f1ado para acoger bandas de m\u00fasica de hasta 140 m\u00fasicos. Dispone de salas de ensayo de 90 m2 y cuenta con las m\u00e1s modernas innovaciones t\u00e9cnicas<\/p>\n\n\n\n<p>En l\u00edneas generales la distribuci\u00f3n de la instalaci\u00f3n es la siguiente:<\/p>\n\n\n\n<h2 class=\"wp-block-heading\">Sotano<\/h2>\n\n\n\n<ul class=\"wp-block-list\">\n<li>3 Almacenes de material y utillaje<\/li>\n\n\n\n<li>2 Vestuarios de gran capacidad, WC y duchas<\/li>\n\n\n\n<li>3 WC., 1 adaptado. 1 Almac\u00e9n limpia<\/li>\n<\/ul>\n\n\n\n<h2 class=\"wp-block-heading\">Planta baja<\/h2>\n\n\n\n<ul class=\"wp-block-list\">\n<li>Ventana<\/li>\n\n\n\n<li>Vest\u00edbulo<\/li>\n\n\n\n<li>Recepci\u00f3n-Informaci\u00f3n<\/li>\n\n\n\n<li>Cafeter\u00eda<\/li>\n\n\n\n<li>3 WC-1 adaptado<\/li>\n\n\n\n<li>Patio de butacas<\/li>\n\n\n\n<li>Escenario<\/li>\n\n\n\n<li>2 Camerinos, WC y duchas<\/li>\n\n\n\n<li>Almacenes diversos<\/li>\n\n\n\n<li>1 Ascensor<\/li>\n\n\n\n<li>1 Ascensor montacargas<\/li>\n<\/ul>\n\n\n\n<h2 class=\"wp-block-heading\">Planta primera<\/h2>\n\n\n\n<ul class=\"wp-block-list\">\n<li>Vest\u00edbulo anfiteatro<\/li>\n\n\n\n<li>Anfiteatro<\/li>\n\n\n\n<li>Aula de formaci\u00f3n \u00abBACO\u00bb<\/li>\n\n\n\n<li>Pasarela frontal<\/li>\n\n\n\n<li>Pasarelas laterales<\/li>\n\n\n\n<li>3 WC, 1 adaptado<\/li>\n\n\n\n<li>1 Almac\u00e9n.<\/li>\n<\/ul>\n\n\n\n<h2 class=\"wp-block-heading\">Planta segunda<\/h2>\n\n\n\n<ul class=\"wp-block-list\">\n<li>Direcci\u00f3n y Oficina de gesti\u00f3n<\/li>\n\n\n\n<li>Cabina de control<\/li>\n\n\n\n<li>Pasarelas laterales<\/li>\n\n\n\n<li>2 WC<\/li>\n\n\n\n<li>2 Almacenes<\/li>\n\n\n\n<li>1 Almac\u00e9n limpia<\/li>\n<\/ul>\n\n\n\n<h2 class=\"wp-block-heading\">Planta tercera<\/h2>\n\n\n\n<ul class=\"wp-block-list\">\n<li>Pasarelas t\u00e9cnicas<\/li>\n<\/ul>\n\n\n\n<h2 class=\"wp-block-heading\">Planta cuarta<\/h2>\n\n\n\n<ul class=\"wp-block-list\">\n<li>Enrejado y tramoya<\/li>\n<\/ul>\n<\/div>\n<\/div>\n\n\n\n<div class=\"wp-block-columns is-layout-flex wp-container-core-columns-is-layout-9d6595d7 wp-block-columns-is-layout-flex\">\n<div class=\"wp-block-column is-layout-flow wp-block-column-is-layout-flow\">\n<h2 class=\"wp-block-heading\">Plano del TAMA<\/h2>\n\n\n\n<figure data-wp-context=\"{&quot;imageId&quot;:&quot;69f2f2633f532&quot;}\" data-wp-interactive=\"core\/image\" data-wp-key=\"69f2f2633f532\" class=\"wp-block-image size-full wp-lightbox-container\"><img loading=\"lazy\" decoding=\"async\" width=\"800\" height=\"456\" data-wp-class--hide=\"state.isContentHidden\" data-wp-class--show=\"state.isContentVisible\" data-wp-init=\"callbacks.setButtonStyles\" data-wp-on--click=\"actions.showLightbox\" data-wp-on--load=\"callbacks.setButtonStyles\" data-wp-on-window--resize=\"callbacks.setButtonStyles\" src=\"https:\/\/aldaia.es\/wp-content\/uploads\/2024\/09\/plano-tama-teatro-auditori-aldaia.jpg\" alt=\"plano del TAMA, teatro auditorio\" class=\"wp-image-31743\" srcset=\"https:\/\/aldaia.es\/wp-content\/uploads\/2024\/09\/plano-tama-teatro-auditori-aldaia.jpg 800w, https:\/\/aldaia.es\/wp-content\/uploads\/2024\/09\/plano-tama-teatro-auditori-aldaia-300x171.jpg 300w, https:\/\/aldaia.es\/wp-content\/uploads\/2024\/09\/plano-tama-teatro-auditori-aldaia-768x438.jpg 768w, https:\/\/aldaia.es\/wp-content\/uploads\/2024\/09\/plano-tama-teatro-auditori-aldaia-150x86.jpg 150w, https:\/\/aldaia.es\/wp-content\/uploads\/2024\/09\/plano-tama-teatro-auditori-aldaia-696x397.jpg 696w\" sizes=\"auto, (max-width: 800px) 100vw, 800px\" \/><button\n\t\t\tclass=\"lightbox-trigger\"\n\t\t\ttype=\"button\"\n\t\t\taria-haspopup=\"dialog\"\n\t\t\taria-label=\"Agrandar\"\n\t\t\tdata-wp-init=\"callbacks.initTriggerButton\"\n\t\t\tdata-wp-on--click=\"actions.showLightbox\"\n\t\t\tdata-wp-style--right=\"state.imageButtonRight\"\n\t\t\tdata-wp-style--top=\"state.imageButtonTop\"\n\t\t>\n\t\t\t<svg xmlns=\"http:\/\/www.w3.org\/2000\/svg\" width=\"12\" height=\"12\" fill=\"none\" viewBox=\"0 0 12 12\">\n\t\t\t\t<path fill=\"#fff\" d=\"M2 0a2 2 0 0 0-2 2v2h1.5V2a.5.5 0 0 1 .5-.5h2V0H2Zm2 10.5H2a.5.5 0 0 1-.5-.5V8H0v2a2 2 0 0 0 2 2h2v-1.5ZM8 12v-1.5h2a.5.5 0 0 0 .5-.5V8H12v2a2 2 0 0 1-2 2H8Zm2-12a2 2 0 0 1 2 2v2h-1.5V2a.5.5 0 0 0-.5-.5H8V0h2Z\" \/>\n\t\t\t<\/svg>\n\t\t<\/button><\/figure>\n<\/div>\n<\/div>\n\n\n\n<div class=\"wp-block-columns is-layout-flex wp-container-core-columns-is-layout-9d6595d7 wp-block-columns-is-layout-flex\">\n<div class=\"wp-block-column lista_adjuntos is-layout-flow wp-block-column-is-layout-flow\">\n<h2 class=\"wp-block-heading  display-4\">Adjuntos<\/h2>\n\n\n\n<p><i class=\"fas fa-file-pdf\"><\/i> <a href=\"https:\/\/docs.google.com\/spreadsheets\/d\/1S-cbGnbgO-i81fr9A6W4NkVhdgx2SNjFVSap5bcVH8o\/export?format=pdf&amp;gid=107921347&amp;size=A4&amp;portrait=true&amp;fitw=true&amp;gridlines=false&amp;printtitle=false\" target=\"_blank\" rel=\"noreferrer noopener\">RIDER TAMA<\/a><\/p>\n\n\n\n<p><i class=\"fas fa-file-pdf\"><\/i><a href=\"https:\/\/aldaia.es\/es\/cultura\/tama-teatro-auditorio\/funcionamiento\/\"> <\/a><a href=\"https:\/\/aldaia.es\/wp-content\/uploads\/2023\/01\/plano_de_barras_tama.pdf\" target=\"_blank\" rel=\"noreferrer noopener\">Planos de barras TAMA<\/a><\/p>\n<\/div>\n<\/div>\n\n\n\n<div class=\"wp-block-columns is-layout-flex wp-container-core-columns-is-layout-9d6595d7 wp-block-columns-is-layout-flex\">\n<div class=\"wp-block-column lista_adjuntos is-layout-flow wp-block-column-is-layout-flow\">\n<h2 class=\"wp-block-heading  display-4\">Enlla\u00e7os<\/h2>\n\n\n\n<p><i class=\"fas fa-link\"><\/i> <a href=\"https:\/\/aldaia.es\/es\/cultura\/tama-teatro-auditorio\/\">TAMA, teatro auditorio<\/a><\/p>\n\n\n\n<p><i class=\"fas fa-link\"><\/i> <a href=\"https:\/\/aldaia.es\/es\/cultura\/tama-teatro-auditorio\/funcionamiento\/\">Funcionamiento<\/a><\/p>\n\n\n\n<p><i class=\"fas fa-link\"><\/i> <a href=\"https:\/\/aldaia.es\/es\/cultura\/tama-teatro-auditorio\/programas-singulares-propios-de-artes-escenicas\/\">Programas singulares propios de artes esc\u00e9nicas<\/a><\/p>\n\n\n\n<p><i class=\"fas fa-link\"><\/i> <a href=\"\/?page_id=6554\">Datos de inter\u00e9s<\/a><\/p>\n\n\n\n<p><i class=\"fas fa-link\"><\/i> <a href=\"https:\/\/aldaia.es\/es\/cultura\/tama-teatro-auditorio\/galeria-de-imagenes\/\">TAMA Galer\u00eda de im\u00e1genes<\/a><\/p>\n<\/div>\n<\/div>\n\n\n\n<p><\/p>\n","protected":false},"excerpt":{"rendered":"<p>Instalaciones del TAMA El escenario es de grandes dimensiones (362m2) y est\u00e1 dise\u00f1ado para acoger bandas de m\u00fasica de hasta 140 m\u00fasicos. Dispone de salas de ensayo de 90 m2 <a class=\"text-decoration-none text-black\" href=\"https:\/\/aldaia.es\/es\/cultura\/tama-teatro-auditorio\/instalaciones-del-tama\/\"> &#8230; <\/a><\/p>\n","protected":false},"author":42,"featured_media":0,"parent":6376,"menu_order":0,"comment_status":"closed","ping_status":"closed","template":"basic-page-departamentos.php","meta":{"_acf_changed":false,"footnotes":""},"class_list":["post-31724","page","type-page","status-publish","hentry"],"acf":[],"yoast_head":"<!-- This site is optimized with the Yoast SEO plugin v27.0 - https:\/\/yoast.com\/product\/yoast-seo-wordpress\/ -->\n<title>Instalaciones del TAMA - Ayuntamiento de Aldaia<\/title>\n<meta name=\"description\" content=\"El teatro auditorio TAMA tiene un escenario de grandes dimensiones (362m2) y est\u00e1 dise\u00f1ado para acoger bandas de m\u00fasica de hasta 140 m\u00fasicos.\" \/>\n<meta name=\"robots\" content=\"index, follow, max-snippet:-1, max-image-preview:large, max-video-preview:-1\" \/>\n<link rel=\"canonical\" href=\"https:\/\/aldaia.es\/es\/cultura\/tama-teatro-auditorio\/instalaciones-del-tama\/\" \/>\n<meta property=\"og:locale\" content=\"es_ES\" \/>\n<meta property=\"og:type\" content=\"article\" \/>\n<meta property=\"og:title\" content=\"Instalaciones del TAMA - Ayuntamiento de Aldaia\" \/>\n<meta property=\"og:description\" content=\"El teatro auditorio TAMA tiene un escenario de grandes dimensiones (362m2) y est\u00e1 dise\u00f1ado para acoger bandas de m\u00fasica de hasta 140 m\u00fasicos.\" \/>\n<meta property=\"og:url\" content=\"https:\/\/aldaia.es\/es\/cultura\/tama-teatro-auditorio\/instalaciones-del-tama\/\" \/>\n<meta property=\"og:site_name\" content=\"Ayuntamiento de Aldaia\" \/>\n<meta property=\"article:modified_time\" content=\"2026-03-11T13:18:52+00:00\" \/>\n<meta property=\"og:image\" content=\"https:\/\/aldaia.es\/wp-content\/uploads\/2024\/09\/plano-tama-teatro-auditori-aldaia.jpg\" \/>\n\t<meta property=\"og:image:width\" content=\"800\" \/>\n\t<meta property=\"og:image:height\" content=\"456\" \/>\n\t<meta property=\"og:image:type\" content=\"image\/jpeg\" \/>\n<script type=\"application\/ld+json\" class=\"yoast-schema-graph\">{\"@context\":\"https:\/\/schema.org\",\"@graph\":[{\"@type\":\"WebPage\",\"@id\":\"https:\/\/aldaia.es\/es\/cultura\/tama-teatro-auditorio\/instalaciones-del-tama\/\",\"url\":\"https:\/\/aldaia.es\/es\/cultura\/tama-teatro-auditorio\/instalaciones-del-tama\/\",\"name\":\"Instalaciones del TAMA - Ayuntamiento de Aldaia\",\"isPartOf\":{\"@id\":\"https:\/\/aldaia.es\/es\/#website\"},\"primaryImageOfPage\":{\"@id\":\"https:\/\/aldaia.es\/es\/cultura\/tama-teatro-auditorio\/instalaciones-del-tama\/#primaryimage\"},\"image\":{\"@id\":\"https:\/\/aldaia.es\/es\/cultura\/tama-teatro-auditorio\/instalaciones-del-tama\/#primaryimage\"},\"thumbnailUrl\":\"https:\/\/aldaia.es\/wp-content\/uploads\/2024\/09\/plano-tama-teatro-auditori-aldaia.jpg\",\"datePublished\":\"2024-09-13T07:58:26+00:00\",\"dateModified\":\"2026-03-11T13:18:52+00:00\",\"description\":\"El teatro auditorio TAMA tiene un escenario de grandes dimensiones (362m2) y est\u00e1 dise\u00f1ado para acoger bandas de m\u00fasica de hasta 140 m\u00fasicos.\",\"breadcrumb\":{\"@id\":\"https:\/\/aldaia.es\/es\/cultura\/tama-teatro-auditorio\/instalaciones-del-tama\/#breadcrumb\"},\"inLanguage\":\"es\",\"potentialAction\":[{\"@type\":\"ReadAction\",\"target\":[\"https:\/\/aldaia.es\/es\/cultura\/tama-teatro-auditorio\/instalaciones-del-tama\/\"]}]},{\"@type\":\"ImageObject\",\"inLanguage\":\"es\",\"@id\":\"https:\/\/aldaia.es\/es\/cultura\/tama-teatro-auditorio\/instalaciones-del-tama\/#primaryimage\",\"url\":\"https:\/\/aldaia.es\/wp-content\/uploads\/2024\/09\/plano-tama-teatro-auditori-aldaia.jpg\",\"contentUrl\":\"https:\/\/aldaia.es\/wp-content\/uploads\/2024\/09\/plano-tama-teatro-auditori-aldaia.jpg\"},{\"@type\":\"BreadcrumbList\",\"@id\":\"https:\/\/aldaia.es\/es\/cultura\/tama-teatro-auditorio\/instalaciones-del-tama\/#breadcrumb\",\"itemListElement\":[{\"@type\":\"ListItem\",\"position\":1,\"name\":\"Portada\",\"item\":\"https:\/\/aldaia.es\/es\/\"},{\"@type\":\"ListItem\",\"position\":2,\"name\":\"Cultura\",\"item\":\"https:\/\/aldaia.es\/es\/cultura\/\"},{\"@type\":\"ListItem\",\"position\":3,\"name\":\"TAMA. Teatro Auditorio de Aldaia\",\"item\":\"https:\/\/aldaia.es\/es\/cultura\/tama-teatro-auditorio\/\"},{\"@type\":\"ListItem\",\"position\":4,\"name\":\"Instalaciones del TAMA\"}]},{\"@type\":\"WebSite\",\"@id\":\"https:\/\/aldaia.es\/es\/#website\",\"url\":\"https:\/\/aldaia.es\/es\/\",\"name\":\"Ajuntament D'Aldaia\",\"description\":\"\",\"publisher\":{\"@id\":\"https:\/\/aldaia.es\/es\/#organization\"},\"alternateName\":\"Ajuntament D'Aldaia\",\"potentialAction\":[{\"@type\":\"SearchAction\",\"target\":{\"@type\":\"EntryPoint\",\"urlTemplate\":\"https:\/\/aldaia.es\/es\/?s={search_term_string}\"},\"query-input\":{\"@type\":\"PropertyValueSpecification\",\"valueRequired\":true,\"valueName\":\"search_term_string\"}}],\"inLanguage\":\"es\"},{\"@type\":\"Organization\",\"@id\":\"https:\/\/aldaia.es\/es\/#organization\",\"name\":\"Ajuntament D'Aldaia\",\"url\":\"https:\/\/aldaia.es\/es\/\",\"logo\":{\"@type\":\"ImageObject\",\"inLanguage\":\"es\",\"@id\":\"https:\/\/aldaia.es\/es\/#\/schema\/logo\/image\/\",\"url\":\"https:\/\/aldaia.es\/wp-content\/uploads\/2022\/06\/aldaia-negro-1.png\",\"contentUrl\":\"https:\/\/aldaia.es\/wp-content\/uploads\/2022\/06\/aldaia-negro-1.png\",\"width\":152,\"height\":70,\"caption\":\"Ajuntament D'Aldaia\"},\"image\":{\"@id\":\"https:\/\/aldaia.es\/es\/#\/schema\/logo\/image\/\"}}]}<\/script>\n<!-- \/ Yoast SEO plugin. -->","yoast_head_json":{"title":"Instalaciones del TAMA - Ayuntamiento de Aldaia","description":"El teatro auditorio TAMA tiene un escenario de grandes dimensiones (362m2) y est\u00e1 dise\u00f1ado para acoger bandas de m\u00fasica de hasta 140 m\u00fasicos.","robots":{"index":"index","follow":"follow","max-snippet":"max-snippet:-1","max-image-preview":"max-image-preview:large","max-video-preview":"max-video-preview:-1"},"canonical":"https:\/\/aldaia.es\/es\/cultura\/tama-teatro-auditorio\/instalaciones-del-tama\/","og_locale":"es_ES","og_type":"article","og_title":"Instalaciones del TAMA - Ayuntamiento de Aldaia","og_description":"El teatro auditorio TAMA tiene un escenario de grandes dimensiones (362m2) y est\u00e1 dise\u00f1ado para acoger bandas de m\u00fasica de hasta 140 m\u00fasicos.","og_url":"https:\/\/aldaia.es\/es\/cultura\/tama-teatro-auditorio\/instalaciones-del-tama\/","og_site_name":"Ayuntamiento de Aldaia","article_modified_time":"2026-03-11T13:18:52+00:00","og_image":[{"width":800,"height":456,"url":"https:\/\/aldaia.es\/wp-content\/uploads\/2024\/09\/plano-tama-teatro-auditori-aldaia.jpg","type":"image\/jpeg"}],"schema":{"@context":"https:\/\/schema.org","@graph":[{"@type":"WebPage","@id":"https:\/\/aldaia.es\/es\/cultura\/tama-teatro-auditorio\/instalaciones-del-tama\/","url":"https:\/\/aldaia.es\/es\/cultura\/tama-teatro-auditorio\/instalaciones-del-tama\/","name":"Instalaciones del TAMA - Ayuntamiento de Aldaia","isPartOf":{"@id":"https:\/\/aldaia.es\/es\/#website"},"primaryImageOfPage":{"@id":"https:\/\/aldaia.es\/es\/cultura\/tama-teatro-auditorio\/instalaciones-del-tama\/#primaryimage"},"image":{"@id":"https:\/\/aldaia.es\/es\/cultura\/tama-teatro-auditorio\/instalaciones-del-tama\/#primaryimage"},"thumbnailUrl":"https:\/\/aldaia.es\/wp-content\/uploads\/2024\/09\/plano-tama-teatro-auditori-aldaia.jpg","datePublished":"2024-09-13T07:58:26+00:00","dateModified":"2026-03-11T13:18:52+00:00","description":"El teatro auditorio TAMA tiene un escenario de grandes dimensiones (362m2) y est\u00e1 dise\u00f1ado para acoger bandas de m\u00fasica de hasta 140 m\u00fasicos.","breadcrumb":{"@id":"https:\/\/aldaia.es\/es\/cultura\/tama-teatro-auditorio\/instalaciones-del-tama\/#breadcrumb"},"inLanguage":"es","potentialAction":[{"@type":"ReadAction","target":["https:\/\/aldaia.es\/es\/cultura\/tama-teatro-auditorio\/instalaciones-del-tama\/"]}]},{"@type":"ImageObject","inLanguage":"es","@id":"https:\/\/aldaia.es\/es\/cultura\/tama-teatro-auditorio\/instalaciones-del-tama\/#primaryimage","url":"https:\/\/aldaia.es\/wp-content\/uploads\/2024\/09\/plano-tama-teatro-auditori-aldaia.jpg","contentUrl":"https:\/\/aldaia.es\/wp-content\/uploads\/2024\/09\/plano-tama-teatro-auditori-aldaia.jpg"},{"@type":"BreadcrumbList","@id":"https:\/\/aldaia.es\/es\/cultura\/tama-teatro-auditorio\/instalaciones-del-tama\/#breadcrumb","itemListElement":[{"@type":"ListItem","position":1,"name":"Portada","item":"https:\/\/aldaia.es\/es\/"},{"@type":"ListItem","position":2,"name":"Cultura","item":"https:\/\/aldaia.es\/es\/cultura\/"},{"@type":"ListItem","position":3,"name":"TAMA. Teatro Auditorio de Aldaia","item":"https:\/\/aldaia.es\/es\/cultura\/tama-teatro-auditorio\/"},{"@type":"ListItem","position":4,"name":"Instalaciones del TAMA"}]},{"@type":"WebSite","@id":"https:\/\/aldaia.es\/es\/#website","url":"https:\/\/aldaia.es\/es\/","name":"Ajuntament D'Aldaia","description":"","publisher":{"@id":"https:\/\/aldaia.es\/es\/#organization"},"alternateName":"Ajuntament D'Aldaia","potentialAction":[{"@type":"SearchAction","target":{"@type":"EntryPoint","urlTemplate":"https:\/\/aldaia.es\/es\/?s={search_term_string}"},"query-input":{"@type":"PropertyValueSpecification","valueRequired":true,"valueName":"search_term_string"}}],"inLanguage":"es"},{"@type":"Organization","@id":"https:\/\/aldaia.es\/es\/#organization","name":"Ajuntament D'Aldaia","url":"https:\/\/aldaia.es\/es\/","logo":{"@type":"ImageObject","inLanguage":"es","@id":"https:\/\/aldaia.es\/es\/#\/schema\/logo\/image\/","url":"https:\/\/aldaia.es\/wp-content\/uploads\/2022\/06\/aldaia-negro-1.png","contentUrl":"https:\/\/aldaia.es\/wp-content\/uploads\/2022\/06\/aldaia-negro-1.png","width":152,"height":70,"caption":"Ajuntament D'Aldaia"},"image":{"@id":"https:\/\/aldaia.es\/es\/#\/schema\/logo\/image\/"}}]}},"_links":{"self":[{"href":"https:\/\/aldaia.es\/es\/wp-json\/wp\/v2\/pages\/31724","targetHints":{"allow":["GET"]}}],"collection":[{"href":"https:\/\/aldaia.es\/es\/wp-json\/wp\/v2\/pages"}],"about":[{"href":"https:\/\/aldaia.es\/es\/wp-json\/wp\/v2\/types\/page"}],"author":[{"embeddable":true,"href":"https:\/\/aldaia.es\/es\/wp-json\/wp\/v2\/users\/42"}],"replies":[{"embeddable":true,"href":"https:\/\/aldaia.es\/es\/wp-json\/wp\/v2\/comments?post=31724"}],"version-history":[{"count":6,"href":"https:\/\/aldaia.es\/es\/wp-json\/wp\/v2\/pages\/31724\/revisions"}],"predecessor-version":[{"id":41212,"href":"https:\/\/aldaia.es\/es\/wp-json\/wp\/v2\/pages\/31724\/revisions\/41212"}],"up":[{"embeddable":true,"href":"https:\/\/aldaia.es\/es\/wp-json\/wp\/v2\/pages\/6376"}],"wp:attachment":[{"href":"https:\/\/aldaia.es\/es\/wp-json\/wp\/v2\/media?parent=31724"}],"curies":[{"name":"wp","href":"https:\/\/api.w.org\/{rel}","templated":true}]}}