{"id":31761,"date":"2024-09-13T10:41:54","date_gmt":"2024-09-13T08:41:54","guid":{"rendered":"https:\/\/aldaia.es\/?page_id=31761"},"modified":"2024-09-17T16:10:51","modified_gmt":"2024-09-17T14:10:51","slug":"programacion-del-tama-temporada-2023-2024","status":"publish","type":"page","link":"https:\/\/aldaia.es\/es\/cultura\/tama-teatro-auditorio\/programacion-del-tama-temporada-2023-2024\/","title":{"rendered":"Programaci\u00f3n del TAMA \u2013 Temporada 2023 \u2013 2024"},"content":{"rendered":"\n<div class=\"wp-block-columns dep-cultura temporada is-layout-flex wp-container-core-columns-is-layout-9d6595d7 wp-block-columns-is-layout-flex\">\n<div class=\"wp-block-column is-layout-flow wp-block-column-is-layout-flow\" style=\"flex-basis:30%\"><!--  Info cultura TAMA -->\n\n \n\n<div class='bloque-infos-cultura-tama wrapper-departamentos'>\n<p class=\"tit-bloque-infos\">Localizaci\u00f3n TAMA<\/p>\n        <div class='infos-departamento'>\n            <p>Av. de la M\u00fasica, 11, 46960 Aldaia, Valencia, Espa\u00f1a. Acceso por calle Cuarto s\/n.<\/p>\n            <p><i class=\"fa fa-phone\" aria-hidden=\"true\"><\/i> <a href=\"tel:+34961988406\">+34 96 198 84 06<\/a><\/p>\n            <p><i class=\"fas fa-envelope\"><\/i> <a href=\"mailto:flopez@ajuntamentaldaia.org\">flopez@ajuntamentaldaia.org<\/a><\/p>\n            <p><i class=\"fas fa-envelope\"><\/i> <a href=\"mailto:agarcera@ajuntamentaldaia.org\">agarcera@ajuntamentaldaia.org<\/a><\/p>\n            <p><i class=\"fas fa-envelope\"><\/i> <a href=\"mailto:cultura@ajuntamentaldaia.org\">cultura@ajuntamentaldaia.org<\/a><\/p>\n        <\/div>\n\n        <div class='mapa-1'>\n        <iframe src=\"https:\/\/www.google.com\/maps\/embed?pb=!1m14!1m8!1m3!1d1220.9579746302354!2d-0.45720314031949144!3d39.46531419902647!3m2!1i1024!2i768!4f13.1!3m3!1m2!1s0xd605018834c3113%3A0x18b8f585c8e09c91!2sTAMA%20%E2%80%94%20Teatro%20Auditorio%20Municipal%20de%20Aldaia!5e0!3m2!1ses!2sus!4v1725979334211!5m2!1ses!2sus\" width=\"100%\" height=\"450\" style=\"border:0;\" allowfullscreen=\"\" loading=\"lazy\" referrerpolicy=\"no-referrer-when-downgrade\"><\/iframe>\n        <\/div>\n\n    <\/div>\n    <!-- end bloque infos -->\n   \n\n    \n\n\n<\/div>\n\n\n\n<div class=\"wp-block-column is-layout-flow wp-block-column-is-layout-flow\" style=\"flex-basis:70%\">\n<h1 class=\"wp-block-heading\">Programaci\u00f3n del TAMA. Temporada 2023 &#8211; 2024<\/h1>\n\n\n\n<p>Presentaci\u00f3n de los espect\u00e1culos realizados en el TAMA, Teatro auditorio de Aldaia, durante la temporada 2023 &#8211; 2024.<\/p>\n\n\n\n<h2 class=\"wp-block-heading display-4\">Espect\u00e1culos <\/h2>\n\n\n\n<h3 class=\"wp-block-heading\"><strong>3 mayo, Me cuesta tanto olvidarte (Tratos Producciones)<\/strong><\/h3>\n\n\n\n<figure class=\"wp-block-image size-large\"><img loading=\"lazy\" decoding=\"async\" width=\"866\" height=\"1024\" src=\"https:\/\/aldaia.es\/wp-content\/uploads\/2024\/04\/MEACNO_cartell-866x1024.jpg\" alt=\"Homenaje a Mecano\" class=\"wp-image-26585\" srcset=\"https:\/\/aldaia.es\/wp-content\/uploads\/2024\/04\/MEACNO_cartell-866x1024.jpg 866w, https:\/\/aldaia.es\/wp-content\/uploads\/2024\/04\/MEACNO_cartell-254x300.jpg 254w, https:\/\/aldaia.es\/wp-content\/uploads\/2024\/04\/MEACNO_cartell-768x908.jpg 768w, https:\/\/aldaia.es\/wp-content\/uploads\/2024\/04\/MEACNO_cartell-1299x1536.jpg 1299w, https:\/\/aldaia.es\/wp-content\/uploads\/2024\/04\/MEACNO_cartell-1732x2048.jpg 1732w, https:\/\/aldaia.es\/wp-content\/uploads\/2024\/04\/MEACNO_cartell-150x177.jpg 150w, https:\/\/aldaia.es\/wp-content\/uploads\/2024\/04\/MEACNO_cartell-300x355.jpg 300w, https:\/\/aldaia.es\/wp-content\/uploads\/2024\/04\/MEACNO_cartell-696x823.jpg 696w, https:\/\/aldaia.es\/wp-content\/uploads\/2024\/04\/MEACNO_cartell-1068x1263.jpg 1068w, https:\/\/aldaia.es\/wp-content\/uploads\/2024\/04\/MEACNO_cartell-1920x2271.jpg 1920w\" sizes=\"auto, (max-width: 866px) 100vw, 866px\" \/><\/figure>\n\n\n\n<p>Un excelente tributo a MECANO, una de las bandas m\u00e1s emblem\u00e1ticas del pop nacional.<\/p>\n\n\n\n<div style=\"height:31px\" aria-hidden=\"true\" class=\"wp-block-spacer\"><\/div>\n\n\n\n<h3 class=\"wp-block-heading\"><strong>Anem al teatre. (<\/strong>Programaci\u00f3n comarcal de teatro infantil y juvenil para el p\u00fablico de los centros educativos de Aldaia<strong>).<\/strong><\/h3>\n\n\n\n<h3 class=\"wp-block-heading\"><strong>7-8 mayo. La zebra Camil\u00b7la (<a href=\"http:\/\/www.tarannateatre.com\/la-zebra-camil%C2%B7la\/\">Taranna teatre<\/a>, Val\u00e8ncia)<\/strong><\/h3>\n\n\n\n<figure class=\"wp-block-image size-full\"><img loading=\"lazy\" decoding=\"async\" width=\"567\" height=\"567\" src=\"https:\/\/aldaia.es\/wp-content\/uploads\/2024\/04\/Cartell-LaZebraCamilla-2023.png\" alt=\"\" class=\"wp-image-26587\" srcset=\"https:\/\/aldaia.es\/wp-content\/uploads\/2024\/04\/Cartell-LaZebraCamilla-2023.png 567w, https:\/\/aldaia.es\/wp-content\/uploads\/2024\/04\/Cartell-LaZebraCamilla-2023-300x300.png 300w, https:\/\/aldaia.es\/wp-content\/uploads\/2024\/04\/Cartell-LaZebraCamilla-2023-150x150.png 150w\" sizes=\"auto, (max-width: 567px) 100vw, 567px\" \/><\/figure>\n\n\n\n<div style=\"height:34px\" aria-hidden=\"true\" class=\"wp-block-spacer\"><\/div>\n\n\n\n<h3 class=\"wp-block-heading\"><strong>13-14 mayo. <a href=\"http:\/\/maquinantcat.com.es\/obra3.html\">Sal\u00fcq<\/a> (Maquinant Teatre)<\/strong><\/h3>\n\n\n\n<figure class=\"wp-block-image size-large\"><img loading=\"lazy\" decoding=\"async\" width=\"1024\" height=\"691\" src=\"https:\/\/aldaia.es\/wp-content\/uploads\/2024\/04\/Imatge-representacio-1024x691.jpg\" alt=\"\" class=\"wp-image-26589\" srcset=\"https:\/\/aldaia.es\/wp-content\/uploads\/2024\/04\/Imatge-representacio-1024x691.jpg 1024w, https:\/\/aldaia.es\/wp-content\/uploads\/2024\/04\/Imatge-representacio-300x203.jpg 300w, https:\/\/aldaia.es\/wp-content\/uploads\/2024\/04\/Imatge-representacio-768x518.jpg 768w, https:\/\/aldaia.es\/wp-content\/uploads\/2024\/04\/Imatge-representacio-150x101.jpg 150w, https:\/\/aldaia.es\/wp-content\/uploads\/2024\/04\/Imatge-representacio-696x470.jpg 696w, https:\/\/aldaia.es\/wp-content\/uploads\/2024\/04\/Imatge-representacio-1068x721.jpg 1068w, https:\/\/aldaia.es\/wp-content\/uploads\/2024\/04\/Imatge-representacio.jpg 1200w\" sizes=\"auto, (max-width: 1024px) 100vw, 1024px\" \/><\/figure>\n\n\n\n<div style=\"height:33px\" aria-hidden=\"true\" class=\"wp-block-spacer\"><\/div>\n\n\n\n<h3 class=\"wp-block-heading\"><strong>15-16 mayo. Las tragedias de William Shakespeare. (La Colla de l\u2019<a href=\"https:\/\/aldaia.es\/es\/cultura\/emta-escuela-municipal-de-teatro-de-aldaia\/\">EMTA<\/a>)<\/strong><\/h3>\n\n\n\n<figure class=\"wp-block-image size-full\"><img loading=\"lazy\" decoding=\"async\" width=\"419\" height=\"672\" src=\"https:\/\/aldaia.es\/wp-content\/uploads\/2024\/04\/LA-COLLA-DE-LEMTA-AMB-LOGOS.jpg\" alt=\"\" class=\"wp-image-26718\" srcset=\"https:\/\/aldaia.es\/wp-content\/uploads\/2024\/04\/LA-COLLA-DE-LEMTA-AMB-LOGOS.jpg 419w, https:\/\/aldaia.es\/wp-content\/uploads\/2024\/04\/LA-COLLA-DE-LEMTA-AMB-LOGOS-187x300.jpg 187w, https:\/\/aldaia.es\/wp-content\/uploads\/2024\/04\/LA-COLLA-DE-LEMTA-AMB-LOGOS-150x241.jpg 150w, https:\/\/aldaia.es\/wp-content\/uploads\/2024\/04\/LA-COLLA-DE-LEMTA-AMB-LOGOS-300x481.jpg 300w\" sizes=\"auto, (max-width: 419px) 100vw, 419px\" \/><\/figure>\n\n\n\n<div style=\"height:38px\" aria-hidden=\"true\" class=\"wp-block-spacer\"><\/div>\n\n\n\n<h3 class=\"wp-block-heading\"><strong>10 de mayo, Color (<a href=\"http:\/\/animasur.es\/\">Animaasur<\/a>)<\/strong><\/h3>\n\n\n\n<div class=\"wp-block-columns is-layout-flex wp-container-core-columns-is-layout-9d6595d7 wp-block-columns-is-layout-flex\">\n<div class=\"wp-block-column is-layout-flow wp-block-column-is-layout-flow\">\n<figure class=\"wp-block-image size-full\"><a href=\"https:\/\/aldaia.es\/wp-content\/uploads\/2024\/04\/COLOR-_cartell.jpg\"><img loading=\"lazy\" decoding=\"async\" width=\"519\" height=\"672\" src=\"https:\/\/aldaia.es\/wp-content\/uploads\/2024\/04\/COLOR-_cartell.jpg\" alt=\"\" class=\"wp-image-27004\" srcset=\"https:\/\/aldaia.es\/wp-content\/uploads\/2024\/04\/COLOR-_cartell.jpg 519w, https:\/\/aldaia.es\/wp-content\/uploads\/2024\/04\/COLOR-_cartell-232x300.jpg 232w, https:\/\/aldaia.es\/wp-content\/uploads\/2024\/04\/COLOR-_cartell-150x194.jpg 150w, https:\/\/aldaia.es\/wp-content\/uploads\/2024\/04\/COLOR-_cartell-300x388.jpg 300w\" sizes=\"auto, (max-width: 519px) 100vw, 519px\" \/><\/a><\/figure>\n<\/div>\n<\/div>\n\n\n\n<div class=\"wp-block-columns is-layout-flex wp-container-core-columns-is-layout-9d6595d7 wp-block-columns-is-layout-flex\">\n<div class=\"wp-block-column is-layout-flow wp-block-column-is-layout-flow\">\n<figure class=\"wp-block-image size-full\"><a href=\"https:\/\/aldaia.es\/wp-content\/uploads\/2024\/04\/iMATGE_ANIMASUR-2.jpg\" target=\"_blank\" rel=\"noreferrer noopener\"><img loading=\"lazy\" decoding=\"async\" width=\"1597\" height=\"1054\" src=\"https:\/\/aldaia.es\/wp-content\/uploads\/2024\/04\/iMATGE_ANIMASUR-2.jpg\" alt=\"\" class=\"wp-image-26708\" srcset=\"https:\/\/aldaia.es\/wp-content\/uploads\/2024\/04\/iMATGE_ANIMASUR-2.jpg 1597w, https:\/\/aldaia.es\/wp-content\/uploads\/2024\/04\/iMATGE_ANIMASUR-2-300x198.jpg 300w, https:\/\/aldaia.es\/wp-content\/uploads\/2024\/04\/iMATGE_ANIMASUR-2-1024x676.jpg 1024w, https:\/\/aldaia.es\/wp-content\/uploads\/2024\/04\/iMATGE_ANIMASUR-2-768x507.jpg 768w, https:\/\/aldaia.es\/wp-content\/uploads\/2024\/04\/iMATGE_ANIMASUR-2-1536x1014.jpg 1536w, https:\/\/aldaia.es\/wp-content\/uploads\/2024\/04\/iMATGE_ANIMASUR-2-150x99.jpg 150w, https:\/\/aldaia.es\/wp-content\/uploads\/2024\/04\/iMATGE_ANIMASUR-2-696x459.jpg 696w, https:\/\/aldaia.es\/wp-content\/uploads\/2024\/04\/iMATGE_ANIMASUR-2-1068x705.jpg 1068w\" sizes=\"auto, (max-width: 1597px) 100vw, 1597px\" \/><\/a><\/figure>\n<\/div>\n\n\n\n<div class=\"wp-block-column is-layout-flow wp-block-column-is-layout-flow\">\n<figure class=\"wp-block-image size-full\"><a href=\"https:\/\/aldaia.es\/wp-content\/uploads\/2024\/04\/iMATGE_ANIMASUR-3.jpg\" target=\"_blank\" rel=\"noreferrer noopener\"><img loading=\"lazy\" decoding=\"async\" width=\"1597\" height=\"1054\" src=\"https:\/\/aldaia.es\/wp-content\/uploads\/2024\/04\/iMATGE_ANIMASUR-3.jpg\" alt=\"\" class=\"wp-image-26710\" srcset=\"https:\/\/aldaia.es\/wp-content\/uploads\/2024\/04\/iMATGE_ANIMASUR-3.jpg 1597w, https:\/\/aldaia.es\/wp-content\/uploads\/2024\/04\/iMATGE_ANIMASUR-3-300x198.jpg 300w, https:\/\/aldaia.es\/wp-content\/uploads\/2024\/04\/iMATGE_ANIMASUR-3-1024x676.jpg 1024w, https:\/\/aldaia.es\/wp-content\/uploads\/2024\/04\/iMATGE_ANIMASUR-3-768x507.jpg 768w, https:\/\/aldaia.es\/wp-content\/uploads\/2024\/04\/iMATGE_ANIMASUR-3-1536x1014.jpg 1536w, https:\/\/aldaia.es\/wp-content\/uploads\/2024\/04\/iMATGE_ANIMASUR-3-150x99.jpg 150w, https:\/\/aldaia.es\/wp-content\/uploads\/2024\/04\/iMATGE_ANIMASUR-3-696x459.jpg 696w, https:\/\/aldaia.es\/wp-content\/uploads\/2024\/04\/iMATGE_ANIMASUR-3-1068x705.jpg 1068w\" sizes=\"auto, (max-width: 1597px) 100vw, 1597px\" \/><\/a><\/figure>\n<\/div>\n<\/div>\n\n\n\n<div style=\"height:33px\" aria-hidden=\"true\" class=\"wp-block-spacer\"><\/div>\n\n\n\n<h3 class=\"wp-block-heading\"><strong>17 mayo, l\u2019ESCLAT 4T Festival de Danza<\/strong><\/h3>\n\n\n\n<p>La DANSA inundar\u00e1 la calle y diferentes espacios en una exhibici\u00f3n continua e innovadora. \u00a1Aldaia ser\u00e1 la capital de la danza por un d\u00eda!<\/p>\n\n\n\n<p>Aqu\u00ed ten\u00e9is una cata, carteler\u00eda, promoci\u00f3n\u2026<\/p>\n\n\n\n<p>Un espect\u00e1culo de calle, en la puerta principal del TAMA. Entrada libre.<\/p>\n\n\n\n<iframe loading=\"lazy\" width=\"100%\" height=\"315\" src=\"https:\/\/www.youtube.com\/embed\/tt__8B-L2So?si=ECwe2Y_2CV-Qxxil\" title=\"YouTube video player\" frameborder=\"0\" allow=\"accelerometer; autoplay; clipboard-write; encrypted-media; gyroscope; picture-in-picture; web-share\" referrerpolicy=\"strict-origin-when-cross-origin\" allowfullscreen><\/iframe>\n\n\n\n<div style=\"height:39px\" aria-hidden=\"true\" class=\"wp-block-spacer\"><\/div>\n\n\n\n<h3 class=\"wp-block-heading\"><strong>17 mayo 2024 &#8211; Festival l&#8217;Esclat<\/strong><\/h3>\n\n\n\n<figure class=\"wp-block-image size-large\"><img decoding=\"async\" src=\"https:\/\/aldaia.es\/wp-content\/uploads\/2024\/04\/Cartel-final-Esclat-blau-definitiu-696x985.jpg\" alt=\"\"\/><\/figure>\n\n\n\n<p>17.30 h Arrancamos en el <strong>hall del TAMA<\/strong>. <\/p>\n\n\n\n<p>A continuaci\u00f3n en la alameda de l\u2019Av. de la M\u00fasica:<\/p>\n\n\n\n<h3 class=\"wp-block-heading\"><strong>La Clandestina (Synokon)<\/strong><\/h3>\n\n\n\n<iframe loading=\"lazy\" width=\"100%\" height=\"315\" src=\"https:\/\/www.youtube.com\/embed\/Up1_RbtCJp8?si=nSpGl4yZESRKvGnd\" title=\"YouTube video player\" frameborder=\"0\" allow=\"accelerometer; autoplay; clipboard-write; encrypted-media; gyroscope; picture-in-picture; web-share\" referrerpolicy=\"strict-origin-when-cross-origin\" allowfullscreen><\/iframe>\n\n\n\n<h3 class=\"wp-block-heading\"><strong>Entr\u00e9e a dos-Venus (Taiat Dansa, Val\u00e8ncia)<\/strong><\/h3>\n\n\n\n<iframe loading=\"lazy\" width=\"100%\" height=\"315\" src=\"https:\/\/www.youtube.com\/embed\/gQcZutqZeXg?si=P3ng7LrE91hcsSim\" title=\"YouTube video player\" frameborder=\"0\" allow=\"accelerometer; autoplay; clipboard-write; encrypted-media; gyroscope; picture-in-picture; web-share\" referrerpolicy=\"strict-origin-when-cross-origin\" allowfullscreen><\/iframe>\n\n\n\n<h3 class=\"wp-block-heading\"><strong>Meohadim (Jacaob G\u00f3mez)<\/strong><\/h3>\n\n\n\n<iframe loading=\"lazy\" width=\"100%\" height=\"315\" src=\"https:\/\/www.youtube.com\/embed\/8ehA0xftC0k?si=0ZKeXM0wWC62EJsE\" title=\"YouTube video player\" frameborder=\"0\" allow=\"accelerometer; autoplay; clipboard-write; encrypted-media; gyroscope; picture-in-picture; web-share\" referrerpolicy=\"strict-origin-when-cross-origin\" allowfullscreen><\/iframe>\n\n\n\n<h3 class=\"wp-block-heading\"><strong>Arr\u00f2s (Anna Mateu Cia.)<\/strong><\/h3>\n\n\n\n<iframe loading=\"lazy\" width=\"100%\" height=\"315\" src=\"https:\/\/www.youtube.com\/embed\/A78ZYS2YBXg?si=HZUr2S_yvPJfw5H0\" title=\"YouTube video player\" frameborder=\"0\" allow=\"accelerometer; autoplay; clipboard-write; encrypted-media; gyroscope; picture-in-picture; web-share\" referrerpolicy=\"strict-origin-when-cross-origin\" allowfullscreen><\/iframe>\n\n\n\n<h3 class=\"wp-block-heading\"><strong>Rara avis<\/strong> (Fr\u00e0giles Danza amb Jacob G\u00f3mez)<\/h3>\n\n\n\n<iframe loading=\"lazy\" width=\"100%\" height=\"315\" src=\"https:\/\/www.youtube.com\/embed\/DsSyrcERHSE?si=Pf14jfjoQ0I1u9Nx\" title=\"YouTube video player\" frameborder=\"0\" allow=\"accelerometer; autoplay; clipboard-write; encrypted-media; gyroscope; picture-in-picture; web-share\" referrerpolicy=\"strict-origin-when-cross-origin\" allowfullscreen><\/iframe>\n\n\n\n<h2 class=\"wp-block-heading display-4\">Abril<\/h2>\n\n\n\n<h3 class=\"wp-block-heading\"><strong>19 abril, L\u2019\u00faltim ball (<a href=\"https:\/\/www.lhortateatre.com\/espectacles\/ultim-ball-gira\/\">Horta Teatre<\/a>)<\/strong><\/h3>\n\n\n\n<p>Con el espect\u00e1culo \u201cL&#8217;\u00daLTIM BALL\u201d, la compa\u00f1\u00eda de L&#8217;Horta Teatre (Valencia) celebra sus 50 a\u00f1os de existencia. Con Alfred Pic\u00f3 y Carles Alberola, disfrutaremos de una entra\u00f1able comedia sobre el placer de actuar. Horta Teatre es Premio Nacional para las Artes Esc\u00e9nicas para la infancia y la juventud 2023.<\/p>\n\n\n\n<figure class=\"wp-block-image size-full\"><img loading=\"lazy\" decoding=\"async\" width=\"1833\" height=\"2560\" src=\"https:\/\/aldaia.es\/wp-content\/uploads\/2024\/04\/Cartell-LUltim-Ball-redux-scaled-1.jpg\" alt=\"\" class=\"wp-image-26261\" srcset=\"https:\/\/aldaia.es\/wp-content\/uploads\/2024\/04\/Cartell-LUltim-Ball-redux-scaled-1.jpg 1833w, https:\/\/aldaia.es\/wp-content\/uploads\/2024\/04\/Cartell-LUltim-Ball-redux-scaled-1-215x300.jpg 215w, https:\/\/aldaia.es\/wp-content\/uploads\/2024\/04\/Cartell-LUltim-Ball-redux-scaled-1-733x1024.jpg 733w, https:\/\/aldaia.es\/wp-content\/uploads\/2024\/04\/Cartell-LUltim-Ball-redux-scaled-1-768x1073.jpg 768w, https:\/\/aldaia.es\/wp-content\/uploads\/2024\/04\/Cartell-LUltim-Ball-redux-scaled-1-1100x1536.jpg 1100w, https:\/\/aldaia.es\/wp-content\/uploads\/2024\/04\/Cartell-LUltim-Ball-redux-scaled-1-1466x2048.jpg 1466w, https:\/\/aldaia.es\/wp-content\/uploads\/2024\/04\/Cartell-LUltim-Ball-redux-scaled-1-150x209.jpg 150w, https:\/\/aldaia.es\/wp-content\/uploads\/2024\/04\/Cartell-LUltim-Ball-redux-scaled-1-300x419.jpg 300w, https:\/\/aldaia.es\/wp-content\/uploads\/2024\/04\/Cartell-LUltim-Ball-redux-scaled-1-696x972.jpg 696w, https:\/\/aldaia.es\/wp-content\/uploads\/2024\/04\/Cartell-LUltim-Ball-redux-scaled-1-1068x1492.jpg 1068w\" sizes=\"auto, (max-width: 1833px) 100vw, 1833px\" \/><\/figure>\n\n\n\n<p><strong>VIDEO<\/strong><\/p>\n\n\n\n<iframe loading=\"lazy\" width=\"100%\" height=\"315\" src=\"https:\/\/www.youtube.com\/embed\/3UEF0HKVcYs?si=WoFd7Tqs2R0VMFCe\" title=\"YouTube video player\" frameborder=\"0\" allow=\"accelerometer; autoplay; clipboard-write; encrypted-media; gyroscope; picture-in-picture; web-share\" referrerpolicy=\"strict-origin-when-cross-origin\" allowfullscreen><\/iframe>\n\n\n\n<div style=\"height:47px\" aria-hidden=\"true\" class=\"wp-block-spacer\"><\/div>\n\n\n\n<h3 class=\"wp-block-heading\"><strong>26 de abril, Sandra Monfort<\/strong><\/h3>\n\n\n\n<p>24\u00ba concierto del ciclo \u201cVolem\u201d con la cantante en valenciano Sandra Monfort que nos presenta \u201cLa Mona\u201d, uno de sus trabajos m\u00e1s premiados en los premios de los Premios Carles Santos de la M\u00fasica Valenciana. El artista de Pedreguer nada entre las aguas de la m\u00fasica folk y el pop de los 80.<\/p>\n\n\n\n<figure class=\"wp-block-image size-large\"><img loading=\"lazy\" decoding=\"async\" width=\"819\" height=\"1024\" src=\"https:\/\/aldaia.es\/wp-content\/uploads\/2024\/04\/POST_SANDRA_MONA-819x1024.jpg\" alt=\"\" class=\"wp-image-26264\" srcset=\"https:\/\/aldaia.es\/wp-content\/uploads\/2024\/04\/POST_SANDRA_MONA-819x1024.jpg 819w, https:\/\/aldaia.es\/wp-content\/uploads\/2024\/04\/POST_SANDRA_MONA-240x300.jpg 240w, https:\/\/aldaia.es\/wp-content\/uploads\/2024\/04\/POST_SANDRA_MONA-768x960.jpg 768w, https:\/\/aldaia.es\/wp-content\/uploads\/2024\/04\/POST_SANDRA_MONA-1229x1536.jpg 1229w, https:\/\/aldaia.es\/wp-content\/uploads\/2024\/04\/POST_SANDRA_MONA-1638x2048.jpg 1638w, https:\/\/aldaia.es\/wp-content\/uploads\/2024\/04\/POST_SANDRA_MONA-150x188.jpg 150w, https:\/\/aldaia.es\/wp-content\/uploads\/2024\/04\/POST_SANDRA_MONA-300x375.jpg 300w, https:\/\/aldaia.es\/wp-content\/uploads\/2024\/04\/POST_SANDRA_MONA-696x870.jpg 696w, https:\/\/aldaia.es\/wp-content\/uploads\/2024\/04\/POST_SANDRA_MONA-1068x1335.jpg 1068w, https:\/\/aldaia.es\/wp-content\/uploads\/2024\/04\/POST_SANDRA_MONA-1920x2400.jpg 1920w, https:\/\/aldaia.es\/wp-content\/uploads\/2024\/04\/POST_SANDRA_MONA-scaled.jpg 2048w\" sizes=\"auto, (max-width: 819px) 100vw, 819px\" \/><\/figure>\n\n\n\n<p><strong>VIDEO PROMO SANDRA MONFORT al TAMA 26 abril 2024<\/strong><\/p>\n\n\n\n<iframe loading=\"lazy\" width=\"100%\" height=\"315\" src=\"https:\/\/www.youtube.com\/embed\/JkO5zu77znM?si=PJ0HXaDjZXXRn68y\" title=\"YouTube video player\" frameborder=\"0\" allow=\"accelerometer; autoplay; clipboard-write; encrypted-media; gyroscope; picture-in-picture; web-share\" referrerpolicy=\"strict-origin-when-cross-origin\" allowfullscreen><\/iframe>\n\n\n\n<p><strong>VIDEO Pasodoble Maria &#8211; Sandra Monfort.<\/strong><\/p>\n\n\n\n<iframe loading=\"lazy\" width=\"100%\" height=\"315\" src=\"https:\/\/www.youtube.com\/embed\/AQuJIaHEip8?si=3gqgA5ixqdGTR8qc\" title=\"YouTube video player\" frameborder=\"0\" allow=\"accelerometer; autoplay; clipboard-write; encrypted-media; gyroscope; picture-in-picture; web-share\" referrerpolicy=\"strict-origin-when-cross-origin\" allowfullscreen><\/iframe>\n\n\n\n<div style=\"height:43px\" aria-hidden=\"true\" class=\"wp-block-spacer\"><\/div>\n\n\n\n<h3 class=\"wp-block-heading\"><strong>28 abril, Uni\u00f3n Musical de Aldaia<\/strong><\/h3>\n\n\n\n<p>Concierto de homenaje a los socios y socias, a cargo de la Uni\u00f3n Musical de Aldaia, bajo la direcci\u00f3n de J. Amadeo Guillot.<\/p>\n\n\n\n<div style=\"height:43px\" aria-hidden=\"true\" class=\"wp-block-spacer\"><\/div>\n\n\n\n<h2 class=\"wp-block-heading display-4\">Mar\u00e7<\/h2>\n\n\n\n<h3 class=\"wp-block-heading\"><strong>9 de marzo 2024<\/strong><\/h3>\n\n\n\n<p>Final y partido. XIX Liga de Improvisaci\u00f3n &#8217;24. IMPROU y Escuela Municipal de Teatro de Aldaia.(EMTA)<\/p>\n\n\n\n<p>Final y partido de exhibici\u00f3n de la XIX Liga de Improvisaci\u00f3n\u201924. Direcci\u00f3n y organizaci\u00f3n a cargo del colectivo IMPROU y con la colaboraci\u00f3n de la Escola Municipal de Teatre de Aldaia (EMTA). Iluminaci\u00f3n espectacular a cargo del equipo t\u00e9cnico del TAMA.<\/p>\n\n\n\n<p>Si ha seguido la Liga, no se puede perder este encuentro final lleno de emociones y muchas sorpresas.<\/p>\n\n\n\n<figure class=\"wp-block-image size-large\"><img loading=\"lazy\" decoding=\"async\" width=\"1024\" height=\"1024\" src=\"https:\/\/aldaia.es\/wp-content\/uploads\/2024\/02\/LLiga-Improu-1024x1024.jpg\" alt=\"\" class=\"wp-image-25619\" srcset=\"https:\/\/aldaia.es\/wp-content\/uploads\/2024\/02\/LLiga-Improu-1024x1024.jpg 1024w, https:\/\/aldaia.es\/wp-content\/uploads\/2024\/02\/LLiga-Improu-300x300.jpg 300w, https:\/\/aldaia.es\/wp-content\/uploads\/2024\/02\/LLiga-Improu-150x150.jpg 150w, https:\/\/aldaia.es\/wp-content\/uploads\/2024\/02\/LLiga-Improu-768x768.jpg 768w, https:\/\/aldaia.es\/wp-content\/uploads\/2024\/02\/LLiga-Improu-696x696.jpg 696w, https:\/\/aldaia.es\/wp-content\/uploads\/2024\/02\/LLiga-Improu-1068x1068.jpg 1068w, https:\/\/aldaia.es\/wp-content\/uploads\/2024\/02\/LLiga-Improu.jpg 1279w\" sizes=\"auto, (max-width: 1024px) 100vw, 1024px\" \/><\/figure>\n\n\n\n<div style=\"height:40px\" aria-hidden=\"true\" class=\"wp-block-spacer\"><\/div>\n\n\n\n<h3 class=\"wp-block-heading\"><strong>22 de marzo. Spoiler.(<a href=\"https:\/\/www.potdeplom.com\/\">Pot de Plom teatre<\/a>)<\/strong><\/h3>\n\n\n\n<p>Volvemos a recibir al TAMA al actor y humorista valenciano Xavi Castillo con su \u00faltimo espect\u00e1culo \u201cSpoiler\u201d. Su humor gamberro, cr\u00edtico y pol\u00edtico, nos har\u00e1 re\u00edr hablando de cine, pel\u00edculas y de la actualidad\u2026 y no es un \u00abspoiler\u00bb.<\/p>\n\n\n\n<figure class=\"wp-block-image size-full\"><img loading=\"lazy\" decoding=\"async\" width=\"635\" height=\"1024\" src=\"https:\/\/aldaia.es\/wp-content\/uploads\/2024\/02\/Spoiler-635x1024-1.jpg\" alt=\"\" class=\"wp-image-25621\" srcset=\"https:\/\/aldaia.es\/wp-content\/uploads\/2024\/02\/Spoiler-635x1024-1.jpg 635w, https:\/\/aldaia.es\/wp-content\/uploads\/2024\/02\/Spoiler-635x1024-1-186x300.jpg 186w, https:\/\/aldaia.es\/wp-content\/uploads\/2024\/02\/Spoiler-635x1024-1-150x242.jpg 150w, https:\/\/aldaia.es\/wp-content\/uploads\/2024\/02\/Spoiler-635x1024-1-300x484.jpg 300w\" sizes=\"auto, (max-width: 635px) 100vw, 635px\" \/><\/figure>\n\n\n\n<div style=\"height:35px\" aria-hidden=\"true\" class=\"wp-block-spacer\"><\/div>\n\n\n\n<h3 class=\"wp-block-heading\"><strong>27 de marzo, Dia Mundial del Teatro<\/strong><\/h3>\n\n\n\n<p>Hoy todo el mundo de las artes esc\u00e9nicas celebra el D\u00eda Mundial del Teatro.<br>En un mundo tan r\u00e1pido y cambiante y en circunstancias a menudo tan confundidas, apostamos con fuerza en la lucha y la ilusi\u00f3n de seguir construyendo ese sentimiento espiritual, c\u00edvico y cultural que entrelaza al artista y al p\u00fablico.<\/p>\n\n\n\n<figure class=\"wp-block-image size-full\"><img loading=\"lazy\" decoding=\"async\" width=\"512\" height=\"384\" src=\"https:\/\/aldaia.es\/wp-content\/uploads\/2024\/02\/Dia-Mundial-del-Teatre.jpg\" alt=\"\" class=\"wp-image-25633\" srcset=\"https:\/\/aldaia.es\/wp-content\/uploads\/2024\/02\/Dia-Mundial-del-Teatre.jpg 512w, https:\/\/aldaia.es\/wp-content\/uploads\/2024\/02\/Dia-Mundial-del-Teatre-300x225.jpg 300w, https:\/\/aldaia.es\/wp-content\/uploads\/2024\/02\/Dia-Mundial-del-Teatre-150x113.jpg 150w\" sizes=\"auto, (max-width: 512px) 100vw, 512px\" \/><\/figure>\n\n\n\n<h2 class=\"wp-block-heading display-4\">Febrero<\/h2>\n\n\n\n<h3 class=\"wp-block-heading\"><strong>Ciclo INTIM\u00cdSSIM<\/strong> (continuaci\u00f3n)<\/h3>\n\n\n\n<h3 class=\"wp-block-heading\"><strong>2 de febrero, Via Esc\u00e9nica (3 propuestas). Teatre-arts en moviment<\/strong><\/h3>\n\n\n\n<p>En la tercera funci\u00f3n del ciclo INTIM\u00cdSIMO disfrutaremos de las propuestas estrenadas para \u201cV\u00eda Esc\u00e9nica\u201d de Ruzafa Esc\u00e9nica Festival de Oto\u00f1o \u201923.<\/p>\n\n\n\n<p>Holocausto (Restaurante Hassan). Teatro textual y performativo.<\/p>\n\n\n\n<figure class=\"wp-block-image size-large is-resized\"><img loading=\"lazy\" decoding=\"async\" width=\"1024\" height=\"683\" src=\"https:\/\/aldaia.es\/wp-content\/uploads\/2024\/01\/Russafa-Escenica-2023_V3-Holocausto_BravaStudio-005-1024x683.jpg\" alt=\"\" class=\"wp-image-20408\" style=\"width:742px;height:auto\" srcset=\"https:\/\/aldaia.es\/wp-content\/uploads\/2024\/01\/Russafa-Escenica-2023_V3-Holocausto_BravaStudio-005-1024x683.jpg 1024w, https:\/\/aldaia.es\/wp-content\/uploads\/2024\/01\/Russafa-Escenica-2023_V3-Holocausto_BravaStudio-005-300x200.jpg 300w, https:\/\/aldaia.es\/wp-content\/uploads\/2024\/01\/Russafa-Escenica-2023_V3-Holocausto_BravaStudio-005-768x512.jpg 768w, https:\/\/aldaia.es\/wp-content\/uploads\/2024\/01\/Russafa-Escenica-2023_V3-Holocausto_BravaStudio-005-1536x1025.jpg 1536w, https:\/\/aldaia.es\/wp-content\/uploads\/2024\/01\/Russafa-Escenica-2023_V3-Holocausto_BravaStudio-005-2048x1366.jpg 2048w, https:\/\/aldaia.es\/wp-content\/uploads\/2024\/01\/Russafa-Escenica-2023_V3-Holocausto_BravaStudio-005-150x100.jpg 150w, https:\/\/aldaia.es\/wp-content\/uploads\/2024\/01\/Russafa-Escenica-2023_V3-Holocausto_BravaStudio-005-696x464.jpg 696w, https:\/\/aldaia.es\/wp-content\/uploads\/2024\/01\/Russafa-Escenica-2023_V3-Holocausto_BravaStudio-005-1068x712.jpg 1068w, https:\/\/aldaia.es\/wp-content\/uploads\/2024\/01\/Russafa-Escenica-2023_V3-Holocausto_BravaStudio-005-1920x1281.jpg 1920w\" sizes=\"auto, (max-width: 1024px) 100vw, 1024px\" \/><\/figure>\n\n\n\n<p>Compa\u00f1\u00eda residente en Foios gracias al programa V\u00eda Escencia y al Ayuntamiento de Foios. Propuesta teatral performativa que nos habla de Alicia La Lagara con su monstruo. Una sombra y un amor.<\/p>\n\n\n\n<div style=\"height:39px\" aria-hidden=\"true\" class=\"wp-block-spacer\"><\/div>\n\n\n\n<h3 class=\"wp-block-heading\"><strong>matERial (Teatro de los chinos). <\/strong>Teatro textual y multidisciplinar<\/h3>\n\n\n\n<figure class=\"wp-block-image size-large\"><img loading=\"lazy\" decoding=\"async\" width=\"1024\" height=\"683\" src=\"https:\/\/aldaia.es\/wp-content\/uploads\/2024\/01\/Russafa-Escenica-2023_.V6-matERiaL-x-BravaStudio-04-1024x683.jpg\" alt=\"\" class=\"wp-image-20406\" srcset=\"https:\/\/aldaia.es\/wp-content\/uploads\/2024\/01\/Russafa-Escenica-2023_.V6-matERiaL-x-BravaStudio-04-1024x683.jpg 1024w, https:\/\/aldaia.es\/wp-content\/uploads\/2024\/01\/Russafa-Escenica-2023_.V6-matERiaL-x-BravaStudio-04-300x200.jpg 300w, https:\/\/aldaia.es\/wp-content\/uploads\/2024\/01\/Russafa-Escenica-2023_.V6-matERiaL-x-BravaStudio-04-768x512.jpg 768w, https:\/\/aldaia.es\/wp-content\/uploads\/2024\/01\/Russafa-Escenica-2023_.V6-matERiaL-x-BravaStudio-04-1536x1025.jpg 1536w, https:\/\/aldaia.es\/wp-content\/uploads\/2024\/01\/Russafa-Escenica-2023_.V6-matERiaL-x-BravaStudio-04-2048x1366.jpg 2048w, https:\/\/aldaia.es\/wp-content\/uploads\/2024\/01\/Russafa-Escenica-2023_.V6-matERiaL-x-BravaStudio-04-150x100.jpg 150w, https:\/\/aldaia.es\/wp-content\/uploads\/2024\/01\/Russafa-Escenica-2023_.V6-matERiaL-x-BravaStudio-04-696x464.jpg 696w, https:\/\/aldaia.es\/wp-content\/uploads\/2024\/01\/Russafa-Escenica-2023_.V6-matERiaL-x-BravaStudio-04-1068x712.jpg 1068w, https:\/\/aldaia.es\/wp-content\/uploads\/2024\/01\/Russafa-Escenica-2023_.V6-matERiaL-x-BravaStudio-04-1920x1281.jpg 1920w\" sizes=\"auto, (max-width: 1024px) 100vw, 1024px\" \/><\/figure>\n\n\n\n<p>Compa\u00f1\u00eda residente en Catarroja gracias al programa V\u00eda Esc\u00e9nica y al Ayuntamiento de Catarroja. Una pieza multidisciplinar nacida de ideas esc\u00e9nicas que se quedaron por el camino. \u00bfY si lo vuelvo a intentar?<\/p>\n\n\n\n<div style=\"height:30px\" aria-hidden=\"true\" class=\"wp-block-spacer\"><\/div>\n\n\n\n<h3 class=\"wp-block-heading\"><strong>L\u2019\u00daltima i mon anem (Marxa Maxo). Ars en moviments, Dansa i Dj.<\/strong><\/h3>\n\n\n\n<p>Compa\u00f1\u00eda residente en Aldaia gracias al programa V\u00eda Esc\u00e9nica y al Ayuntamiento de Aldaia. Te volver\u00e1n a negar tres veces, de nuevo tener pan y vino, nos querremos unas a otras. \u00bfUna cancioncilla y mi vamos?<\/p>\n\n\n\n<figure class=\"wp-block-image size-large\"><img loading=\"lazy\" decoding=\"async\" width=\"1024\" height=\"683\" src=\"https:\/\/aldaia.es\/wp-content\/uploads\/2024\/01\/Russafa-Escenica-2023_V5-Lultima-i-mon-anem-x-BravaStudio-20-1024x683.jpg\" alt=\"\" class=\"wp-image-20410\" srcset=\"https:\/\/aldaia.es\/wp-content\/uploads\/2024\/01\/Russafa-Escenica-2023_V5-Lultima-i-mon-anem-x-BravaStudio-20-1024x683.jpg 1024w, https:\/\/aldaia.es\/wp-content\/uploads\/2024\/01\/Russafa-Escenica-2023_V5-Lultima-i-mon-anem-x-BravaStudio-20-300x200.jpg 300w, https:\/\/aldaia.es\/wp-content\/uploads\/2024\/01\/Russafa-Escenica-2023_V5-Lultima-i-mon-anem-x-BravaStudio-20-768x512.jpg 768w, https:\/\/aldaia.es\/wp-content\/uploads\/2024\/01\/Russafa-Escenica-2023_V5-Lultima-i-mon-anem-x-BravaStudio-20-1536x1025.jpg 1536w, https:\/\/aldaia.es\/wp-content\/uploads\/2024\/01\/Russafa-Escenica-2023_V5-Lultima-i-mon-anem-x-BravaStudio-20-2048x1366.jpg 2048w, https:\/\/aldaia.es\/wp-content\/uploads\/2024\/01\/Russafa-Escenica-2023_V5-Lultima-i-mon-anem-x-BravaStudio-20-150x100.jpg 150w, https:\/\/aldaia.es\/wp-content\/uploads\/2024\/01\/Russafa-Escenica-2023_V5-Lultima-i-mon-anem-x-BravaStudio-20-696x464.jpg 696w, https:\/\/aldaia.es\/wp-content\/uploads\/2024\/01\/Russafa-Escenica-2023_V5-Lultima-i-mon-anem-x-BravaStudio-20-1068x712.jpg 1068w, https:\/\/aldaia.es\/wp-content\/uploads\/2024\/01\/Russafa-Escenica-2023_V5-Lultima-i-mon-anem-x-BravaStudio-20-1920x1281.jpg 1920w\" sizes=\"auto, (max-width: 1024px) 100vw, 1024px\" \/><\/figure>\n\n\n\n<div style=\"height:35px\" aria-hidden=\"true\" class=\"wp-block-spacer\"><\/div>\n\n\n\n<h3 class=\"wp-block-heading\"><strong>9 de enero, CINC MINUTS. (<a href=\"https:\/\/comedyplan.com\/alarconcornelles\/\">Alarc\u00f3n&amp;Cornelles)<\/a><\/strong><\/h3>\n\n\n\n<p>La cia. Alarc\u00f3n&amp;Cornelles (Valencia) presenta \u201cCinco minutos\u201d. La se\u00f1ora Momp\u00f3 escribe los recuerdos de su vida, mientras, espera a su amiga Rosa. Quiere hablar con ella 5 minutos y contarle lo que nunca le ha contado a nadie.<\/p>\n\n\n\n<figure class=\"wp-block-image size-full\"><img loading=\"lazy\" decoding=\"async\" width=\"613\" height=\"388\" src=\"https:\/\/aldaia.es\/wp-content\/uploads\/2024\/01\/Cinc-minuts_captura.jpg\" alt=\"\" class=\"wp-image-20431\" srcset=\"https:\/\/aldaia.es\/wp-content\/uploads\/2024\/01\/Cinc-minuts_captura.jpg 613w, https:\/\/aldaia.es\/wp-content\/uploads\/2024\/01\/Cinc-minuts_captura-300x190.jpg 300w, https:\/\/aldaia.es\/wp-content\/uploads\/2024\/01\/Cinc-minuts_captura-150x95.jpg 150w\" sizes=\"auto, (max-width: 613px) 100vw, 613px\" \/><\/figure>\n\n\n\n<p>Vea un trailer haciendo clic <a href=\"https:\/\/youtu.be\/212-egADzxQ?si=MVdumT7-5Z5mtJIe\" target=\"_blank\" rel=\"noreferrer noopener\">ac\u00ed<\/a>.<\/p>\n\n\n\n<div style=\"height:33px\" aria-hidden=\"true\" class=\"wp-block-spacer\"><\/div>\n\n\n\n<h3 class=\"wp-block-heading\"><strong>16 de enero, El moble. (Albena Teatre)<\/strong><\/h3>\n\n\n\n<p>Nos llevamos en la historia de un mueble comprado en un gran almac\u00e9n. Seg\u00fan \u00e9l: bueno, hermoso, y barato. Seg\u00fan ella: malo, feo e imposible. Tan simple como esto, tan sencillo como cualquier banal discusi\u00f3n dom\u00e9stica.<\/p>\n\n\n\n<figure class=\"wp-block-image size-full\"><img loading=\"lazy\" decoding=\"async\" width=\"460\" height=\"646\" src=\"https:\/\/aldaia.es\/wp-content\/uploads\/2024\/01\/Captura.jpg\" alt=\"\" class=\"wp-image-20437\" srcset=\"https:\/\/aldaia.es\/wp-content\/uploads\/2024\/01\/Captura.jpg 460w, https:\/\/aldaia.es\/wp-content\/uploads\/2024\/01\/Captura-214x300.jpg 214w, https:\/\/aldaia.es\/wp-content\/uploads\/2024\/01\/Captura-150x211.jpg 150w, https:\/\/aldaia.es\/wp-content\/uploads\/2024\/01\/Captura-300x421.jpg 300w\" sizes=\"auto, (max-width: 460px) 100vw, 460px\" \/><\/figure>\n\n\n\n<div style=\"height:49px\" aria-hidden=\"true\" class=\"wp-block-spacer\"><\/div>\n\n\n\n<h3 class=\"wp-block-heading\">&nbsp;<strong>23 febrero, Sergio Contreras. M\u00fasica (Actualizado)<\/strong><\/h3>\n\n\n\n<p>AVISO IMPORTANTE: Con motivo del duelo oficial declarado por el Ayuntamiento de Aldaia a causa del incendio del edificio de Campanario de Valencia, se suspende la actuaci\u00f3n de Sergio Contreras que estaba prevista para hoy en el TAMA.<\/p>\n\n\n\n<p>Las entradas compradas a trav\u00e9s de www.giglon.com se devolver\u00e1n en esta misma plataforma.<\/p>\n\n\n\n<p>Las entradas compradas en taquilla se devolver\u00e1n en la misma taquilla, que hoy d\u00eda 23 de febrero estar\u00e1 abierta por la tarde.<\/p>\n\n\n\n<figure class=\"wp-block-image size-large\"><img loading=\"lazy\" decoding=\"async\" width=\"730\" height=\"1024\" src=\"https:\/\/aldaia.es\/wp-content\/uploads\/2024\/02\/Cartell-anullacio-Sergio-Contreras-per-dol-730x1024.jpeg\" alt=\"\" class=\"wp-image-21000\" srcset=\"https:\/\/aldaia.es\/wp-content\/uploads\/2024\/02\/Cartell-anullacio-Sergio-Contreras-per-dol-730x1024.jpeg 730w, https:\/\/aldaia.es\/wp-content\/uploads\/2024\/02\/Cartell-anullacio-Sergio-Contreras-per-dol-214x300.jpeg 214w, https:\/\/aldaia.es\/wp-content\/uploads\/2024\/02\/Cartell-anullacio-Sergio-Contreras-per-dol-768x1077.jpeg 768w, https:\/\/aldaia.es\/wp-content\/uploads\/2024\/02\/Cartell-anullacio-Sergio-Contreras-per-dol-1095x1536.jpeg 1095w, https:\/\/aldaia.es\/wp-content\/uploads\/2024\/02\/Cartell-anullacio-Sergio-Contreras-per-dol-150x210.jpeg 150w, https:\/\/aldaia.es\/wp-content\/uploads\/2024\/02\/Cartell-anullacio-Sergio-Contreras-per-dol-300x421.jpeg 300w, https:\/\/aldaia.es\/wp-content\/uploads\/2024\/02\/Cartell-anullacio-Sergio-Contreras-per-dol-696x976.jpeg 696w, https:\/\/aldaia.es\/wp-content\/uploads\/2024\/02\/Cartell-anullacio-Sergio-Contreras-per-dol-1068x1498.jpeg 1068w, https:\/\/aldaia.es\/wp-content\/uploads\/2024\/02\/Cartell-anullacio-Sergio-Contreras-per-dol.jpeg 1141w\" sizes=\"auto, (max-width: 730px) 100vw, 730px\" \/><\/figure>\n\n\n\n<div style=\"height:41px\" aria-hidden=\"true\" class=\"wp-block-spacer\"><\/div>\n\n\n\n<h2 class=\"wp-block-heading display-4\">Enero<\/h2>\n\n\n\n<h3 class=\"wp-block-heading\"><strong>Ciclo INTIM\u00cdSSIM<\/strong><\/h3>\n\n\n\n<h3 class=\"wp-block-heading\"><strong>26 de enero, VA DE DONES. M\u00fasica<\/strong><\/h3>\n\n\n\n<p>M\u00fasica tradicional valenciana hecha por mujeres, con una trayectoria de m\u00e1s de 30 a\u00f1os. Va de mujeres (Valencia), grupo formado por 7 mujeres que interpretan Canto de Estilo Valenciano, seguidillas, jotas, fandangos, etc. Vea una cata en la Gala de Premios Ovidi Montllor. <a href=\"https:\/\/youtu.be\/5vJu2THKJmI\" target=\"_blank\" rel=\"noreferrer noopener\">Clicar aqu\u00ed para ver Video Youtube.<\/a>.<\/p>\n\n\n\n<figure class=\"wp-block-image size-large\"><img loading=\"lazy\" decoding=\"async\" width=\"683\" height=\"1024\" src=\"https:\/\/aldaia.es\/wp-content\/uploads\/2024\/01\/iMATGE-vA-DE-dONES-683x1024.jpg\" alt=\"\" class=\"wp-image-20248\" srcset=\"https:\/\/aldaia.es\/wp-content\/uploads\/2024\/01\/iMATGE-vA-DE-dONES-683x1024.jpg 683w, https:\/\/aldaia.es\/wp-content\/uploads\/2024\/01\/iMATGE-vA-DE-dONES-200x300.jpg 200w, https:\/\/aldaia.es\/wp-content\/uploads\/2024\/01\/iMATGE-vA-DE-dONES-768x1152.jpg 768w, https:\/\/aldaia.es\/wp-content\/uploads\/2024\/01\/iMATGE-vA-DE-dONES-1024x1536.jpg 1024w, https:\/\/aldaia.es\/wp-content\/uploads\/2024\/01\/iMATGE-vA-DE-dONES-150x225.jpg 150w, https:\/\/aldaia.es\/wp-content\/uploads\/2024\/01\/iMATGE-vA-DE-dONES-300x450.jpg 300w, https:\/\/aldaia.es\/wp-content\/uploads\/2024\/01\/iMATGE-vA-DE-dONES-696x1044.jpg 696w, https:\/\/aldaia.es\/wp-content\/uploads\/2024\/01\/iMATGE-vA-DE-dONES.jpg 1067w\" sizes=\"auto, (max-width: 683px) 100vw, 683px\" \/><\/figure>\n\n\n\n<div style=\"height:40px\" aria-hidden=\"true\" class=\"wp-block-spacer\"><\/div>\n\n\n\n<h3 class=\"wp-block-heading\"><strong>19 de enero, L\u00cdMIT. Teatre-clown<\/strong><\/h3>\n\n\n\n<p>Continuamos la temporada con el ciclo \u201cIntim\u00edsimo\u201d, donde el p\u00fablico y el espect\u00e1culo compartir\u00e1n espacio esc\u00e9nico del TAMA. Es nuestro ciclo m\u00e1s \u00edntimo, actores, actrices, escenograf\u00eda, acciones dram\u00e1ticas y p\u00fablico conviven en el escenario.<\/p>\n\n\n\n<figure class=\"wp-block-image size-full\"><img loading=\"lazy\" decoding=\"async\" width=\"850\" height=\"450\" src=\"https:\/\/aldaia.es\/wp-content\/uploads\/2024\/01\/imatge-limit.jpg\" alt=\"\" class=\"wp-image-20208\" srcset=\"https:\/\/aldaia.es\/wp-content\/uploads\/2024\/01\/imatge-limit.jpg 850w, https:\/\/aldaia.es\/wp-content\/uploads\/2024\/01\/imatge-limit-300x159.jpg 300w, https:\/\/aldaia.es\/wp-content\/uploads\/2024\/01\/imatge-limit-768x407.jpg 768w, https:\/\/aldaia.es\/wp-content\/uploads\/2024\/01\/imatge-limit-150x79.jpg 150w, https:\/\/aldaia.es\/wp-content\/uploads\/2024\/01\/imatge-limit-696x368.jpg 696w\" sizes=\"auto, (max-width: 850px) 100vw, 850px\" \/><\/figure>\n\n\n\n<p>Recibimos a la actriz aldaiera y payasa, Mar\u00eda Andr\u00e9s (Valencia) con su \u00faltimo espect\u00e1culo \u201cL\u00edmite\u201d. Un espect\u00e1culo de clown gestual y poes\u00eda, un juego al l\u00edmite de ser o estamparse.<\/p>\n\n\n\n<div style=\"height:28px\" aria-hidden=\"true\" class=\"wp-block-spacer\"><\/div>\n\n\n\n<h3 class=\"wp-block-heading\"><strong>26,27,28 diciembre<\/strong> &#8211; <strong>BONIC 2023<\/strong><\/h3>\n\n\n\n<h4 class=\"wp-block-heading\"><strong><em>Peter Pan, Cube i Alicia en el musical de las maravillas llegan al TAMA en el Ciclo <strong>BONIC<\/strong> de Teatro Navide\u00f1o (26,27,28 diciembre)<\/em><\/strong><\/h4>\n\n\n\n<p>Tres espect\u00e1culos musicales divertidos y sorprendentes pensados \u200b\u200bpara un p\u00fablico familiar<\/p>\n\n\n\n<p>Tres espect\u00e1culos musicales divertidos y sorprendentes llenar\u00e1n el escenario del TAMA a finales de diciembre en la decimonovena edici\u00f3n del Ciclo Bonito de Teatro Navide\u00f1o para Ni\u00f1os y Ni\u00f1as. Movimiento teatral y m\u00fasica unen \u00e1nimos e \u00edmpetus en las funciones Peter Pan, Cube y Alicia en el musical de las maravillas. Versiones libres de obras maestras que emocionar\u00e1n a peque\u00f1os y mayores.<\/p>\n\n\n\n<p>El ciclo comienza con el espect\u00e1culo Peter Pan, bajo la direcci\u00f3n de La Teta Calva (Valencia) y el Escalante Centre Teatral. La compa\u00f1\u00eda La Mar presenta una versi\u00f3n libre de Peter Pan de James Matthew Barrie, el eterno ni\u00f1o que no quer\u00eda crecer. El espect\u00e1culo, adaptado de la historia original por Xavo Gim\u00e9nez y Mar\u00eda C\u00e1rdenas, se presentar\u00e1 en el TAMA el 26 de diciembre para el p\u00fablico familiar. Un emotivo y divertido viaje en busca de la amistad y la libertad. Un espect\u00e1culo con m\u00fasica en directo.<\/p>\n\n\n\n<p>El Bonito continuar\u00e1 el d\u00eda 27 con el espect\u00e1culo Cube de JM Gesti\u00f3n Teatral. Una divertida obra musical de clowns. Buf\u00f3n, Beto, Ulla y Elba son cuatro personajes muy diferentes que viven muy cerca y, al mismo tiempo, muy alejados unos de otros. Un buen d\u00eda, la tragedia se hace presente de repente en sus vidas: el agua con la que riegan sus macetas se ha agotado por completo. A partir de ese momento, descubrir\u00e1n la tr\u00e1gica situaci\u00f3n en la que se encuentra el mundo que les rodea y al que, hasta ahora, nunca hab\u00edan prestado excesiva atenci\u00f3n. Puede que no sea demasiado tarde para darse cuenta de que, a pesar de sus diferencias, necesitan unir sus fuerzas para encontrar una soluci\u00f3n.<\/p>\n\n\n\n<p>Finalmente, el d\u00eda 28, Alicia de la tierra de las maravillas de Charles Lutwidge Dodgson vendr\u00e1 al TAMA con un ritmo m\u00e1s marchoso. La obra Alicia en el musical de las maravillas, de Trencad\u00eds Produccions de Valencia, muestra el cl\u00e1sico de Lewis Carroll en el que la magia del mundo de los sue\u00f1os, la diversi\u00f3n y la aventura ser\u00e1n los compa\u00f1eros de viaje de Alicia. La productora valenciana se atreve con el cl\u00e1sico de Carroll donde el esp\u00edritu aventurero y la b\u00fasqueda de la libertad ser\u00e1n los compa\u00f1eros de viaje de Al\u00edcia.<\/p>\n\n\n\n<figure class=\"wp-block-image size-large\"><img loading=\"lazy\" decoding=\"async\" width=\"1024\" height=\"678\" src=\"https:\/\/aldaia.es\/wp-content\/uploads\/2023\/12\/Alicia-en-el-musical-de-las-maravillas-1024x678.jpg\" alt=\"\" class=\"wp-image-19821\" srcset=\"https:\/\/aldaia.es\/wp-content\/uploads\/2023\/12\/Alicia-en-el-musical-de-las-maravillas-1024x678.jpg 1024w, https:\/\/aldaia.es\/wp-content\/uploads\/2023\/12\/Alicia-en-el-musical-de-las-maravillas-300x199.jpg 300w, https:\/\/aldaia.es\/wp-content\/uploads\/2023\/12\/Alicia-en-el-musical-de-las-maravillas-768x509.jpg 768w, https:\/\/aldaia.es\/wp-content\/uploads\/2023\/12\/Alicia-en-el-musical-de-las-maravillas-1536x1017.jpg 1536w, https:\/\/aldaia.es\/wp-content\/uploads\/2023\/12\/Alicia-en-el-musical-de-las-maravillas-2048x1356.jpg 2048w, https:\/\/aldaia.es\/wp-content\/uploads\/2023\/12\/Alicia-en-el-musical-de-las-maravillas-150x99.jpg 150w, https:\/\/aldaia.es\/wp-content\/uploads\/2023\/12\/Alicia-en-el-musical-de-las-maravillas-696x461.jpg 696w, https:\/\/aldaia.es\/wp-content\/uploads\/2023\/12\/Alicia-en-el-musical-de-las-maravillas-1068x707.jpg 1068w, https:\/\/aldaia.es\/wp-content\/uploads\/2023\/12\/Alicia-en-el-musical-de-las-maravillas-1920x1272.jpg 1920w\" sizes=\"auto, (max-width: 1024px) 100vw, 1024px\" \/><\/figure>\n\n\n\n<figure class=\"wp-block-image size-full\"><img loading=\"lazy\" decoding=\"async\" width=\"949\" height=\"500\" src=\"https:\/\/aldaia.es\/wp-content\/uploads\/2023\/12\/cube_4.jpg\" alt=\"\" class=\"wp-image-19823\" srcset=\"https:\/\/aldaia.es\/wp-content\/uploads\/2023\/12\/cube_4.jpg 949w, https:\/\/aldaia.es\/wp-content\/uploads\/2023\/12\/cube_4-300x158.jpg 300w, https:\/\/aldaia.es\/wp-content\/uploads\/2023\/12\/cube_4-768x405.jpg 768w, https:\/\/aldaia.es\/wp-content\/uploads\/2023\/12\/cube_4-150x79.jpg 150w, https:\/\/aldaia.es\/wp-content\/uploads\/2023\/12\/cube_4-696x367.jpg 696w\" sizes=\"auto, (max-width: 949px) 100vw, 949px\" \/><\/figure>\n\n\n\n<figure class=\"wp-block-image size-large\"><img loading=\"lazy\" decoding=\"async\" width=\"1024\" height=\"1024\" src=\"https:\/\/aldaia.es\/wp-content\/uploads\/2024\/01\/Bonic-2023-1024x1024.jpeg\" alt=\"\" class=\"wp-image-20094\" srcset=\"https:\/\/aldaia.es\/wp-content\/uploads\/2024\/01\/Bonic-2023-1024x1024.jpeg 1024w, https:\/\/aldaia.es\/wp-content\/uploads\/2024\/01\/Bonic-2023-300x300.jpeg 300w, https:\/\/aldaia.es\/wp-content\/uploads\/2024\/01\/Bonic-2023-150x150.jpeg 150w, https:\/\/aldaia.es\/wp-content\/uploads\/2024\/01\/Bonic-2023-768x768.jpeg 768w, https:\/\/aldaia.es\/wp-content\/uploads\/2024\/01\/Bonic-2023-1536x1536.jpeg 1536w, https:\/\/aldaia.es\/wp-content\/uploads\/2024\/01\/Bonic-2023-696x696.jpeg 696w, https:\/\/aldaia.es\/wp-content\/uploads\/2024\/01\/Bonic-2023-1068x1068.jpeg 1068w, https:\/\/aldaia.es\/wp-content\/uploads\/2024\/01\/Bonic-2023-1920x1920.jpeg 1920w, https:\/\/aldaia.es\/wp-content\/uploads\/2024\/01\/Bonic-2023.jpeg 2048w\" sizes=\"auto, (max-width: 1024px) 100vw, 1024px\" \/><\/figure>\n\n\n\n<div style=\"height:53px\" aria-hidden=\"true\" class=\"wp-block-spacer\"><\/div>\n\n\n\n<h3 class=\"wp-block-heading\"><strong>15 de diciembre. The best Queen Revolution Tribute Show (Italia)<\/strong><\/h3>\n\n\n\n<figure class=\"wp-block-image size-large\"><img loading=\"lazy\" decoding=\"async\" width=\"727\" height=\"1024\" src=\"https:\/\/aldaia.es\/wp-content\/uploads\/2023\/12\/Comprimit_Cartell-baixa-qualitat_2023-CARTEL-QUEEN-A31-727x1024.jpg\" alt=\"\" class=\"wp-image-19719\" srcset=\"https:\/\/aldaia.es\/wp-content\/uploads\/2023\/12\/Comprimit_Cartell-baixa-qualitat_2023-CARTEL-QUEEN-A31-727x1024.jpg 727w, https:\/\/aldaia.es\/wp-content\/uploads\/2023\/12\/Comprimit_Cartell-baixa-qualitat_2023-CARTEL-QUEEN-A31-213x300.jpg 213w, https:\/\/aldaia.es\/wp-content\/uploads\/2023\/12\/Comprimit_Cartell-baixa-qualitat_2023-CARTEL-QUEEN-A31-768x1082.jpg 768w, https:\/\/aldaia.es\/wp-content\/uploads\/2023\/12\/Comprimit_Cartell-baixa-qualitat_2023-CARTEL-QUEEN-A31-1090x1536.jpg 1090w, https:\/\/aldaia.es\/wp-content\/uploads\/2023\/12\/Comprimit_Cartell-baixa-qualitat_2023-CARTEL-QUEEN-A31-1454x2048.jpg 1454w, https:\/\/aldaia.es\/wp-content\/uploads\/2023\/12\/Comprimit_Cartell-baixa-qualitat_2023-CARTEL-QUEEN-A31-150x211.jpg 150w, https:\/\/aldaia.es\/wp-content\/uploads\/2023\/12\/Comprimit_Cartell-baixa-qualitat_2023-CARTEL-QUEEN-A31-300x423.jpg 300w, https:\/\/aldaia.es\/wp-content\/uploads\/2023\/12\/Comprimit_Cartell-baixa-qualitat_2023-CARTEL-QUEEN-A31-696x980.jpg 696w, https:\/\/aldaia.es\/wp-content\/uploads\/2023\/12\/Comprimit_Cartell-baixa-qualitat_2023-CARTEL-QUEEN-A31-1068x1504.jpg 1068w, https:\/\/aldaia.es\/wp-content\/uploads\/2023\/12\/Comprimit_Cartell-baixa-qualitat_2023-CARTEL-QUEEN-A31-1920x2705.jpg 1920w, https:\/\/aldaia.es\/wp-content\/uploads\/2023\/12\/Comprimit_Cartell-baixa-qualitat_2023-CARTEL-QUEEN-A31-scaled.jpg 1817w\" sizes=\"auto, (max-width: 727px) 100vw, 727px\" \/><\/figure>\n\n\n\n<p>Homenaje a la m\u00edtica banda brit\u00e1nica de Freddie Mercury. Queen en estado puro.<\/p>\n\n\n\n<div style=\"height:48px\" aria-hidden=\"true\" class=\"wp-block-spacer\"><\/div>\n\n\n\n<h3 class=\"wp-block-heading\"><strong>17 de noviembre. Vernos. <a href=\"https:\/\/perezydisla.com\/\">Perez&amp;Disla<\/a>.<\/strong><\/h3>\n\n\n\n<p>\u00abVernos\u00bb. El nuevo espect\u00e1culo de la c\u00eda valenciana Perez&amp;Disla. \u00bfQui\u00e9n no se ha encontrado con un amigo o amiga que hac\u00eda mucho tiempo que no ve\u00eda?<\/p>\n\n\n\n<figure class=\"wp-block-image size-full\"><img loading=\"lazy\" decoding=\"async\" width=\"1000\" height=\"1000\" src=\"https:\/\/aldaia.es\/wp-content\/uploads\/2023\/11\/veurens-galeria-2.jpg\" alt=\"\" class=\"wp-image-19010\" srcset=\"https:\/\/aldaia.es\/wp-content\/uploads\/2023\/11\/veurens-galeria-2.jpg 1000w, https:\/\/aldaia.es\/wp-content\/uploads\/2023\/11\/veurens-galeria-2-300x300.jpg 300w, https:\/\/aldaia.es\/wp-content\/uploads\/2023\/11\/veurens-galeria-2-150x150.jpg 150w, https:\/\/aldaia.es\/wp-content\/uploads\/2023\/11\/veurens-galeria-2-768x768.jpg 768w, https:\/\/aldaia.es\/wp-content\/uploads\/2023\/11\/veurens-galeria-2-696x696.jpg 696w\" sizes=\"auto, (max-width: 1000px) 100vw, 1000px\" \/><\/figure>\n\n\n\n<div style=\"height:43px\" aria-hidden=\"true\" class=\"wp-block-spacer\"><\/div>\n\n\n\n<h3 class=\"wp-block-heading\"><strong>12 de <strong>noviembre<\/strong>. Serrat Flamenc@<\/strong><\/h3>\n\n\n\n<figure class=\"wp-block-image size-large\"><img loading=\"lazy\" decoding=\"async\" width=\"1024\" height=\"682\" src=\"https:\/\/aldaia.es\/wp-content\/uploads\/2023\/11\/WhatsApp-Image-2023-11-08-at-10.29.17-1024x682.jpeg\" alt=\"\" class=\"wp-image-18948\" srcset=\"https:\/\/aldaia.es\/wp-content\/uploads\/2023\/11\/WhatsApp-Image-2023-11-08-at-10.29.17-1024x682.jpeg 1024w, https:\/\/aldaia.es\/wp-content\/uploads\/2023\/11\/WhatsApp-Image-2023-11-08-at-10.29.17-300x200.jpeg 300w, https:\/\/aldaia.es\/wp-content\/uploads\/2023\/11\/WhatsApp-Image-2023-11-08-at-10.29.17-768x512.jpeg 768w, https:\/\/aldaia.es\/wp-content\/uploads\/2023\/11\/WhatsApp-Image-2023-11-08-at-10.29.17-1536x1023.jpeg 1536w, https:\/\/aldaia.es\/wp-content\/uploads\/2023\/11\/WhatsApp-Image-2023-11-08-at-10.29.17-150x100.jpeg 150w, https:\/\/aldaia.es\/wp-content\/uploads\/2023\/11\/WhatsApp-Image-2023-11-08-at-10.29.17-696x464.jpeg 696w, https:\/\/aldaia.es\/wp-content\/uploads\/2023\/11\/WhatsApp-Image-2023-11-08-at-10.29.17-1068x712.jpeg 1068w, https:\/\/aldaia.es\/wp-content\/uploads\/2023\/11\/WhatsApp-Image-2023-11-08-at-10.29.17.jpeg 1600w\" sizes=\"auto, (max-width: 1024px) 100vw, 1024px\" \/><\/figure>\n\n\n\n<p>Info <a href=\"http:\/\/www.almorau.com\/artist\/serrat-flamenco\/\" target=\"_blank\" rel=\"noreferrer noopener\">ac\u00ed<\/a>.<\/p>\n\n\n\n<p>Un tributo a las canciones de toda la vida de Joan Manuel Serrat interpretado desde una inspiraci\u00f3n flamenca.<\/p>\n\n\n\n<div style=\"height:33px\" aria-hidden=\"true\" class=\"wp-block-spacer\"><\/div>\n\n\n\n<h3 class=\"wp-block-heading\"><strong>10 de <strong><strong>noviembre<\/strong><\/strong>. Greenpiss. <a href=\"http:\/\/www.yllana.com\/espectaculo\/greenpiss\">Yllana (Madrid)<\/a><\/strong><\/h3>\n\n\n\n<p>La c\u00eda madrile\u00f1a Yllana nos presenta una divertid\u00edsima s\u00e1tira sobre la ecolog\u00eda, el futuro del planeta y nuestra supervivencia.<\/p>\n\n\n\n<figure class=\"wp-block-image size-large\"><img loading=\"lazy\" decoding=\"async\" width=\"1024\" height=\"515\" src=\"https:\/\/aldaia.es\/wp-content\/uploads\/2023\/11\/Greenpiss-save-the-planet-1024x515.jpg\" alt=\"\" class=\"wp-image-18946\" srcset=\"https:\/\/aldaia.es\/wp-content\/uploads\/2023\/11\/Greenpiss-save-the-planet-1024x515.jpg 1024w, https:\/\/aldaia.es\/wp-content\/uploads\/2023\/11\/Greenpiss-save-the-planet-300x151.jpg 300w, https:\/\/aldaia.es\/wp-content\/uploads\/2023\/11\/Greenpiss-save-the-planet-768x387.jpg 768w, https:\/\/aldaia.es\/wp-content\/uploads\/2023\/11\/Greenpiss-save-the-planet-1536x773.jpg 1536w, https:\/\/aldaia.es\/wp-content\/uploads\/2023\/11\/Greenpiss-save-the-planet-2048x1031.jpg 2048w, https:\/\/aldaia.es\/wp-content\/uploads\/2023\/11\/Greenpiss-save-the-planet-150x75.jpg 150w, https:\/\/aldaia.es\/wp-content\/uploads\/2023\/11\/Greenpiss-save-the-planet-696x350.jpg 696w, https:\/\/aldaia.es\/wp-content\/uploads\/2023\/11\/Greenpiss-save-the-planet-1068x538.jpg 1068w, https:\/\/aldaia.es\/wp-content\/uploads\/2023\/11\/Greenpiss-save-the-planet-1920x966.jpg 1920w\" sizes=\"auto, (max-width: 1024px) 100vw, 1024px\" \/><\/figure>\n\n\n\n<div style=\"height:33px\" aria-hidden=\"true\" class=\"wp-block-spacer\"><\/div>\n\n\n\n<h3 class=\"wp-block-heading\"><strong>20 de octubre. Acto de inauguraci\u00f3n del mural del TAMA por su 20 aniversario.<\/strong><\/h3>\n\n\n\n<figure class=\"wp-block-image size-large\"><img loading=\"lazy\" decoding=\"async\" width=\"1024\" height=\"683\" src=\"https:\/\/aldaia.es\/wp-content\/uploads\/2023\/10\/Foto-Mural-DULK-web-1024x683.jpg\" alt=\"\" class=\"wp-image-17840\" srcset=\"https:\/\/aldaia.es\/wp-content\/uploads\/2023\/10\/Foto-Mural-DULK-web-1024x683.jpg 1024w, https:\/\/aldaia.es\/wp-content\/uploads\/2023\/10\/Foto-Mural-DULK-web-300x200.jpg 300w, https:\/\/aldaia.es\/wp-content\/uploads\/2023\/10\/Foto-Mural-DULK-web-768x512.jpg 768w, https:\/\/aldaia.es\/wp-content\/uploads\/2023\/10\/Foto-Mural-DULK-web-1536x1024.jpg 1536w, https:\/\/aldaia.es\/wp-content\/uploads\/2023\/10\/Foto-Mural-DULK-web-150x100.jpg 150w, https:\/\/aldaia.es\/wp-content\/uploads\/2023\/10\/Foto-Mural-DULK-web-696x464.jpg 696w, https:\/\/aldaia.es\/wp-content\/uploads\/2023\/10\/Foto-Mural-DULK-web-1068x712.jpg 1068w, https:\/\/aldaia.es\/wp-content\/uploads\/2023\/10\/Foto-Mural-DULK-web-1920x1280.jpg 1920w, https:\/\/aldaia.es\/wp-content\/uploads\/2023\/10\/Foto-Mural-DULK-web.jpg 1969w\" sizes=\"auto, (max-width: 1024px) 100vw, 1024px\" \/><\/figure>\n\n\n\n<p>Foto: Jes\u00fas Amable Gll<\/p>\n\n\n\n<p>Con motivo del 20 aniversario del TAMA, el artista Antonio Segura-DULK ha realizado un mural llamado \u201cCultura Natural\u201d para conmemorar el hito y afianzar los valores del TAMA: empezar el siglo XXI continuando como referente y contenedor de las artes esc\u00e9nicas y la cultura en Aldaia y, por otra parte, poner en valor la huerta del municipio y su protecci\u00f3n es frontera natural.<\/p>\n\n\n\n<p>El acto contar\u00e1 con propuesta art\u00edstica Love Love Love (c\u00eda Animasur), (premio MAX 2023 al mejor espect\u00e1culo de calle) que aborda la conjunci\u00f3n entre el paso del tiempo y las pasiones humanas.<\/p>\n\n\n\n<figure class=\"wp-block-image size-large\"><img loading=\"lazy\" decoding=\"async\" width=\"1024\" height=\"683\" src=\"https:\/\/aldaia.es\/wp-content\/uploads\/2023\/10\/love-love-love-1024x683.jpg\" alt=\"\" class=\"wp-image-17905\" srcset=\"https:\/\/aldaia.es\/wp-content\/uploads\/2023\/10\/love-love-love-1024x683.jpg 1024w, https:\/\/aldaia.es\/wp-content\/uploads\/2023\/10\/love-love-love-300x200.jpg 300w, https:\/\/aldaia.es\/wp-content\/uploads\/2023\/10\/love-love-love-768x512.jpg 768w, https:\/\/aldaia.es\/wp-content\/uploads\/2023\/10\/love-love-love-150x100.jpg 150w, https:\/\/aldaia.es\/wp-content\/uploads\/2023\/10\/love-love-love-696x464.jpg 696w, https:\/\/aldaia.es\/wp-content\/uploads\/2023\/10\/love-love-love-1068x712.jpg 1068w, https:\/\/aldaia.es\/wp-content\/uploads\/2023\/10\/love-love-love.jpg 1500w\" sizes=\"auto, (max-width: 1024px) 100vw, 1024px\" \/><\/figure>\n\n\n\n<p>A continuaci\u00f3n, tendr\u00e1 lugar el estreno de \u201cMural Sonoro\u201d a cargo del director y compositor Hugo Chinesta, composici\u00f3n expresa (soprano, tenor, violonchelo, piano el\u00e9ctrico, percusi\u00f3n y sampler) e inspirada en el mural de DULK.<\/p>\n\n\n\n<p>El acto y fiesta de conmemoraci\u00f3n de los 20 a\u00f1os del TAMA lo cerrar\u00e1 la actuaci\u00f3n de la DJ Elena Exp\u00f3sito.<\/p>\n\n\n\n<p>Invitaci\u00f3n a todos los p\u00fablicos, acceso libre no hace falta entrada.<\/p>\n\n\n\n<div style=\"height:35px\" aria-hidden=\"true\" class=\"wp-block-spacer\"><\/div>\n\n\n\n<h3 class=\"wp-block-heading\"><strong>22 de octubre. \u201cCOLORS\u201d. Festival de teatro en la calle<\/strong><\/h3>\n\n\n\n<p>\u201cLa barca\u201d. La Larv\u00e4ria<\/p>\n\n\n\n<figure class=\"wp-block-image\"><img decoding=\"async\" src=\"https:\/\/aldaia.es\/wp-content\/uploads\/2023\/09\/CARTEL_LABARCA_A3-scaled.jpg\" alt=\"\" class=\"wp-image-12081\"\/><\/figure>\n\n\n\n<p>En el Cintur\u00f3 Verd, zona del parque para ni\u00f1os y ni\u00f1as, recibimos la c\u00eda La Larv\u00e4ria (Castell\u00f3n) con el espect\u00e1culo \u201dLa barca\u201d. Dos n\u00e1ufragas, el sol, el mar, el calor, el hambre, la tormenta, el viento, la amistad\u2026<\/p>\n\n\n\n<div style=\"height:31px\" aria-hidden=\"true\" class=\"wp-block-spacer\"><\/div>\n\n\n\n<h3 class=\"wp-block-heading\"><strong>\u201cOpen door\u201d. Pere Hosta <\/strong><\/h3>\n\n\n\n<figure class=\"wp-block-image\"><img decoding=\"async\" src=\"https:\/\/aldaia.es\/wp-content\/uploads\/2023\/09\/opendoor_editada-scaled.jpg\" alt=\"\" style=\"aspect-ratio:1;object-fit:cover\"\/><\/figure>\n\n\n\n<p>En el Cintur\u00f3n Verde, frente a la fachada este del TAMA podremos ver el espect\u00e1culo intinerante \u201cOpen door\u201d de Pere Hosta (Catalunya).<\/p>\n\n\n\n<p><a href=\"https:\/\/www.perehosta.com\/\">https:\/\/www.perehosta.com\/<\/a><\/p>\n\n\n\n<div style=\"height:33px\" aria-hidden=\"true\" class=\"wp-block-spacer\"><\/div>\n\n\n\n<h3 class=\"wp-block-heading\"><strong>Volando vengo. Kanbahiota Troup (Madrid)<\/strong><\/h3>\n\n\n\n<figure class=\"wp-block-image\"><img decoding=\"async\" src=\"https:\/\/aldaia.es\/wp-content\/uploads\/2023\/09\/Volando-Vengo_scan-PDF-rotated.jpg\" alt=\"\"\/><\/figure>\n\n\n\n<p><strong> <a href=\"https:\/\/kanbahiota.com\/\" target=\"_blank\" rel=\"noreferrer noopener\">https:\/\/kanbahiota.com\/<\/a><\/strong><\/p>\n\n\n\n<p>En la puerta principal del TEMA, la c\u00eda. Kanbahiota Troup (Madrid) presentar\u00e1 el espect\u00e1culo de circo acrob\u00e1tico \u00abVolando Vengo\u00bb.<\/p>\n\n\n\n<div style=\"height:34px\" aria-hidden=\"true\" class=\"wp-block-spacer\"><\/div>\n\n\n\n<h3 class=\"wp-block-heading\"><strong>27 de octubre. \u201cJa ve l\u2019aire\u201d de Pepe Gimeno \u201cBotifarra\u201d. 24\u00aa Concierto del Ciclo \u201cVOLEM\u201d.<\/strong><\/h3>\n\n\n\n<figure class=\"wp-block-image size-full\"><img loading=\"lazy\" decoding=\"async\" width=\"700\" height=\"770\" src=\"https:\/\/aldaia.es\/wp-content\/uploads\/2023\/10\/BOTIFARRA-DEST.jpg\" alt=\"\" class=\"wp-image-17838\" srcset=\"https:\/\/aldaia.es\/wp-content\/uploads\/2023\/10\/BOTIFARRA-DEST.jpg 700w, https:\/\/aldaia.es\/wp-content\/uploads\/2023\/10\/BOTIFARRA-DEST-273x300.jpg 273w, https:\/\/aldaia.es\/wp-content\/uploads\/2023\/10\/BOTIFARRA-DEST-150x165.jpg 150w, https:\/\/aldaia.es\/wp-content\/uploads\/2023\/10\/BOTIFARRA-DEST-300x330.jpg 300w, https:\/\/aldaia.es\/wp-content\/uploads\/2023\/10\/BOTIFARRA-DEST-696x766.jpg 696w\" sizes=\"auto, (max-width: 700px) 100vw, 700px\" \/><\/figure>\n\n\n\n<p>Vuelve al TAMA Pep Gimeno \u00abBotifarra\u00bb con el espect\u00e1culo ya viene el aire. M\u00e1s informaci\u00f3n: <a href=\"https:\/\/pepgimenobotifarra.com\/\" target=\"_blank\" rel=\"noreferrer noopener\">pepgimenobotifarra.com<\/a><\/p>\n<\/div>\n<\/div>\n\n\n\n<div class=\"wp-block-columns is-layout-flex wp-container-core-columns-is-layout-9d6595d7 wp-block-columns-is-layout-flex\">\n<div class=\"wp-block-column lista_adjuntos is-layout-flow wp-block-column-is-layout-flow\">\n<h2 class=\"wp-block-heading display-4\">Enlaces<\/h2>\n\n\n\n<p><i class=\"fas fa-link\"><\/i> <a href=\"https:\/\/aldaia.es\/es\/cultura\/tama-teatro-auditorio\/\">TAMA, teatro auditorio<\/a><\/p>\n\n\n\n<p><i class=\"fas fa-link\"><\/i> <a href=\"https:\/\/aldaia.es\/es\/cultura\/tama-teatro-auditorio\/funcionamiento\/\">Funcionamiento<\/a><\/p>\n\n\n\n<p><i class=\"fas fa-link\"><\/i> <a href=\"https:\/\/aldaia.es\/es\/cultura\/tama-teatro-auditorio\/programas-singulares-propios-de-artes-escenicas\/\">Programas singulares propios de artes esc\u00e9nicas<\/a><\/p>\n\n\n\n<p><i class=\"fas fa-link\"><\/i> <a href=\"\/?page_id=6554\">Datos t\u00e9cnicos<\/a><\/p>\n\n\n\n<p><i class=\"fas fa-link\"><\/i> <a href=\"https:\/\/aldaia.es\/es\/cultura\/tama-teatro-auditorio\/normas-de-seguridad-y-salud-para-empresas-subcontratadas\/\">Normas de Seguridad y Salud para empresas subcontratadas<\/a><\/p>\n\n\n\n<p><i class=\"fas fa-link\"><\/i> <a href=\"https:\/\/aldaia.es\/es\/cultura\/tama-teatro-auditorio\/instalaciones-del-tama\/\">Instalaciones del TAMA<\/a><\/p>\n\n\n\n<p><i class=\"fas fa-link\"><\/i> <a href=\"https:\/\/aldaia.es\/es\/cultura\/tama-teatro-auditorio\/galeria-de-imagenes\/\">TAMA Galer\u00eda de im\u00e1genes<\/a><\/p>\n\n\n\n<p><i class=\"fas fa-link\"><\/i> <a href=\"https:\/\/www.giglon.com\/salas?p_p_id=sala_WAR_giglonportlet_INSTANCE_H3CHFm3UBb8i&amp;p_p_lifecycle=0&amp;p_p_state=normal&amp;p_p_mode=view&amp;p_p_col_id=column-1&amp;p_p_col_count=1&amp;_sala_WAR_giglonportlet_INSTANCE_H3CHFm3UBb8i_jspPage=%2Fhtml%2Fsalaportlet%2FviewSala.jsp&amp;_sala_WAR_giglonportlet_INSTANCE_H3CHFm3UBb8i_salaId=10505&amp;_sala_WAR_giglonportlet_INSTANCE_H3CHFm3UBb8i_redirect=%2Fsalas%3FidSala%3Dtama\" target=\"_blank\" rel=\"noreferrer noopener\">Entradas Online<\/a><\/p>\n<\/div>\n<\/div>\n\n\n\n<p><\/p>\n","protected":false},"excerpt":{"rendered":"<p>Programaci\u00f3n del TAMA. Temporada 2023 &#8211; 2024 Presentaci\u00f3n de los espect\u00e1culos realizados en el TAMA, Teatro auditorio de Aldaia, durante la temporada 2023 &#8211; 2024. Espect\u00e1culos 3 mayo, Me cuesta <a class=\"text-decoration-none text-black\" href=\"https:\/\/aldaia.es\/es\/cultura\/tama-teatro-auditorio\/programacion-del-tama-temporada-2023-2024\/\"> &#8230; <\/a><\/p>\n","protected":false},"author":42,"featured_media":0,"parent":6376,"menu_order":0,"comment_status":"closed","ping_status":"closed","template":"basic-page-departamentos.php","meta":{"_acf_changed":false,"footnotes":""},"class_list":["post-31761","page","type-page","status-publish","hentry"],"acf":[],"yoast_head":"<!-- This site is optimized with the Yoast SEO plugin v27.0 - https:\/\/yoast.com\/product\/yoast-seo-wordpress\/ -->\n<title>Programaci\u00f3n del TAMA \u2013 Temporada 2023 \u2013 2024 - Ayuntamiento de Aldaia<\/title>\n<meta name=\"description\" content=\"Presentaci\u00f3n de los espect\u00e1culos realizados en el TAMA en la temporada 2023-24. Programaciones del teatro auditorio de Aldaia TAMA.\" \/>\n<meta name=\"robots\" content=\"index, follow, max-snippet:-1, max-image-preview:large, max-video-preview:-1\" \/>\n<link rel=\"canonical\" href=\"https:\/\/aldaia.es\/es\/cultura\/tama-teatro-auditorio\/programacion-del-tama-temporada-2023-2024\/\" \/>\n<meta property=\"og:locale\" content=\"es_ES\" \/>\n<meta property=\"og:type\" content=\"article\" \/>\n<meta property=\"og:title\" content=\"Programaci\u00f3n del TAMA \u2013 Temporada 2023 \u2013 2024 - Ayuntamiento de Aldaia\" \/>\n<meta property=\"og:description\" content=\"Presentaci\u00f3n de los espect\u00e1culos realizados en el TAMA en la temporada 2023-24. Programaciones del teatro auditorio de Aldaia TAMA.\" \/>\n<meta property=\"og:url\" content=\"https:\/\/aldaia.es\/es\/cultura\/tama-teatro-auditorio\/programacion-del-tama-temporada-2023-2024\/\" \/>\n<meta property=\"og:site_name\" content=\"Ayuntamiento de Aldaia\" \/>\n<meta property=\"article:modified_time\" content=\"2024-09-17T14:10:51+00:00\" \/>\n<meta property=\"og:image\" content=\"https:\/\/aldaia.es\/wp-content\/uploads\/2024\/04\/MEACNO_cartell-866x1024.jpg\" \/>\n<script type=\"application\/ld+json\" class=\"yoast-schema-graph\">{\"@context\":\"https:\/\/schema.org\",\"@graph\":[{\"@type\":\"WebPage\",\"@id\":\"https:\/\/aldaia.es\/es\/cultura\/tama-teatro-auditorio\/programacion-del-tama-temporada-2023-2024\/\",\"url\":\"https:\/\/aldaia.es\/es\/cultura\/tama-teatro-auditorio\/programacion-del-tama-temporada-2023-2024\/\",\"name\":\"Programaci\u00f3n del TAMA \u2013 Temporada 2023 \u2013 2024 - Ayuntamiento de Aldaia\",\"isPartOf\":{\"@id\":\"https:\/\/aldaia.es\/es\/#website\"},\"primaryImageOfPage\":{\"@id\":\"https:\/\/aldaia.es\/es\/cultura\/tama-teatro-auditorio\/programacion-del-tama-temporada-2023-2024\/#primaryimage\"},\"image\":{\"@id\":\"https:\/\/aldaia.es\/es\/cultura\/tama-teatro-auditorio\/programacion-del-tama-temporada-2023-2024\/#primaryimage\"},\"thumbnailUrl\":\"https:\/\/aldaia.es\/wp-content\/uploads\/2024\/04\/MEACNO_cartell-866x1024.jpg\",\"datePublished\":\"2024-09-13T08:41:54+00:00\",\"dateModified\":\"2024-09-17T14:10:51+00:00\",\"description\":\"Presentaci\u00f3n de los espect\u00e1culos realizados en el TAMA en la temporada 2023-24. Programaciones del teatro auditorio de Aldaia TAMA.\",\"breadcrumb\":{\"@id\":\"https:\/\/aldaia.es\/es\/cultura\/tama-teatro-auditorio\/programacion-del-tama-temporada-2023-2024\/#breadcrumb\"},\"inLanguage\":\"es\",\"potentialAction\":[{\"@type\":\"ReadAction\",\"target\":[\"https:\/\/aldaia.es\/es\/cultura\/tama-teatro-auditorio\/programacion-del-tama-temporada-2023-2024\/\"]}]},{\"@type\":\"ImageObject\",\"inLanguage\":\"es\",\"@id\":\"https:\/\/aldaia.es\/es\/cultura\/tama-teatro-auditorio\/programacion-del-tama-temporada-2023-2024\/#primaryimage\",\"url\":\"https:\/\/aldaia.es\/wp-content\/uploads\/2024\/04\/MEACNO_cartell-866x1024.jpg\",\"contentUrl\":\"https:\/\/aldaia.es\/wp-content\/uploads\/2024\/04\/MEACNO_cartell-866x1024.jpg\"},{\"@type\":\"BreadcrumbList\",\"@id\":\"https:\/\/aldaia.es\/es\/cultura\/tama-teatro-auditorio\/programacion-del-tama-temporada-2023-2024\/#breadcrumb\",\"itemListElement\":[{\"@type\":\"ListItem\",\"position\":1,\"name\":\"Portada\",\"item\":\"https:\/\/aldaia.es\/es\/\"},{\"@type\":\"ListItem\",\"position\":2,\"name\":\"Cultura\",\"item\":\"https:\/\/aldaia.es\/es\/cultura\/\"},{\"@type\":\"ListItem\",\"position\":3,\"name\":\"TAMA. Teatro Auditorio de Aldaia\",\"item\":\"https:\/\/aldaia.es\/es\/cultura\/tama-teatro-auditorio\/\"},{\"@type\":\"ListItem\",\"position\":4,\"name\":\"Programaci\u00f3n del TAMA \u2013 Temporada 2023 \u2013 2024\"}]},{\"@type\":\"WebSite\",\"@id\":\"https:\/\/aldaia.es\/es\/#website\",\"url\":\"https:\/\/aldaia.es\/es\/\",\"name\":\"Ajuntament D'Aldaia\",\"description\":\"\",\"publisher\":{\"@id\":\"https:\/\/aldaia.es\/es\/#organization\"},\"alternateName\":\"Ajuntament D'Aldaia\",\"potentialAction\":[{\"@type\":\"SearchAction\",\"target\":{\"@type\":\"EntryPoint\",\"urlTemplate\":\"https:\/\/aldaia.es\/es\/?s={search_term_string}\"},\"query-input\":{\"@type\":\"PropertyValueSpecification\",\"valueRequired\":true,\"valueName\":\"search_term_string\"}}],\"inLanguage\":\"es\"},{\"@type\":\"Organization\",\"@id\":\"https:\/\/aldaia.es\/es\/#organization\",\"name\":\"Ajuntament D'Aldaia\",\"url\":\"https:\/\/aldaia.es\/es\/\",\"logo\":{\"@type\":\"ImageObject\",\"inLanguage\":\"es\",\"@id\":\"https:\/\/aldaia.es\/es\/#\/schema\/logo\/image\/\",\"url\":\"https:\/\/aldaia.es\/wp-content\/uploads\/2022\/06\/aldaia-negro-1.png\",\"contentUrl\":\"https:\/\/aldaia.es\/wp-content\/uploads\/2022\/06\/aldaia-negro-1.png\",\"width\":152,\"height\":70,\"caption\":\"Ajuntament D'Aldaia\"},\"image\":{\"@id\":\"https:\/\/aldaia.es\/es\/#\/schema\/logo\/image\/\"}}]}<\/script>\n<!-- \/ Yoast SEO plugin. -->","yoast_head_json":{"title":"Programaci\u00f3n del TAMA \u2013 Temporada 2023 \u2013 2024 - Ayuntamiento de Aldaia","description":"Presentaci\u00f3n de los espect\u00e1culos realizados en el TAMA en la temporada 2023-24. Programaciones del teatro auditorio de Aldaia TAMA.","robots":{"index":"index","follow":"follow","max-snippet":"max-snippet:-1","max-image-preview":"max-image-preview:large","max-video-preview":"max-video-preview:-1"},"canonical":"https:\/\/aldaia.es\/es\/cultura\/tama-teatro-auditorio\/programacion-del-tama-temporada-2023-2024\/","og_locale":"es_ES","og_type":"article","og_title":"Programaci\u00f3n del TAMA \u2013 Temporada 2023 \u2013 2024 - Ayuntamiento de Aldaia","og_description":"Presentaci\u00f3n de los espect\u00e1culos realizados en el TAMA en la temporada 2023-24. Programaciones del teatro auditorio de Aldaia TAMA.","og_url":"https:\/\/aldaia.es\/es\/cultura\/tama-teatro-auditorio\/programacion-del-tama-temporada-2023-2024\/","og_site_name":"Ayuntamiento de Aldaia","article_modified_time":"2024-09-17T14:10:51+00:00","og_image":[{"url":"https:\/\/aldaia.es\/wp-content\/uploads\/2024\/04\/MEACNO_cartell-866x1024.jpg","type":"","width":"","height":""}],"schema":{"@context":"https:\/\/schema.org","@graph":[{"@type":"WebPage","@id":"https:\/\/aldaia.es\/es\/cultura\/tama-teatro-auditorio\/programacion-del-tama-temporada-2023-2024\/","url":"https:\/\/aldaia.es\/es\/cultura\/tama-teatro-auditorio\/programacion-del-tama-temporada-2023-2024\/","name":"Programaci\u00f3n del TAMA \u2013 Temporada 2023 \u2013 2024 - Ayuntamiento de Aldaia","isPartOf":{"@id":"https:\/\/aldaia.es\/es\/#website"},"primaryImageOfPage":{"@id":"https:\/\/aldaia.es\/es\/cultura\/tama-teatro-auditorio\/programacion-del-tama-temporada-2023-2024\/#primaryimage"},"image":{"@id":"https:\/\/aldaia.es\/es\/cultura\/tama-teatro-auditorio\/programacion-del-tama-temporada-2023-2024\/#primaryimage"},"thumbnailUrl":"https:\/\/aldaia.es\/wp-content\/uploads\/2024\/04\/MEACNO_cartell-866x1024.jpg","datePublished":"2024-09-13T08:41:54+00:00","dateModified":"2024-09-17T14:10:51+00:00","description":"Presentaci\u00f3n de los espect\u00e1culos realizados en el TAMA en la temporada 2023-24. Programaciones del teatro auditorio de Aldaia TAMA.","breadcrumb":{"@id":"https:\/\/aldaia.es\/es\/cultura\/tama-teatro-auditorio\/programacion-del-tama-temporada-2023-2024\/#breadcrumb"},"inLanguage":"es","potentialAction":[{"@type":"ReadAction","target":["https:\/\/aldaia.es\/es\/cultura\/tama-teatro-auditorio\/programacion-del-tama-temporada-2023-2024\/"]}]},{"@type":"ImageObject","inLanguage":"es","@id":"https:\/\/aldaia.es\/es\/cultura\/tama-teatro-auditorio\/programacion-del-tama-temporada-2023-2024\/#primaryimage","url":"https:\/\/aldaia.es\/wp-content\/uploads\/2024\/04\/MEACNO_cartell-866x1024.jpg","contentUrl":"https:\/\/aldaia.es\/wp-content\/uploads\/2024\/04\/MEACNO_cartell-866x1024.jpg"},{"@type":"BreadcrumbList","@id":"https:\/\/aldaia.es\/es\/cultura\/tama-teatro-auditorio\/programacion-del-tama-temporada-2023-2024\/#breadcrumb","itemListElement":[{"@type":"ListItem","position":1,"name":"Portada","item":"https:\/\/aldaia.es\/es\/"},{"@type":"ListItem","position":2,"name":"Cultura","item":"https:\/\/aldaia.es\/es\/cultura\/"},{"@type":"ListItem","position":3,"name":"TAMA. Teatro Auditorio de Aldaia","item":"https:\/\/aldaia.es\/es\/cultura\/tama-teatro-auditorio\/"},{"@type":"ListItem","position":4,"name":"Programaci\u00f3n del TAMA \u2013 Temporada 2023 \u2013 2024"}]},{"@type":"WebSite","@id":"https:\/\/aldaia.es\/es\/#website","url":"https:\/\/aldaia.es\/es\/","name":"Ajuntament D'Aldaia","description":"","publisher":{"@id":"https:\/\/aldaia.es\/es\/#organization"},"alternateName":"Ajuntament D'Aldaia","potentialAction":[{"@type":"SearchAction","target":{"@type":"EntryPoint","urlTemplate":"https:\/\/aldaia.es\/es\/?s={search_term_string}"},"query-input":{"@type":"PropertyValueSpecification","valueRequired":true,"valueName":"search_term_string"}}],"inLanguage":"es"},{"@type":"Organization","@id":"https:\/\/aldaia.es\/es\/#organization","name":"Ajuntament D'Aldaia","url":"https:\/\/aldaia.es\/es\/","logo":{"@type":"ImageObject","inLanguage":"es","@id":"https:\/\/aldaia.es\/es\/#\/schema\/logo\/image\/","url":"https:\/\/aldaia.es\/wp-content\/uploads\/2022\/06\/aldaia-negro-1.png","contentUrl":"https:\/\/aldaia.es\/wp-content\/uploads\/2022\/06\/aldaia-negro-1.png","width":152,"height":70,"caption":"Ajuntament D'Aldaia"},"image":{"@id":"https:\/\/aldaia.es\/es\/#\/schema\/logo\/image\/"}}]}},"_links":{"self":[{"href":"https:\/\/aldaia.es\/es\/wp-json\/wp\/v2\/pages\/31761","targetHints":{"allow":["GET"]}}],"collection":[{"href":"https:\/\/aldaia.es\/es\/wp-json\/wp\/v2\/pages"}],"about":[{"href":"https:\/\/aldaia.es\/es\/wp-json\/wp\/v2\/types\/page"}],"author":[{"embeddable":true,"href":"https:\/\/aldaia.es\/es\/wp-json\/wp\/v2\/users\/42"}],"replies":[{"embeddable":true,"href":"https:\/\/aldaia.es\/es\/wp-json\/wp\/v2\/comments?post=31761"}],"version-history":[{"count":25,"href":"https:\/\/aldaia.es\/es\/wp-json\/wp\/v2\/pages\/31761\/revisions"}],"predecessor-version":[{"id":32187,"href":"https:\/\/aldaia.es\/es\/wp-json\/wp\/v2\/pages\/31761\/revisions\/32187"}],"up":[{"embeddable":true,"href":"https:\/\/aldaia.es\/es\/wp-json\/wp\/v2\/pages\/6376"}],"wp:attachment":[{"href":"https:\/\/aldaia.es\/es\/wp-json\/wp\/v2\/media?parent=31761"}],"curies":[{"name":"wp","href":"https:\/\/api.w.org\/{rel}","templated":true}]}}