{"id":31918,"date":"2024-09-16T09:20:05","date_gmt":"2024-09-16T07:20:05","guid":{"rendered":"https:\/\/aldaia.es\/cultura\/art-estiu\/"},"modified":"2024-09-16T11:21:47","modified_gmt":"2024-09-16T09:21:47","slug":"art-estiu","status":"publish","type":"page","link":"https:\/\/aldaia.es\/es\/cultura\/art-estiu\/","title":{"rendered":"Art Estiu"},"content":{"rendered":"\n<div class=\"wp-block-columns dep-cultura is-layout-flex wp-container-core-columns-is-layout-9d6595d7 wp-block-columns-is-layout-flex\">\n<div class=\"wp-block-column is-layout-flow wp-block-column-is-layout-flow\">\n<h1 class=\"wp-block-heading\">Art Estiu 2024, talleres de verano de 6 a 14 a\u00f1os<\/h1>\n\n\n\n<div class=\"wp-block-columns is-layout-flex wp-container-core-columns-is-layout-9d6595d7 wp-block-columns-is-layout-flex\">\n<div class=\"wp-block-column is-layout-flow wp-block-column-is-layout-flow\" style=\"flex-basis:66.66%\">\n<h3 class=\"wp-block-heading\"><strong>\u00bfQu\u00e9 es?<\/strong><\/h3>\n\n\n\n<p>Iniciativa cultural del Ayuntamiento de Aldaia para los veranos.<\/p>\n\n\n\n<p>La iniciativa ArtEstiu 2024 tendr\u00e1 lugar del 1 al 31 de julio. As\u00ed, paralelamente a los campus de verano de car\u00e1cter deportivo, el Ayuntamiento de Aldaia a trav\u00e9s de la Concejal\u00eda de Cultura tendr\u00e1n lugar los talleres de teatro, danza, m\u00fasica i canto, adem\u00e1s de artes pl\u00e1sticas. Estas actividades se realizaran a la Casa de la M\u00fasica i se agrupan por quincenas (del 1 al 12 de julio, del 15 al 26 y una semana de conciliaci\u00f3n del 29 al 31. \u00a1Plazas limitadas!<\/p>\n\n\n\n<h3 class=\"wp-block-heading\"><strong>\u00bfPara qui\u00e9n son?<\/strong><\/h3>\n\n\n\n<p>Ni\u00f1os y ni\u00f1as de 6 a 14 a\u00f1os.<\/p>\n\n\n\n<h3 class=\"wp-block-heading\"><strong>V\u00eddeo presentaci\u00f3n<\/strong><\/h3>\n\n\n\n<iframe loading=\"lazy\" width=\"100%\" height=\"450\" src=\"https:\/\/www.youtube.com\/embed\/JhSjOyahc0w?si=L4O1El_acfc7CbQl\" title=\"YouTube video player\" frameborder=\"0\" allow=\"accelerometer; autoplay; clipboard-write; encrypted-media; gyroscope; picture-in-picture; web-share\" referrerpolicy=\"strict-origin-when-cross-origin\" allowfullscreen><\/iframe>\n<\/div>\n\n\n\n<div class=\"wp-block-column is-layout-flow wp-block-column-is-layout-flow\" style=\"flex-basis:33.33%\">\n<figure class=\"wp-block-image size-full\"><img loading=\"lazy\" decoding=\"async\" width=\"376\" height=\"531\" src=\"https:\/\/aldaia.es\/wp-content\/uploads\/2024\/09\/artestiu-aldaia-cartel24.jpg\" alt=\"Art Estiu\" class=\"wp-image-31907\" srcset=\"https:\/\/aldaia.es\/wp-content\/uploads\/2024\/09\/artestiu-aldaia-cartel24.jpg 376w, https:\/\/aldaia.es\/wp-content\/uploads\/2024\/09\/artestiu-aldaia-cartel24-212x300.jpg 212w, https:\/\/aldaia.es\/wp-content\/uploads\/2024\/09\/artestiu-aldaia-cartel24-150x212.jpg 150w, https:\/\/aldaia.es\/wp-content\/uploads\/2024\/09\/artestiu-aldaia-cartel24-300x424.jpg 300w\" sizes=\"auto, (max-width: 376px) 100vw, 376px\" \/><\/figure>\n<\/div>\n<\/div>\n<\/div>\n<\/div>\n\n\n\n<div class=\"wp-block-columns is-layout-flex wp-container-core-columns-is-layout-9d6595d7 wp-block-columns-is-layout-flex\">\n<div class=\"wp-block-column lista_adjuntos is-layout-flow wp-block-column-is-layout-flow\">\n<h2 class=\"wp-block-heading display-4\">Adjuntos<\/h2>\n\n\n\n<p><i class=\"fas fa-file-pdf\"><\/i> <a href=\"https:\/\/aldaia.es\/wp-content\/uploads\/2024\/05\/CAST_ART-ESTIU-2024_compressed.pdf\" target=\"_blank\" rel=\"noreferrer noopener\">Art Estiu 2024<\/a><\/p>\n<\/div>\n<\/div>\n\n\n\n<div class=\"wp-block-columns is-layout-flex wp-container-core-columns-is-layout-9d6595d7 wp-block-columns-is-layout-flex\">\n<div class=\"wp-block-column lista_adjuntos is-layout-flow wp-block-column-is-layout-flow\">\n<h2 class=\"wp-block-heading display-4\">Enlaces<\/h2>\n\n\n\n<p><i class=\"fas fa-link\"><\/i> <a href=\"https:\/\/aldaia.es\/es\/cultura\/\">Cultura<\/a><\/p>\n\n\n\n<p><i class=\"fas fa-link\"><\/i> <a href=\"https:\/\/aldaia.es\/joventut\/centre-sociocultural-matilde-salvador\/\">Centre Sociocultural Matilde Salvador<\/a><\/p>\n\n\n\n<p><i class=\"fas fa-link\"><\/i> <a href=\"https:\/\/aldaia.es\/cultura\/tama-teatre-auditori\/colors-festival-escenic-al-carrer\/\">Colors, Festival esc\u00e9nico en las calles<\/a><\/p>\n<\/div>\n<\/div>\n","protected":false},"excerpt":{"rendered":"<p>Art Estiu 2024, talleres de verano de 6 a 14 a\u00f1os \u00bfQu\u00e9 es? Iniciativa cultural del Ayuntamiento de Aldaia para los veranos. La iniciativa ArtEstiu 2024 tendr\u00e1 lugar del 1 <a class=\"text-decoration-none text-black\" href=\"https:\/\/aldaia.es\/es\/cultura\/art-estiu\/\"> &#8230; <\/a><\/p>\n","protected":false},"author":42,"featured_media":0,"parent":6238,"menu_order":0,"comment_status":"closed","ping_status":"closed","template":"basic-page-departamentos.php","meta":{"_acf_changed":false,"footnotes":""},"class_list":["post-31918","page","type-page","status-publish","hentry"],"acf":[],"yoast_head":"<!-- This site is optimized with the Yoast SEO plugin v27.0 - https:\/\/yoast.com\/product\/yoast-seo-wordpress\/ -->\n<title>Art Estiu talleres de verano de 6 a 14 a\u00f1os - Ayuntamiento de Aldaia<\/title>\n<meta name=\"description\" content=\"El Ayuntamiento de Aldaia propone talleres de teatro, danza, m\u00fasica y canto, adem\u00e1s de artes pl\u00e1sticas. Para ni\u00f1os de 6 a 14 a\u00f1os.\" \/>\n<meta name=\"robots\" content=\"index, follow, max-snippet:-1, max-image-preview:large, max-video-preview:-1\" \/>\n<link rel=\"canonical\" href=\"https:\/\/aldaia.es\/es\/cultura\/art-estiu\/\" \/>\n<meta property=\"og:locale\" content=\"es_ES\" \/>\n<meta property=\"og:type\" content=\"article\" \/>\n<meta property=\"og:title\" content=\"Art Estiu talleres de verano de 6 a 14 a\u00f1os - Ayuntamiento de Aldaia\" \/>\n<meta property=\"og:description\" content=\"El Ayuntamiento de Aldaia propone talleres de teatro, danza, m\u00fasica y canto, adem\u00e1s de artes pl\u00e1sticas. Para ni\u00f1os de 6 a 14 a\u00f1os.\" \/>\n<meta property=\"og:url\" content=\"https:\/\/aldaia.es\/es\/cultura\/art-estiu\/\" \/>\n<meta property=\"og:site_name\" content=\"Ayuntamiento de Aldaia\" \/>\n<meta property=\"article:modified_time\" content=\"2024-09-16T09:21:47+00:00\" \/>\n<meta property=\"og:image\" content=\"https:\/\/aldaia.es\/wp-content\/uploads\/2024\/09\/artestiu-aldaia-cartel24.jpg\" \/>\n<script type=\"application\/ld+json\" class=\"yoast-schema-graph\">{\"@context\":\"https:\/\/schema.org\",\"@graph\":[{\"@type\":\"WebPage\",\"@id\":\"https:\/\/aldaia.es\/es\/cultura\/art-estiu\/\",\"url\":\"https:\/\/aldaia.es\/es\/cultura\/art-estiu\/\",\"name\":\"Art Estiu talleres de verano de 6 a 14 a\u00f1os - Ayuntamiento de Aldaia\",\"isPartOf\":{\"@id\":\"https:\/\/aldaia.es\/es\/#website\"},\"primaryImageOfPage\":{\"@id\":\"https:\/\/aldaia.es\/es\/cultura\/art-estiu\/#primaryimage\"},\"image\":{\"@id\":\"https:\/\/aldaia.es\/es\/cultura\/art-estiu\/#primaryimage\"},\"thumbnailUrl\":\"https:\/\/aldaia.es\/wp-content\/uploads\/2024\/09\/artestiu-aldaia-cartel24.jpg\",\"datePublished\":\"2024-09-16T07:20:05+00:00\",\"dateModified\":\"2024-09-16T09:21:47+00:00\",\"description\":\"El Ayuntamiento de Aldaia propone talleres de teatro, danza, m\u00fasica y canto, adem\u00e1s de artes pl\u00e1sticas. Para ni\u00f1os de 6 a 14 a\u00f1os.\",\"breadcrumb\":{\"@id\":\"https:\/\/aldaia.es\/es\/cultura\/art-estiu\/#breadcrumb\"},\"inLanguage\":\"es\",\"potentialAction\":[{\"@type\":\"ReadAction\",\"target\":[\"https:\/\/aldaia.es\/es\/cultura\/art-estiu\/\"]}]},{\"@type\":\"ImageObject\",\"inLanguage\":\"es\",\"@id\":\"https:\/\/aldaia.es\/es\/cultura\/art-estiu\/#primaryimage\",\"url\":\"https:\/\/aldaia.es\/wp-content\/uploads\/2024\/09\/artestiu-aldaia-cartel24.jpg\",\"contentUrl\":\"https:\/\/aldaia.es\/wp-content\/uploads\/2024\/09\/artestiu-aldaia-cartel24.jpg\"},{\"@type\":\"BreadcrumbList\",\"@id\":\"https:\/\/aldaia.es\/es\/cultura\/art-estiu\/#breadcrumb\",\"itemListElement\":[{\"@type\":\"ListItem\",\"position\":1,\"name\":\"Portada\",\"item\":\"https:\/\/aldaia.es\/es\/\"},{\"@type\":\"ListItem\",\"position\":2,\"name\":\"Cultura\",\"item\":\"https:\/\/aldaia.es\/es\/cultura\/\"},{\"@type\":\"ListItem\",\"position\":3,\"name\":\"Art Estiu\"}]},{\"@type\":\"WebSite\",\"@id\":\"https:\/\/aldaia.es\/es\/#website\",\"url\":\"https:\/\/aldaia.es\/es\/\",\"name\":\"Ajuntament D'Aldaia\",\"description\":\"\",\"publisher\":{\"@id\":\"https:\/\/aldaia.es\/es\/#organization\"},\"alternateName\":\"Ajuntament D'Aldaia\",\"potentialAction\":[{\"@type\":\"SearchAction\",\"target\":{\"@type\":\"EntryPoint\",\"urlTemplate\":\"https:\/\/aldaia.es\/es\/?s={search_term_string}\"},\"query-input\":{\"@type\":\"PropertyValueSpecification\",\"valueRequired\":true,\"valueName\":\"search_term_string\"}}],\"inLanguage\":\"es\"},{\"@type\":\"Organization\",\"@id\":\"https:\/\/aldaia.es\/es\/#organization\",\"name\":\"Ajuntament D'Aldaia\",\"url\":\"https:\/\/aldaia.es\/es\/\",\"logo\":{\"@type\":\"ImageObject\",\"inLanguage\":\"es\",\"@id\":\"https:\/\/aldaia.es\/es\/#\/schema\/logo\/image\/\",\"url\":\"https:\/\/aldaia.es\/wp-content\/uploads\/2022\/06\/aldaia-negro-1.png\",\"contentUrl\":\"https:\/\/aldaia.es\/wp-content\/uploads\/2022\/06\/aldaia-negro-1.png\",\"width\":152,\"height\":70,\"caption\":\"Ajuntament D'Aldaia\"},\"image\":{\"@id\":\"https:\/\/aldaia.es\/es\/#\/schema\/logo\/image\/\"}}]}<\/script>\n<!-- \/ Yoast SEO plugin. -->","yoast_head_json":{"title":"Art Estiu talleres de verano de 6 a 14 a\u00f1os - Ayuntamiento de Aldaia","description":"El Ayuntamiento de Aldaia propone talleres de teatro, danza, m\u00fasica y canto, adem\u00e1s de artes pl\u00e1sticas. Para ni\u00f1os de 6 a 14 a\u00f1os.","robots":{"index":"index","follow":"follow","max-snippet":"max-snippet:-1","max-image-preview":"max-image-preview:large","max-video-preview":"max-video-preview:-1"},"canonical":"https:\/\/aldaia.es\/es\/cultura\/art-estiu\/","og_locale":"es_ES","og_type":"article","og_title":"Art Estiu talleres de verano de 6 a 14 a\u00f1os - Ayuntamiento de Aldaia","og_description":"El Ayuntamiento de Aldaia propone talleres de teatro, danza, m\u00fasica y canto, adem\u00e1s de artes pl\u00e1sticas. Para ni\u00f1os de 6 a 14 a\u00f1os.","og_url":"https:\/\/aldaia.es\/es\/cultura\/art-estiu\/","og_site_name":"Ayuntamiento de Aldaia","article_modified_time":"2024-09-16T09:21:47+00:00","og_image":[{"url":"https:\/\/aldaia.es\/wp-content\/uploads\/2024\/09\/artestiu-aldaia-cartel24.jpg","type":"","width":"","height":""}],"schema":{"@context":"https:\/\/schema.org","@graph":[{"@type":"WebPage","@id":"https:\/\/aldaia.es\/es\/cultura\/art-estiu\/","url":"https:\/\/aldaia.es\/es\/cultura\/art-estiu\/","name":"Art Estiu talleres de verano de 6 a 14 a\u00f1os - Ayuntamiento de Aldaia","isPartOf":{"@id":"https:\/\/aldaia.es\/es\/#website"},"primaryImageOfPage":{"@id":"https:\/\/aldaia.es\/es\/cultura\/art-estiu\/#primaryimage"},"image":{"@id":"https:\/\/aldaia.es\/es\/cultura\/art-estiu\/#primaryimage"},"thumbnailUrl":"https:\/\/aldaia.es\/wp-content\/uploads\/2024\/09\/artestiu-aldaia-cartel24.jpg","datePublished":"2024-09-16T07:20:05+00:00","dateModified":"2024-09-16T09:21:47+00:00","description":"El Ayuntamiento de Aldaia propone talleres de teatro, danza, m\u00fasica y canto, adem\u00e1s de artes pl\u00e1sticas. Para ni\u00f1os de 6 a 14 a\u00f1os.","breadcrumb":{"@id":"https:\/\/aldaia.es\/es\/cultura\/art-estiu\/#breadcrumb"},"inLanguage":"es","potentialAction":[{"@type":"ReadAction","target":["https:\/\/aldaia.es\/es\/cultura\/art-estiu\/"]}]},{"@type":"ImageObject","inLanguage":"es","@id":"https:\/\/aldaia.es\/es\/cultura\/art-estiu\/#primaryimage","url":"https:\/\/aldaia.es\/wp-content\/uploads\/2024\/09\/artestiu-aldaia-cartel24.jpg","contentUrl":"https:\/\/aldaia.es\/wp-content\/uploads\/2024\/09\/artestiu-aldaia-cartel24.jpg"},{"@type":"BreadcrumbList","@id":"https:\/\/aldaia.es\/es\/cultura\/art-estiu\/#breadcrumb","itemListElement":[{"@type":"ListItem","position":1,"name":"Portada","item":"https:\/\/aldaia.es\/es\/"},{"@type":"ListItem","position":2,"name":"Cultura","item":"https:\/\/aldaia.es\/es\/cultura\/"},{"@type":"ListItem","position":3,"name":"Art Estiu"}]},{"@type":"WebSite","@id":"https:\/\/aldaia.es\/es\/#website","url":"https:\/\/aldaia.es\/es\/","name":"Ajuntament D'Aldaia","description":"","publisher":{"@id":"https:\/\/aldaia.es\/es\/#organization"},"alternateName":"Ajuntament D'Aldaia","potentialAction":[{"@type":"SearchAction","target":{"@type":"EntryPoint","urlTemplate":"https:\/\/aldaia.es\/es\/?s={search_term_string}"},"query-input":{"@type":"PropertyValueSpecification","valueRequired":true,"valueName":"search_term_string"}}],"inLanguage":"es"},{"@type":"Organization","@id":"https:\/\/aldaia.es\/es\/#organization","name":"Ajuntament D'Aldaia","url":"https:\/\/aldaia.es\/es\/","logo":{"@type":"ImageObject","inLanguage":"es","@id":"https:\/\/aldaia.es\/es\/#\/schema\/logo\/image\/","url":"https:\/\/aldaia.es\/wp-content\/uploads\/2022\/06\/aldaia-negro-1.png","contentUrl":"https:\/\/aldaia.es\/wp-content\/uploads\/2022\/06\/aldaia-negro-1.png","width":152,"height":70,"caption":"Ajuntament D'Aldaia"},"image":{"@id":"https:\/\/aldaia.es\/es\/#\/schema\/logo\/image\/"}}]}},"_links":{"self":[{"href":"https:\/\/aldaia.es\/es\/wp-json\/wp\/v2\/pages\/31918","targetHints":{"allow":["GET"]}}],"collection":[{"href":"https:\/\/aldaia.es\/es\/wp-json\/wp\/v2\/pages"}],"about":[{"href":"https:\/\/aldaia.es\/es\/wp-json\/wp\/v2\/types\/page"}],"author":[{"embeddable":true,"href":"https:\/\/aldaia.es\/es\/wp-json\/wp\/v2\/users\/42"}],"replies":[{"embeddable":true,"href":"https:\/\/aldaia.es\/es\/wp-json\/wp\/v2\/comments?post=31918"}],"version-history":[{"count":13,"href":"https:\/\/aldaia.es\/es\/wp-json\/wp\/v2\/pages\/31918\/revisions"}],"predecessor-version":[{"id":32021,"href":"https:\/\/aldaia.es\/es\/wp-json\/wp\/v2\/pages\/31918\/revisions\/32021"}],"up":[{"embeddable":true,"href":"https:\/\/aldaia.es\/es\/wp-json\/wp\/v2\/pages\/6238"}],"wp:attachment":[{"href":"https:\/\/aldaia.es\/es\/wp-json\/wp\/v2\/media?parent=31918"}],"curies":[{"name":"wp","href":"https:\/\/api.w.org\/{rel}","templated":true}]}}