{"id":31945,"date":"2024-09-16T10:04:56","date_gmt":"2024-09-16T08:04:56","guid":{"rendered":"https:\/\/aldaia.es\/?page_id=31945"},"modified":"2024-09-16T10:20:06","modified_gmt":"2024-09-16T08:20:06","slug":"ano-estelles-en-los-pueblos","status":"publish","type":"page","link":"https:\/\/aldaia.es\/es\/cultura\/ano-estelles-en-los-pueblos\/","title":{"rendered":"A\u00f1o Estell\u00e9s en los pueblos"},"content":{"rendered":"\n<figure class=\"wp-block-image size-large\"><img loading=\"lazy\" decoding=\"async\" width=\"1024\" height=\"237\" src=\"https:\/\/aldaia.es\/wp-content\/uploads\/2024\/02\/any-estelles-2024-1024x237.jpg\" alt=\"Any Estell\u00e9s\" class=\"wp-image-23623\" srcset=\"https:\/\/aldaia.es\/wp-content\/uploads\/2024\/02\/any-estelles-2024-1024x237.jpg 1024w, https:\/\/aldaia.es\/wp-content\/uploads\/2024\/02\/any-estelles-2024-300x69.jpg 300w, https:\/\/aldaia.es\/wp-content\/uploads\/2024\/02\/any-estelles-2024-768x178.jpg 768w, https:\/\/aldaia.es\/wp-content\/uploads\/2024\/02\/any-estelles-2024-150x35.jpg 150w, https:\/\/aldaia.es\/wp-content\/uploads\/2024\/02\/any-estelles-2024-696x161.jpg 696w, https:\/\/aldaia.es\/wp-content\/uploads\/2024\/02\/any-estelles-2024-1068x247.jpg 1068w, https:\/\/aldaia.es\/wp-content\/uploads\/2024\/02\/any-estelles-2024.jpg 1440w\" sizes=\"auto, (max-width: 1024px) 100vw, 1024px\" \/><\/figure>\n\n\n\n<div class=\"wp-block-columns dep-cultura is-layout-flex wp-container-core-columns-is-layout-9d6595d7 wp-block-columns-is-layout-flex\">\n<div class=\"wp-block-column is-layout-flow wp-block-column-is-layout-flow\">\n<h1 class=\"wp-block-heading\">A\u00f1o Estell\u00e9s en los pueblos, 1924 &#8211; 2024<\/h1>\n\n\n\n<h3 class=\"wp-block-heading\">PRESENTACI\u00d3N \u2013 NOTA DE PRENSA<br>PROYECTO ESTELL\u00c9S EN LOS PUEBLOS. 2024<\/h3>\n\n\n\n<p>40 pueblos y 3 Universidades de la Comunidad, nos hemos declarado admiradores del poeta y una vez m\u00e1s nos unimos creando una red por todo el territorio de nuestro pa\u00eds, con el objetivo de conmemorar el centenario del nacimiento de Vicent Andr\u00e9s Estell\u00e9s.<\/p>\n\n\n\n<p>Vicent Andr\u00e9s Estell\u00e9s naci\u00f3 en Burjassot el 4 de septiembre de 1924 y muri\u00f3 en Valencia el 27 de marzo de 1993. Fue periodista, escritor y uno de los mayores poetas valencianos del siglo XX y de los m\u00e1s reconocidos al valenciano. Considerado el principal renovador de la poes\u00eda valenciana contempor\u00e1nea, de \u00e9l se ha dicho que es el mejor poeta valenciano desde la \u00e9poca de Ausi\u00e0s March y Joan Ro\u00eds de Corella.<\/p>\n\n\n\n<p>Tanto Burjassot, municipio que hoy nos acoge, como el resto de municipios presentes sentimos un gran aprecio por nuestra cultura y nuestra lengua y lo hacemos patente homenajeando a ESTELL\u00c8S, poeta del pueblo al a\u00f1o de su centenario. Somos sabedores de que Estell\u00e9s es el poeta valenciano m\u00e1s prol\u00edfico, m\u00e1s le\u00eddo y m\u00e1s popular de todos los tiempos. Con el paso de los a\u00f1os, su voz se ha convertido en legendaria entre nosotros.<\/p>\n\n\n\n<p>Por eso los Ayuntamientos tomamos la iniciativa para reivindicar nuestra cultura, la ama nuestra lengua y la defensa de una forma de vida plena al valenciano, mediante la figura de Estell\u00e9s. Tambi\u00e9n paralelamente con nosotros, pero con la misma finalidad, PRO FUNDACI\u00d3N VICENT ANDR\u00c9S ESTELL\u00c9S, formada por una decena de entidades culturales, est\u00e1n trabajando con la campa\u00f1a CENT ESTELL\u00c8S, para que las actividades del a\u00f1o 2024 el a\u00f1o ESTELL\u00c8S lleguen a cada uno de los barrios y de cada pueblo, consiguiendo as\u00ed entre todos llenar el pa\u00eds de ESTELL\u00c8S.<\/p>\n\n\n\n<p>Este inter\u00e9s y respeto por nuestro querido poeta, he hecho que los 40 municipios y las 3 Universidades nos reuniremos y empezamos a trabajar para llenar nuestros pueblos de actividades de todo tipo, como conciertos, teatro, danza, lecturas, recitales, audiovisuales, exposiciones, etc. Con dos premisas de partida. Por un lado, respetando la autonom\u00eda de cada Ayuntamiento para que desarrollen las actividades que tengan costumbre y presupuestariamente siguen factibles as\u00ed como que integren y hagan part\u00edcipes a todas las entidades y asociaciones de cada municipio para dinamizar culturalmente este evento; y, por otra parte, estamos gestando algunas actividades conjuntas que daremos a conocer y que vertebraran nuestro territorio y nuestras comarcas incluyendo tambi\u00e9n el \u00e1mbito territorial valenciano castellanohablante que; hablamos, vivimos, nos expresamos y<br>amamos a la misma lengua. Todo esto agrupado bajo la marca ESTRELLAS EN LOS PUEBLOS y el logotipo que aqu\u00ed presentamos.<\/p>\n\n\n\n<p>Con los t\u00edtulos ESTELL\u00c9S EN LOS PUEBLOS, ESTELL\u00c9S EN EL PA\u00cdS Y ESTELL\u00c9S EN LAS REDES hemos querido agrupar tres l\u00edneas de trabajo, que despu\u00e9s explicaremos y que ser\u00e1n los paraguas de las diferentes actividades que vamos a desarrollar, as\u00ed como hemos empleado una metodolog\u00eda y unas herramientas de trabajo que nos dar\u00e1n soporte, agilidad y firmeza a nuestras acciones.<br>Para poner en marcha la invitaci\u00f3n a los ayuntamientos participantes a aprobar en cada uno de los plenarios municipales una moci\u00f3n para declarar el a\u00f1o CULTURAL ESTELL\u00c8S y dar impulso administrativo e institucional al proyecto.<\/p>\n\n\n\n<p>Aielo de Malferit, Alboraya, Alcoy, Aldaia, Algemes\u00ed, Alzira, Ba\u00f1eras de Mariola, Benifai\u00f3, Bocairent, Burjassot, Carcaixent, Castell\u00f3n, Corbera, Denia, Gand\u00eda, El Genov\u00e9s, L&#8217;Eliana, Ll\u00edria, Manises, Moncada, Mon\u00f3var, &#8216; Olleria, Ondara, Paiporta, Petrer, Picanya, Picassent, Potries, Puig de Santa Mar\u00eda, Cuarto de Poblet, Sagunto, Santa Pola, Silla, Sueca, Universidad de Alicante, Universidad Jaume I de Castell\u00f3n, Universidad de Valencia, Vall d &#8216;Uix\u00f3, Vilafranca, Villena, Vinar\u00f2s y X\u00e0tiva somos los Ayuntamientos que lo integramos.<\/p>\n\n\n\n<p>Y que mejor que seguir con palabras del poeta\u2026.<br>\u00ab\u2026las manos del pueblo se pasaban una rosa de papel\u00bb<\/p>\n\n\n\n<p>Primera reuni\u00f3n del Proyecto ESTELL\u00c9S EN LOS PUEBLOS 2024 en Burjassot el 22 de enero de 2024.<\/p>\n<\/div>\n<\/div>\n\n\n\n<div class=\"wp-block-columns is-layout-flex wp-container-core-columns-is-layout-9d6595d7 wp-block-columns-is-layout-flex\">\n<div class=\"wp-block-column is-layout-flow wp-block-column-is-layout-flow\">\n<h2 class=\"wp-block-heading display-4\">Homenaje al centenario del nacimiento de Vicent Andr\u00e9s Estell\u00e9s<\/h2>\n\n\n\n<iframe loading=\"lazy\" width=\"100%\" height=\"550\" src=\"https:\/\/www.youtube.com\/embed\/Ru4kxKXnFPY?si=Hw4TYNDYpa7Pipwu\" title=\"YouTube video player\" frameborder=\"0\" allow=\"accelerometer; autoplay; clipboard-write; encrypted-media; gyroscope; picture-in-picture; web-share\" referrerpolicy=\"strict-origin-when-cross-origin\" allowfullscreen><\/iframe>\n<\/div>\n<\/div>\n\n\n\n<div class=\"wp-block-columns is-layout-flex wp-container-core-columns-is-layout-9d6595d7 wp-block-columns-is-layout-flex\">\n<div class=\"wp-block-column lista_adjuntos is-layout-flow wp-block-column-is-layout-flow\">\n<h2 class=\"wp-block-heading display-4\">Enlaces<\/h2>\n\n\n\n<p><i class=\"fas fa-link\"><\/i> <a href=\"https:\/\/aldaia.es\/es\/cultura\/\">Cultura<\/a><\/p>\n\n\n\n<p><i class=\"fas fa-link\"><\/i> <a href=\"https:\/\/aldaia.es\/joventut\/centre-sociocultural-matilde-salvador\/\">Centre Sociocultural Matilde Salvador<\/a><\/p>\n\n\n\n<p><i class=\"fas fa-link\"><\/i> <a href=\"https:\/\/aldaia.es\/cultura\/tama-teatre-auditori\/colors-festival-escenic-al-carrer\/\">Colors, Festival esc\u00e9nico en las calles<\/a><\/p>\n<\/div>\n<\/div>\n\n\n\n<p><\/p>\n","protected":false},"excerpt":{"rendered":"<p>A\u00f1o Estell\u00e9s en los pueblos, 1924 &#8211; 2024 PRESENTACI\u00d3N \u2013 NOTA DE PRENSAPROYECTO ESTELL\u00c9S EN LOS PUEBLOS. 2024 40 pueblos y 3 Universidades de la Comunidad, nos hemos declarado admiradores <a class=\"text-decoration-none text-black\" href=\"https:\/\/aldaia.es\/es\/cultura\/ano-estelles-en-los-pueblos\/\"> &#8230; <\/a><\/p>\n","protected":false},"author":42,"featured_media":0,"parent":6238,"menu_order":0,"comment_status":"closed","ping_status":"closed","template":"basic-page-departamentos.php","meta":{"_acf_changed":false,"footnotes":""},"class_list":["post-31945","page","type-page","status-publish","hentry"],"acf":[],"yoast_head":"<!-- This site is optimized with the Yoast SEO plugin v27.0 - https:\/\/yoast.com\/product\/yoast-seo-wordpress\/ -->\n<title>A\u00f1o Estell\u00e9s en los pueblos - Ayuntamiento de Aldaia<\/title>\n<meta name=\"description\" content=\"Homenajes al centenario del nacimiento de Vicent Andr\u00e9s Estell\u00e9s en 40 pueblos y 3 Universidades de la Comunitat Valenciana.\" \/>\n<meta name=\"robots\" content=\"index, follow, max-snippet:-1, max-image-preview:large, max-video-preview:-1\" \/>\n<link rel=\"canonical\" href=\"https:\/\/aldaia.es\/es\/cultura\/ano-estelles-en-los-pueblos\/\" \/>\n<meta property=\"og:locale\" content=\"es_ES\" \/>\n<meta property=\"og:type\" content=\"article\" \/>\n<meta property=\"og:title\" content=\"A\u00f1o Estell\u00e9s en los pueblos - Ayuntamiento de Aldaia\" \/>\n<meta property=\"og:description\" content=\"Homenajes al centenario del nacimiento de Vicent Andr\u00e9s Estell\u00e9s en 40 pueblos y 3 Universidades de la Comunitat Valenciana.\" \/>\n<meta property=\"og:url\" content=\"https:\/\/aldaia.es\/es\/cultura\/ano-estelles-en-los-pueblos\/\" \/>\n<meta property=\"og:site_name\" content=\"Ayuntamiento de Aldaia\" \/>\n<meta property=\"article:modified_time\" content=\"2024-09-16T08:20:06+00:00\" \/>\n<meta property=\"og:image\" content=\"https:\/\/aldaia.es\/wp-content\/uploads\/2024\/02\/any-estelles-2024-1024x237.jpg\" \/>\n<script type=\"application\/ld+json\" class=\"yoast-schema-graph\">{\"@context\":\"https:\/\/schema.org\",\"@graph\":[{\"@type\":\"WebPage\",\"@id\":\"https:\/\/aldaia.es\/es\/cultura\/ano-estelles-en-los-pueblos\/\",\"url\":\"https:\/\/aldaia.es\/es\/cultura\/ano-estelles-en-los-pueblos\/\",\"name\":\"A\u00f1o Estell\u00e9s en los pueblos - Ayuntamiento de Aldaia\",\"isPartOf\":{\"@id\":\"https:\/\/aldaia.es\/es\/#website\"},\"primaryImageOfPage\":{\"@id\":\"https:\/\/aldaia.es\/es\/cultura\/ano-estelles-en-los-pueblos\/#primaryimage\"},\"image\":{\"@id\":\"https:\/\/aldaia.es\/es\/cultura\/ano-estelles-en-los-pueblos\/#primaryimage\"},\"thumbnailUrl\":\"https:\/\/aldaia.es\/wp-content\/uploads\/2024\/02\/any-estelles-2024-1024x237.jpg\",\"datePublished\":\"2024-09-16T08:04:56+00:00\",\"dateModified\":\"2024-09-16T08:20:06+00:00\",\"description\":\"Homenajes al centenario del nacimiento de Vicent Andr\u00e9s Estell\u00e9s en 40 pueblos y 3 Universidades de la Comunitat Valenciana.\",\"breadcrumb\":{\"@id\":\"https:\/\/aldaia.es\/es\/cultura\/ano-estelles-en-los-pueblos\/#breadcrumb\"},\"inLanguage\":\"es\",\"potentialAction\":[{\"@type\":\"ReadAction\",\"target\":[\"https:\/\/aldaia.es\/es\/cultura\/ano-estelles-en-los-pueblos\/\"]}]},{\"@type\":\"ImageObject\",\"inLanguage\":\"es\",\"@id\":\"https:\/\/aldaia.es\/es\/cultura\/ano-estelles-en-los-pueblos\/#primaryimage\",\"url\":\"https:\/\/aldaia.es\/wp-content\/uploads\/2024\/02\/any-estelles-2024-1024x237.jpg\",\"contentUrl\":\"https:\/\/aldaia.es\/wp-content\/uploads\/2024\/02\/any-estelles-2024-1024x237.jpg\"},{\"@type\":\"BreadcrumbList\",\"@id\":\"https:\/\/aldaia.es\/es\/cultura\/ano-estelles-en-los-pueblos\/#breadcrumb\",\"itemListElement\":[{\"@type\":\"ListItem\",\"position\":1,\"name\":\"Portada\",\"item\":\"https:\/\/aldaia.es\/es\/\"},{\"@type\":\"ListItem\",\"position\":2,\"name\":\"Cultura\",\"item\":\"https:\/\/aldaia.es\/es\/cultura\/\"},{\"@type\":\"ListItem\",\"position\":3,\"name\":\"A\u00f1o Estell\u00e9s en los pueblos\"}]},{\"@type\":\"WebSite\",\"@id\":\"https:\/\/aldaia.es\/es\/#website\",\"url\":\"https:\/\/aldaia.es\/es\/\",\"name\":\"Ajuntament D'Aldaia\",\"description\":\"\",\"publisher\":{\"@id\":\"https:\/\/aldaia.es\/es\/#organization\"},\"alternateName\":\"Ajuntament D'Aldaia\",\"potentialAction\":[{\"@type\":\"SearchAction\",\"target\":{\"@type\":\"EntryPoint\",\"urlTemplate\":\"https:\/\/aldaia.es\/es\/?s={search_term_string}\"},\"query-input\":{\"@type\":\"PropertyValueSpecification\",\"valueRequired\":true,\"valueName\":\"search_term_string\"}}],\"inLanguage\":\"es\"},{\"@type\":\"Organization\",\"@id\":\"https:\/\/aldaia.es\/es\/#organization\",\"name\":\"Ajuntament D'Aldaia\",\"url\":\"https:\/\/aldaia.es\/es\/\",\"logo\":{\"@type\":\"ImageObject\",\"inLanguage\":\"es\",\"@id\":\"https:\/\/aldaia.es\/es\/#\/schema\/logo\/image\/\",\"url\":\"https:\/\/aldaia.es\/wp-content\/uploads\/2022\/06\/aldaia-negro-1.png\",\"contentUrl\":\"https:\/\/aldaia.es\/wp-content\/uploads\/2022\/06\/aldaia-negro-1.png\",\"width\":152,\"height\":70,\"caption\":\"Ajuntament D'Aldaia\"},\"image\":{\"@id\":\"https:\/\/aldaia.es\/es\/#\/schema\/logo\/image\/\"}}]}<\/script>\n<!-- \/ Yoast SEO plugin. -->","yoast_head_json":{"title":"A\u00f1o Estell\u00e9s en los pueblos - Ayuntamiento de Aldaia","description":"Homenajes al centenario del nacimiento de Vicent Andr\u00e9s Estell\u00e9s en 40 pueblos y 3 Universidades de la Comunitat Valenciana.","robots":{"index":"index","follow":"follow","max-snippet":"max-snippet:-1","max-image-preview":"max-image-preview:large","max-video-preview":"max-video-preview:-1"},"canonical":"https:\/\/aldaia.es\/es\/cultura\/ano-estelles-en-los-pueblos\/","og_locale":"es_ES","og_type":"article","og_title":"A\u00f1o Estell\u00e9s en los pueblos - Ayuntamiento de Aldaia","og_description":"Homenajes al centenario del nacimiento de Vicent Andr\u00e9s Estell\u00e9s en 40 pueblos y 3 Universidades de la Comunitat Valenciana.","og_url":"https:\/\/aldaia.es\/es\/cultura\/ano-estelles-en-los-pueblos\/","og_site_name":"Ayuntamiento de Aldaia","article_modified_time":"2024-09-16T08:20:06+00:00","og_image":[{"url":"https:\/\/aldaia.es\/wp-content\/uploads\/2024\/02\/any-estelles-2024-1024x237.jpg","type":"","width":"","height":""}],"schema":{"@context":"https:\/\/schema.org","@graph":[{"@type":"WebPage","@id":"https:\/\/aldaia.es\/es\/cultura\/ano-estelles-en-los-pueblos\/","url":"https:\/\/aldaia.es\/es\/cultura\/ano-estelles-en-los-pueblos\/","name":"A\u00f1o Estell\u00e9s en los pueblos - Ayuntamiento de Aldaia","isPartOf":{"@id":"https:\/\/aldaia.es\/es\/#website"},"primaryImageOfPage":{"@id":"https:\/\/aldaia.es\/es\/cultura\/ano-estelles-en-los-pueblos\/#primaryimage"},"image":{"@id":"https:\/\/aldaia.es\/es\/cultura\/ano-estelles-en-los-pueblos\/#primaryimage"},"thumbnailUrl":"https:\/\/aldaia.es\/wp-content\/uploads\/2024\/02\/any-estelles-2024-1024x237.jpg","datePublished":"2024-09-16T08:04:56+00:00","dateModified":"2024-09-16T08:20:06+00:00","description":"Homenajes al centenario del nacimiento de Vicent Andr\u00e9s Estell\u00e9s en 40 pueblos y 3 Universidades de la Comunitat Valenciana.","breadcrumb":{"@id":"https:\/\/aldaia.es\/es\/cultura\/ano-estelles-en-los-pueblos\/#breadcrumb"},"inLanguage":"es","potentialAction":[{"@type":"ReadAction","target":["https:\/\/aldaia.es\/es\/cultura\/ano-estelles-en-los-pueblos\/"]}]},{"@type":"ImageObject","inLanguage":"es","@id":"https:\/\/aldaia.es\/es\/cultura\/ano-estelles-en-los-pueblos\/#primaryimage","url":"https:\/\/aldaia.es\/wp-content\/uploads\/2024\/02\/any-estelles-2024-1024x237.jpg","contentUrl":"https:\/\/aldaia.es\/wp-content\/uploads\/2024\/02\/any-estelles-2024-1024x237.jpg"},{"@type":"BreadcrumbList","@id":"https:\/\/aldaia.es\/es\/cultura\/ano-estelles-en-los-pueblos\/#breadcrumb","itemListElement":[{"@type":"ListItem","position":1,"name":"Portada","item":"https:\/\/aldaia.es\/es\/"},{"@type":"ListItem","position":2,"name":"Cultura","item":"https:\/\/aldaia.es\/es\/cultura\/"},{"@type":"ListItem","position":3,"name":"A\u00f1o Estell\u00e9s en los pueblos"}]},{"@type":"WebSite","@id":"https:\/\/aldaia.es\/es\/#website","url":"https:\/\/aldaia.es\/es\/","name":"Ajuntament D'Aldaia","description":"","publisher":{"@id":"https:\/\/aldaia.es\/es\/#organization"},"alternateName":"Ajuntament D'Aldaia","potentialAction":[{"@type":"SearchAction","target":{"@type":"EntryPoint","urlTemplate":"https:\/\/aldaia.es\/es\/?s={search_term_string}"},"query-input":{"@type":"PropertyValueSpecification","valueRequired":true,"valueName":"search_term_string"}}],"inLanguage":"es"},{"@type":"Organization","@id":"https:\/\/aldaia.es\/es\/#organization","name":"Ajuntament D'Aldaia","url":"https:\/\/aldaia.es\/es\/","logo":{"@type":"ImageObject","inLanguage":"es","@id":"https:\/\/aldaia.es\/es\/#\/schema\/logo\/image\/","url":"https:\/\/aldaia.es\/wp-content\/uploads\/2022\/06\/aldaia-negro-1.png","contentUrl":"https:\/\/aldaia.es\/wp-content\/uploads\/2022\/06\/aldaia-negro-1.png","width":152,"height":70,"caption":"Ajuntament D'Aldaia"},"image":{"@id":"https:\/\/aldaia.es\/es\/#\/schema\/logo\/image\/"}}]}},"_links":{"self":[{"href":"https:\/\/aldaia.es\/es\/wp-json\/wp\/v2\/pages\/31945","targetHints":{"allow":["GET"]}}],"collection":[{"href":"https:\/\/aldaia.es\/es\/wp-json\/wp\/v2\/pages"}],"about":[{"href":"https:\/\/aldaia.es\/es\/wp-json\/wp\/v2\/types\/page"}],"author":[{"embeddable":true,"href":"https:\/\/aldaia.es\/es\/wp-json\/wp\/v2\/users\/42"}],"replies":[{"embeddable":true,"href":"https:\/\/aldaia.es\/es\/wp-json\/wp\/v2\/comments?post=31945"}],"version-history":[{"count":5,"href":"https:\/\/aldaia.es\/es\/wp-json\/wp\/v2\/pages\/31945\/revisions"}],"predecessor-version":[{"id":31966,"href":"https:\/\/aldaia.es\/es\/wp-json\/wp\/v2\/pages\/31945\/revisions\/31966"}],"up":[{"embeddable":true,"href":"https:\/\/aldaia.es\/es\/wp-json\/wp\/v2\/pages\/6238"}],"wp:attachment":[{"href":"https:\/\/aldaia.es\/es\/wp-json\/wp\/v2\/media?parent=31945"}],"curies":[{"name":"wp","href":"https:\/\/api.w.org\/{rel}","templated":true}]}}