{"id":32815,"date":"2024-09-23T10:47:30","date_gmt":"2024-09-23T08:47:30","guid":{"rendered":"https:\/\/aldaia.es\/juventud\/galeria-imatges-espais-gent-jove\/"},"modified":"2024-09-23T10:51:38","modified_gmt":"2024-09-23T08:51:38","slug":"galeria-imatges-espais-gent-jove","status":"publish","type":"page","link":"https:\/\/aldaia.es\/es\/juventud\/galeria-imatges-espais-gent-jove\/","title":{"rendered":"Galer\u00eda im\u00e1genes Espacios Gent Jove"},"content":{"rendered":"\n<div class=\"wp-block-columns dep-juventud is-layout-flex wp-container-core-columns-is-layout-9d6595d7 wp-block-columns-is-layout-flex\">\n<div class=\"wp-block-column is-layout-flow wp-block-column-is-layout-flow\">\n<h1 class=\"wp-block-heading\">Galer\u00eda im\u00e1genes Espacios Gent Jove <\/h1>\n\n\n\n<p>Presentaci\u00f3n de los espacios Gent Jove y Centro Matilde Salvador.<\/p>\n\n\n\n<figure class=\"wp-block-gallery has-nested-images columns-default is-cropped wp-block-gallery-1 is-layout-flex wp-block-gallery-is-layout-flex\">\n<figure class=\"wp-block-image\"><a href=\"https:\/\/aldaia.es\/wp-content\/uploads\/2024\/09\/joventut-aldaia-edifici-gent-jove.webp\" target=\"_blank\" rel=\"noopener\"><img loading=\"lazy\" decoding=\"async\" width=\"2000\" height=\"1333\" data-id=\"32773\" src=\"https:\/\/aldaia.es\/wp-content\/uploads\/2024\/09\/joventut-aldaia-edifici-gent-jove.webp\" alt=\"\" class=\"wp-image-32773\" srcset=\"https:\/\/aldaia.es\/wp-content\/uploads\/2024\/09\/joventut-aldaia-edifici-gent-jove.webp 2000w, https:\/\/aldaia.es\/wp-content\/uploads\/2024\/09\/joventut-aldaia-edifici-gent-jove-300x200.webp 300w, https:\/\/aldaia.es\/wp-content\/uploads\/2024\/09\/joventut-aldaia-edifici-gent-jove-1024x682.webp 1024w, https:\/\/aldaia.es\/wp-content\/uploads\/2024\/09\/joventut-aldaia-edifici-gent-jove-768x512.webp 768w, https:\/\/aldaia.es\/wp-content\/uploads\/2024\/09\/joventut-aldaia-edifici-gent-jove-1536x1024.webp 1536w, https:\/\/aldaia.es\/wp-content\/uploads\/2024\/09\/joventut-aldaia-edifici-gent-jove-150x100.webp 150w, https:\/\/aldaia.es\/wp-content\/uploads\/2024\/09\/joventut-aldaia-edifici-gent-jove-696x464.webp 696w, https:\/\/aldaia.es\/wp-content\/uploads\/2024\/09\/joventut-aldaia-edifici-gent-jove-1068x712.webp 1068w, https:\/\/aldaia.es\/wp-content\/uploads\/2024\/09\/joventut-aldaia-edifici-gent-jove-1920x1280.webp 1920w\" sizes=\"auto, (max-width: 2000px) 100vw, 2000px\" \/><\/a><\/figure>\n\n\n\n<figure class=\"wp-block-image\"><a href=\"https:\/\/aldaia.es\/wp-content\/uploads\/2024\/09\/joventut-aldaia-sala-ordenadors-biblioteca.webp\" target=\"_blank\" rel=\"noopener\"><img loading=\"lazy\" decoding=\"async\" width=\"2000\" height=\"1328\" data-id=\"32797\" src=\"https:\/\/aldaia.es\/wp-content\/uploads\/2024\/09\/joventut-aldaia-sala-ordenadors-biblioteca.webp\" alt=\"\" class=\"wp-image-32797\" srcset=\"https:\/\/aldaia.es\/wp-content\/uploads\/2024\/09\/joventut-aldaia-sala-ordenadors-biblioteca.webp 2000w, https:\/\/aldaia.es\/wp-content\/uploads\/2024\/09\/joventut-aldaia-sala-ordenadors-biblioteca-300x199.webp 300w, https:\/\/aldaia.es\/wp-content\/uploads\/2024\/09\/joventut-aldaia-sala-ordenadors-biblioteca-1024x680.webp 1024w, https:\/\/aldaia.es\/wp-content\/uploads\/2024\/09\/joventut-aldaia-sala-ordenadors-biblioteca-768x510.webp 768w, https:\/\/aldaia.es\/wp-content\/uploads\/2024\/09\/joventut-aldaia-sala-ordenadors-biblioteca-1536x1020.webp 1536w, https:\/\/aldaia.es\/wp-content\/uploads\/2024\/09\/joventut-aldaia-sala-ordenadors-biblioteca-150x100.webp 150w, https:\/\/aldaia.es\/wp-content\/uploads\/2024\/09\/joventut-aldaia-sala-ordenadors-biblioteca-696x462.webp 696w, https:\/\/aldaia.es\/wp-content\/uploads\/2024\/09\/joventut-aldaia-sala-ordenadors-biblioteca-1068x709.webp 1068w, https:\/\/aldaia.es\/wp-content\/uploads\/2024\/09\/joventut-aldaia-sala-ordenadors-biblioteca-1920x1275.webp 1920w\" sizes=\"auto, (max-width: 2000px) 100vw, 2000px\" \/><\/a><\/figure>\n\n\n\n<figure class=\"wp-block-image\"><a href=\"https:\/\/aldaia.es\/wp-content\/uploads\/2024\/09\/joventut-aldaia-edifici-matilde-salvador-sales.webp\" target=\"_blank\" rel=\"noopener\"><img loading=\"lazy\" decoding=\"async\" width=\"2000\" height=\"1333\" data-id=\"32783\" src=\"https:\/\/aldaia.es\/wp-content\/uploads\/2024\/09\/joventut-aldaia-edifici-matilde-salvador-sales.webp\" alt=\"\" class=\"wp-image-32783\" srcset=\"https:\/\/aldaia.es\/wp-content\/uploads\/2024\/09\/joventut-aldaia-edifici-matilde-salvador-sales.webp 2000w, https:\/\/aldaia.es\/wp-content\/uploads\/2024\/09\/joventut-aldaia-edifici-matilde-salvador-sales-300x200.webp 300w, https:\/\/aldaia.es\/wp-content\/uploads\/2024\/09\/joventut-aldaia-edifici-matilde-salvador-sales-1024x682.webp 1024w, https:\/\/aldaia.es\/wp-content\/uploads\/2024\/09\/joventut-aldaia-edifici-matilde-salvador-sales-768x512.webp 768w, https:\/\/aldaia.es\/wp-content\/uploads\/2024\/09\/joventut-aldaia-edifici-matilde-salvador-sales-1536x1024.webp 1536w, https:\/\/aldaia.es\/wp-content\/uploads\/2024\/09\/joventut-aldaia-edifici-matilde-salvador-sales-150x100.webp 150w, https:\/\/aldaia.es\/wp-content\/uploads\/2024\/09\/joventut-aldaia-edifici-matilde-salvador-sales-696x464.webp 696w, https:\/\/aldaia.es\/wp-content\/uploads\/2024\/09\/joventut-aldaia-edifici-matilde-salvador-sales-1068x712.webp 1068w, https:\/\/aldaia.es\/wp-content\/uploads\/2024\/09\/joventut-aldaia-edifici-matilde-salvador-sales-1920x1280.webp 1920w\" sizes=\"auto, (max-width: 2000px) 100vw, 2000px\" \/><\/a><\/figure>\n\n\n\n<figure class=\"wp-block-image\"><a href=\"https:\/\/aldaia.es\/wp-content\/uploads\/2024\/09\/joventut-aldaia-sales-estudis.webp\" target=\"_blank\" rel=\"noopener\"><img loading=\"lazy\" decoding=\"async\" width=\"2000\" height=\"1333\" data-id=\"32767\" src=\"https:\/\/aldaia.es\/wp-content\/uploads\/2024\/09\/joventut-aldaia-sales-estudis.webp\" alt=\"\" class=\"wp-image-32767\" srcset=\"https:\/\/aldaia.es\/wp-content\/uploads\/2024\/09\/joventut-aldaia-sales-estudis.webp 2000w, https:\/\/aldaia.es\/wp-content\/uploads\/2024\/09\/joventut-aldaia-sales-estudis-300x200.webp 300w, https:\/\/aldaia.es\/wp-content\/uploads\/2024\/09\/joventut-aldaia-sales-estudis-1024x682.webp 1024w, https:\/\/aldaia.es\/wp-content\/uploads\/2024\/09\/joventut-aldaia-sales-estudis-768x512.webp 768w, https:\/\/aldaia.es\/wp-content\/uploads\/2024\/09\/joventut-aldaia-sales-estudis-1536x1024.webp 1536w, https:\/\/aldaia.es\/wp-content\/uploads\/2024\/09\/joventut-aldaia-sales-estudis-150x100.webp 150w, https:\/\/aldaia.es\/wp-content\/uploads\/2024\/09\/joventut-aldaia-sales-estudis-696x464.webp 696w, https:\/\/aldaia.es\/wp-content\/uploads\/2024\/09\/joventut-aldaia-sales-estudis-1068x712.webp 1068w, https:\/\/aldaia.es\/wp-content\/uploads\/2024\/09\/joventut-aldaia-sales-estudis-1920x1280.webp 1920w\" sizes=\"auto, (max-width: 2000px) 100vw, 2000px\" \/><\/a><\/figure>\n\n\n\n<figure class=\"wp-block-image\"><a href=\"https:\/\/aldaia.es\/wp-content\/uploads\/2024\/09\/joventut-aldaia-edifici-recepcio.webp\" target=\"_blank\" rel=\"noopener\"><img loading=\"lazy\" decoding=\"async\" width=\"2000\" height=\"1328\" data-id=\"32787\" src=\"https:\/\/aldaia.es\/wp-content\/uploads\/2024\/09\/joventut-aldaia-edifici-recepcio.webp\" alt=\"\" class=\"wp-image-32787\" srcset=\"https:\/\/aldaia.es\/wp-content\/uploads\/2024\/09\/joventut-aldaia-edifici-recepcio.webp 2000w, https:\/\/aldaia.es\/wp-content\/uploads\/2024\/09\/joventut-aldaia-edifici-recepcio-300x199.webp 300w, https:\/\/aldaia.es\/wp-content\/uploads\/2024\/09\/joventut-aldaia-edifici-recepcio-1024x680.webp 1024w, https:\/\/aldaia.es\/wp-content\/uploads\/2024\/09\/joventut-aldaia-edifici-recepcio-768x510.webp 768w, https:\/\/aldaia.es\/wp-content\/uploads\/2024\/09\/joventut-aldaia-edifici-recepcio-1536x1020.webp 1536w, https:\/\/aldaia.es\/wp-content\/uploads\/2024\/09\/joventut-aldaia-edifici-recepcio-150x100.webp 150w, https:\/\/aldaia.es\/wp-content\/uploads\/2024\/09\/joventut-aldaia-edifici-recepcio-696x462.webp 696w, https:\/\/aldaia.es\/wp-content\/uploads\/2024\/09\/joventut-aldaia-edifici-recepcio-1068x709.webp 1068w, https:\/\/aldaia.es\/wp-content\/uploads\/2024\/09\/joventut-aldaia-edifici-recepcio-1920x1275.webp 1920w\" sizes=\"auto, (max-width: 2000px) 100vw, 2000px\" \/><\/a><\/figure>\n\n\n\n<figure class=\"wp-block-image\"><a href=\"https:\/\/aldaia.es\/wp-content\/uploads\/2024\/09\/joventut-aldaia-estudiants.webp\" target=\"_blank\" rel=\"noopener\"><img loading=\"lazy\" decoding=\"async\" width=\"2000\" height=\"1328\" data-id=\"32791\" src=\"https:\/\/aldaia.es\/wp-content\/uploads\/2024\/09\/joventut-aldaia-estudiants.webp\" alt=\"\" class=\"wp-image-32791\" srcset=\"https:\/\/aldaia.es\/wp-content\/uploads\/2024\/09\/joventut-aldaia-estudiants.webp 2000w, https:\/\/aldaia.es\/wp-content\/uploads\/2024\/09\/joventut-aldaia-estudiants-300x199.webp 300w, https:\/\/aldaia.es\/wp-content\/uploads\/2024\/09\/joventut-aldaia-estudiants-1024x680.webp 1024w, https:\/\/aldaia.es\/wp-content\/uploads\/2024\/09\/joventut-aldaia-estudiants-768x510.webp 768w, https:\/\/aldaia.es\/wp-content\/uploads\/2024\/09\/joventut-aldaia-estudiants-1536x1020.webp 1536w, https:\/\/aldaia.es\/wp-content\/uploads\/2024\/09\/joventut-aldaia-estudiants-150x100.webp 150w, https:\/\/aldaia.es\/wp-content\/uploads\/2024\/09\/joventut-aldaia-estudiants-696x462.webp 696w, https:\/\/aldaia.es\/wp-content\/uploads\/2024\/09\/joventut-aldaia-estudiants-1068x709.webp 1068w, https:\/\/aldaia.es\/wp-content\/uploads\/2024\/09\/joventut-aldaia-estudiants-1920x1275.webp 1920w\" sizes=\"auto, (max-width: 2000px) 100vw, 2000px\" \/><\/a><\/figure>\n\n\n\n<figure class=\"wp-block-image\"><a href=\"https:\/\/aldaia.es\/wp-content\/uploads\/2024\/09\/joventut-aldaia-sales-educacion-joventut-aldaia.webp\" target=\"_blank\" rel=\"noopener\"><img loading=\"lazy\" decoding=\"async\" width=\"2000\" height=\"1328\" data-id=\"32799\" src=\"https:\/\/aldaia.es\/wp-content\/uploads\/2024\/09\/joventut-aldaia-sales-educacion-joventut-aldaia.webp\" alt=\"\" class=\"wp-image-32799\" srcset=\"https:\/\/aldaia.es\/wp-content\/uploads\/2024\/09\/joventut-aldaia-sales-educacion-joventut-aldaia.webp 2000w, https:\/\/aldaia.es\/wp-content\/uploads\/2024\/09\/joventut-aldaia-sales-educacion-joventut-aldaia-300x199.webp 300w, https:\/\/aldaia.es\/wp-content\/uploads\/2024\/09\/joventut-aldaia-sales-educacion-joventut-aldaia-1024x680.webp 1024w, https:\/\/aldaia.es\/wp-content\/uploads\/2024\/09\/joventut-aldaia-sales-educacion-joventut-aldaia-768x510.webp 768w, https:\/\/aldaia.es\/wp-content\/uploads\/2024\/09\/joventut-aldaia-sales-educacion-joventut-aldaia-1536x1020.webp 1536w, https:\/\/aldaia.es\/wp-content\/uploads\/2024\/09\/joventut-aldaia-sales-educacion-joventut-aldaia-150x100.webp 150w, https:\/\/aldaia.es\/wp-content\/uploads\/2024\/09\/joventut-aldaia-sales-educacion-joventut-aldaia-696x462.webp 696w, https:\/\/aldaia.es\/wp-content\/uploads\/2024\/09\/joventut-aldaia-sales-educacion-joventut-aldaia-1068x709.webp 1068w, https:\/\/aldaia.es\/wp-content\/uploads\/2024\/09\/joventut-aldaia-sales-educacion-joventut-aldaia-1920x1275.webp 1920w\" sizes=\"auto, (max-width: 2000px) 100vw, 2000px\" \/><\/a><\/figure>\n\n\n\n<figure class=\"wp-block-image\"><a href=\"https:\/\/aldaia.es\/wp-content\/uploads\/2024\/09\/joventut-aldaia-edifici-matilde-salvador.webp\" target=\"_blank\" rel=\"noopener\"><img loading=\"lazy\" decoding=\"async\" width=\"2000\" height=\"1333\" data-id=\"32785\" src=\"https:\/\/aldaia.es\/wp-content\/uploads\/2024\/09\/joventut-aldaia-edifici-matilde-salvador.webp\" alt=\"\" class=\"wp-image-32785\" srcset=\"https:\/\/aldaia.es\/wp-content\/uploads\/2024\/09\/joventut-aldaia-edifici-matilde-salvador.webp 2000w, https:\/\/aldaia.es\/wp-content\/uploads\/2024\/09\/joventut-aldaia-edifici-matilde-salvador-300x200.webp 300w, https:\/\/aldaia.es\/wp-content\/uploads\/2024\/09\/joventut-aldaia-edifici-matilde-salvador-1024x682.webp 1024w, https:\/\/aldaia.es\/wp-content\/uploads\/2024\/09\/joventut-aldaia-edifici-matilde-salvador-768x512.webp 768w, https:\/\/aldaia.es\/wp-content\/uploads\/2024\/09\/joventut-aldaia-edifici-matilde-salvador-1536x1024.webp 1536w, https:\/\/aldaia.es\/wp-content\/uploads\/2024\/09\/joventut-aldaia-edifici-matilde-salvador-150x100.webp 150w, https:\/\/aldaia.es\/wp-content\/uploads\/2024\/09\/joventut-aldaia-edifici-matilde-salvador-696x464.webp 696w, https:\/\/aldaia.es\/wp-content\/uploads\/2024\/09\/joventut-aldaia-edifici-matilde-salvador-1068x712.webp 1068w, https:\/\/aldaia.es\/wp-content\/uploads\/2024\/09\/joventut-aldaia-edifici-matilde-salvador-1920x1280.webp 1920w\" sizes=\"auto, (max-width: 2000px) 100vw, 2000px\" \/><\/a><\/figure>\n\n\n\n<figure class=\"wp-block-image\"><a href=\"https:\/\/aldaia.es\/wp-content\/uploads\/2024\/09\/joventut-aldaia-edifici.webp\" target=\"_blank\" rel=\"noopener\"><img loading=\"lazy\" decoding=\"async\" width=\"2000\" height=\"1328\" data-id=\"32789\" src=\"https:\/\/aldaia.es\/wp-content\/uploads\/2024\/09\/joventut-aldaia-edifici.webp\" alt=\"\" class=\"wp-image-32789\" srcset=\"https:\/\/aldaia.es\/wp-content\/uploads\/2024\/09\/joventut-aldaia-edifici.webp 2000w, https:\/\/aldaia.es\/wp-content\/uploads\/2024\/09\/joventut-aldaia-edifici-300x199.webp 300w, https:\/\/aldaia.es\/wp-content\/uploads\/2024\/09\/joventut-aldaia-edifici-1024x680.webp 1024w, https:\/\/aldaia.es\/wp-content\/uploads\/2024\/09\/joventut-aldaia-edifici-768x510.webp 768w, https:\/\/aldaia.es\/wp-content\/uploads\/2024\/09\/joventut-aldaia-edifici-1536x1020.webp 1536w, https:\/\/aldaia.es\/wp-content\/uploads\/2024\/09\/joventut-aldaia-edifici-150x100.webp 150w, https:\/\/aldaia.es\/wp-content\/uploads\/2024\/09\/joventut-aldaia-edifici-696x462.webp 696w, https:\/\/aldaia.es\/wp-content\/uploads\/2024\/09\/joventut-aldaia-edifici-1068x709.webp 1068w, https:\/\/aldaia.es\/wp-content\/uploads\/2024\/09\/joventut-aldaia-edifici-1920x1275.webp 1920w\" sizes=\"auto, (max-width: 2000px) 100vw, 2000px\" \/><\/a><\/figure>\n\n\n\n<figure class=\"wp-block-image\"><a href=\"https:\/\/aldaia.es\/wp-content\/uploads\/2024\/09\/joventut-aldaia-edifici-matilde-salvador-2.webp\" target=\"_blank\" rel=\"noopener\"><img loading=\"lazy\" decoding=\"async\" width=\"2000\" height=\"1333\" data-id=\"32775\" src=\"https:\/\/aldaia.es\/wp-content\/uploads\/2024\/09\/joventut-aldaia-edifici-matilde-salvador-2.webp\" alt=\"\" class=\"wp-image-32775\" srcset=\"https:\/\/aldaia.es\/wp-content\/uploads\/2024\/09\/joventut-aldaia-edifici-matilde-salvador-2.webp 2000w, https:\/\/aldaia.es\/wp-content\/uploads\/2024\/09\/joventut-aldaia-edifici-matilde-salvador-2-300x200.webp 300w, https:\/\/aldaia.es\/wp-content\/uploads\/2024\/09\/joventut-aldaia-edifici-matilde-salvador-2-1024x682.webp 1024w, https:\/\/aldaia.es\/wp-content\/uploads\/2024\/09\/joventut-aldaia-edifici-matilde-salvador-2-768x512.webp 768w, https:\/\/aldaia.es\/wp-content\/uploads\/2024\/09\/joventut-aldaia-edifici-matilde-salvador-2-1536x1024.webp 1536w, https:\/\/aldaia.es\/wp-content\/uploads\/2024\/09\/joventut-aldaia-edifici-matilde-salvador-2-150x100.webp 150w, https:\/\/aldaia.es\/wp-content\/uploads\/2024\/09\/joventut-aldaia-edifici-matilde-salvador-2-696x464.webp 696w, https:\/\/aldaia.es\/wp-content\/uploads\/2024\/09\/joventut-aldaia-edifici-matilde-salvador-2-1068x712.webp 1068w, https:\/\/aldaia.es\/wp-content\/uploads\/2024\/09\/joventut-aldaia-edifici-matilde-salvador-2-1920x1280.webp 1920w\" sizes=\"auto, (max-width: 2000px) 100vw, 2000px\" \/><\/a><\/figure>\n\n\n\n<figure class=\"wp-block-image\"><a href=\"https:\/\/aldaia.es\/wp-content\/uploads\/2024\/09\/joventut-aldaia-edifici-2.webp\" target=\"_blank\" rel=\"noopener\"><img loading=\"lazy\" decoding=\"async\" width=\"2000\" height=\"1328\" data-id=\"32771\" src=\"https:\/\/aldaia.es\/wp-content\/uploads\/2024\/09\/joventut-aldaia-edifici-2.webp\" alt=\"\" class=\"wp-image-32771\" srcset=\"https:\/\/aldaia.es\/wp-content\/uploads\/2024\/09\/joventut-aldaia-edifici-2.webp 2000w, https:\/\/aldaia.es\/wp-content\/uploads\/2024\/09\/joventut-aldaia-edifici-2-300x199.webp 300w, https:\/\/aldaia.es\/wp-content\/uploads\/2024\/09\/joventut-aldaia-edifici-2-1024x680.webp 1024w, https:\/\/aldaia.es\/wp-content\/uploads\/2024\/09\/joventut-aldaia-edifici-2-768x510.webp 768w, https:\/\/aldaia.es\/wp-content\/uploads\/2024\/09\/joventut-aldaia-edifici-2-1536x1020.webp 1536w, https:\/\/aldaia.es\/wp-content\/uploads\/2024\/09\/joventut-aldaia-edifici-2-150x100.webp 150w, https:\/\/aldaia.es\/wp-content\/uploads\/2024\/09\/joventut-aldaia-edifici-2-696x462.webp 696w, https:\/\/aldaia.es\/wp-content\/uploads\/2024\/09\/joventut-aldaia-edifici-2-1068x709.webp 1068w, https:\/\/aldaia.es\/wp-content\/uploads\/2024\/09\/joventut-aldaia-edifici-2-1920x1275.webp 1920w\" sizes=\"auto, (max-width: 2000px) 100vw, 2000px\" \/><\/a><\/figure>\n\n\n\n<figure class=\"wp-block-image\"><a href=\"https:\/\/aldaia.es\/wp-content\/uploads\/2024\/09\/joventut-aldaia-gent-jove.webp\" target=\"_blank\" rel=\"noopener\"><img loading=\"lazy\" decoding=\"async\" width=\"2000\" height=\"1328\" data-id=\"32793\" src=\"https:\/\/aldaia.es\/wp-content\/uploads\/2024\/09\/joventut-aldaia-gent-jove.webp\" alt=\"\" class=\"wp-image-32793\" srcset=\"https:\/\/aldaia.es\/wp-content\/uploads\/2024\/09\/joventut-aldaia-gent-jove.webp 2000w, https:\/\/aldaia.es\/wp-content\/uploads\/2024\/09\/joventut-aldaia-gent-jove-300x199.webp 300w, https:\/\/aldaia.es\/wp-content\/uploads\/2024\/09\/joventut-aldaia-gent-jove-1024x680.webp 1024w, https:\/\/aldaia.es\/wp-content\/uploads\/2024\/09\/joventut-aldaia-gent-jove-768x510.webp 768w, https:\/\/aldaia.es\/wp-content\/uploads\/2024\/09\/joventut-aldaia-gent-jove-1536x1020.webp 1536w, https:\/\/aldaia.es\/wp-content\/uploads\/2024\/09\/joventut-aldaia-gent-jove-150x100.webp 150w, https:\/\/aldaia.es\/wp-content\/uploads\/2024\/09\/joventut-aldaia-gent-jove-696x462.webp 696w, https:\/\/aldaia.es\/wp-content\/uploads\/2024\/09\/joventut-aldaia-gent-jove-1068x709.webp 1068w, https:\/\/aldaia.es\/wp-content\/uploads\/2024\/09\/joventut-aldaia-gent-jove-1920x1275.webp 1920w\" sizes=\"auto, (max-width: 2000px) 100vw, 2000px\" \/><\/a><\/figure>\n\n\n\n<figure class=\"wp-block-image\"><a href=\"https:\/\/aldaia.es\/wp-content\/uploads\/2024\/09\/joventut-aldaia-edifici-matilde-salvador-estudiants.webp\" target=\"_blank\" rel=\"noopener\"><img loading=\"lazy\" decoding=\"async\" width=\"2000\" height=\"1333\" data-id=\"32781\" src=\"https:\/\/aldaia.es\/wp-content\/uploads\/2024\/09\/joventut-aldaia-edifici-matilde-salvador-estudiants.webp\" alt=\"\" class=\"wp-image-32781\" srcset=\"https:\/\/aldaia.es\/wp-content\/uploads\/2024\/09\/joventut-aldaia-edifici-matilde-salvador-estudiants.webp 2000w, https:\/\/aldaia.es\/wp-content\/uploads\/2024\/09\/joventut-aldaia-edifici-matilde-salvador-estudiants-300x200.webp 300w, https:\/\/aldaia.es\/wp-content\/uploads\/2024\/09\/joventut-aldaia-edifici-matilde-salvador-estudiants-1024x682.webp 1024w, https:\/\/aldaia.es\/wp-content\/uploads\/2024\/09\/joventut-aldaia-edifici-matilde-salvador-estudiants-768x512.webp 768w, https:\/\/aldaia.es\/wp-content\/uploads\/2024\/09\/joventut-aldaia-edifici-matilde-salvador-estudiants-1536x1024.webp 1536w, https:\/\/aldaia.es\/wp-content\/uploads\/2024\/09\/joventut-aldaia-edifici-matilde-salvador-estudiants-150x100.webp 150w, https:\/\/aldaia.es\/wp-content\/uploads\/2024\/09\/joventut-aldaia-edifici-matilde-salvador-estudiants-696x464.webp 696w, https:\/\/aldaia.es\/wp-content\/uploads\/2024\/09\/joventut-aldaia-edifici-matilde-salvador-estudiants-1068x712.webp 1068w, https:\/\/aldaia.es\/wp-content\/uploads\/2024\/09\/joventut-aldaia-edifici-matilde-salvador-estudiants-1920x1280.webp 1920w\" sizes=\"auto, (max-width: 2000px) 100vw, 2000px\" \/><\/a><\/figure>\n\n\n\n<figure class=\"wp-block-image\"><a href=\"https:\/\/aldaia.es\/wp-content\/uploads\/2024\/09\/joventut-aldaia-edifici-matilde-salvador-3.webp\" target=\"_blank\" rel=\"noopener\"><img loading=\"lazy\" decoding=\"async\" width=\"2000\" height=\"1333\" data-id=\"32777\" src=\"https:\/\/aldaia.es\/wp-content\/uploads\/2024\/09\/joventut-aldaia-edifici-matilde-salvador-3.webp\" alt=\"\" class=\"wp-image-32777\" srcset=\"https:\/\/aldaia.es\/wp-content\/uploads\/2024\/09\/joventut-aldaia-edifici-matilde-salvador-3.webp 2000w, https:\/\/aldaia.es\/wp-content\/uploads\/2024\/09\/joventut-aldaia-edifici-matilde-salvador-3-300x200.webp 300w, https:\/\/aldaia.es\/wp-content\/uploads\/2024\/09\/joventut-aldaia-edifici-matilde-salvador-3-1024x682.webp 1024w, https:\/\/aldaia.es\/wp-content\/uploads\/2024\/09\/joventut-aldaia-edifici-matilde-salvador-3-768x512.webp 768w, https:\/\/aldaia.es\/wp-content\/uploads\/2024\/09\/joventut-aldaia-edifici-matilde-salvador-3-1536x1024.webp 1536w, https:\/\/aldaia.es\/wp-content\/uploads\/2024\/09\/joventut-aldaia-edifici-matilde-salvador-3-150x100.webp 150w, https:\/\/aldaia.es\/wp-content\/uploads\/2024\/09\/joventut-aldaia-edifici-matilde-salvador-3-696x464.webp 696w, https:\/\/aldaia.es\/wp-content\/uploads\/2024\/09\/joventut-aldaia-edifici-matilde-salvador-3-1068x712.webp 1068w, https:\/\/aldaia.es\/wp-content\/uploads\/2024\/09\/joventut-aldaia-edifici-matilde-salvador-3-1920x1280.webp 1920w\" sizes=\"auto, (max-width: 2000px) 100vw, 2000px\" \/><\/a><\/figure>\n\n\n\n<figure class=\"wp-block-image\"><a href=\"https:\/\/aldaia.es\/wp-content\/uploads\/2024\/09\/joventut-aldaia-edifici-matilde-salvador-deco.webp\" target=\"_blank\" rel=\"noopener\"><img loading=\"lazy\" decoding=\"async\" width=\"2000\" height=\"1333\" data-id=\"32779\" src=\"https:\/\/aldaia.es\/wp-content\/uploads\/2024\/09\/joventut-aldaia-edifici-matilde-salvador-deco.webp\" alt=\"\" class=\"wp-image-32779\" srcset=\"https:\/\/aldaia.es\/wp-content\/uploads\/2024\/09\/joventut-aldaia-edifici-matilde-salvador-deco.webp 2000w, https:\/\/aldaia.es\/wp-content\/uploads\/2024\/09\/joventut-aldaia-edifici-matilde-salvador-deco-300x200.webp 300w, https:\/\/aldaia.es\/wp-content\/uploads\/2024\/09\/joventut-aldaia-edifici-matilde-salvador-deco-1024x682.webp 1024w, https:\/\/aldaia.es\/wp-content\/uploads\/2024\/09\/joventut-aldaia-edifici-matilde-salvador-deco-768x512.webp 768w, https:\/\/aldaia.es\/wp-content\/uploads\/2024\/09\/joventut-aldaia-edifici-matilde-salvador-deco-1536x1024.webp 1536w, https:\/\/aldaia.es\/wp-content\/uploads\/2024\/09\/joventut-aldaia-edifici-matilde-salvador-deco-150x100.webp 150w, https:\/\/aldaia.es\/wp-content\/uploads\/2024\/09\/joventut-aldaia-edifici-matilde-salvador-deco-696x464.webp 696w, https:\/\/aldaia.es\/wp-content\/uploads\/2024\/09\/joventut-aldaia-edifici-matilde-salvador-deco-1068x712.webp 1068w, https:\/\/aldaia.es\/wp-content\/uploads\/2024\/09\/joventut-aldaia-edifici-matilde-salvador-deco-1920x1280.webp 1920w\" sizes=\"auto, (max-width: 2000px) 100vw, 2000px\" \/><\/a><\/figure>\n\n\n\n<figure class=\"wp-block-image\"><a href=\"https:\/\/aldaia.es\/wp-content\/uploads\/2024\/09\/joventut-aldaia-llibreta-gent-jove.webp\" target=\"_blank\" rel=\"noopener\"><img loading=\"lazy\" decoding=\"async\" width=\"2000\" height=\"1333\" data-id=\"32795\" src=\"https:\/\/aldaia.es\/wp-content\/uploads\/2024\/09\/joventut-aldaia-llibreta-gent-jove.webp\" alt=\"\" class=\"wp-image-32795\" srcset=\"https:\/\/aldaia.es\/wp-content\/uploads\/2024\/09\/joventut-aldaia-llibreta-gent-jove.webp 2000w, https:\/\/aldaia.es\/wp-content\/uploads\/2024\/09\/joventut-aldaia-llibreta-gent-jove-300x200.webp 300w, https:\/\/aldaia.es\/wp-content\/uploads\/2024\/09\/joventut-aldaia-llibreta-gent-jove-1024x682.webp 1024w, https:\/\/aldaia.es\/wp-content\/uploads\/2024\/09\/joventut-aldaia-llibreta-gent-jove-768x512.webp 768w, https:\/\/aldaia.es\/wp-content\/uploads\/2024\/09\/joventut-aldaia-llibreta-gent-jove-1536x1024.webp 1536w, https:\/\/aldaia.es\/wp-content\/uploads\/2024\/09\/joventut-aldaia-llibreta-gent-jove-150x100.webp 150w, https:\/\/aldaia.es\/wp-content\/uploads\/2024\/09\/joventut-aldaia-llibreta-gent-jove-696x464.webp 696w, https:\/\/aldaia.es\/wp-content\/uploads\/2024\/09\/joventut-aldaia-llibreta-gent-jove-1068x712.webp 1068w, https:\/\/aldaia.es\/wp-content\/uploads\/2024\/09\/joventut-aldaia-llibreta-gent-jove-1920x1280.webp 1920w\" sizes=\"auto, (max-width: 2000px) 100vw, 2000px\" \/><\/a><\/figure>\n\n\n\n<figure class=\"wp-block-image\"><a href=\"https:\/\/aldaia.es\/wp-content\/uploads\/2024\/09\/joventut-aldaia-sales-estudis-.webp\" target=\"_blank\" rel=\"noopener\"><img loading=\"lazy\" decoding=\"async\" width=\"2000\" height=\"1333\" data-id=\"32801\" src=\"https:\/\/aldaia.es\/wp-content\/uploads\/2024\/09\/joventut-aldaia-sales-estudis-.webp\" alt=\"\" class=\"wp-image-32801\" srcset=\"https:\/\/aldaia.es\/wp-content\/uploads\/2024\/09\/joventut-aldaia-sales-estudis-.webp 2000w, https:\/\/aldaia.es\/wp-content\/uploads\/2024\/09\/joventut-aldaia-sales-estudis--300x200.webp 300w, https:\/\/aldaia.es\/wp-content\/uploads\/2024\/09\/joventut-aldaia-sales-estudis--1024x682.webp 1024w, https:\/\/aldaia.es\/wp-content\/uploads\/2024\/09\/joventut-aldaia-sales-estudis--768x512.webp 768w, https:\/\/aldaia.es\/wp-content\/uploads\/2024\/09\/joventut-aldaia-sales-estudis--1536x1024.webp 1536w, https:\/\/aldaia.es\/wp-content\/uploads\/2024\/09\/joventut-aldaia-sales-estudis--150x100.webp 150w, https:\/\/aldaia.es\/wp-content\/uploads\/2024\/09\/joventut-aldaia-sales-estudis--696x464.webp 696w, https:\/\/aldaia.es\/wp-content\/uploads\/2024\/09\/joventut-aldaia-sales-estudis--1068x712.webp 1068w, https:\/\/aldaia.es\/wp-content\/uploads\/2024\/09\/joventut-aldaia-sales-estudis--1920x1280.webp 1920w\" sizes=\"auto, (max-width: 2000px) 100vw, 2000px\" \/><\/a><\/figure>\n\n\n\n<figure class=\"wp-block-image\"><a href=\"https:\/\/aldaia.es\/wp-content\/uploads\/2024\/09\/joventut-aldaia-cms-aldaia-mirall-participacio.webp\" target=\"_blank\" rel=\"noopener\"><img loading=\"lazy\" decoding=\"async\" width=\"2000\" height=\"1328\" data-id=\"32769\" src=\"https:\/\/aldaia.es\/wp-content\/uploads\/2024\/09\/joventut-aldaia-cms-aldaia-mirall-participacio.webp\" alt=\"\" class=\"wp-image-32769\" srcset=\"https:\/\/aldaia.es\/wp-content\/uploads\/2024\/09\/joventut-aldaia-cms-aldaia-mirall-participacio.webp 2000w, https:\/\/aldaia.es\/wp-content\/uploads\/2024\/09\/joventut-aldaia-cms-aldaia-mirall-participacio-300x199.webp 300w, https:\/\/aldaia.es\/wp-content\/uploads\/2024\/09\/joventut-aldaia-cms-aldaia-mirall-participacio-1024x680.webp 1024w, https:\/\/aldaia.es\/wp-content\/uploads\/2024\/09\/joventut-aldaia-cms-aldaia-mirall-participacio-768x510.webp 768w, https:\/\/aldaia.es\/wp-content\/uploads\/2024\/09\/joventut-aldaia-cms-aldaia-mirall-participacio-1536x1020.webp 1536w, https:\/\/aldaia.es\/wp-content\/uploads\/2024\/09\/joventut-aldaia-cms-aldaia-mirall-participacio-150x100.webp 150w, https:\/\/aldaia.es\/wp-content\/uploads\/2024\/09\/joventut-aldaia-cms-aldaia-mirall-participacio-696x462.webp 696w, https:\/\/aldaia.es\/wp-content\/uploads\/2024\/09\/joventut-aldaia-cms-aldaia-mirall-participacio-1068x709.webp 1068w, https:\/\/aldaia.es\/wp-content\/uploads\/2024\/09\/joventut-aldaia-cms-aldaia-mirall-participacio-1920x1275.webp 1920w\" sizes=\"auto, (max-width: 2000px) 100vw, 2000px\" \/><\/a><\/figure>\n<\/figure>\n<\/div>\n<\/div>\n\n\n\n<div style=\"height:42px\" aria-hidden=\"true\" class=\"wp-block-spacer\"><\/div>\n\n\n\n<div class=\"wp-block-columns is-layout-flex wp-container-core-columns-is-layout-9d6595d7 wp-block-columns-is-layout-flex\">\n<div class=\"wp-block-column lista_adjuntos is-layout-flow wp-block-column-is-layout-flow\">\n<h2 class=\"wp-block-heading display-4\">Enlaces<\/h2>\n\n\n\n<p><i class=\"fas fa-link\"><\/i> <a href=\"https:\/\/xarxajove.info\/\" target=\"_blank\" rel=\"noreferrer noopener\">Xarxa Jove<\/a><\/p>\n<\/div>\n<\/div>\n\n\n\n<p><\/p>\n","protected":false},"excerpt":{"rendered":"<p>Galer\u00eda im\u00e1genes Espacios Gent Jove Presentaci\u00f3n de los espacios Gent Jove y Centro Matilde Salvador. Enlaces Xarxa Jove <a class=\"text-decoration-none text-black\" href=\"https:\/\/aldaia.es\/es\/juventud\/galeria-imatges-espais-gent-jove\/\"> &#8230; <\/a><\/p>\n","protected":false},"author":42,"featured_media":0,"parent":6253,"menu_order":0,"comment_status":"closed","ping_status":"closed","template":"basic-page-departamentos.php","meta":{"_acf_changed":false,"footnotes":""},"class_list":["post-32815","page","type-page","status-publish","hentry"],"acf":[],"yoast_head":"<!-- This site is optimized with the Yoast SEO plugin v27.0 - https:\/\/yoast.com\/product\/yoast-seo-wordpress\/ -->\n<title>Galer\u00eda im\u00e1genes Espacios Gent Jove - Ayuntamiento de Aldaia - Departament de Joventut<\/title>\n<meta name=\"description\" content=\"Presentaci\u00f3n de los espacios Gent Jove y Centre Matilde Salvador. Departamento de Juventud del Ayuntamiento de Aldaia.\" \/>\n<meta name=\"robots\" content=\"index, follow, max-snippet:-1, max-image-preview:large, max-video-preview:-1\" \/>\n<link rel=\"canonical\" href=\"https:\/\/aldaia.es\/es\/juventud\/galeria-imatges-espais-gent-jove\/\" \/>\n<meta property=\"og:locale\" content=\"es_ES\" \/>\n<meta property=\"og:type\" content=\"article\" \/>\n<meta property=\"og:title\" content=\"Galer\u00eda im\u00e1genes Espacios Gent Jove - Ayuntamiento de Aldaia - Departament de Joventut\" \/>\n<meta property=\"og:description\" content=\"Presentaci\u00f3n de los espacios Gent Jove y Centre Matilde Salvador. Departamento de Juventud del Ayuntamiento de Aldaia.\" \/>\n<meta property=\"og:url\" content=\"https:\/\/aldaia.es\/es\/juventud\/galeria-imatges-espais-gent-jove\/\" \/>\n<meta property=\"og:site_name\" content=\"Ayuntamiento de Aldaia\" \/>\n<meta property=\"article:modified_time\" content=\"2024-09-23T08:51:38+00:00\" \/>\n<meta property=\"og:image\" content=\"https:\/\/aldaia.es\/wp-content\/uploads\/2024\/09\/joventut-aldaia-edifici-gent-jove.webp\" \/>\n<script type=\"application\/ld+json\" class=\"yoast-schema-graph\">{\"@context\":\"https:\/\/schema.org\",\"@graph\":[{\"@type\":\"WebPage\",\"@id\":\"https:\/\/aldaia.es\/es\/juventud\/galeria-imatges-espais-gent-jove\/\",\"url\":\"https:\/\/aldaia.es\/es\/juventud\/galeria-imatges-espais-gent-jove\/\",\"name\":\"Galer\u00eda im\u00e1genes Espacios Gent Jove - Ayuntamiento de Aldaia - Departament de Joventut\",\"isPartOf\":{\"@id\":\"https:\/\/aldaia.es\/es\/#website\"},\"primaryImageOfPage\":{\"@id\":\"https:\/\/aldaia.es\/es\/juventud\/galeria-imatges-espais-gent-jove\/#primaryimage\"},\"image\":{\"@id\":\"https:\/\/aldaia.es\/es\/juventud\/galeria-imatges-espais-gent-jove\/#primaryimage\"},\"thumbnailUrl\":\"https:\/\/aldaia.es\/wp-content\/uploads\/2024\/09\/joventut-aldaia-edifici-gent-jove.webp\",\"datePublished\":\"2024-09-23T08:47:30+00:00\",\"dateModified\":\"2024-09-23T08:51:38+00:00\",\"description\":\"Presentaci\u00f3n de los espacios Gent Jove y Centre Matilde Salvador. Departamento de Juventud del Ayuntamiento de Aldaia.\",\"breadcrumb\":{\"@id\":\"https:\/\/aldaia.es\/es\/juventud\/galeria-imatges-espais-gent-jove\/#breadcrumb\"},\"inLanguage\":\"es\",\"potentialAction\":[{\"@type\":\"ReadAction\",\"target\":[\"https:\/\/aldaia.es\/es\/juventud\/galeria-imatges-espais-gent-jove\/\"]}]},{\"@type\":\"ImageObject\",\"inLanguage\":\"es\",\"@id\":\"https:\/\/aldaia.es\/es\/juventud\/galeria-imatges-espais-gent-jove\/#primaryimage\",\"url\":\"https:\/\/aldaia.es\/wp-content\/uploads\/2024\/09\/joventut-aldaia-edifici-gent-jove.webp\",\"contentUrl\":\"https:\/\/aldaia.es\/wp-content\/uploads\/2024\/09\/joventut-aldaia-edifici-gent-jove.webp\"},{\"@type\":\"BreadcrumbList\",\"@id\":\"https:\/\/aldaia.es\/es\/juventud\/galeria-imatges-espais-gent-jove\/#breadcrumb\",\"itemListElement\":[{\"@type\":\"ListItem\",\"position\":1,\"name\":\"Portada\",\"item\":\"https:\/\/aldaia.es\/es\/\"},{\"@type\":\"ListItem\",\"position\":2,\"name\":\"Juventud\",\"item\":\"https:\/\/aldaia.es\/es\/juventud\/\"},{\"@type\":\"ListItem\",\"position\":3,\"name\":\"Galer\u00eda im\u00e1genes Espacios Gent Jove\"}]},{\"@type\":\"WebSite\",\"@id\":\"https:\/\/aldaia.es\/es\/#website\",\"url\":\"https:\/\/aldaia.es\/es\/\",\"name\":\"Ajuntament D'Aldaia\",\"description\":\"\",\"publisher\":{\"@id\":\"https:\/\/aldaia.es\/es\/#organization\"},\"alternateName\":\"Ajuntament D'Aldaia\",\"potentialAction\":[{\"@type\":\"SearchAction\",\"target\":{\"@type\":\"EntryPoint\",\"urlTemplate\":\"https:\/\/aldaia.es\/es\/?s={search_term_string}\"},\"query-input\":{\"@type\":\"PropertyValueSpecification\",\"valueRequired\":true,\"valueName\":\"search_term_string\"}}],\"inLanguage\":\"es\"},{\"@type\":\"Organization\",\"@id\":\"https:\/\/aldaia.es\/es\/#organization\",\"name\":\"Ajuntament D'Aldaia\",\"url\":\"https:\/\/aldaia.es\/es\/\",\"logo\":{\"@type\":\"ImageObject\",\"inLanguage\":\"es\",\"@id\":\"https:\/\/aldaia.es\/es\/#\/schema\/logo\/image\/\",\"url\":\"https:\/\/aldaia.es\/wp-content\/uploads\/2022\/06\/aldaia-negro-1.png\",\"contentUrl\":\"https:\/\/aldaia.es\/wp-content\/uploads\/2022\/06\/aldaia-negro-1.png\",\"width\":152,\"height\":70,\"caption\":\"Ajuntament D'Aldaia\"},\"image\":{\"@id\":\"https:\/\/aldaia.es\/es\/#\/schema\/logo\/image\/\"}}]}<\/script>\n<!-- \/ Yoast SEO plugin. -->","yoast_head_json":{"title":"Galer\u00eda im\u00e1genes Espacios Gent Jove - Ayuntamiento de Aldaia - Departament de Joventut","description":"Presentaci\u00f3n de los espacios Gent Jove y Centre Matilde Salvador. Departamento de Juventud del Ayuntamiento de Aldaia.","robots":{"index":"index","follow":"follow","max-snippet":"max-snippet:-1","max-image-preview":"max-image-preview:large","max-video-preview":"max-video-preview:-1"},"canonical":"https:\/\/aldaia.es\/es\/juventud\/galeria-imatges-espais-gent-jove\/","og_locale":"es_ES","og_type":"article","og_title":"Galer\u00eda im\u00e1genes Espacios Gent Jove - Ayuntamiento de Aldaia - Departament de Joventut","og_description":"Presentaci\u00f3n de los espacios Gent Jove y Centre Matilde Salvador. Departamento de Juventud del Ayuntamiento de Aldaia.","og_url":"https:\/\/aldaia.es\/es\/juventud\/galeria-imatges-espais-gent-jove\/","og_site_name":"Ayuntamiento de Aldaia","article_modified_time":"2024-09-23T08:51:38+00:00","og_image":[{"url":"https:\/\/aldaia.es\/wp-content\/uploads\/2024\/09\/joventut-aldaia-edifici-gent-jove.webp","type":"","width":"","height":""}],"schema":{"@context":"https:\/\/schema.org","@graph":[{"@type":"WebPage","@id":"https:\/\/aldaia.es\/es\/juventud\/galeria-imatges-espais-gent-jove\/","url":"https:\/\/aldaia.es\/es\/juventud\/galeria-imatges-espais-gent-jove\/","name":"Galer\u00eda im\u00e1genes Espacios Gent Jove - Ayuntamiento de Aldaia - Departament de Joventut","isPartOf":{"@id":"https:\/\/aldaia.es\/es\/#website"},"primaryImageOfPage":{"@id":"https:\/\/aldaia.es\/es\/juventud\/galeria-imatges-espais-gent-jove\/#primaryimage"},"image":{"@id":"https:\/\/aldaia.es\/es\/juventud\/galeria-imatges-espais-gent-jove\/#primaryimage"},"thumbnailUrl":"https:\/\/aldaia.es\/wp-content\/uploads\/2024\/09\/joventut-aldaia-edifici-gent-jove.webp","datePublished":"2024-09-23T08:47:30+00:00","dateModified":"2024-09-23T08:51:38+00:00","description":"Presentaci\u00f3n de los espacios Gent Jove y Centre Matilde Salvador. Departamento de Juventud del Ayuntamiento de Aldaia.","breadcrumb":{"@id":"https:\/\/aldaia.es\/es\/juventud\/galeria-imatges-espais-gent-jove\/#breadcrumb"},"inLanguage":"es","potentialAction":[{"@type":"ReadAction","target":["https:\/\/aldaia.es\/es\/juventud\/galeria-imatges-espais-gent-jove\/"]}]},{"@type":"ImageObject","inLanguage":"es","@id":"https:\/\/aldaia.es\/es\/juventud\/galeria-imatges-espais-gent-jove\/#primaryimage","url":"https:\/\/aldaia.es\/wp-content\/uploads\/2024\/09\/joventut-aldaia-edifici-gent-jove.webp","contentUrl":"https:\/\/aldaia.es\/wp-content\/uploads\/2024\/09\/joventut-aldaia-edifici-gent-jove.webp"},{"@type":"BreadcrumbList","@id":"https:\/\/aldaia.es\/es\/juventud\/galeria-imatges-espais-gent-jove\/#breadcrumb","itemListElement":[{"@type":"ListItem","position":1,"name":"Portada","item":"https:\/\/aldaia.es\/es\/"},{"@type":"ListItem","position":2,"name":"Juventud","item":"https:\/\/aldaia.es\/es\/juventud\/"},{"@type":"ListItem","position":3,"name":"Galer\u00eda im\u00e1genes Espacios Gent Jove"}]},{"@type":"WebSite","@id":"https:\/\/aldaia.es\/es\/#website","url":"https:\/\/aldaia.es\/es\/","name":"Ajuntament D'Aldaia","description":"","publisher":{"@id":"https:\/\/aldaia.es\/es\/#organization"},"alternateName":"Ajuntament D'Aldaia","potentialAction":[{"@type":"SearchAction","target":{"@type":"EntryPoint","urlTemplate":"https:\/\/aldaia.es\/es\/?s={search_term_string}"},"query-input":{"@type":"PropertyValueSpecification","valueRequired":true,"valueName":"search_term_string"}}],"inLanguage":"es"},{"@type":"Organization","@id":"https:\/\/aldaia.es\/es\/#organization","name":"Ajuntament D'Aldaia","url":"https:\/\/aldaia.es\/es\/","logo":{"@type":"ImageObject","inLanguage":"es","@id":"https:\/\/aldaia.es\/es\/#\/schema\/logo\/image\/","url":"https:\/\/aldaia.es\/wp-content\/uploads\/2022\/06\/aldaia-negro-1.png","contentUrl":"https:\/\/aldaia.es\/wp-content\/uploads\/2022\/06\/aldaia-negro-1.png","width":152,"height":70,"caption":"Ajuntament D'Aldaia"},"image":{"@id":"https:\/\/aldaia.es\/es\/#\/schema\/logo\/image\/"}}]}},"_links":{"self":[{"href":"https:\/\/aldaia.es\/es\/wp-json\/wp\/v2\/pages\/32815","targetHints":{"allow":["GET"]}}],"collection":[{"href":"https:\/\/aldaia.es\/es\/wp-json\/wp\/v2\/pages"}],"about":[{"href":"https:\/\/aldaia.es\/es\/wp-json\/wp\/v2\/types\/page"}],"author":[{"embeddable":true,"href":"https:\/\/aldaia.es\/es\/wp-json\/wp\/v2\/users\/42"}],"replies":[{"embeddable":true,"href":"https:\/\/aldaia.es\/es\/wp-json\/wp\/v2\/comments?post=32815"}],"version-history":[{"count":1,"href":"https:\/\/aldaia.es\/es\/wp-json\/wp\/v2\/pages\/32815\/revisions"}],"predecessor-version":[{"id":32817,"href":"https:\/\/aldaia.es\/es\/wp-json\/wp\/v2\/pages\/32815\/revisions\/32817"}],"up":[{"embeddable":true,"href":"https:\/\/aldaia.es\/es\/wp-json\/wp\/v2\/pages\/6253"}],"wp:attachment":[{"href":"https:\/\/aldaia.es\/es\/wp-json\/wp\/v2\/media?parent=32815"}],"curies":[{"name":"wp","href":"https:\/\/api.w.org\/{rel}","templated":true}]}}