{"id":6207,"date":"2022-08-23T12:53:18","date_gmt":"2022-08-23T10:53:18","guid":{"rendered":"https:\/\/aldaia.eu\/adl-y-comercio\/"},"modified":"2025-12-10T12:53:58","modified_gmt":"2025-12-10T11:53:58","slug":"adl-y-comercio","status":"publish","type":"page","link":"https:\/\/aldaia.es\/es\/adl-y-comercio\/","title":{"rendered":"ADL y Comercio"},"content":{"rendered":"\n<div class=\"wp-block-columns dep-adl is-layout-flex wp-container-core-columns-is-layout-9d6595d7 wp-block-columns-is-layout-flex\">\n<div class=\"wp-block-column is-layout-flow wp-block-column-is-layout-flow\" style=\"flex-basis:33.33%\">\n<p><strong>Localizaci\u00f3n<\/strong>:<br>Ricardo Fuster Fuster, s\/n<br>Centro Labora-Formaci\u00f3n de la Generalitat, frente a la piscina<br>46960. Aldaia. Valencia<\/p>\n\n\n\n<p><i class=\"fa fa-phone\" aria-hidden=\"true\"><\/i> 96 198 88 15<\/p>\n\n\n\n<p><i class=\"fa fa-phone\" aria-hidden=\"true\"><\/i> 607 99 80 65<\/p>\n\n\n\n<p><i class=\"fa fa-phone\" aria-hidden=\"true\"><\/i> 96 198 88 16<\/p>\n\n\n\n<p><i class=\"fas fa-envelope\"><\/i> <a style=\"font-size:15px\" href=\"mailto:adl@ajuntamentaldaia.org\">adl@ajuntamentaldaia.org<\/a><\/p>\n\n\n\n<p><strong>Horario:<\/strong> De 9:00 a 14:00h (cita previa)<\/p>\n\n\n\n<div style=\"height:28px\" aria-hidden=\"true\" class=\"wp-block-spacer\"><\/div>\n\n\n\n\n<\/div>\n\n\n\n<div class=\"wp-block-column is-layout-flow wp-block-column-is-layout-flow\" style=\"flex-basis:66.66%\">\n<h1 class=\"wp-block-heading\">ADL i Comercio<\/h1>\n\n\n\n<p>La \u201cAgencia de Desarrollo Local\u201d es el departamento municipal que dise\u00f1a y ejecuta las pol\u00edticas del Ayuntamiento de Aldaia en referencia a:<\/p>\n\n\n\n<ul class=\"wp-block-list\">\n<li>Orientaci\u00f3n profesional<\/li>\n\n\n\n<li>Colocaci\u00f3n y asesoramiento a empresas<\/li>\n\n\n\n<li>Formaci\u00f3n y calificaci\u00f3n para el empleo<\/li>\n\n\n\n<li>Asesoramiento para el autoempleo y emprendimiento<\/li>\n\n\n\n<li>Actividad y Promoci\u00f3n Econ\u00f3mica<\/li>\n\n\n\n<li>Cooperaci\u00f3n y consolidaci\u00f3n empresarial y comercial<\/li>\n<\/ul>\n\n\n\n<p>Su principal objetivo es activar los mecanismos necesarios para el fomento del tejido empresarial local y la integraci\u00f3n socio laboral de los ciudadanos y ciudadanas a trav\u00e9s de la generaci\u00f3n de programas de formaci\u00f3n, empleo y desarrollo local.<\/p>\n\n\n\n<div style=\"height:26px\" aria-hidden=\"true\" class=\"wp-block-spacer\"><\/div>\n\n\n\n<h3 class=\"wp-block-heading\"><strong>\u00bfA qui\u00e9n se dirige?<\/strong><\/h3>\n\n\n\n<p>Est\u00e1 dirigido a personas desempleadas que:<\/p>\n\n\n\n<ul class=\"wp-block-list\">\n<li>Buscan su primer trabajo<\/li>\n\n\n\n<li>Necesitan ayudas para elaborar su CV o mejorarlo, o desean superar una entrevista de trabajo.<\/li>\n\n\n\n<li>Necesitan asesoramiento para decidir su objetivo profesional.<\/li>\n\n\n\n<li>Solicitan informaci\u00f3n de becas, ayudas, programas de inserci\u00f3n laboral.<\/li>\n\n\n\n<li>Personas ocupadas y desempleadas que quieran formarse para un empleo y quieran actualizar sus conocimientos.<\/li>\n\n\n\n<li>Futuros empresarios y empresarias que deseen iniciar un negocio.<\/li>\n\n\n\n<li>Empresarios y empresarias que quieran consolidar su empresa o comercio y busquen asesoramiento de los diferentes recursos existentes para su actividad.<\/li>\n\n\n\n<li>Empresarios y empresarias que busquen colaboraci\u00f3n a la hora de cubrir puestos vacantes de personal en su empresa.<\/li>\n<\/ul>\n<\/div>\n<\/div>\n\n\n\n<div style=\"height:33px\" aria-hidden=\"true\" class=\"wp-block-spacer\"><\/div>\n\n\n\n<div class=\"wp-block-columns is-layout-flex wp-container-core-columns-is-layout-9d6595d7 wp-block-columns-is-layout-flex\">\n<div class=\"wp-block-column lista_adjuntos is-layout-flow wp-block-column-is-layout-flow\">\n<h2 class=\"wp-block-heading  display-4\">Enlaces<\/h2>\n\n\n\n<p><i class=\"fas fa-link\"><\/i> <a href=\"https:\/\/aldaia.es\/es\/adl-y-comercio\/fondo-de-rescate-para-el-comercio-local-2022\/\">Fondo de Rescate para el comercio local 2022<\/a><\/p>\n\n\n\n<p><i class=\"fas fa-link\"><\/i> <a href=\"https:\/\/aldaia.es\/es\/adl-y-comercio\/comercio-y-empresas\/venta-ambulante\/\">Venta Ambulante<\/a><\/p>\n\n\n\n<p><i class=\"fas fa-link\"><\/i> <a href=\"https:\/\/aldaia.es\/empleo\/\" target=\"_blank\" rel=\"noreferrer noopener\">Programas de Empleo<\/a><\/p>\n\n\n\n<p><i class=\"fas fa-link\"><\/i> <a href=\"https:\/\/aldaia.es\/es\/adl-y-comercio\/microcreditos\/\">Microcreditos<\/a><\/p>\n\n\n\n<p><i class=\"fas fa-link\"><\/i> <a href=\"https:\/\/aldaia.es\/es\/adl-y-comercio\/listado-de-faq\/\">ADL Faqs<\/a><\/p>\n<\/div>\n<\/div>\n\n\n\n<div class=\"wp-block-columns is-layout-flex wp-container-core-columns-is-layout-9d6595d7 wp-block-columns-is-layout-flex\">\n<div class=\"wp-block-column lista_adjuntos is-layout-flow wp-block-column-is-layout-flow\">\n<h2 class=\"wp-block-heading  display-4\">Ahora es importante&#8230;<\/h2>\n\n\n\n<div class=\"wp-block-columns is-layout-flex wp-container-core-columns-is-layout-9d6595d7 wp-block-columns-is-layout-flex\">\n<div class=\"wp-block-column is-layout-flow wp-block-column-is-layout-flow\">\n<figure data-wp-context=\"{&quot;imageId&quot;:&quot;69f262156fe0f&quot;}\" data-wp-interactive=\"core\/image\" data-wp-key=\"69f262156fe0f\" class=\"wp-block-image size-large wp-lightbox-container\"><img decoding=\"async\" data-wp-class--hide=\"state.isContentHidden\" data-wp-class--show=\"state.isContentVisible\" data-wp-init=\"callbacks.setButtonStyles\" data-wp-on--click=\"actions.showLightbox\" data-wp-on--load=\"callbacks.setButtonStyles\" data-wp-on-window--resize=\"callbacks.setButtonStyles\" src=\"https:\/\/aldaia.es\/wp-content\/uploads\/2022\/08\/mercat1.png\" alt=\"\" \/><button\n\t\t\tclass=\"lightbox-trigger\"\n\t\t\ttype=\"button\"\n\t\t\taria-haspopup=\"dialog\"\n\t\t\taria-label=\"Agrandar\"\n\t\t\tdata-wp-init=\"callbacks.initTriggerButton\"\n\t\t\tdata-wp-on--click=\"actions.showLightbox\"\n\t\t\tdata-wp-style--right=\"state.imageButtonRight\"\n\t\t\tdata-wp-style--top=\"state.imageButtonTop\"\n\t\t>\n\t\t\t<svg xmlns=\"http:\/\/www.w3.org\/2000\/svg\" width=\"12\" height=\"12\" fill=\"none\" viewBox=\"0 0 12 12\">\n\t\t\t\t<path fill=\"#fff\" d=\"M2 0a2 2 0 0 0-2 2v2h1.5V2a.5.5 0 0 1 .5-.5h2V0H2Zm2 10.5H2a.5.5 0 0 1-.5-.5V8H0v2a2 2 0 0 0 2 2h2v-1.5ZM8 12v-1.5h2a.5.5 0 0 0 .5-.5V8H12v2a2 2 0 0 1-2 2H8Zm2-12a2 2 0 0 1 2 2v2h-1.5V2a.5.5 0 0 0-.5-.5H8V0h2Z\" \/>\n\t\t\t<\/svg>\n\t\t<\/button><\/figure>\n<\/div>\n\n\n\n<div class=\"wp-block-column is-layout-flow wp-block-column-is-layout-flow\">\n<figure data-wp-context=\"{&quot;imageId&quot;:&quot;69f26215701fb&quot;}\" data-wp-interactive=\"core\/image\" data-wp-key=\"69f26215701fb\" class=\"wp-block-image size-large wp-lightbox-container\"><img decoding=\"async\" data-wp-class--hide=\"state.isContentHidden\" data-wp-class--show=\"state.isContentVisible\" data-wp-init=\"callbacks.setButtonStyles\" data-wp-on--click=\"actions.showLightbox\" data-wp-on--load=\"callbacks.setButtonStyles\" data-wp-on-window--resize=\"callbacks.setButtonStyles\" src=\"https:\/\/aldaia.es\/wp-content\/uploads\/2022\/08\/mercat2.png\" alt=\"\" \/><button\n\t\t\tclass=\"lightbox-trigger\"\n\t\t\ttype=\"button\"\n\t\t\taria-haspopup=\"dialog\"\n\t\t\taria-label=\"Agrandar\"\n\t\t\tdata-wp-init=\"callbacks.initTriggerButton\"\n\t\t\tdata-wp-on--click=\"actions.showLightbox\"\n\t\t\tdata-wp-style--right=\"state.imageButtonRight\"\n\t\t\tdata-wp-style--top=\"state.imageButtonTop\"\n\t\t>\n\t\t\t<svg xmlns=\"http:\/\/www.w3.org\/2000\/svg\" width=\"12\" height=\"12\" fill=\"none\" viewBox=\"0 0 12 12\">\n\t\t\t\t<path fill=\"#fff\" d=\"M2 0a2 2 0 0 0-2 2v2h1.5V2a.5.5 0 0 1 .5-.5h2V0H2Zm2 10.5H2a.5.5 0 0 1-.5-.5V8H0v2a2 2 0 0 0 2 2h2v-1.5ZM8 12v-1.5h2a.5.5 0 0 0 .5-.5V8H12v2a2 2 0 0 1-2 2H8Zm2-12a2 2 0 0 1 2 2v2h-1.5V2a.5.5 0 0 0-.5-.5H8V0h2Z\" \/>\n\t\t\t<\/svg>\n\t\t<\/button><\/figure>\n<\/div>\n<\/div>\n<\/div>\n<\/div>\n","protected":false},"excerpt":{"rendered":"<p>Localizaci\u00f3n:Ricardo Fuster Fuster, s\/nCentro Labora-Formaci\u00f3n de la Generalitat, frente a la piscina46960. Aldaia. Valencia 96 198 88 15 607 99 80 65 96 198 88 16 adl@ajuntamentaldaia.org Horario: De 9:00 <a class=\"text-decoration-none text-black\" href=\"https:\/\/aldaia.es\/es\/adl-y-comercio\/\"> &#8230; <\/a><\/p>\n","protected":false},"author":2,"featured_media":0,"parent":0,"menu_order":0,"comment_status":"closed","ping_status":"closed","template":"basic-page-departamentos.php","meta":{"_acf_changed":false,"footnotes":""},"class_list":["post-6207","page","type-page","status-publish","hentry"],"acf":[],"yoast_head":"<!-- This site is optimized with the Yoast SEO plugin v27.0 - https:\/\/yoast.com\/product\/yoast-seo-wordpress\/ -->\n<title>ADL y Comercio - Ayuntamiento de Aldaia<\/title>\n<meta name=\"description\" content=\"La Agencia de Desarrollo Local es el departamento municipal que dise\u00f1a y ejecuta las pol\u00edticas de empleo y formai\u00f3n en Aldaia.\" \/>\n<meta name=\"robots\" content=\"index, follow, max-snippet:-1, max-image-preview:large, max-video-preview:-1\" \/>\n<link rel=\"canonical\" href=\"https:\/\/aldaia.es\/es\/adl-y-comercio\/\" \/>\n<meta property=\"og:locale\" content=\"es_ES\" \/>\n<meta property=\"og:type\" content=\"article\" \/>\n<meta property=\"og:title\" content=\"ADL y Comercio - Ayuntamiento de Aldaia\" \/>\n<meta property=\"og:description\" content=\"La Agencia de Desarrollo Local es el departamento municipal que dise\u00f1a y ejecuta las pol\u00edticas de empleo y formai\u00f3n en Aldaia.\" \/>\n<meta property=\"og:url\" content=\"https:\/\/aldaia.es\/es\/adl-y-comercio\/\" \/>\n<meta property=\"og:site_name\" content=\"Ayuntamiento de Aldaia\" \/>\n<meta property=\"article:modified_time\" content=\"2025-12-10T11:53:58+00:00\" \/>\n<meta property=\"og:image\" content=\"https:\/\/aldaia.es\/wp-content\/uploads\/2022\/08\/mercat1.png\" \/>\n<script type=\"application\/ld+json\" class=\"yoast-schema-graph\">{\"@context\":\"https:\/\/schema.org\",\"@graph\":[{\"@type\":\"WebPage\",\"@id\":\"https:\/\/aldaia.es\/es\/adl-y-comercio\/\",\"url\":\"https:\/\/aldaia.es\/es\/adl-y-comercio\/\",\"name\":\"ADL y Comercio - Ayuntamiento de Aldaia\",\"isPartOf\":{\"@id\":\"https:\/\/aldaia.es\/es\/#website\"},\"primaryImageOfPage\":{\"@id\":\"https:\/\/aldaia.es\/es\/adl-y-comercio\/#primaryimage\"},\"image\":{\"@id\":\"https:\/\/aldaia.es\/es\/adl-y-comercio\/#primaryimage\"},\"thumbnailUrl\":\"https:\/\/aldaia.es\/wp-content\/uploads\/2022\/08\/mercat1.png\",\"datePublished\":\"2022-08-23T10:53:18+00:00\",\"dateModified\":\"2025-12-10T11:53:58+00:00\",\"description\":\"La Agencia de Desarrollo Local es el departamento municipal que dise\u00f1a y ejecuta las pol\u00edticas de empleo y formai\u00f3n en Aldaia.\",\"breadcrumb\":{\"@id\":\"https:\/\/aldaia.es\/es\/adl-y-comercio\/#breadcrumb\"},\"inLanguage\":\"es\",\"potentialAction\":[{\"@type\":\"ReadAction\",\"target\":[\"https:\/\/aldaia.es\/es\/adl-y-comercio\/\"]}]},{\"@type\":\"ImageObject\",\"inLanguage\":\"es\",\"@id\":\"https:\/\/aldaia.es\/es\/adl-y-comercio\/#primaryimage\",\"url\":\"https:\/\/aldaia.es\/wp-content\/uploads\/2022\/08\/mercat1.png\",\"contentUrl\":\"https:\/\/aldaia.es\/wp-content\/uploads\/2022\/08\/mercat1.png\"},{\"@type\":\"BreadcrumbList\",\"@id\":\"https:\/\/aldaia.es\/es\/adl-y-comercio\/#breadcrumb\",\"itemListElement\":[{\"@type\":\"ListItem\",\"position\":1,\"name\":\"Portada\",\"item\":\"https:\/\/aldaia.es\/es\/\"},{\"@type\":\"ListItem\",\"position\":2,\"name\":\"ADL y Comercio\"}]},{\"@type\":\"WebSite\",\"@id\":\"https:\/\/aldaia.es\/es\/#website\",\"url\":\"https:\/\/aldaia.es\/es\/\",\"name\":\"Ajuntament D'Aldaia\",\"description\":\"\",\"publisher\":{\"@id\":\"https:\/\/aldaia.es\/es\/#organization\"},\"alternateName\":\"Ajuntament D'Aldaia\",\"potentialAction\":[{\"@type\":\"SearchAction\",\"target\":{\"@type\":\"EntryPoint\",\"urlTemplate\":\"https:\/\/aldaia.es\/es\/?s={search_term_string}\"},\"query-input\":{\"@type\":\"PropertyValueSpecification\",\"valueRequired\":true,\"valueName\":\"search_term_string\"}}],\"inLanguage\":\"es\"},{\"@type\":\"Organization\",\"@id\":\"https:\/\/aldaia.es\/es\/#organization\",\"name\":\"Ajuntament D'Aldaia\",\"url\":\"https:\/\/aldaia.es\/es\/\",\"logo\":{\"@type\":\"ImageObject\",\"inLanguage\":\"es\",\"@id\":\"https:\/\/aldaia.es\/es\/#\/schema\/logo\/image\/\",\"url\":\"https:\/\/aldaia.es\/wp-content\/uploads\/2022\/06\/aldaia-negro-1.png\",\"contentUrl\":\"https:\/\/aldaia.es\/wp-content\/uploads\/2022\/06\/aldaia-negro-1.png\",\"width\":152,\"height\":70,\"caption\":\"Ajuntament D'Aldaia\"},\"image\":{\"@id\":\"https:\/\/aldaia.es\/es\/#\/schema\/logo\/image\/\"}}]}<\/script>\n<!-- \/ Yoast SEO plugin. -->","yoast_head_json":{"title":"ADL y Comercio - Ayuntamiento de Aldaia","description":"La Agencia de Desarrollo Local es el departamento municipal que dise\u00f1a y ejecuta las pol\u00edticas de empleo y formai\u00f3n en Aldaia.","robots":{"index":"index","follow":"follow","max-snippet":"max-snippet:-1","max-image-preview":"max-image-preview:large","max-video-preview":"max-video-preview:-1"},"canonical":"https:\/\/aldaia.es\/es\/adl-y-comercio\/","og_locale":"es_ES","og_type":"article","og_title":"ADL y Comercio - Ayuntamiento de Aldaia","og_description":"La Agencia de Desarrollo Local es el departamento municipal que dise\u00f1a y ejecuta las pol\u00edticas de empleo y formai\u00f3n en Aldaia.","og_url":"https:\/\/aldaia.es\/es\/adl-y-comercio\/","og_site_name":"Ayuntamiento de Aldaia","article_modified_time":"2025-12-10T11:53:58+00:00","og_image":[{"url":"https:\/\/aldaia.es\/wp-content\/uploads\/2022\/08\/mercat1.png","type":"","width":"","height":""}],"schema":{"@context":"https:\/\/schema.org","@graph":[{"@type":"WebPage","@id":"https:\/\/aldaia.es\/es\/adl-y-comercio\/","url":"https:\/\/aldaia.es\/es\/adl-y-comercio\/","name":"ADL y Comercio - Ayuntamiento de Aldaia","isPartOf":{"@id":"https:\/\/aldaia.es\/es\/#website"},"primaryImageOfPage":{"@id":"https:\/\/aldaia.es\/es\/adl-y-comercio\/#primaryimage"},"image":{"@id":"https:\/\/aldaia.es\/es\/adl-y-comercio\/#primaryimage"},"thumbnailUrl":"https:\/\/aldaia.es\/wp-content\/uploads\/2022\/08\/mercat1.png","datePublished":"2022-08-23T10:53:18+00:00","dateModified":"2025-12-10T11:53:58+00:00","description":"La Agencia de Desarrollo Local es el departamento municipal que dise\u00f1a y ejecuta las pol\u00edticas de empleo y formai\u00f3n en Aldaia.","breadcrumb":{"@id":"https:\/\/aldaia.es\/es\/adl-y-comercio\/#breadcrumb"},"inLanguage":"es","potentialAction":[{"@type":"ReadAction","target":["https:\/\/aldaia.es\/es\/adl-y-comercio\/"]}]},{"@type":"ImageObject","inLanguage":"es","@id":"https:\/\/aldaia.es\/es\/adl-y-comercio\/#primaryimage","url":"https:\/\/aldaia.es\/wp-content\/uploads\/2022\/08\/mercat1.png","contentUrl":"https:\/\/aldaia.es\/wp-content\/uploads\/2022\/08\/mercat1.png"},{"@type":"BreadcrumbList","@id":"https:\/\/aldaia.es\/es\/adl-y-comercio\/#breadcrumb","itemListElement":[{"@type":"ListItem","position":1,"name":"Portada","item":"https:\/\/aldaia.es\/es\/"},{"@type":"ListItem","position":2,"name":"ADL y Comercio"}]},{"@type":"WebSite","@id":"https:\/\/aldaia.es\/es\/#website","url":"https:\/\/aldaia.es\/es\/","name":"Ajuntament D'Aldaia","description":"","publisher":{"@id":"https:\/\/aldaia.es\/es\/#organization"},"alternateName":"Ajuntament D'Aldaia","potentialAction":[{"@type":"SearchAction","target":{"@type":"EntryPoint","urlTemplate":"https:\/\/aldaia.es\/es\/?s={search_term_string}"},"query-input":{"@type":"PropertyValueSpecification","valueRequired":true,"valueName":"search_term_string"}}],"inLanguage":"es"},{"@type":"Organization","@id":"https:\/\/aldaia.es\/es\/#organization","name":"Ajuntament D'Aldaia","url":"https:\/\/aldaia.es\/es\/","logo":{"@type":"ImageObject","inLanguage":"es","@id":"https:\/\/aldaia.es\/es\/#\/schema\/logo\/image\/","url":"https:\/\/aldaia.es\/wp-content\/uploads\/2022\/06\/aldaia-negro-1.png","contentUrl":"https:\/\/aldaia.es\/wp-content\/uploads\/2022\/06\/aldaia-negro-1.png","width":152,"height":70,"caption":"Ajuntament D'Aldaia"},"image":{"@id":"https:\/\/aldaia.es\/es\/#\/schema\/logo\/image\/"}}]}},"_links":{"self":[{"href":"https:\/\/aldaia.es\/es\/wp-json\/wp\/v2\/pages\/6207","targetHints":{"allow":["GET"]}}],"collection":[{"href":"https:\/\/aldaia.es\/es\/wp-json\/wp\/v2\/pages"}],"about":[{"href":"https:\/\/aldaia.es\/es\/wp-json\/wp\/v2\/types\/page"}],"author":[{"embeddable":true,"href":"https:\/\/aldaia.es\/es\/wp-json\/wp\/v2\/users\/2"}],"replies":[{"embeddable":true,"href":"https:\/\/aldaia.es\/es\/wp-json\/wp\/v2\/comments?post=6207"}],"version-history":[{"count":24,"href":"https:\/\/aldaia.es\/es\/wp-json\/wp\/v2\/pages\/6207\/revisions"}],"predecessor-version":[{"id":39957,"href":"https:\/\/aldaia.es\/es\/wp-json\/wp\/v2\/pages\/6207\/revisions\/39957"}],"wp:attachment":[{"href":"https:\/\/aldaia.es\/es\/wp-json\/wp\/v2\/media?parent=6207"}],"curies":[{"name":"wp","href":"https:\/\/api.w.org\/{rel}","templated":true}]}}