{"id":6229,"date":"2022-08-30T09:49:27","date_gmt":"2022-08-30T07:49:27","guid":{"rendered":"https:\/\/aldaia.eu\/historia-y-tradiciones\/"},"modified":"2024-06-20T10:36:14","modified_gmt":"2024-06-20T08:36:14","slug":"historia-y-tradiciones","status":"publish","type":"page","link":"https:\/\/aldaia.es\/es\/historia-y-tradiciones\/","title":{"rendered":"Historia y Tradiciones"},"content":{"rendered":"\n<p>Se conocen restos de la cultura romana en varios lugares del t\u00e9rmino. Tras la conquista de Jaime I, Aldaia fue otorgada al monasterio de San Vicente de la Roqueta de Valencia, al igual que la poblaci\u00f3n vecina de Quart de Poblet, compartiendo con esta las mismas vicisitudes hist\u00f3ricas hasta la extinci\u00f3n de las se\u00f1or\u00edas en el siglo XIX.<\/p>\n\n\n\n<h2 class=\"wp-block-heading\">Evoluci\u00f3n demogr\u00e1fica<\/h2>\n\n\n\n<div class=\"wp-block-columns is-layout-flex wp-container-core-columns-is-layout-9d6595d7 wp-block-columns-is-layout-flex\">\n<div class=\"wp-block-column is-layout-flow wp-block-column-is-layout-flow\">\n<p>La historia demogr\u00e1fica es similar a la de otros n\u00facleos de la comarca de l\u2019Horta Sud: en 1510 el pueblo ten\u00eda 46 familias, que subieron a 60 en 1572 y a 130 en 1609. Con la expulsi\u00f3n de los moriscos y la crisis general del siglo XVII, la poblaci\u00f3n del t\u00e9rmino descendi\u00f3 a 110 familias en 1646, que perduraron aproximadamente durante todo el siglo, hasta 1713.<br>Se sabe que en 1787 en Aldaia viv\u00edan 1.500 personas, y en 1877 ya eran 2.175 los habitantes. A partir de ah\u00ed, el crecimiento ha sido constante, moderado en las primeras d\u00e9cadas del siglo XX: en 1900 llegaban hasta 2.900 y en 1930 se sobrepasaban los 3.500 habitantes y treinta a\u00f1os despu\u00e9s, en 1960, el pueblo se hab\u00eda duplicado hasta a los 7.380 habitantes.<br>La corriente inmigratoria de la d\u00e9cada de los sesenta y setenta explica que en 1981 Aldaia concentrara a 20.800 personas, pr\u00e1cticamente triplicando el n\u00famero de habitantes en veinte a\u00f1os. Incluso en la \u00faltima d\u00e9cada, la poblaci\u00f3n ha aumentado en unos cuatro mil habitantes hasta llegar a los m\u00e1s de 27.000 de la actualidad.<\/p>\n<\/div>\n\n\n\n<div class=\"wp-block-column is-layout-flow wp-block-column-is-layout-flow\">\n<p>Cabe destacar que Aldaia es un municipio joven, porque predominan las personas entre los 16 y los 40 a\u00f1os de edad. Este crecimiento demogr\u00e1fico se ha visto correspondido con una expansi\u00f3n urbana desde el viejo n\u00facleo originario de la Plaza de la Constituci\u00f3n, Coladores, Santa B\u00e1rbara, San Antonio y Calle Mayor. Aldaia contaba con una gran cisterna del siglo XIV en la antigua calle del Bal\u00f3n que recib\u00eda agua de la acequia de Ben\u00e1ger-Faitanar.De la zona antigua del pueblo cabe destacar la iglesia parroquial de la Virgen de la Anunciaci\u00f3n, edificio construido entre finales del siglo XV y comienzos del XVI, con reformas y decoraciones posteriores -sobre todo del siglo XVIII- que no esconden los rasgos g\u00f3ticos de la f\u00e1brica original, especialmente en las nervaduras de la nave principal, que tiene 16 metros de longitud, 15 de altura y 9 de amplitud. La capilla de la Comuni\u00f3n es del siglo XIX.<\/p>\n<\/div>\n<\/div>\n\n\n\n<div class=\"wp-block-columns is-layout-flex wp-container-core-columns-is-layout-9d6595d7 wp-block-columns-is-layout-flex\">\n<div class=\"wp-block-column is-layout-flow wp-block-column-is-layout-flow\">\n<figure class=\"wp-block-image size-full\"><img loading=\"lazy\" decoding=\"async\" width=\"527\" height=\"350\" src=\"https:\/\/aldaia.es\/wp-content\/uploads\/2024\/06\/ALD_llotgeta_350x527.jpg\" alt=\"\" class=\"wp-image-28697\" srcset=\"https:\/\/aldaia.es\/wp-content\/uploads\/2024\/06\/ALD_llotgeta_350x527.jpg 527w, https:\/\/aldaia.es\/wp-content\/uploads\/2024\/06\/ALD_llotgeta_350x527-300x199.jpg 300w, https:\/\/aldaia.es\/wp-content\/uploads\/2024\/06\/ALD_llotgeta_350x527-150x100.jpg 150w\" sizes=\"auto, (max-width: 527px) 100vw, 527px\" \/><\/figure>\n<\/div>\n\n\n\n<div class=\"wp-block-column is-layout-flow wp-block-column-is-layout-flow\">\n<figure class=\"wp-block-image size-full\"><img loading=\"lazy\" decoding=\"async\" width=\"527\" height=\"350\" src=\"https:\/\/aldaia.es\/wp-content\/uploads\/2024\/06\/ALD_IglesiaAnunc_350x527.jpg\" alt=\"\" class=\"wp-image-28699\" srcset=\"https:\/\/aldaia.es\/wp-content\/uploads\/2024\/06\/ALD_IglesiaAnunc_350x527.jpg 527w, https:\/\/aldaia.es\/wp-content\/uploads\/2024\/06\/ALD_IglesiaAnunc_350x527-300x199.jpg 300w, https:\/\/aldaia.es\/wp-content\/uploads\/2024\/06\/ALD_IglesiaAnunc_350x527-150x100.jpg 150w\" sizes=\"auto, (max-width: 527px) 100vw, 527px\" \/><\/figure>\n<\/div>\n<\/div>\n\n\n\n<h2 class=\"wp-block-heading\">Expansi\u00f3n e Industria local<\/h2>\n\n\n\n<p>A partir del n\u00facleo central, el pueblo se extendi\u00f3 hacia el sur en los a\u00f1os treinta, buscando la v\u00eda f\u00e9rrea de la l\u00ednea de Utiel mediante la calle de la Iglesia. Despu\u00e9s, la progresi\u00f3n ha sido m\u00e1s general en todas las direcciones, cruzando incluso el ferrocarril y acerc\u00e1ndose a los primeros barrios de Alaqu\u00e0s, gracias a la avenida Dos de Maig, continuaci\u00f3n de la vieja calle de la Iglesia.<br>Tradicionalmente, Aldaia ha sido un pueblo de base econ\u00f3mica artesanal, evolucionando hacia la actividad industrial (37% de los ocupados). En el siglo XIX y XX, los \u201cteulers\u201d, talleres de pipas y juguetes y, sobre todo, los abanicos caracterizaban la manufactura del pueblo. Ahora los sectores secundarios son otros: industria de la madera, fabricaci\u00f3n de productos met\u00e1licos, pl\u00e1sticos y todav\u00eda quedan algunas empresas que fabrican y venden los conocidos abanicos de Aldaia.<\/p>\n\n\n\n<figure class=\"wp-block-image size-full is-resized\"><img loading=\"lazy\" decoding=\"async\" width=\"624\" height=\"445\" src=\"https:\/\/aldaia.es\/wp-content\/uploads\/2022\/08\/144679842-624x445-1.jpeg\" alt=\"\" class=\"wp-image-5554\" style=\"object-fit:cover;width:1068px;height:600px\" srcset=\"https:\/\/aldaia.es\/wp-content\/uploads\/2022\/08\/144679842-624x445-1.jpeg 624w, https:\/\/aldaia.es\/wp-content\/uploads\/2022\/08\/144679842-624x445-1-300x214.jpeg 300w, https:\/\/aldaia.es\/wp-content\/uploads\/2022\/08\/144679842-624x445-1-150x107.jpeg 150w\" sizes=\"auto, (max-width: 624px) 100vw, 624px\" \/><\/figure>\n\n\n\n<div class=\"wp-block-columns is-layout-flex wp-container-core-columns-is-layout-9d6595d7 wp-block-columns-is-layout-flex\">\n<div class=\"wp-block-column is-layout-flow wp-block-column-is-layout-flow\">\n<h2 class=\"wp-block-heading\">Cultura y Tradiciones<\/h2>\n\n\n\n<p>Las fiestas mayores de Aldaia se celebran entre el 24 de julio y el 6 de agosto, d\u00eda de su patr\u00f3n, el Sant\u00edsimo Cristo de las Necesidades, cuando se celebra la solemne procesi\u00f3n y el canto de la alcachofa. El d\u00eda antes se produce la tradicional Baix\u00e0 desde la parroquia de La Saleta hasta la de La Anunciaci\u00f3.<br>De las fiestas mayores destacar tambi\u00e9n otros actos t\u00edpicos del municipio como son la fiesta del farolillo, el&nbsp;corretraca, la&nbsp;cord\u00e0, la subida de Cristo, la cabalgata, la ofrenda, el tiro y arrastre, los festivales de bandas, la cena de los mayores , la semana&nbsp;barrakuda, el festival de bandas, en el desfile de moda de Carlos Haro, conciertos destacados al aire libre.<br>En Aldaia se celebran tambi\u00e9n multitudinariamente las fallas y el d\u00eda de San Jos\u00e9 entre el 15 y el 19 de marzo, el d\u00eda del 9 de octubre, el Canto de la Aurora a principios de mayo, y la Fiesta de las&nbsp;Fadrines&nbsp;el 8 de septiembre. Las fiestas de los barrios son igualmente importantes como pueden estar en La Saleta o San Antonio.<br>En cuanto a la gastronom\u00eda aldaiera, destacan las populares orejitas y la dulce cena.<\/p>\n<\/div>\n\n\n\n<div class=\"wp-block-column is-layout-flow wp-block-column-is-layout-flow\">\n<h2 class=\"wp-block-heading\">Patrimonio<\/h2>\n\n\n\n<p>De la zona antigua del pueblo conviene destacar la iglesia parroquial de la Virgen de la Anunciaci\u00f3n, edificio construido entre finales del siglo XV y principios del XVI, con reformas y decoraciones posteriores -sobre todo del siglo XVIII- que no esconden los rasgos g\u00f3ticos de la f\u00e1brica original, especialmente en las nervaduras de la nave principal, que tiene 16 metros de longitud, 15 de altitud y 9 de anchura. Tambi\u00e9n destaca la capilla de la Comuni\u00f3n del siglo XIX y la casa de la Llotgeta, del siglo XVI, que fue propiedad de los condes de Nules. Alberga una muestra etnol\u00f3gica y art\u00edstica de los abanicos realizados en la poblaci\u00f3n. Por otra parte, la cisterna antigua de agua de Aldaia, antiguo dep\u00f3sito de agua situado en la plaza de la Constituci\u00f3n de Aldaia, en el interior del actual edificio del Ayuntamiento, es una obra excavada en unos 7 metros bajo el nivel de la calle, es una sala rectangular con b\u00f3veda de ca\u00f1\u00f3n, que mide 15,5 metros de largo por 6,5 de ancho, y tiene una altura de 7 metros y una capacidad para unos 705.000 litros. Ya estaba en funcionamiento en el siglo XVII. Se llenaba de agua procedente de la acequia de Ben\u00e1ger y consegu\u00eda todo el vecindario. Se utiliz\u00f3 hasta el siglo XX, cuando con la instalaci\u00f3n del agua potable poco a poco dej\u00f3 de utilizarse. Se cerr\u00f3 definitivamente en 1960.<\/p>\n<\/div>\n<\/div>\n","protected":false},"excerpt":{"rendered":"<p>Se conocen restos de la cultura romana en varios lugares del t\u00e9rmino. Tras la conquista de Jaime I, Aldaia fue otorgada al monasterio de San Vicente de la Roqueta de <a class=\"text-decoration-none text-black\" href=\"https:\/\/aldaia.es\/es\/historia-y-tradiciones\/\"> &#8230; <\/a><\/p>\n","protected":false},"author":1,"featured_media":0,"parent":0,"menu_order":0,"comment_status":"closed","ping_status":"closed","template":"basic-page-title.php","meta":{"_acf_changed":false,"footnotes":""},"class_list":["post-6229","page","type-page","status-publish","hentry"],"acf":[],"yoast_head":"<!-- This site is optimized with the Yoast SEO plugin v27.0 - https:\/\/yoast.com\/product\/yoast-seo-wordpress\/ -->\n<title>Historia y Tradiciones - Ayuntamiento de Aldaia<\/title>\n<meta name=\"robots\" content=\"index, follow, max-snippet:-1, max-image-preview:large, max-video-preview:-1\" \/>\n<link rel=\"canonical\" href=\"https:\/\/aldaia.es\/es\/historia-y-tradiciones\/\" \/>\n<meta property=\"og:locale\" content=\"es_ES\" \/>\n<meta property=\"og:type\" content=\"article\" \/>\n<meta property=\"og:title\" content=\"Historia y Tradiciones - Ayuntamiento de Aldaia\" \/>\n<meta property=\"og:description\" content=\"Se conocen restos de la cultura romana en varios lugares del t\u00e9rmino. Tras la conquista de Jaime I, Aldaia fue otorgada al monasterio de San Vicente de la Roqueta de ...\" \/>\n<meta property=\"og:url\" content=\"https:\/\/aldaia.es\/es\/historia-y-tradiciones\/\" \/>\n<meta property=\"og:site_name\" content=\"Ayuntamiento de Aldaia\" \/>\n<meta property=\"article:modified_time\" content=\"2024-06-20T08:36:14+00:00\" \/>\n<meta property=\"og:image\" content=\"https:\/\/aldaia.es\/wp-content\/uploads\/2024\/06\/ALD_llotgeta_350x527.jpg\" \/>\n<script type=\"application\/ld+json\" class=\"yoast-schema-graph\">{\"@context\":\"https:\/\/schema.org\",\"@graph\":[{\"@type\":\"WebPage\",\"@id\":\"https:\/\/aldaia.es\/es\/historia-y-tradiciones\/\",\"url\":\"https:\/\/aldaia.es\/es\/historia-y-tradiciones\/\",\"name\":\"Historia y Tradiciones - Ayuntamiento de Aldaia\",\"isPartOf\":{\"@id\":\"https:\/\/aldaia.es\/es\/#website\"},\"primaryImageOfPage\":{\"@id\":\"https:\/\/aldaia.es\/es\/historia-y-tradiciones\/#primaryimage\"},\"image\":{\"@id\":\"https:\/\/aldaia.es\/es\/historia-y-tradiciones\/#primaryimage\"},\"thumbnailUrl\":\"https:\/\/aldaia.es\/wp-content\/uploads\/2024\/06\/ALD_llotgeta_350x527.jpg\",\"datePublished\":\"2022-08-30T07:49:27+00:00\",\"dateModified\":\"2024-06-20T08:36:14+00:00\",\"breadcrumb\":{\"@id\":\"https:\/\/aldaia.es\/es\/historia-y-tradiciones\/#breadcrumb\"},\"inLanguage\":\"es\",\"potentialAction\":[{\"@type\":\"ReadAction\",\"target\":[\"https:\/\/aldaia.es\/es\/historia-y-tradiciones\/\"]}]},{\"@type\":\"ImageObject\",\"inLanguage\":\"es\",\"@id\":\"https:\/\/aldaia.es\/es\/historia-y-tradiciones\/#primaryimage\",\"url\":\"https:\/\/aldaia.es\/wp-content\/uploads\/2024\/06\/ALD_llotgeta_350x527.jpg\",\"contentUrl\":\"https:\/\/aldaia.es\/wp-content\/uploads\/2024\/06\/ALD_llotgeta_350x527.jpg\"},{\"@type\":\"BreadcrumbList\",\"@id\":\"https:\/\/aldaia.es\/es\/historia-y-tradiciones\/#breadcrumb\",\"itemListElement\":[{\"@type\":\"ListItem\",\"position\":1,\"name\":\"Portada\",\"item\":\"https:\/\/aldaia.es\/es\/\"},{\"@type\":\"ListItem\",\"position\":2,\"name\":\"Historia y Tradiciones\"}]},{\"@type\":\"WebSite\",\"@id\":\"https:\/\/aldaia.es\/es\/#website\",\"url\":\"https:\/\/aldaia.es\/es\/\",\"name\":\"Ajuntament D'Aldaia\",\"description\":\"\",\"publisher\":{\"@id\":\"https:\/\/aldaia.es\/es\/#organization\"},\"alternateName\":\"Ajuntament D'Aldaia\",\"potentialAction\":[{\"@type\":\"SearchAction\",\"target\":{\"@type\":\"EntryPoint\",\"urlTemplate\":\"https:\/\/aldaia.es\/es\/?s={search_term_string}\"},\"query-input\":{\"@type\":\"PropertyValueSpecification\",\"valueRequired\":true,\"valueName\":\"search_term_string\"}}],\"inLanguage\":\"es\"},{\"@type\":\"Organization\",\"@id\":\"https:\/\/aldaia.es\/es\/#organization\",\"name\":\"Ajuntament D'Aldaia\",\"url\":\"https:\/\/aldaia.es\/es\/\",\"logo\":{\"@type\":\"ImageObject\",\"inLanguage\":\"es\",\"@id\":\"https:\/\/aldaia.es\/es\/#\/schema\/logo\/image\/\",\"url\":\"https:\/\/aldaia.es\/wp-content\/uploads\/2022\/06\/aldaia-negro-1.png\",\"contentUrl\":\"https:\/\/aldaia.es\/wp-content\/uploads\/2022\/06\/aldaia-negro-1.png\",\"width\":152,\"height\":70,\"caption\":\"Ajuntament D'Aldaia\"},\"image\":{\"@id\":\"https:\/\/aldaia.es\/es\/#\/schema\/logo\/image\/\"}}]}<\/script>\n<!-- \/ Yoast SEO plugin. -->","yoast_head_json":{"title":"Historia y Tradiciones - Ayuntamiento de Aldaia","robots":{"index":"index","follow":"follow","max-snippet":"max-snippet:-1","max-image-preview":"max-image-preview:large","max-video-preview":"max-video-preview:-1"},"canonical":"https:\/\/aldaia.es\/es\/historia-y-tradiciones\/","og_locale":"es_ES","og_type":"article","og_title":"Historia y Tradiciones - Ayuntamiento de Aldaia","og_description":"Se conocen restos de la cultura romana en varios lugares del t\u00e9rmino. Tras la conquista de Jaime I, Aldaia fue otorgada al monasterio de San Vicente de la Roqueta de ...","og_url":"https:\/\/aldaia.es\/es\/historia-y-tradiciones\/","og_site_name":"Ayuntamiento de Aldaia","article_modified_time":"2024-06-20T08:36:14+00:00","og_image":[{"url":"https:\/\/aldaia.es\/wp-content\/uploads\/2024\/06\/ALD_llotgeta_350x527.jpg","type":"","width":"","height":""}],"schema":{"@context":"https:\/\/schema.org","@graph":[{"@type":"WebPage","@id":"https:\/\/aldaia.es\/es\/historia-y-tradiciones\/","url":"https:\/\/aldaia.es\/es\/historia-y-tradiciones\/","name":"Historia y Tradiciones - Ayuntamiento de Aldaia","isPartOf":{"@id":"https:\/\/aldaia.es\/es\/#website"},"primaryImageOfPage":{"@id":"https:\/\/aldaia.es\/es\/historia-y-tradiciones\/#primaryimage"},"image":{"@id":"https:\/\/aldaia.es\/es\/historia-y-tradiciones\/#primaryimage"},"thumbnailUrl":"https:\/\/aldaia.es\/wp-content\/uploads\/2024\/06\/ALD_llotgeta_350x527.jpg","datePublished":"2022-08-30T07:49:27+00:00","dateModified":"2024-06-20T08:36:14+00:00","breadcrumb":{"@id":"https:\/\/aldaia.es\/es\/historia-y-tradiciones\/#breadcrumb"},"inLanguage":"es","potentialAction":[{"@type":"ReadAction","target":["https:\/\/aldaia.es\/es\/historia-y-tradiciones\/"]}]},{"@type":"ImageObject","inLanguage":"es","@id":"https:\/\/aldaia.es\/es\/historia-y-tradiciones\/#primaryimage","url":"https:\/\/aldaia.es\/wp-content\/uploads\/2024\/06\/ALD_llotgeta_350x527.jpg","contentUrl":"https:\/\/aldaia.es\/wp-content\/uploads\/2024\/06\/ALD_llotgeta_350x527.jpg"},{"@type":"BreadcrumbList","@id":"https:\/\/aldaia.es\/es\/historia-y-tradiciones\/#breadcrumb","itemListElement":[{"@type":"ListItem","position":1,"name":"Portada","item":"https:\/\/aldaia.es\/es\/"},{"@type":"ListItem","position":2,"name":"Historia y Tradiciones"}]},{"@type":"WebSite","@id":"https:\/\/aldaia.es\/es\/#website","url":"https:\/\/aldaia.es\/es\/","name":"Ajuntament D'Aldaia","description":"","publisher":{"@id":"https:\/\/aldaia.es\/es\/#organization"},"alternateName":"Ajuntament D'Aldaia","potentialAction":[{"@type":"SearchAction","target":{"@type":"EntryPoint","urlTemplate":"https:\/\/aldaia.es\/es\/?s={search_term_string}"},"query-input":{"@type":"PropertyValueSpecification","valueRequired":true,"valueName":"search_term_string"}}],"inLanguage":"es"},{"@type":"Organization","@id":"https:\/\/aldaia.es\/es\/#organization","name":"Ajuntament D'Aldaia","url":"https:\/\/aldaia.es\/es\/","logo":{"@type":"ImageObject","inLanguage":"es","@id":"https:\/\/aldaia.es\/es\/#\/schema\/logo\/image\/","url":"https:\/\/aldaia.es\/wp-content\/uploads\/2022\/06\/aldaia-negro-1.png","contentUrl":"https:\/\/aldaia.es\/wp-content\/uploads\/2022\/06\/aldaia-negro-1.png","width":152,"height":70,"caption":"Ajuntament D'Aldaia"},"image":{"@id":"https:\/\/aldaia.es\/es\/#\/schema\/logo\/image\/"}}]}},"_links":{"self":[{"href":"https:\/\/aldaia.es\/es\/wp-json\/wp\/v2\/pages\/6229","targetHints":{"allow":["GET"]}}],"collection":[{"href":"https:\/\/aldaia.es\/es\/wp-json\/wp\/v2\/pages"}],"about":[{"href":"https:\/\/aldaia.es\/es\/wp-json\/wp\/v2\/types\/page"}],"author":[{"embeddable":true,"href":"https:\/\/aldaia.es\/es\/wp-json\/wp\/v2\/users\/1"}],"replies":[{"embeddable":true,"href":"https:\/\/aldaia.es\/es\/wp-json\/wp\/v2\/comments?post=6229"}],"version-history":[{"count":14,"href":"https:\/\/aldaia.es\/es\/wp-json\/wp\/v2\/pages\/6229\/revisions"}],"predecessor-version":[{"id":28723,"href":"https:\/\/aldaia.es\/es\/wp-json\/wp\/v2\/pages\/6229\/revisions\/28723"}],"wp:attachment":[{"href":"https:\/\/aldaia.es\/es\/wp-json\/wp\/v2\/media?parent=6229"}],"curies":[{"name":"wp","href":"https:\/\/api.w.org\/{rel}","templated":true}]}}