{"id":6238,"date":"2022-08-25T10:59:45","date_gmt":"2022-08-25T08:59:45","guid":{"rendered":"https:\/\/aldaia.eu\/cultura\/"},"modified":"2025-11-25T08:37:11","modified_gmt":"2025-11-25T07:37:11","slug":"cultura","status":"publish","type":"page","link":"https:\/\/aldaia.es\/es\/cultura\/","title":{"rendered":"Cultura"},"content":{"rendered":"\n<div class=\"wp-block-columns is-layout-flex wp-container-core-columns-is-layout-9d6595d7 wp-block-columns-is-layout-flex\">\n<div class=\"wp-block-column is-layout-flow wp-block-column-is-layout-flow\">\n<figure class=\"wp-block-image size-full\"><img loading=\"lazy\" decoding=\"async\" width=\"1440\" height=\"420\" src=\"https:\/\/aldaia.es\/wp-content\/uploads\/2025\/06\/cultura-portada.jpg\" alt=\"Aldaia Cultura\" class=\"wp-image-38108\" srcset=\"https:\/\/aldaia.es\/wp-content\/uploads\/2025\/06\/cultura-portada.jpg 1440w, https:\/\/aldaia.es\/wp-content\/uploads\/2025\/06\/cultura-portada-300x88.jpg 300w, https:\/\/aldaia.es\/wp-content\/uploads\/2025\/06\/cultura-portada-1024x299.jpg 1024w, https:\/\/aldaia.es\/wp-content\/uploads\/2025\/06\/cultura-portada-768x224.jpg 768w, https:\/\/aldaia.es\/wp-content\/uploads\/2025\/06\/cultura-portada-150x44.jpg 150w, https:\/\/aldaia.es\/wp-content\/uploads\/2025\/06\/cultura-portada-696x203.jpg 696w, https:\/\/aldaia.es\/wp-content\/uploads\/2025\/06\/cultura-portada-1068x312.jpg 1068w\" sizes=\"auto, (max-width: 1440px) 100vw, 1440px\" \/><\/figure>\n<\/div>\n<\/div>\n\n\n\n<div class=\"wp-block-columns dep-cultura is-layout-flex wp-container-core-columns-is-layout-9d6595d7 wp-block-columns-is-layout-flex\">\n<div class=\"wp-block-column is-layout-flow wp-block-column-is-layout-flow\" style=\"flex-basis:30%\"><!--  Info cultura -->\n\n \n\n<div class='bloque-infos-cultura wrapper-departamentos'>\n<p class=\"tit-bloque-infos\">\u00c1rea de Cultura <\/p>\n        <div class='infos-departamento'>\n            <p>Plaza Constituci\u00f3n, 10, 46960 Aldaia Valencia<\/p>\n            <p><i class=\"fa fa-phone\" aria-hidden=\"true\"><\/i> <a href=\"tel:+34961501500\">+34 96 150 15 00<\/a><\/p>\n            <p><i class=\"fas fa-envelope\"><\/i> <a href=\"mailto:cultura@ajuntamentaldaia.org\">cultura@ajuntamentaldaia.org<\/a><\/p>\n            <p><a href=\"https:\/\/www.facebook.com\/tama.teatreauditori\" target=\"_blank\" rel=\"noreferrer noopener\"><i class=\"fab fa-facebook\"><\/i><\/a> &nbsp;&nbsp; <a href=\"https:\/\/www.instagram.com\/tamaldaia\/?hl=es\" target=\"_blank\" rel=\"noreferrer noopener\"><i class=\"fab fa-square-instagram\"><\/i><\/a>  &nbsp;&nbsp;  <a href=\"https:\/\/www.youtube.com\/channel\/UC0QxMldevXrLFbfSGFom9TA\" target=\"_blank\" rel=\"noreferrer noopener\"><i class=\"fab fa-youtube\"><\/i><\/a> <\/p>\n        <\/div>\n\n        <div class='mapa-1'>\n        <iframe src=\"https:\/\/www.google.com\/maps\/embed?pb=!1m18!1m12!1m3!1d622.7679968418242!2d-0.4608059177881311!3d39.465164288659615!2m3!1f0!2f0!3f0!3m2!1i1024!2i768!4f13.1!3m3!1m2!1s0xd6051b0ac582aed%3A0xd3a2ed9d1d945ab0!2sAyuntamiento%20de%20Aldaya!5e0!3m2!1ses!2sus!4v1725979182758!5m2!1ses!2sus\" width=\"100%\" height=\"450\" style=\"border:0;\" allowfullscreen=\"\" loading=\"lazy\" referrerpolicy=\"no-referrer-when-downgrade\"><\/iframe>\n        <\/div>\n\n    <\/div>\n    <!-- end bloque infos -->\n   \n\n    \n\n\n<\/div>\n\n\n\n<div class=\"wp-block-column is-layout-flow wp-block-column-is-layout-flow\" style=\"flex-basis:70%\">\n<h1 class=\"wp-block-heading\">Desarrollo y Proyecci\u00f3n de la Cultura<\/h1>\n\n\n\n<p>Desde el \u00c1mbito de Desarrollo y Proyecci\u00f3n de la Cultura del Ayuntamiento de Aldaia se impulsa el enriquecimiento cultural del municipio a trav\u00e9s de las artes esc\u00e9nicas, las artes pl\u00e1sticas y el patrimonio hist\u00f3rico y cultural en todas sus vertientes. <\/p>\n\n\n\n<p>Adem\u00e1s, se considera la promoci\u00f3n y normalizaci\u00f3n del valenciano uno de los ejes esenciales de la actividad municipal. <\/p>\n\n\n\n<p>Desde el \u00c1rea de Cultura se gestionan los programas que se realizan en el <strong>TAMA<\/strong> (Teatre Auditori Municipal d\u2019Aldaia), el <strong>Teatre del Mercat<\/strong>, la <strong>Casa de la M\u00fasica<\/strong>, el <strong>MUPA<\/strong> (Museu del Palmito de Aldaia), <strong>AVIVA<\/strong> Aldaia- Agencia de Promoci\u00f3n del Valenciano, el Templete de la Pla\u00e7a d&#8217;Europa y el <strong>Espai d&#8217;Art Pla\u00e7a Major.<\/strong><\/p>\n<\/div>\n<\/div>\n\n\n\n<p style=\"font-size:38px\"><strong>9 d&#8217;octubre 2025. <\/strong><\/p>\n\n\n\n<p class=\"has-red-color has-text-color has-link-color wp-elements-ad3612fb51502c6c53b4c37ede71dd22\" style=\"font-size:38px\">(Suspendido por Aviso de Emerg\u00e8ncies de alerta NARANJA por lluvias).<\/p>\n\n\n\n<figure class=\"wp-block-image size-large\"><img loading=\"lazy\" decoding=\"async\" width=\"731\" height=\"1024\" src=\"https:\/\/aldaia.es\/wp-content\/uploads\/2025\/10\/ACTUALITZAT-9-de-octubre-de-2025-731x1024.jpg\" alt=\"\" class=\"wp-image-39286\" srcset=\"https:\/\/aldaia.es\/wp-content\/uploads\/2025\/10\/ACTUALITZAT-9-de-octubre-de-2025-731x1024.jpg 731w, https:\/\/aldaia.es\/wp-content\/uploads\/2025\/10\/ACTUALITZAT-9-de-octubre-de-2025-214x300.jpg 214w, https:\/\/aldaia.es\/wp-content\/uploads\/2025\/10\/ACTUALITZAT-9-de-octubre-de-2025-768x1075.jpg 768w, https:\/\/aldaia.es\/wp-content\/uploads\/2025\/10\/ACTUALITZAT-9-de-octubre-de-2025-1097x1536.jpg 1097w, https:\/\/aldaia.es\/wp-content\/uploads\/2025\/10\/ACTUALITZAT-9-de-octubre-de-2025-1463x2048.jpg 1463w, https:\/\/aldaia.es\/wp-content\/uploads\/2025\/10\/ACTUALITZAT-9-de-octubre-de-2025-scaled.jpg 1829w\" sizes=\"auto, (max-width: 731px) 100vw, 731px\" \/><\/figure>\n\n\n\n<p style=\"font-size:28px\"><strong>Extracto del hilo argumental para el acto del 9 d&#8217;octubre de 2025<\/strong><\/p>\n\n\n\n<p><em>Hui, com cada 9 d\u2019Octubre, ens reunim per a commemorar el naixement del poble valenci\u00e0. Una data que no \u00e9s nom\u00e9s hist\u00f2ria, sin\u00f3 tamb\u00e9 mem\u00f2ria viva i cam\u00ed compartit. El 9 d\u2019Octubre enguany m\u00e9s que un record, una efem\u00e8ride anual o una afirmaci\u00f3 sentimental \u00e9s un homenatge a la capacitat d\u2019aquest poble per al\u00e7ar-se i caminar malgrat les adversitats, com la que pat\u00edrem el passat 29 d\u2019octubre de 2024.<\/em><\/p>\n\n\n\n<p><em>&nbsp;&nbsp;&nbsp;&nbsp;&nbsp;&nbsp;&nbsp;&nbsp;&nbsp;&nbsp;&nbsp; \u00c9s cert que tamb\u00e9 som un poble festiu, que canta, que treballa, que parla, que gaudix del foc, de la gastronomia, de la m\u00fasica i les tradicions, que t\u00e9 una llengua i cultura mil\u00b7len\u00e0ria i potent, que acull i ajuda&#8230; &nbsp;Per\u00f2, hui, en el dia que ens mirem com a poble, com a societat, com a conjunt de vincles, d\u2019afectes i de reptes, \u00e9s necessari destacar tamb\u00e9 el nostre exemple de solidaritat, ajuda, i sobretot d\u2019humanitat. <strong>Enguany el 9 d\u2019octubre \u00e9s l\u2019expressi\u00f3 de la capacitat de superaci\u00f3 del poble valenci\u00e0.<\/strong><\/em><\/p>\n\n\n\n<p><strong><em>&nbsp;&nbsp;&nbsp;&nbsp;&nbsp;&nbsp;&nbsp;&nbsp;&nbsp;&nbsp;&nbsp; Per aix\u00f2, <\/em><\/strong><em>aquest 9 d\u2019Octubre, la festa dels valencians \u00e9s <strong>una ofrena a tall d\u2019homenatge a totes les persones que, amb esfor\u00e7 i sacrifici, han fet possible comen\u00e7ar a reconstruir els nostres pobles i les nostres vides<\/strong>. A qui no ha perdut l\u2019esperan\u00e7a i continua lluitant dia a dia per recuperar all\u00f2 que es va perdre. \u00c9s un reconeixement tamb\u00e9 a la voluntarietat i el voluntariat, al treball conjunt, bra\u00e7 a bra\u00e7, que des de la solitud dels primers dies, ens va acompanyar i assistir per a eixir del fang despr\u00e9s de la DANA.<\/em><\/p>\n\n\n\n<p><em>Moltes gr\u00e0cies per la seua assist\u00e8ncia. Esperem que acaben de passar un molt bon 9 d\u2019octubre.<\/em><\/p>\n\n\n\n<p><em>Visca el 9 d\u2019Octubre!<\/em><\/p>\n\n\n\n<p><em>Visca el poble valenci\u00e0!<\/em><\/p>\n\n\n\n<p style=\"font-size:28px\"><strong>ARTESTIU\u201925<\/strong><\/p>\n\n\n\n<h2 class=\"wp-block-heading\"><strong>Ya VIENE EL VERANO!!! VOLVEMOS!<\/strong><\/h2>\n\n\n\n<p><strong>\u00bfQu\u00e9 hacemos?<\/strong> Talleres art\u00edsticos y culturales de danza, teatro, m\u00fasica y canto y artes pl\u00e1sticas.<br><strong>\u00bfCu\u00e1ndo?<\/strong> Del1 al 31 de julio de 2025, de 9 a 14 horas (Opci\u00f3n Conciliaci\u00f3n de 8 a 9 horas, preguntadnos)<br><strong>\u00bfD\u00f3nde?<\/strong> En el CEIP Ausi\u00e0s March.<br><strong>\u00bfPara qui\u00e9n?<\/strong> Ni\u00f1os y ni\u00f1as de 6 a 14 a\u00f1os.<br><strong>\u00bfCu\u00e1ndo me puedo inscribir?<\/strong> Del 29 de mayoal11 de junio. Para perosnas que no sean de Aldaia los d\u00edas 12 y 13 de junio.<br><strong>\u00bfC\u00f3mo me puedo inscribir? \u00bfQu\u00e9 precio tiene?<\/strong> Rellenad el siguiente formulario y adjuntad la documentaci\u00f3n que se indica: <a href=\"https:\/\/goo.su\/yuGQ7g\" target=\"_blank\" rel=\"noreferrer noopener\">https:\/\/goo.su\/yuGQ7g<\/a><\/p>\n\n\n\n<figure class=\"wp-block-image size-large\"><img loading=\"lazy\" decoding=\"async\" width=\"1024\" height=\"1024\" src=\"https:\/\/aldaia.es\/wp-content\/uploads\/2025\/05\/POLI-POSTS-INSTAGRAM-2025-05-30T100843.424-1024x1024.jpg\" alt=\"\" class=\"wp-image-37656\" srcset=\"https:\/\/aldaia.es\/wp-content\/uploads\/2025\/05\/POLI-POSTS-INSTAGRAM-2025-05-30T100843.424-1024x1024.jpg 1024w, https:\/\/aldaia.es\/wp-content\/uploads\/2025\/05\/POLI-POSTS-INSTAGRAM-2025-05-30T100843.424-300x300.jpg 300w, https:\/\/aldaia.es\/wp-content\/uploads\/2025\/05\/POLI-POSTS-INSTAGRAM-2025-05-30T100843.424-150x150.jpg 150w, https:\/\/aldaia.es\/wp-content\/uploads\/2025\/05\/POLI-POSTS-INSTAGRAM-2025-05-30T100843.424-768x768.jpg 768w, https:\/\/aldaia.es\/wp-content\/uploads\/2025\/05\/POLI-POSTS-INSTAGRAM-2025-05-30T100843.424-696x696.jpg 696w, https:\/\/aldaia.es\/wp-content\/uploads\/2025\/05\/POLI-POSTS-INSTAGRAM-2025-05-30T100843.424-1068x1068.jpg 1068w, https:\/\/aldaia.es\/wp-content\/uploads\/2025\/05\/POLI-POSTS-INSTAGRAM-2025-05-30T100843.424.jpg 1080w\" sizes=\"auto, (max-width: 1024px) 100vw, 1024px\" \/><\/figure>\n\n\n\n<h4 class=\"wp-block-heading\"><strong>M\u00e9s informaci\u00f3<\/strong>: Podeu traslladar els vostres dubtes al correu electr\u00f2nic: eserrano@ajuntamentaldaia.org o al tel\u00e8fon 961988406 ext. 4330.<\/h4>\n\n\n\n<div class=\"wp-block-columns is-layout-flex wp-container-core-columns-is-layout-9d6595d7 wp-block-columns-is-layout-flex\">\n<div class=\"wp-block-column is-layout-flow wp-block-column-is-layout-flow\">\n<h2 class=\"wp-block-heading display-4\">Destacados en Cultura<\/h2>\n\n\n\n<h3 class=\"wp-block-heading\"><strong>Especial DANA<\/strong><\/h3>\n\n\n\n<p>La DANA del pasado 29 de octubre de 2024 afect\u00f3 gravemente el municipio de Aldaia. Hubo, lamentablemente, p\u00e9rdidas humanas adem\u00e1s de numerosos da\u00f1os materiales en espacios y propiedades tanto personales, como asociativas y municipales.<\/p>\n\n\n\n<p>La Cultura se vio afectada tanto a nivel de infraestructuras como la programaci\u00f3n: perdimos el MUPA (Museo del Palmito de Aldaia) y la Casa de M\u00fasica, el TAMA a pesar de quedar afectado ha podido abrir las suyos puertas a finales de diciembre. En este Especial DANA queremos dejar constancia del eco y las intervenciones a los medios que de los del Servicio se ha hecho para mostrar, denunciar y explicar c\u00f3mo la Dana nos afect\u00f3, como hemos dispuesto de ayuda e instrumentos para poder recuperarnos y qu\u00e9 proyectos de retorno de la cultura llevamos adelante.<\/p>\n\n\n\n<p>A continuaci\u00f3n os ofrecemos una serie de intervenciones a los medios que hemos protagonizado. encontrar\u00e9is entrevistas de los primeros d\u00edas, conexiones en directo, reportajes, etc., con esta serie pretendemos&nbsp; mostrar no solo qu\u00e9 ha sido la afectaci\u00f3n de la riada a nuestros espacios, sino las tareas de reconstrucci\u00f3n\/recuperaci\u00f3n y adaptaci\u00f3n que hemos puesto en marcha.<\/p>\n\n\n\n<figure class=\"wp-block-embed is-type-video is-provider-youtube wp-block-embed-youtube wp-embed-aspect-16-9 wp-has-aspect-ratio\"><div class=\"wp-block-embed__wrapper\">\n<iframe loading=\"lazy\" title=\"Informatiu Apunt_Auditoris devastats DANA 13 novembre\" width=\"640\" height=\"360\" src=\"https:\/\/www.youtube.com\/embed\/gAZuANDzYdw?feature=oembed\" frameborder=\"0\" allow=\"accelerometer; autoplay; clipboard-write; encrypted-media; gyroscope; picture-in-picture; web-share\" referrerpolicy=\"strict-origin-when-cross-origin\" allowfullscreen><\/iframe>\n<\/div><\/figure>\n\n\n\n<figure class=\"wp-block-embed is-type-video is-provider-youtube wp-block-embed-youtube wp-embed-aspect-16-9 wp-has-aspect-ratio\"><div class=\"wp-block-embed__wrapper\">\n<iframe loading=\"lazy\" title=\"Endirecte_Apunt_ novembre 2024_TAMA\" width=\"640\" height=\"360\" src=\"https:\/\/www.youtube.com\/embed\/2v66hCPqXbg?feature=oembed\" frameborder=\"0\" allow=\"accelerometer; autoplay; clipboard-write; encrypted-media; gyroscope; picture-in-picture; web-share\" referrerpolicy=\"strict-origin-when-cross-origin\" allowfullscreen><\/iframe>\n<\/div><\/figure>\n\n\n\n<figure class=\"wp-block-embed is-type-video is-provider-youtube wp-block-embed-youtube wp-embed-aspect-16-9 wp-has-aspect-ratio\"><div class=\"wp-block-embed__wrapper\">\n<iframe loading=\"lazy\" title=\"NTC migdia_Entrevista Francis L\u00f3pez (Paiporta)\" width=\"640\" height=\"360\" src=\"https:\/\/www.youtube.com\/embed\/ZVcJ_f31HP0?feature=oembed\" frameborder=\"0\" allow=\"accelerometer; autoplay; clipboard-write; encrypted-media; gyroscope; picture-in-picture; web-share\" referrerpolicy=\"strict-origin-when-cross-origin\" allowfullscreen><\/iframe>\n<\/div><\/figure>\n\n\n\n<figure class=\"wp-block-embed is-type-video is-provider-youtube wp-block-embed-youtube wp-embed-aspect-4-3 wp-has-aspect-ratio\"><div class=\"wp-block-embed__wrapper\">\n<iframe loading=\"lazy\" title=\"MUPA_ EFE Servicios_ Francesc Mart\u00ednez\" width=\"640\" height=\"480\" src=\"https:\/\/www.youtube.com\/embed\/4rN8-fYPtwg?feature=oembed\" frameborder=\"0\" allow=\"accelerometer; autoplay; clipboard-write; encrypted-media; gyroscope; picture-in-picture; web-share\" referrerpolicy=\"strict-origin-when-cross-origin\" allowfullscreen><\/iframe>\n<\/div><\/figure>\n\n\n\n<figure class=\"wp-block-embed is-type-video is-provider-youtube wp-block-embed-youtube wp-embed-aspect-4-3 wp-has-aspect-ratio\"><div class=\"wp-block-embed__wrapper\">\n<iframe loading=\"lazy\" title=\"En Directe_APunt 12 desembre Restauraci\u00f3 Palmitos Diputaci\u00f3 de Val\u00e8ncia\" width=\"640\" height=\"480\" src=\"https:\/\/www.youtube.com\/embed\/2b_1Tj-Bmik?feature=oembed\" frameborder=\"0\" allow=\"accelerometer; autoplay; clipboard-write; encrypted-media; gyroscope; picture-in-picture; web-share\" referrerpolicy=\"strict-origin-when-cross-origin\" allowfullscreen><\/iframe>\n<\/div><\/figure>\n\n\n\n<figure class=\"wp-block-embed is-type-video is-provider-youtube wp-block-embed-youtube wp-embed-aspect-4-3 wp-has-aspect-ratio\"><div class=\"wp-block-embed__wrapper\">\n<iframe loading=\"lazy\" title=\"Informatiu_Apunt_ 27 desembre_ Francis L\u00f3pez_ Festival Bonic\" width=\"640\" height=\"480\" src=\"https:\/\/www.youtube.com\/embed\/HYdpVa0xSgA?feature=oembed\" frameborder=\"0\" allow=\"accelerometer; autoplay; clipboard-write; encrypted-media; gyroscope; picture-in-picture; web-share\" referrerpolicy=\"strict-origin-when-cross-origin\" allowfullscreen><\/iframe>\n<\/div><\/figure>\n\n\n\n<p>Val\u00e8ncia y la sombra del agua. Documental RTVE.<\/p>\n\n\n\n<figure class=\"wp-block-embed is-type-video is-provider-youtube wp-block-embed-youtube wp-embed-aspect-4-3 wp-has-aspect-ratio\"><div class=\"wp-block-embed__wrapper\">\n<iframe loading=\"lazy\" title=\"Valencia y la sombra del agua RTVE\" width=\"640\" height=\"480\" src=\"https:\/\/www.youtube.com\/embed\/IVHNEjUWfzs?feature=oembed\" frameborder=\"0\" allow=\"accelerometer; autoplay; clipboard-write; encrypted-media; gyroscope; picture-in-picture; web-share\" referrerpolicy=\"strict-origin-when-cross-origin\" allowfullscreen><\/iframe>\n<\/div><\/figure>\n\n\n\n<p style=\"font-size:28px\"><strong>Mural V.A. Estell\u00e9s i la DANA. En el Cintur\u00f3 Verd<\/strong><\/p>\n\n\n\n<figure class=\"wp-block-embed is-type-video is-provider-youtube wp-block-embed-youtube wp-embed-aspect-16-9 wp-has-aspect-ratio\"><div class=\"wp-block-embed__wrapper\">\n<iframe loading=\"lazy\" title=\"Apunt Mural Estell\u00e9s\" width=\"640\" height=\"360\" src=\"https:\/\/www.youtube.com\/embed\/HhSeIvbVZV4?feature=oembed\" frameborder=\"0\" allow=\"accelerometer; autoplay; clipboard-write; encrypted-media; gyroscope; picture-in-picture; web-share\" referrerpolicy=\"strict-origin-when-cross-origin\" allowfullscreen><\/iframe>\n<\/div><\/figure>\n\n\n\n<p><\/p>\n\n\n\n<div class=\"wp-block-columns is-layout-flex wp-container-core-columns-is-layout-9d6595d7 wp-block-columns-is-layout-flex\">\n<div class=\"wp-block-column is-layout-flow wp-block-column-is-layout-flow\"><div class=\"wp-block-image\">\n<figure class=\"aligncenter size-full\"><a href=\"https:\/\/aldaia.es\/cultura\/art-estiu\/\"><img loading=\"lazy\" decoding=\"async\" width=\"618\" height=\"340\" src=\"https:\/\/aldaia.es\/wp-content\/uploads\/2024\/09\/artestiu2024-aldaia.jpg\" alt=\"Art Estiu 2024\" class=\"wp-image-31975\" srcset=\"https:\/\/aldaia.es\/wp-content\/uploads\/2024\/09\/artestiu2024-aldaia.jpg 618w, https:\/\/aldaia.es\/wp-content\/uploads\/2024\/09\/artestiu2024-aldaia-300x165.jpg 300w, https:\/\/aldaia.es\/wp-content\/uploads\/2024\/09\/artestiu2024-aldaia-150x83.jpg 150w\" sizes=\"auto, (max-width: 618px) 100vw, 618px\" \/><\/a><\/figure>\n<\/div>\n\n\n<h3 class=\"wp-block-heading\"><strong>Art Estiu 2024, talleres de verano de 6 a 14 a\u00f1os<\/strong><\/h3>\n<\/div>\n\n\n\n<div class=\"wp-block-column is-layout-flow wp-block-column-is-layout-flow\"><div class=\"wp-block-image\">\n<figure class=\"aligncenter size-full\"><a href=\"https:\/\/aldaia.es\/cultura\/any-estelles-als-pobles\/\"><img loading=\"lazy\" decoding=\"async\" width=\"618\" height=\"340\" src=\"https:\/\/aldaia.es\/wp-content\/uploads\/2024\/09\/any-estelles-aldaia-2024.jpg\" alt=\"any estell\u00e9s als pobles\" class=\"wp-image-31977\" srcset=\"https:\/\/aldaia.es\/wp-content\/uploads\/2024\/09\/any-estelles-aldaia-2024.jpg 618w, https:\/\/aldaia.es\/wp-content\/uploads\/2024\/09\/any-estelles-aldaia-2024-300x165.jpg 300w, https:\/\/aldaia.es\/wp-content\/uploads\/2024\/09\/any-estelles-aldaia-2024-150x83.jpg 150w\" sizes=\"auto, (max-width: 618px) 100vw, 618px\" \/><\/a><\/figure>\n<\/div>\n\n\n<h3 class=\"wp-block-heading\"><strong>Any Estell\u00e9s als pobles<\/strong><\/h3>\n<\/div>\n<\/div>\n\n\n\n<div class=\"wp-block-columns is-layout-flex wp-container-core-columns-is-layout-9d6595d7 wp-block-columns-is-layout-flex\">\n<div class=\"wp-block-column is-layout-flow wp-block-column-is-layout-flow\"><div class=\"wp-block-image\">\n<figure class=\"aligncenter size-full\"><a href=\"https:\/\/aldaia.es\/es\/cultura\/tama-teatro-auditorio\/colores-festival-escenico-en-la-calle\/\"><img loading=\"lazy\" decoding=\"async\" width=\"618\" height=\"340\" src=\"https:\/\/aldaia.es\/wp-content\/uploads\/2024\/09\/banners-inicio-cultura-festival-colores.gif\" alt=\"festival colores\" class=\"wp-image-32034\"\/><\/a><\/figure>\n<\/div>\n\n\n<h3 class=\"wp-block-heading\"><strong>\u201cColors\u201d Festival esc\u00e9nico en las calles<\/strong><\/h3>\n<\/div>\n\n\n\n<div class=\"wp-block-column is-layout-flow wp-block-column-is-layout-flow\"><div class=\"wp-block-image\">\n<figure class=\"aligncenter size-full\"><a href=\"https:\/\/aldaia.es\/es\/cultura\/tama-teatro-auditorio\/bonito-ciclo-navideno-de-teatro-para-ninos-y-ninas\/\"><img loading=\"lazy\" decoding=\"async\" width=\"618\" height=\"340\" src=\"https:\/\/aldaia.es\/wp-content\/uploads\/2024\/09\/banners-inicio-ciclo-bonic-teatro-cultura.jpg\" alt=\"\" class=\"wp-image-31985\" srcset=\"https:\/\/aldaia.es\/wp-content\/uploads\/2024\/09\/banners-inicio-ciclo-bonic-teatro-cultura.jpg 618w, https:\/\/aldaia.es\/wp-content\/uploads\/2024\/09\/banners-inicio-ciclo-bonic-teatro-cultura-300x165.jpg 300w, https:\/\/aldaia.es\/wp-content\/uploads\/2024\/09\/banners-inicio-ciclo-bonic-teatro-cultura-150x83.jpg 150w\" sizes=\"auto, (max-width: 618px) 100vw, 618px\" \/><\/a><\/figure>\n<\/div>\n\n\n<h3 class=\"wp-block-heading\"><strong>\u201cBonic\u201d ciclo navide\u00f1o de teatro para ni\u00f1os y ni\u00f1as<\/strong><\/h3>\n<\/div>\n<\/div>\n\n\n\n<div class=\"wp-block-columns is-layout-flex wp-container-core-columns-is-layout-9d6595d7 wp-block-columns-is-layout-flex\">\n<div class=\"wp-block-column is-layout-flow wp-block-column-is-layout-flow\"><div class=\"wp-block-image\">\n<figure class=\"aligncenter size-full\"><a href=\"https:\/\/aldaia.es\/cultura\/sales-dexposicions\/\"><img loading=\"lazy\" decoding=\"async\" width=\"618\" height=\"340\" src=\"https:\/\/aldaia.es\/wp-content\/uploads\/2024\/09\/banners-sales-expo.jpg\" alt=\"sala eexpos\" class=\"wp-image-32005\" srcset=\"https:\/\/aldaia.es\/wp-content\/uploads\/2024\/09\/banners-sales-expo.jpg 618w, https:\/\/aldaia.es\/wp-content\/uploads\/2024\/09\/banners-sales-expo-300x165.jpg 300w, https:\/\/aldaia.es\/wp-content\/uploads\/2024\/09\/banners-sales-expo-150x83.jpg 150w\" sizes=\"auto, (max-width: 618px) 100vw, 618px\" \/><\/a><\/figure>\n<\/div>\n\n\n<h3 class=\"wp-block-heading\"><strong>Salas de exposiciones en Aldaia<\/strong><\/h3>\n<\/div>\n\n\n\n<div class=\"wp-block-column is-layout-flow wp-block-column-is-layout-flow\"><div class=\"wp-block-image\">\n<figure class=\"aligncenter size-full\"><a href=\"https:\/\/aldaia.es\/cultura\/etnologia-i-patrimoni-cultural\/\"><img loading=\"lazy\" decoding=\"async\" width=\"618\" height=\"340\" src=\"https:\/\/aldaia.es\/wp-content\/uploads\/2024\/09\/banners-etnologia-patrimoni.jpg\" alt=\"Sales expo\" class=\"wp-image-32007\" srcset=\"https:\/\/aldaia.es\/wp-content\/uploads\/2024\/09\/banners-etnologia-patrimoni.jpg 618w, https:\/\/aldaia.es\/wp-content\/uploads\/2024\/09\/banners-etnologia-patrimoni-300x165.jpg 300w, https:\/\/aldaia.es\/wp-content\/uploads\/2024\/09\/banners-etnologia-patrimoni-150x83.jpg 150w\" sizes=\"auto, (max-width: 618px) 100vw, 618px\" \/><\/a><\/figure>\n<\/div>\n\n\n<h3 class=\"wp-block-heading\"><strong>Etnolog\u00eda y Patrimonio Cultural<\/strong><\/h3>\n<\/div>\n<\/div>\n<\/div>\n<\/div>\n\n\n\n<div class=\"wp-block-columns is-layout-flex wp-container-core-columns-is-layout-9d6595d7 wp-block-columns-is-layout-flex\">\n<div class=\"wp-block-column is-layout-flow wp-block-column-is-layout-flow\">\n<h2 class=\"wp-block-heading display-4\">Especiales<\/h2>\n\n\n\n<h3 class=\"wp-block-heading\"><strong>Centenario de la Baix\u00e0<\/strong><\/h3>\n\n\n\n<p>Publicaciones.<\/p>\n\n\n\n<div class=\"wp-block-columns lista_adjuntos is-layout-flex wp-container-core-columns-is-layout-9d6595d7 wp-block-columns-is-layout-flex\">\n<div class=\"wp-block-column is-layout-flow wp-block-column-is-layout-flow\">\n<p><i class=\"fas fa-file-pdf\"><\/i> <a href=\"https:\/\/aldaia.es\/wp-content\/uploads\/2023\/01\/8._cinc_dagost_dun_poble_1921-2021.def_.pdf\" target=\"_blank\" rel=\"noreferrer noopener\">5 d&#8217;agost d&#8217; un poble. 1921 -2021. La Baix\u00e0 ens uneix.<\/a><\/p>\n<\/div>\n<\/div>\n\n\n\n<h3 class=\"wp-block-heading\"><strong>Gr\u00e1cies Aldaia<\/strong><\/h3>\n\n\n\n<div class=\"wp-block-columns is-layout-flex wp-container-core-columns-is-layout-9d6595d7 wp-block-columns-is-layout-flex\">\n<div class=\"wp-block-column is-layout-flow wp-block-column-is-layout-flow\">\n<p>\u00abGr\u00e0cies Aldaia\u00bb es un libro recopilatorio con varios art\u00edculos, testimonios e im\u00e1genes sobre lo que hemos vivido en Aldaia desde marzo de 2020 al d\u00eda de hoy. En un acto muy especial y emotivo, Aldaia reconoce a los servicios esenciales (sanidad, servicios sociales, fuerzas de seguridad, cultura, tejido asociativo, educaci\u00f3n\u2026) que han tenido especial presencia estos duros meses y son fundamentales para seguir adelante.<\/p>\n\n\n\n<div class=\"wp-block-columns lista_adjuntos is-layout-flex wp-container-core-columns-is-layout-9d6595d7 wp-block-columns-is-layout-flex\">\n<div class=\"wp-block-column is-layout-flow wp-block-column-is-layout-flow\">\n<p><i class=\"fas fa-file-pdf\"><\/i> <a href=\"https:\/\/aldaia.es\/wp-content\/uploads\/2023\/01\/gracies_aldaia%20%281%29.pdf\" target=\"_blank\" rel=\"noreferrer noopener\">Gr\u00e0cies Aldaia. Radiografia de la pand\u00e8mia<\/a><\/p>\n<\/div>\n<\/div>\n<\/div>\n\n\n\n<div class=\"wp-block-column is-layout-flow wp-block-column-is-layout-flow\" style=\"flex-basis:20%\">\n<figure class=\"wp-block-image size-medium\"><img loading=\"lazy\" decoding=\"async\" width=\"280\" height=\"300\" src=\"https:\/\/aldaia.es\/wp-content\/uploads\/2024\/09\/gracias-aldaia-280x300.jpg\" alt=\"\" class=\"wp-image-32015\" srcset=\"https:\/\/aldaia.es\/wp-content\/uploads\/2024\/09\/gracias-aldaia-280x300.jpg 280w, https:\/\/aldaia.es\/wp-content\/uploads\/2024\/09\/gracias-aldaia-150x161.jpg 150w, https:\/\/aldaia.es\/wp-content\/uploads\/2024\/09\/gracias-aldaia-300x322.jpg 300w, https:\/\/aldaia.es\/wp-content\/uploads\/2024\/09\/gracias-aldaia.jpg 669w\" sizes=\"auto, (max-width: 280px) 100vw, 280px\" \/><\/figure>\n<\/div>\n<\/div>\n<\/div>\n<\/div>\n\n\n\n<div class=\"wp-block-columns is-layout-flex wp-container-core-columns-is-layout-9d6595d7 wp-block-columns-is-layout-flex\">\n<div class=\"wp-block-column lista_adjuntos is-layout-flow wp-block-column-is-layout-flow\">\n<h2 class=\"wp-block-heading  display-4\">Enlaces<\/h2>\n\n\n\n<p><i class=\"fas fa-link\"><\/i> <a href=\"https:\/\/aldaia.es\/cultura\/tama-teatre-auditori\/\">TAMA. Teatro Auditorio de Aldaia<\/a><\/p>\n\n\n\n<p><i class=\"fas fa-link\"><\/i> <a href=\"https:\/\/aldaia.es\/cultura\/mupa-museu-del-palmito-daldaia\/\">MUPA, Museo del Abanico de Aldaia<\/a><\/p>\n\n\n\n<p><i class=\"fas fa-link\"><\/i> <a href=\"https:\/\/aldaia.es\/joventut\/centre-sociocultural-matilde-salvador\/\">Centro Sociocultural Matilde Salvador<\/a><\/p>\n<\/div>\n<\/div>\n\n\n\n<p><\/p>\n","protected":false},"excerpt":{"rendered":"<p>Desarrollo y Proyecci\u00f3n de la Cultura Desde el \u00c1mbito de Desarrollo y Proyecci\u00f3n de la Cultura del Ayuntamiento de Aldaia se impulsa el enriquecimiento cultural del municipio a trav\u00e9s de <a class=\"text-decoration-none text-black\" href=\"https:\/\/aldaia.es\/es\/cultura\/\"> &#8230; <\/a><\/p>\n","protected":false},"author":21,"featured_media":0,"parent":0,"menu_order":0,"comment_status":"closed","ping_status":"closed","template":"basic-page-departamentos.php","meta":{"_acf_changed":false,"footnotes":""},"class_list":["post-6238","page","type-page","status-publish","hentry"],"acf":[],"yoast_head":"<!-- This site is optimized with the Yoast SEO plugin v27.0 - https:\/\/yoast.com\/product\/yoast-seo-wordpress\/ -->\n<title>Cultura - Ayuntamiento de Aldaia<\/title>\n<meta name=\"robots\" content=\"index, follow, max-snippet:-1, max-image-preview:large, max-video-preview:-1\" \/>\n<link rel=\"canonical\" href=\"https:\/\/aldaia.es\/es\/cultura\/\" \/>\n<meta property=\"og:locale\" content=\"es_ES\" \/>\n<meta property=\"og:type\" content=\"article\" \/>\n<meta property=\"og:title\" content=\"Cultura - Ayuntamiento de Aldaia\" \/>\n<meta property=\"og:description\" content=\"Desarrollo y Proyecci\u00f3n de la Cultura Desde el \u00c1mbito de Desarrollo y Proyecci\u00f3n de la Cultura del Ayuntamiento de Aldaia se impulsa el enriquecimiento cultural del municipio a trav\u00e9s de ...\" \/>\n<meta property=\"og:url\" content=\"https:\/\/aldaia.es\/es\/cultura\/\" \/>\n<meta property=\"og:site_name\" content=\"Ayuntamiento de Aldaia\" \/>\n<meta property=\"article:modified_time\" content=\"2025-11-25T07:37:11+00:00\" \/>\n<meta property=\"og:image\" content=\"https:\/\/aldaia.es\/wp-content\/uploads\/2025\/06\/cultura-portada.jpg\" \/>\n\t<meta property=\"og:image:width\" content=\"1440\" \/>\n\t<meta property=\"og:image:height\" content=\"420\" \/>\n\t<meta property=\"og:image:type\" content=\"image\/jpeg\" \/>\n<script type=\"application\/ld+json\" class=\"yoast-schema-graph\">{\"@context\":\"https:\/\/schema.org\",\"@graph\":[{\"@type\":\"WebPage\",\"@id\":\"https:\/\/aldaia.es\/es\/cultura\/\",\"url\":\"https:\/\/aldaia.es\/es\/cultura\/\",\"name\":\"Cultura - Ayuntamiento de Aldaia\",\"isPartOf\":{\"@id\":\"https:\/\/aldaia.es\/es\/#website\"},\"primaryImageOfPage\":{\"@id\":\"https:\/\/aldaia.es\/es\/cultura\/#primaryimage\"},\"image\":{\"@id\":\"https:\/\/aldaia.es\/es\/cultura\/#primaryimage\"},\"thumbnailUrl\":\"https:\/\/aldaia.es\/wp-content\/uploads\/2025\/06\/cultura-portada.jpg\",\"datePublished\":\"2022-08-25T08:59:45+00:00\",\"dateModified\":\"2025-11-25T07:37:11+00:00\",\"breadcrumb\":{\"@id\":\"https:\/\/aldaia.es\/es\/cultura\/#breadcrumb\"},\"inLanguage\":\"es\",\"potentialAction\":[{\"@type\":\"ReadAction\",\"target\":[\"https:\/\/aldaia.es\/es\/cultura\/\"]}]},{\"@type\":\"ImageObject\",\"inLanguage\":\"es\",\"@id\":\"https:\/\/aldaia.es\/es\/cultura\/#primaryimage\",\"url\":\"https:\/\/aldaia.es\/wp-content\/uploads\/2025\/06\/cultura-portada.jpg\",\"contentUrl\":\"https:\/\/aldaia.es\/wp-content\/uploads\/2025\/06\/cultura-portada.jpg\"},{\"@type\":\"BreadcrumbList\",\"@id\":\"https:\/\/aldaia.es\/es\/cultura\/#breadcrumb\",\"itemListElement\":[{\"@type\":\"ListItem\",\"position\":1,\"name\":\"Portada\",\"item\":\"https:\/\/aldaia.es\/es\/\"},{\"@type\":\"ListItem\",\"position\":2,\"name\":\"Cultura\"}]},{\"@type\":\"WebSite\",\"@id\":\"https:\/\/aldaia.es\/es\/#website\",\"url\":\"https:\/\/aldaia.es\/es\/\",\"name\":\"Ajuntament D'Aldaia\",\"description\":\"\",\"publisher\":{\"@id\":\"https:\/\/aldaia.es\/es\/#organization\"},\"alternateName\":\"Ajuntament D'Aldaia\",\"potentialAction\":[{\"@type\":\"SearchAction\",\"target\":{\"@type\":\"EntryPoint\",\"urlTemplate\":\"https:\/\/aldaia.es\/es\/?s={search_term_string}\"},\"query-input\":{\"@type\":\"PropertyValueSpecification\",\"valueRequired\":true,\"valueName\":\"search_term_string\"}}],\"inLanguage\":\"es\"},{\"@type\":\"Organization\",\"@id\":\"https:\/\/aldaia.es\/es\/#organization\",\"name\":\"Ajuntament D'Aldaia\",\"url\":\"https:\/\/aldaia.es\/es\/\",\"logo\":{\"@type\":\"ImageObject\",\"inLanguage\":\"es\",\"@id\":\"https:\/\/aldaia.es\/es\/#\/schema\/logo\/image\/\",\"url\":\"https:\/\/aldaia.es\/wp-content\/uploads\/2022\/06\/aldaia-negro-1.png\",\"contentUrl\":\"https:\/\/aldaia.es\/wp-content\/uploads\/2022\/06\/aldaia-negro-1.png\",\"width\":152,\"height\":70,\"caption\":\"Ajuntament D'Aldaia\"},\"image\":{\"@id\":\"https:\/\/aldaia.es\/es\/#\/schema\/logo\/image\/\"}}]}<\/script>\n<!-- \/ Yoast SEO plugin. -->","yoast_head_json":{"title":"Cultura - Ayuntamiento de Aldaia","robots":{"index":"index","follow":"follow","max-snippet":"max-snippet:-1","max-image-preview":"max-image-preview:large","max-video-preview":"max-video-preview:-1"},"canonical":"https:\/\/aldaia.es\/es\/cultura\/","og_locale":"es_ES","og_type":"article","og_title":"Cultura - Ayuntamiento de Aldaia","og_description":"Desarrollo y Proyecci\u00f3n de la Cultura Desde el \u00c1mbito de Desarrollo y Proyecci\u00f3n de la Cultura del Ayuntamiento de Aldaia se impulsa el enriquecimiento cultural del municipio a trav\u00e9s de ...","og_url":"https:\/\/aldaia.es\/es\/cultura\/","og_site_name":"Ayuntamiento de Aldaia","article_modified_time":"2025-11-25T07:37:11+00:00","og_image":[{"width":1440,"height":420,"url":"https:\/\/aldaia.es\/wp-content\/uploads\/2025\/06\/cultura-portada.jpg","type":"image\/jpeg"}],"schema":{"@context":"https:\/\/schema.org","@graph":[{"@type":"WebPage","@id":"https:\/\/aldaia.es\/es\/cultura\/","url":"https:\/\/aldaia.es\/es\/cultura\/","name":"Cultura - Ayuntamiento de Aldaia","isPartOf":{"@id":"https:\/\/aldaia.es\/es\/#website"},"primaryImageOfPage":{"@id":"https:\/\/aldaia.es\/es\/cultura\/#primaryimage"},"image":{"@id":"https:\/\/aldaia.es\/es\/cultura\/#primaryimage"},"thumbnailUrl":"https:\/\/aldaia.es\/wp-content\/uploads\/2025\/06\/cultura-portada.jpg","datePublished":"2022-08-25T08:59:45+00:00","dateModified":"2025-11-25T07:37:11+00:00","breadcrumb":{"@id":"https:\/\/aldaia.es\/es\/cultura\/#breadcrumb"},"inLanguage":"es","potentialAction":[{"@type":"ReadAction","target":["https:\/\/aldaia.es\/es\/cultura\/"]}]},{"@type":"ImageObject","inLanguage":"es","@id":"https:\/\/aldaia.es\/es\/cultura\/#primaryimage","url":"https:\/\/aldaia.es\/wp-content\/uploads\/2025\/06\/cultura-portada.jpg","contentUrl":"https:\/\/aldaia.es\/wp-content\/uploads\/2025\/06\/cultura-portada.jpg"},{"@type":"BreadcrumbList","@id":"https:\/\/aldaia.es\/es\/cultura\/#breadcrumb","itemListElement":[{"@type":"ListItem","position":1,"name":"Portada","item":"https:\/\/aldaia.es\/es\/"},{"@type":"ListItem","position":2,"name":"Cultura"}]},{"@type":"WebSite","@id":"https:\/\/aldaia.es\/es\/#website","url":"https:\/\/aldaia.es\/es\/","name":"Ajuntament D'Aldaia","description":"","publisher":{"@id":"https:\/\/aldaia.es\/es\/#organization"},"alternateName":"Ajuntament D'Aldaia","potentialAction":[{"@type":"SearchAction","target":{"@type":"EntryPoint","urlTemplate":"https:\/\/aldaia.es\/es\/?s={search_term_string}"},"query-input":{"@type":"PropertyValueSpecification","valueRequired":true,"valueName":"search_term_string"}}],"inLanguage":"es"},{"@type":"Organization","@id":"https:\/\/aldaia.es\/es\/#organization","name":"Ajuntament D'Aldaia","url":"https:\/\/aldaia.es\/es\/","logo":{"@type":"ImageObject","inLanguage":"es","@id":"https:\/\/aldaia.es\/es\/#\/schema\/logo\/image\/","url":"https:\/\/aldaia.es\/wp-content\/uploads\/2022\/06\/aldaia-negro-1.png","contentUrl":"https:\/\/aldaia.es\/wp-content\/uploads\/2022\/06\/aldaia-negro-1.png","width":152,"height":70,"caption":"Ajuntament D'Aldaia"},"image":{"@id":"https:\/\/aldaia.es\/es\/#\/schema\/logo\/image\/"}}]}},"_links":{"self":[{"href":"https:\/\/aldaia.es\/es\/wp-json\/wp\/v2\/pages\/6238","targetHints":{"allow":["GET"]}}],"collection":[{"href":"https:\/\/aldaia.es\/es\/wp-json\/wp\/v2\/pages"}],"about":[{"href":"https:\/\/aldaia.es\/es\/wp-json\/wp\/v2\/types\/page"}],"author":[{"embeddable":true,"href":"https:\/\/aldaia.es\/es\/wp-json\/wp\/v2\/users\/21"}],"replies":[{"embeddable":true,"href":"https:\/\/aldaia.es\/es\/wp-json\/wp\/v2\/comments?post=6238"}],"version-history":[{"count":28,"href":"https:\/\/aldaia.es\/es\/wp-json\/wp\/v2\/pages\/6238\/revisions"}],"predecessor-version":[{"id":39720,"href":"https:\/\/aldaia.es\/es\/wp-json\/wp\/v2\/pages\/6238\/revisions\/39720"}],"wp:attachment":[{"href":"https:\/\/aldaia.es\/es\/wp-json\/wp\/v2\/media?parent=6238"}],"curies":[{"name":"wp","href":"https:\/\/api.w.org\/{rel}","templated":true}]}}