{"id":6242,"date":"2022-08-29T10:04:35","date_gmt":"2022-08-29T08:04:35","guid":{"rendered":"https:\/\/aldaia.eu\/seguridad-ciudadana\/"},"modified":"2025-06-26T09:28:22","modified_gmt":"2025-06-26T07:28:22","slug":"seguridad-ciudadana","status":"publish","type":"page","link":"https:\/\/aldaia.es\/es\/seguridad-ciudadana\/","title":{"rendered":"Seguridad Ciudadana"},"content":{"rendered":"\n<div class=\"wp-block-columns is-layout-flex wp-container-core-columns-is-layout-9d6595d7 wp-block-columns-is-layout-flex\">\n<div class=\"wp-block-column is-layout-flow wp-block-column-is-layout-flow\">\n<figure class=\"wp-block-image size-full\"><img loading=\"lazy\" decoding=\"async\" width=\"1440\" height=\"420\" src=\"https:\/\/aldaia.es\/wp-content\/uploads\/2025\/06\/policia-aldaia-portada.jpg\" alt=\"Seguridad Ciudadana\" class=\"wp-image-38120\" srcset=\"https:\/\/aldaia.es\/wp-content\/uploads\/2025\/06\/policia-aldaia-portada.jpg 1440w, https:\/\/aldaia.es\/wp-content\/uploads\/2025\/06\/policia-aldaia-portada-300x88.jpg 300w, https:\/\/aldaia.es\/wp-content\/uploads\/2025\/06\/policia-aldaia-portada-1024x299.jpg 1024w, https:\/\/aldaia.es\/wp-content\/uploads\/2025\/06\/policia-aldaia-portada-768x224.jpg 768w, https:\/\/aldaia.es\/wp-content\/uploads\/2025\/06\/policia-aldaia-portada-150x44.jpg 150w, https:\/\/aldaia.es\/wp-content\/uploads\/2025\/06\/policia-aldaia-portada-696x203.jpg 696w, https:\/\/aldaia.es\/wp-content\/uploads\/2025\/06\/policia-aldaia-portada-1068x312.jpg 1068w\" sizes=\"auto, (max-width: 1440px) 100vw, 1440px\" \/><\/figure>\n<\/div>\n<\/div>\n\n\n\n<div class=\"wp-block-columns top-info-dep dep-seguridad is-layout-flex wp-container-core-columns-is-layout-9d6595d7 wp-block-columns-is-layout-flex\">\n<div class=\"wp-block-column is-layout-flow wp-block-column-is-layout-flow\" style=\"flex-basis:30%\"><!--  Info deportes -->\n\n \n\n<div class='bloque-infos-seguridad wrapper-departamentos'>\n<p class=\"tit-bloque-infos\">Polic\u00eda local <\/p>\n        <div class='infos-departamento'>\n            <p>Ayuntamiento de Aldaia, Plaza Constituci\u00f3n, n\u00ba 10.  46960 Aldaia, Valencia<\/p>\n            <p><i class=\"fa fa-phone\" aria-hidden=\"true\"><\/i> <a href=\"tel:+34961500702\">092<\/a><\/p>\n            <p><i class=\"fa fa-phone\" aria-hidden=\"true\"><\/i> <a href=\"tel:+34961500702\">+34 961 510 061<\/a><\/p>\n            <p><i class=\"fa fa-phone\" aria-hidden=\"true\"><\/i> <a href=\"tel:+34961500702\">+34 961 985 838<\/a><\/p>\n            \n        <\/div>\n\n        <div class='mapa-1'>\n        <iframe src=\"https:\/\/www.google.com\/maps\/embed?pb=!1m18!1m12!1m3!1d649.4021361226742!2d-0.46257141374235977!3d39.46513134014793!2m3!1f0!2f0!3f0!3m2!1i1024!2i768!4f13.1!3m3!1m2!1s0xd60503d5f979a0f%3A0xcce710060a023d09!2sPolic%C3%ADa%20Local%20Aldaya!5e0!3m2!1ses!2sus!4v1722506203369!5m2!1ses!2sus\" width=\"100%\" height=\"300\" style=\"border:0;\" allowfullscreen=\"\" loading=\"lazy\" referrerpolicy=\"no-referrer-when-downgrade\"><\/iframe>\n        <\/div>\n<\/div>\n<!-- end bloque infos -->\n   \n\n\n\n<\/div>\n\n\n\n<div class=\"wp-block-column is-layout-flow wp-block-column-is-layout-flow\" style=\"flex-basis:70%\">\n<h1 class=\"wp-block-heading\">Seguridad Ciudadana<\/h1>\n\n\n\n<p>Es un \u00e1rea que trabaja para asegurar la convivencia pac\u00edfica, erradicar la violencia y ordenar las v\u00edas y espacios p\u00fablicos, por lo general, as\u00ed como evitar la comisi\u00f3n de delitos y faltas contra las personas y sus bienes.<\/p>\n\n\n\n<p>*<strong>NUEVA LEY DE TR\u00c1FICO 2022:<\/strong><\/p>\n\n\n\n<p>Recientemente la Ley sobre Tr\u00e1fico, Circulaci\u00f3n de Veh\u00edculos a Motor y Seguridad Vial vigente desde 2015 ha sido modificada para dar lugar a una nueva Ley de Tr\u00e1fico, que entrar\u00e1 en vigor en marzo de 2022. Su objetivo principal es reducir la siniestralidad y reforzar la seguridad vial en nuestro pa\u00eds.<\/p>\n\n\n\n<p>Los cambios que se recogen en la nueva Ley destacan por un endurecimiento de las sanciones, que adem\u00e1s de econ\u00f3micas, en muchos casos ir\u00e1n acompa\u00f1adas con la p\u00e9rdida de puntos. A partir de ahora, siempre que no se hayan perdido todos los puntos y\/o producido una retirada del permiso de conducir, los conductores tendr\u00e1n que pasar dos a\u00f1os sin cometer infracciones para recuperar el saldo inicial de 12 puntos con posibilidad de sumar 2 m\u00e1s mediante los cursos de conducci\u00f3n segura certificados por la DGT.<\/p>\n\n\n\n<p>Todas las medidas recogidas en la Nueva Ley de Tr\u00e1fico, as\u00ed como todos los esfuerzos destinados a su cumplimiento, tienen un solo objetivo: la siniestralidad cero en nuestro pa\u00eds.<\/p>\n\n\n\n<h2 class=\"wp-block-heading\">Renovaci\u00f3n del DNI<\/h2>\n\n\n\n<p>Expedici\u00f3 i lliurament de nous Documents Nacionals d\u2019Identitat, de manera presencial, en el consistori<\/p>\n\n\n\n<p>Amb la millora de les dades COVID-19, agents de la Policia Nacional es tornen a traslladar a l\u2019Ajuntament d\u2019Aldaia per a l\u2019expedici\u00f3 i lliurament de nous Documents Nacionals d\u2019Identitat (DNIs) en el propi municipi (Consistori), de manera presencial.<\/p>\n\n\n\n<p>Les dates per a la realitzaci\u00f3 de nous documentss\u2019anunciaran al tauler d\u2019anuncis, en la portada d\u2019este lloc web.<\/p>\n\n\n\n<p>Podreu sol\u00b7licitar cita pr\u00e8via, i informaci\u00f3, telefonant a la Policia Local d\u2019Aldaia al 961510061.<\/p>\n\n\n\n<h2 class=\"wp-block-heading\">Retirada de vehicles per la grua<\/h2>\n\n\n\n<h3 class=\"wp-block-heading\">Vehicles retirats per la grua<\/h3>\n\n\n\n<p>La persona interessada ha de dirigir-se a:<\/p>\n\n\n\n<p>Lloc: Ret\u00e9 de la Policia Local, situat a l\u2019Ajuntament d\u2019Aldaia.<br>Tel\u00e8fon d\u2019Atenci\u00f3 al Ciutad\u00e0: 961510061<br>Horari d\u2019atenci\u00f3: 24 hores.<\/p>\n\n\n\n<div class=\"wp-block-columns lista_adjuntos is-layout-flex wp-container-core-columns-is-layout-9d6595d7 wp-block-columns-is-layout-flex\">\n<div class=\"wp-block-column is-layout-flow wp-block-column-is-layout-flow\">\n<h2 class=\"wp-block-heading\">Enlaces<\/h2>\n\n\n\n<p><i class=\"fas fa-file-pdf\"><\/i> <a href=\"https:\/\/www.interior.gob.es\/opencms\/ca\/servicios-al-ciudadano\/violencia-contra-la-mujer\/sistema-viogen\/\" target=\"_blank\" rel=\"noreferrer noopener\">Sistema VioG\u00e9n<\/a><\/p>\n<\/div>\n<\/div>\n<\/div>\n<\/div>\n","protected":false},"excerpt":{"rendered":"<p>Seguridad Ciudadana Es un \u00e1rea que trabaja para asegurar la convivencia pac\u00edfica, erradicar la violencia y ordenar las v\u00edas y espacios p\u00fablicos, por lo general, as\u00ed como evitar la comisi\u00f3n <a class=\"text-decoration-none text-black\" href=\"https:\/\/aldaia.es\/es\/seguridad-ciudadana\/\"> &#8230; <\/a><\/p>\n","protected":false},"author":17,"featured_media":0,"parent":0,"menu_order":0,"comment_status":"closed","ping_status":"closed","template":"basic-page-departamentos.php","meta":{"_acf_changed":false,"footnotes":""},"class_list":["post-6242","page","type-page","status-publish","hentry"],"acf":[],"yoast_head":"<!-- This site is optimized with the Yoast SEO plugin v27.0 - https:\/\/yoast.com\/product\/yoast-seo-wordpress\/ -->\n<title>Seguridad Ciudadana - Ayuntamiento de Aldaia<\/title>\n<meta name=\"description\" content=\"Seguridad Ciudadana trabaja para asegurar la convivencia pac\u00edfica, erradicar la violencia y ordenar las v\u00edas y espacios p\u00fablicos\" \/>\n<meta name=\"robots\" content=\"index, follow, max-snippet:-1, max-image-preview:large, max-video-preview:-1\" \/>\n<link rel=\"canonical\" href=\"https:\/\/aldaia.es\/es\/seguridad-ciudadana\/\" \/>\n<meta property=\"og:locale\" content=\"es_ES\" \/>\n<meta property=\"og:type\" content=\"article\" \/>\n<meta property=\"og:title\" content=\"Seguridad Ciudadana - Ayuntamiento de Aldaia\" \/>\n<meta property=\"og:description\" content=\"Seguridad Ciudadana trabaja para asegurar la convivencia pac\u00edfica, erradicar la violencia y ordenar las v\u00edas y espacios p\u00fablicos\" \/>\n<meta property=\"og:url\" content=\"https:\/\/aldaia.es\/es\/seguridad-ciudadana\/\" \/>\n<meta property=\"og:site_name\" content=\"Ayuntamiento de Aldaia\" \/>\n<meta property=\"article:modified_time\" content=\"2025-06-26T07:28:22+00:00\" \/>\n<meta property=\"og:image\" content=\"https:\/\/aldaia.es\/wp-content\/uploads\/2025\/06\/policia-aldaia-portada.jpg\" \/>\n<script type=\"application\/ld+json\" class=\"yoast-schema-graph\">{\"@context\":\"https:\/\/schema.org\",\"@graph\":[{\"@type\":\"WebPage\",\"@id\":\"https:\/\/aldaia.es\/es\/seguridad-ciudadana\/\",\"url\":\"https:\/\/aldaia.es\/es\/seguridad-ciudadana\/\",\"name\":\"Seguridad Ciudadana - Ayuntamiento de Aldaia\",\"isPartOf\":{\"@id\":\"https:\/\/aldaia.es\/es\/#website\"},\"primaryImageOfPage\":{\"@id\":\"https:\/\/aldaia.es\/es\/seguridad-ciudadana\/#primaryimage\"},\"image\":{\"@id\":\"https:\/\/aldaia.es\/es\/seguridad-ciudadana\/#primaryimage\"},\"thumbnailUrl\":\"https:\/\/aldaia.es\/wp-content\/uploads\/2025\/06\/policia-aldaia-portada.jpg\",\"datePublished\":\"2022-08-29T08:04:35+00:00\",\"dateModified\":\"2025-06-26T07:28:22+00:00\",\"description\":\"Seguridad Ciudadana trabaja para asegurar la convivencia pac\u00edfica, erradicar la violencia y ordenar las v\u00edas y espacios p\u00fablicos\",\"breadcrumb\":{\"@id\":\"https:\/\/aldaia.es\/es\/seguridad-ciudadana\/#breadcrumb\"},\"inLanguage\":\"es\",\"potentialAction\":[{\"@type\":\"ReadAction\",\"target\":[\"https:\/\/aldaia.es\/es\/seguridad-ciudadana\/\"]}]},{\"@type\":\"ImageObject\",\"inLanguage\":\"es\",\"@id\":\"https:\/\/aldaia.es\/es\/seguridad-ciudadana\/#primaryimage\",\"url\":\"https:\/\/aldaia.es\/wp-content\/uploads\/2025\/06\/policia-aldaia-portada.jpg\",\"contentUrl\":\"https:\/\/aldaia.es\/wp-content\/uploads\/2025\/06\/policia-aldaia-portada.jpg\"},{\"@type\":\"BreadcrumbList\",\"@id\":\"https:\/\/aldaia.es\/es\/seguridad-ciudadana\/#breadcrumb\",\"itemListElement\":[{\"@type\":\"ListItem\",\"position\":1,\"name\":\"Portada\",\"item\":\"https:\/\/aldaia.es\/es\/\"},{\"@type\":\"ListItem\",\"position\":2,\"name\":\"Seguridad Ciudadana\"}]},{\"@type\":\"WebSite\",\"@id\":\"https:\/\/aldaia.es\/es\/#website\",\"url\":\"https:\/\/aldaia.es\/es\/\",\"name\":\"Ajuntament D'Aldaia\",\"description\":\"\",\"publisher\":{\"@id\":\"https:\/\/aldaia.es\/es\/#organization\"},\"alternateName\":\"Ajuntament D'Aldaia\",\"potentialAction\":[{\"@type\":\"SearchAction\",\"target\":{\"@type\":\"EntryPoint\",\"urlTemplate\":\"https:\/\/aldaia.es\/es\/?s={search_term_string}\"},\"query-input\":{\"@type\":\"PropertyValueSpecification\",\"valueRequired\":true,\"valueName\":\"search_term_string\"}}],\"inLanguage\":\"es\"},{\"@type\":\"Organization\",\"@id\":\"https:\/\/aldaia.es\/es\/#organization\",\"name\":\"Ajuntament D'Aldaia\",\"url\":\"https:\/\/aldaia.es\/es\/\",\"logo\":{\"@type\":\"ImageObject\",\"inLanguage\":\"es\",\"@id\":\"https:\/\/aldaia.es\/es\/#\/schema\/logo\/image\/\",\"url\":\"https:\/\/aldaia.es\/wp-content\/uploads\/2022\/06\/aldaia-negro-1.png\",\"contentUrl\":\"https:\/\/aldaia.es\/wp-content\/uploads\/2022\/06\/aldaia-negro-1.png\",\"width\":152,\"height\":70,\"caption\":\"Ajuntament D'Aldaia\"},\"image\":{\"@id\":\"https:\/\/aldaia.es\/es\/#\/schema\/logo\/image\/\"}}]}<\/script>\n<!-- \/ Yoast SEO plugin. -->","yoast_head_json":{"title":"Seguridad Ciudadana - Ayuntamiento de Aldaia","description":"Seguridad Ciudadana trabaja para asegurar la convivencia pac\u00edfica, erradicar la violencia y ordenar las v\u00edas y espacios p\u00fablicos","robots":{"index":"index","follow":"follow","max-snippet":"max-snippet:-1","max-image-preview":"max-image-preview:large","max-video-preview":"max-video-preview:-1"},"canonical":"https:\/\/aldaia.es\/es\/seguridad-ciudadana\/","og_locale":"es_ES","og_type":"article","og_title":"Seguridad Ciudadana - Ayuntamiento de Aldaia","og_description":"Seguridad Ciudadana trabaja para asegurar la convivencia pac\u00edfica, erradicar la violencia y ordenar las v\u00edas y espacios p\u00fablicos","og_url":"https:\/\/aldaia.es\/es\/seguridad-ciudadana\/","og_site_name":"Ayuntamiento de Aldaia","article_modified_time":"2025-06-26T07:28:22+00:00","og_image":[{"url":"https:\/\/aldaia.es\/wp-content\/uploads\/2025\/06\/policia-aldaia-portada.jpg","type":"","width":"","height":""}],"schema":{"@context":"https:\/\/schema.org","@graph":[{"@type":"WebPage","@id":"https:\/\/aldaia.es\/es\/seguridad-ciudadana\/","url":"https:\/\/aldaia.es\/es\/seguridad-ciudadana\/","name":"Seguridad Ciudadana - Ayuntamiento de Aldaia","isPartOf":{"@id":"https:\/\/aldaia.es\/es\/#website"},"primaryImageOfPage":{"@id":"https:\/\/aldaia.es\/es\/seguridad-ciudadana\/#primaryimage"},"image":{"@id":"https:\/\/aldaia.es\/es\/seguridad-ciudadana\/#primaryimage"},"thumbnailUrl":"https:\/\/aldaia.es\/wp-content\/uploads\/2025\/06\/policia-aldaia-portada.jpg","datePublished":"2022-08-29T08:04:35+00:00","dateModified":"2025-06-26T07:28:22+00:00","description":"Seguridad Ciudadana trabaja para asegurar la convivencia pac\u00edfica, erradicar la violencia y ordenar las v\u00edas y espacios p\u00fablicos","breadcrumb":{"@id":"https:\/\/aldaia.es\/es\/seguridad-ciudadana\/#breadcrumb"},"inLanguage":"es","potentialAction":[{"@type":"ReadAction","target":["https:\/\/aldaia.es\/es\/seguridad-ciudadana\/"]}]},{"@type":"ImageObject","inLanguage":"es","@id":"https:\/\/aldaia.es\/es\/seguridad-ciudadana\/#primaryimage","url":"https:\/\/aldaia.es\/wp-content\/uploads\/2025\/06\/policia-aldaia-portada.jpg","contentUrl":"https:\/\/aldaia.es\/wp-content\/uploads\/2025\/06\/policia-aldaia-portada.jpg"},{"@type":"BreadcrumbList","@id":"https:\/\/aldaia.es\/es\/seguridad-ciudadana\/#breadcrumb","itemListElement":[{"@type":"ListItem","position":1,"name":"Portada","item":"https:\/\/aldaia.es\/es\/"},{"@type":"ListItem","position":2,"name":"Seguridad Ciudadana"}]},{"@type":"WebSite","@id":"https:\/\/aldaia.es\/es\/#website","url":"https:\/\/aldaia.es\/es\/","name":"Ajuntament D'Aldaia","description":"","publisher":{"@id":"https:\/\/aldaia.es\/es\/#organization"},"alternateName":"Ajuntament D'Aldaia","potentialAction":[{"@type":"SearchAction","target":{"@type":"EntryPoint","urlTemplate":"https:\/\/aldaia.es\/es\/?s={search_term_string}"},"query-input":{"@type":"PropertyValueSpecification","valueRequired":true,"valueName":"search_term_string"}}],"inLanguage":"es"},{"@type":"Organization","@id":"https:\/\/aldaia.es\/es\/#organization","name":"Ajuntament D'Aldaia","url":"https:\/\/aldaia.es\/es\/","logo":{"@type":"ImageObject","inLanguage":"es","@id":"https:\/\/aldaia.es\/es\/#\/schema\/logo\/image\/","url":"https:\/\/aldaia.es\/wp-content\/uploads\/2022\/06\/aldaia-negro-1.png","contentUrl":"https:\/\/aldaia.es\/wp-content\/uploads\/2022\/06\/aldaia-negro-1.png","width":152,"height":70,"caption":"Ajuntament D'Aldaia"},"image":{"@id":"https:\/\/aldaia.es\/es\/#\/schema\/logo\/image\/"}}]}},"_links":{"self":[{"href":"https:\/\/aldaia.es\/es\/wp-json\/wp\/v2\/pages\/6242","targetHints":{"allow":["GET"]}}],"collection":[{"href":"https:\/\/aldaia.es\/es\/wp-json\/wp\/v2\/pages"}],"about":[{"href":"https:\/\/aldaia.es\/es\/wp-json\/wp\/v2\/types\/page"}],"author":[{"embeddable":true,"href":"https:\/\/aldaia.es\/es\/wp-json\/wp\/v2\/users\/17"}],"replies":[{"embeddable":true,"href":"https:\/\/aldaia.es\/es\/wp-json\/wp\/v2\/comments?post=6242"}],"version-history":[{"count":10,"href":"https:\/\/aldaia.es\/es\/wp-json\/wp\/v2\/pages\/6242\/revisions"}],"predecessor-version":[{"id":38122,"href":"https:\/\/aldaia.es\/es\/wp-json\/wp\/v2\/pages\/6242\/revisions\/38122"}],"wp:attachment":[{"href":"https:\/\/aldaia.es\/es\/wp-json\/wp\/v2\/media?parent=6242"}],"curies":[{"name":"wp","href":"https:\/\/api.w.org\/{rel}","templated":true}]}}