{"id":6244,"date":"2022-08-29T10:41:03","date_gmt":"2022-08-29T08:41:03","guid":{"rendered":"https:\/\/aldaia.eu\/agencia-tributaria\/"},"modified":"2026-01-16T11:34:04","modified_gmt":"2026-01-16T10:34:04","slug":"agencia-tributaria","status":"publish","type":"page","link":"https:\/\/aldaia.es\/es\/agencia-tributaria\/","title":{"rendered":"Agencia Tributaria"},"content":{"rendered":"\n<div class=\"wp-block-columns is-layout-flex wp-container-core-columns-is-layout-9d6595d7 wp-block-columns-is-layout-flex\">\n<div class=\"wp-block-column is-layout-flow wp-block-column-is-layout-flow\">\n<figure class=\"wp-block-image size-full\"><img loading=\"lazy\" decoding=\"async\" width=\"1440\" height=\"420\" src=\"https:\/\/aldaia.es\/wp-content\/uploads\/2025\/06\/agencia-tributaria-portada-.jpg\" alt=\"Agencia Tributaria\" class=\"wp-image-38130\" srcset=\"https:\/\/aldaia.es\/wp-content\/uploads\/2025\/06\/agencia-tributaria-portada-.jpg 1440w, https:\/\/aldaia.es\/wp-content\/uploads\/2025\/06\/agencia-tributaria-portada--300x88.jpg 300w, https:\/\/aldaia.es\/wp-content\/uploads\/2025\/06\/agencia-tributaria-portada--1024x299.jpg 1024w, https:\/\/aldaia.es\/wp-content\/uploads\/2025\/06\/agencia-tributaria-portada--768x224.jpg 768w, https:\/\/aldaia.es\/wp-content\/uploads\/2025\/06\/agencia-tributaria-portada--150x44.jpg 150w, https:\/\/aldaia.es\/wp-content\/uploads\/2025\/06\/agencia-tributaria-portada--696x203.jpg 696w, https:\/\/aldaia.es\/wp-content\/uploads\/2025\/06\/agencia-tributaria-portada--1068x312.jpg 1068w\" sizes=\"auto, (max-width: 1440px) 100vw, 1440px\" \/><\/figure>\n<\/div>\n<\/div>\n\n\n\n<div class=\"wp-block-columns dep-agencia-tributaria is-layout-flex wp-container-core-columns-is-layout-9d6595d7 wp-block-columns-is-layout-flex\">\n<div class=\"wp-block-column is-layout-flow wp-block-column-is-layout-flow\" style=\"flex-basis:30%\"><!--  Info deportes -->\n\n \n\n<div class='bloque-infos-seguridad wrapper-departamentos'>\n<p class=\"tit-bloque-infos\">Localizaci\u00f3n y contactos <\/p>\n        <div class='infos-departamento'>\n            <p>Ayuntamiento de Aldaia. Plaza Constituci\u00f3n 10. Oficina ubicada temporalmente en el salon de plenos.<\/p>\n            <p><i class=\"fa fa-phone\" aria-hidden=\"true\"><\/i> <a href=\"tel:+34961501500\">+34 961 501 500<\/a><\/p>\n            <p><i class=\"fa fa-phone\" aria-hidden=\"true\"><\/i> <a href=\"tel:+34960455082\">+34 960 455 082<\/a><\/p>\n           \n            <p><strong>Horario:<\/strong><\/p>\n            <p>Lunes, martes, mi\u00e9rcoles y viernes: de 9h a 14h. Jueves: de 9h a 14h y de 16:30h a 18h<\/p>\n            <p><i class=\"fas fa-envelope\"><\/i> <a href=\"mailto:agenciatributaria@ajuntamentaldaia.org\">agenciatributaria@ajuntamentaldaia.org<\/a><\/p>\n            \n            \n        <\/div>\n\n        <div class='mapa-1'>\n            <iframe src=\"https:\/\/www.google.com\/maps\/embed?pb=!1m13!1m8!1m3!1d1500.715008194719!2d-0.4611377692555841!3d39.45873765794469!3m2!1i1024!2i768!4f13.1!3m2!1m1!2zMznCsDI3JzMxLjMiTiAwwrAyNyc0MC40Ilc!5e0!3m2!1ses!2sus!4v1722515828938!5m2!1ses!2sus\" width=\"100%\" height=\"300\" style=\"border:0;\" allowfullscreen=\"\" loading=\"lazy\" referrerpolicy=\"no-referrer-when-downgrade\"><\/iframe>\n        <\/div>\n<\/div>\n<!-- end bloque infos -->\n   \n\n\n\n<\/div>\n\n\n\n<div class=\"wp-block-column is-layout-flow wp-block-column-is-layout-flow\" style=\"flex-basis:70%\">\n<h1 class=\"wp-block-heading\">Agencia Tributaria<\/h1>\n\n\n\n<p>Informaci\u00f3n de la Agencia Tributaria.<\/p>\n\n\n\n<div style=\"height:20px\" aria-hidden=\"true\" class=\"wp-block-spacer\"><\/div>\n\n\n\n<div class=\"wp-block-columns has-background is-layout-flex wp-container-core-columns-is-layout-9d6595d7 wp-block-columns-is-layout-flex\" style=\"background-color:#d9dadd\">\n<div class=\"wp-block-column p-3 is-layout-flow wp-block-column-is-layout-flow\">\n<h2 class=\"wp-block-heading\">Preguntas y respuestas frequentes<\/h2>\n\n\n\n<p>Resuelve tus dudas mas comunes sobre impuestos municipales.<\/p>\n\n\n\n<ul class=\"wp-block-list\">\n<li><strong><a href=\"https:\/\/aldaia.es\/es\/agencia-tributaria\/preguntas-frecuentes-sobre-el-impuesto-sobre-bienes-inmuebles-ibi\/\">Impuesto sobre Bienes Inmuebles (IBI)<\/a><\/strong><\/li>\n\n\n\n<li><strong><a href=\"https:\/\/aldaia.es\/es\/agencia-tributaria\/preguntas-frecuentes-sobre-el-impuesto-sobre-actividades-economicas-iae\/\">Impuesto sobre Actividades Econ\u00f3micas (IAE)<\/a><\/strong><\/li>\n\n\n\n<li><strong><a href=\"https:\/\/aldaia.es\/es\/agencia-tributaria\/preguntas-frecuentes-sobre-impuesto-sobre-vehiculos-de-traccion-mecanica\/\">Impuesto sobre Veh\u00edculos de Tracci\u00f3n mec\u00e1nica (IVTM)<\/a><\/strong><\/li>\n\n\n\n<li><strong><a href=\"https:\/\/aldaia.es\/es\/agencia-tributaria\/preguntas-frecuentes-sobre-plusvalia\/\">Plusval\u00eda<\/a><\/strong><\/li>\n<\/ul>\n<\/div>\n<\/div>\n\n\n\n<div style=\"height:31px\" aria-hidden=\"true\" class=\"wp-block-spacer\"><\/div>\n\n\n\n<div class=\"wp-block-columns is-layout-flex wp-container-core-columns-is-layout-9d6595d7 wp-block-columns-is-layout-flex\">\n<div class=\"wp-block-column lista_adjuntos is-layout-flow wp-block-column-is-layout-flow\">\n<h2 class=\"wp-block-heading\">Enlaces<\/h2>\n\n\n\n<p><i class=\"fas fa-link\"><\/i> <a href=\"https:\/\/transparencia.aldaia.es\/es\/servicis-administratius\/transparencia\/calendario-fiscal-2025\" target=\"_blank\" rel=\"noreferrer noopener\">Calendario Fiscal 2025<\/a><\/p>\n\n\n\n<p><i class=\"fas fa-link\"><\/i> <a href=\"https:\/\/www.pasarelapagos.com\/pagoRecibos\/jsp\/bdpjp_opcion_tributos.jsp?entidad=3159&amp;idioma=es_ES\" target=\"_blank\" rel=\"noreferrer noopener\">Pago de Tributos<\/a><\/p>\n\n\n\n<p><i class=\"fas fa-link\"><\/i> <a href=\"https:\/\/carpeta.aldaia.es\/sta\/CarpetaPublic\/Public?APP_CODE=STA&amp;PAGE_CODE=FRONTAL_OVC\" target=\"_blank\" rel=\"noreferrer noopener\">Carpeta Tributaria<\/a><\/p>\n\n\n\n<p><i class=\"fas fa-link\"><\/i> <a href=\"https:\/\/aldaia.es\/es\/agencia-tributaria\/fracciona-plan-de-pago-de-vencimiento-especial\/\">\u00a1Fracciona! Plan de pago de vencimiento especial<\/a><\/p>\n\n\n\n<p><i class=\"fas fa-link\"><\/i> <a href=\"https:\/\/transparencia.aldaia.es\/es\/transparencia\/ordenanzas-fiscales-impuestos-tasas-precios-publicos\" target=\"_blank\" rel=\"noreferrer noopener\">Ordenanzas fiscales, impuestos, tasas y precios p\u00fablicos<\/a><\/p>\n\n\n\n<p><i class=\"fas fa-link\"><\/i> <a href=\"https:\/\/aldaia.es\/es\/agencia-tributaria\/glosario-de-terminos-tributarios\/\">Glosario de t\u00e9rminos tributarios<\/a><\/p>\n<\/div>\n<\/div>\n<\/div>\n<\/div>\n\n\n\n<p><\/p>\n","protected":false},"excerpt":{"rendered":"<p>Agencia Tributaria Informaci\u00f3n de la Agencia Tributaria. Preguntas y respuestas frequentes Resuelve tus dudas mas comunes sobre impuestos municipales. Enlaces Calendario Fiscal 2025 Pago de Tributos Carpeta Tributaria \u00a1Fracciona! Plan <a class=\"text-decoration-none text-black\" href=\"https:\/\/aldaia.es\/es\/agencia-tributaria\/\"> &#8230; <\/a><\/p>\n","protected":false},"author":1,"featured_media":0,"parent":0,"menu_order":0,"comment_status":"closed","ping_status":"closed","template":"basic-page-departamentos.php","meta":{"_acf_changed":false,"footnotes":""},"class_list":["post-6244","page","type-page","status-publish","hentry"],"acf":[],"yoast_head":"<!-- This site is optimized with the Yoast SEO plugin v27.0 - https:\/\/yoast.com\/product\/yoast-seo-wordpress\/ -->\n<title>Agencia Tributaria - Ayuntamiento de Aldaia<\/title>\n<meta name=\"description\" content=\"Agencia Tributaria en Aldaia. Informaci\u00f3n de las obligaciones tributarias, calendario fiscal y atenci\u00f3n al contribuyente.\" \/>\n<meta name=\"robots\" content=\"index, follow, max-snippet:-1, max-image-preview:large, max-video-preview:-1\" \/>\n<link rel=\"canonical\" href=\"https:\/\/aldaia.es\/es\/agencia-tributaria\/\" \/>\n<meta property=\"og:locale\" content=\"es_ES\" \/>\n<meta property=\"og:type\" content=\"article\" \/>\n<meta property=\"og:title\" content=\"Agencia Tributaria - Ayuntamiento de Aldaia\" \/>\n<meta property=\"og:description\" content=\"Agencia Tributaria en Aldaia. Informaci\u00f3n de las obligaciones tributarias, calendario fiscal y atenci\u00f3n al contribuyente.\" \/>\n<meta property=\"og:url\" content=\"https:\/\/aldaia.es\/es\/agencia-tributaria\/\" \/>\n<meta property=\"og:site_name\" content=\"Ayuntamiento de Aldaia\" \/>\n<meta property=\"article:modified_time\" content=\"2026-01-16T10:34:04+00:00\" \/>\n<meta property=\"og:image\" content=\"https:\/\/aldaia.es\/wp-content\/uploads\/2025\/06\/agencia-tributaria-portada-.jpg\" \/>\n\t<meta property=\"og:image:width\" content=\"1440\" \/>\n\t<meta property=\"og:image:height\" content=\"420\" \/>\n\t<meta property=\"og:image:type\" content=\"image\/jpeg\" \/>\n<script type=\"application\/ld+json\" class=\"yoast-schema-graph\">{\"@context\":\"https:\/\/schema.org\",\"@graph\":[{\"@type\":\"WebPage\",\"@id\":\"https:\/\/aldaia.es\/es\/agencia-tributaria\/\",\"url\":\"https:\/\/aldaia.es\/es\/agencia-tributaria\/\",\"name\":\"Agencia Tributaria - Ayuntamiento de Aldaia\",\"isPartOf\":{\"@id\":\"https:\/\/aldaia.es\/es\/#website\"},\"primaryImageOfPage\":{\"@id\":\"https:\/\/aldaia.es\/es\/agencia-tributaria\/#primaryimage\"},\"image\":{\"@id\":\"https:\/\/aldaia.es\/es\/agencia-tributaria\/#primaryimage\"},\"thumbnailUrl\":\"https:\/\/aldaia.es\/wp-content\/uploads\/2025\/06\/agencia-tributaria-portada-.jpg\",\"datePublished\":\"2022-08-29T08:41:03+00:00\",\"dateModified\":\"2026-01-16T10:34:04+00:00\",\"description\":\"Agencia Tributaria en Aldaia. Informaci\u00f3n de las obligaciones tributarias, calendario fiscal y atenci\u00f3n al contribuyente.\",\"breadcrumb\":{\"@id\":\"https:\/\/aldaia.es\/es\/agencia-tributaria\/#breadcrumb\"},\"inLanguage\":\"es\",\"potentialAction\":[{\"@type\":\"ReadAction\",\"target\":[\"https:\/\/aldaia.es\/es\/agencia-tributaria\/\"]}]},{\"@type\":\"ImageObject\",\"inLanguage\":\"es\",\"@id\":\"https:\/\/aldaia.es\/es\/agencia-tributaria\/#primaryimage\",\"url\":\"https:\/\/aldaia.es\/wp-content\/uploads\/2025\/06\/agencia-tributaria-portada-.jpg\",\"contentUrl\":\"https:\/\/aldaia.es\/wp-content\/uploads\/2025\/06\/agencia-tributaria-portada-.jpg\"},{\"@type\":\"BreadcrumbList\",\"@id\":\"https:\/\/aldaia.es\/es\/agencia-tributaria\/#breadcrumb\",\"itemListElement\":[{\"@type\":\"ListItem\",\"position\":1,\"name\":\"Portada\",\"item\":\"https:\/\/aldaia.es\/es\/\"},{\"@type\":\"ListItem\",\"position\":2,\"name\":\"Agencia Tributaria\"}]},{\"@type\":\"WebSite\",\"@id\":\"https:\/\/aldaia.es\/es\/#website\",\"url\":\"https:\/\/aldaia.es\/es\/\",\"name\":\"Ajuntament D'Aldaia\",\"description\":\"\",\"publisher\":{\"@id\":\"https:\/\/aldaia.es\/es\/#organization\"},\"alternateName\":\"Ajuntament D'Aldaia\",\"potentialAction\":[{\"@type\":\"SearchAction\",\"target\":{\"@type\":\"EntryPoint\",\"urlTemplate\":\"https:\/\/aldaia.es\/es\/?s={search_term_string}\"},\"query-input\":{\"@type\":\"PropertyValueSpecification\",\"valueRequired\":true,\"valueName\":\"search_term_string\"}}],\"inLanguage\":\"es\"},{\"@type\":\"Organization\",\"@id\":\"https:\/\/aldaia.es\/es\/#organization\",\"name\":\"Ajuntament D'Aldaia\",\"url\":\"https:\/\/aldaia.es\/es\/\",\"logo\":{\"@type\":\"ImageObject\",\"inLanguage\":\"es\",\"@id\":\"https:\/\/aldaia.es\/es\/#\/schema\/logo\/image\/\",\"url\":\"https:\/\/aldaia.es\/wp-content\/uploads\/2022\/06\/aldaia-negro-1.png\",\"contentUrl\":\"https:\/\/aldaia.es\/wp-content\/uploads\/2022\/06\/aldaia-negro-1.png\",\"width\":152,\"height\":70,\"caption\":\"Ajuntament D'Aldaia\"},\"image\":{\"@id\":\"https:\/\/aldaia.es\/es\/#\/schema\/logo\/image\/\"}}]}<\/script>\n<!-- \/ Yoast SEO plugin. -->","yoast_head_json":{"title":"Agencia Tributaria - Ayuntamiento de Aldaia","description":"Agencia Tributaria en Aldaia. Informaci\u00f3n de las obligaciones tributarias, calendario fiscal y atenci\u00f3n al contribuyente.","robots":{"index":"index","follow":"follow","max-snippet":"max-snippet:-1","max-image-preview":"max-image-preview:large","max-video-preview":"max-video-preview:-1"},"canonical":"https:\/\/aldaia.es\/es\/agencia-tributaria\/","og_locale":"es_ES","og_type":"article","og_title":"Agencia Tributaria - Ayuntamiento de Aldaia","og_description":"Agencia Tributaria en Aldaia. Informaci\u00f3n de las obligaciones tributarias, calendario fiscal y atenci\u00f3n al contribuyente.","og_url":"https:\/\/aldaia.es\/es\/agencia-tributaria\/","og_site_name":"Ayuntamiento de Aldaia","article_modified_time":"2026-01-16T10:34:04+00:00","og_image":[{"width":1440,"height":420,"url":"https:\/\/aldaia.es\/wp-content\/uploads\/2025\/06\/agencia-tributaria-portada-.jpg","type":"image\/jpeg"}],"schema":{"@context":"https:\/\/schema.org","@graph":[{"@type":"WebPage","@id":"https:\/\/aldaia.es\/es\/agencia-tributaria\/","url":"https:\/\/aldaia.es\/es\/agencia-tributaria\/","name":"Agencia Tributaria - Ayuntamiento de Aldaia","isPartOf":{"@id":"https:\/\/aldaia.es\/es\/#website"},"primaryImageOfPage":{"@id":"https:\/\/aldaia.es\/es\/agencia-tributaria\/#primaryimage"},"image":{"@id":"https:\/\/aldaia.es\/es\/agencia-tributaria\/#primaryimage"},"thumbnailUrl":"https:\/\/aldaia.es\/wp-content\/uploads\/2025\/06\/agencia-tributaria-portada-.jpg","datePublished":"2022-08-29T08:41:03+00:00","dateModified":"2026-01-16T10:34:04+00:00","description":"Agencia Tributaria en Aldaia. Informaci\u00f3n de las obligaciones tributarias, calendario fiscal y atenci\u00f3n al contribuyente.","breadcrumb":{"@id":"https:\/\/aldaia.es\/es\/agencia-tributaria\/#breadcrumb"},"inLanguage":"es","potentialAction":[{"@type":"ReadAction","target":["https:\/\/aldaia.es\/es\/agencia-tributaria\/"]}]},{"@type":"ImageObject","inLanguage":"es","@id":"https:\/\/aldaia.es\/es\/agencia-tributaria\/#primaryimage","url":"https:\/\/aldaia.es\/wp-content\/uploads\/2025\/06\/agencia-tributaria-portada-.jpg","contentUrl":"https:\/\/aldaia.es\/wp-content\/uploads\/2025\/06\/agencia-tributaria-portada-.jpg"},{"@type":"BreadcrumbList","@id":"https:\/\/aldaia.es\/es\/agencia-tributaria\/#breadcrumb","itemListElement":[{"@type":"ListItem","position":1,"name":"Portada","item":"https:\/\/aldaia.es\/es\/"},{"@type":"ListItem","position":2,"name":"Agencia Tributaria"}]},{"@type":"WebSite","@id":"https:\/\/aldaia.es\/es\/#website","url":"https:\/\/aldaia.es\/es\/","name":"Ajuntament D'Aldaia","description":"","publisher":{"@id":"https:\/\/aldaia.es\/es\/#organization"},"alternateName":"Ajuntament D'Aldaia","potentialAction":[{"@type":"SearchAction","target":{"@type":"EntryPoint","urlTemplate":"https:\/\/aldaia.es\/es\/?s={search_term_string}"},"query-input":{"@type":"PropertyValueSpecification","valueRequired":true,"valueName":"search_term_string"}}],"inLanguage":"es"},{"@type":"Organization","@id":"https:\/\/aldaia.es\/es\/#organization","name":"Ajuntament D'Aldaia","url":"https:\/\/aldaia.es\/es\/","logo":{"@type":"ImageObject","inLanguage":"es","@id":"https:\/\/aldaia.es\/es\/#\/schema\/logo\/image\/","url":"https:\/\/aldaia.es\/wp-content\/uploads\/2022\/06\/aldaia-negro-1.png","contentUrl":"https:\/\/aldaia.es\/wp-content\/uploads\/2022\/06\/aldaia-negro-1.png","width":152,"height":70,"caption":"Ajuntament D'Aldaia"},"image":{"@id":"https:\/\/aldaia.es\/es\/#\/schema\/logo\/image\/"}}]}},"_links":{"self":[{"href":"https:\/\/aldaia.es\/es\/wp-json\/wp\/v2\/pages\/6244","targetHints":{"allow":["GET"]}}],"collection":[{"href":"https:\/\/aldaia.es\/es\/wp-json\/wp\/v2\/pages"}],"about":[{"href":"https:\/\/aldaia.es\/es\/wp-json\/wp\/v2\/types\/page"}],"author":[{"embeddable":true,"href":"https:\/\/aldaia.es\/es\/wp-json\/wp\/v2\/users\/1"}],"replies":[{"embeddable":true,"href":"https:\/\/aldaia.es\/es\/wp-json\/wp\/v2\/comments?post=6244"}],"version-history":[{"count":21,"href":"https:\/\/aldaia.es\/es\/wp-json\/wp\/v2\/pages\/6244\/revisions"}],"predecessor-version":[{"id":40413,"href":"https:\/\/aldaia.es\/es\/wp-json\/wp\/v2\/pages\/6244\/revisions\/40413"}],"wp:attachment":[{"href":"https:\/\/aldaia.es\/es\/wp-json\/wp\/v2\/media?parent=6244"}],"curies":[{"name":"wp","href":"https:\/\/api.w.org\/{rel}","templated":true}]}}