{"id":6253,"date":"2022-08-29T13:44:14","date_gmt":"2022-08-29T11:44:14","guid":{"rendered":"https:\/\/aldaia.eu\/juventud\/"},"modified":"2025-06-26T09:49:23","modified_gmt":"2025-06-26T07:49:23","slug":"juventud","status":"publish","type":"page","link":"https:\/\/aldaia.es\/es\/juventud\/","title":{"rendered":"Juventud"},"content":{"rendered":"\n<div class=\"wp-block-columns is-layout-flex wp-container-core-columns-is-layout-9d6595d7 wp-block-columns-is-layout-flex\">\n<div class=\"wp-block-column is-layout-flow wp-block-column-is-layout-flow\">\n<figure class=\"wp-block-image size-full\"><img loading=\"lazy\" decoding=\"async\" width=\"1440\" height=\"420\" src=\"https:\/\/aldaia.es\/wp-content\/uploads\/2025\/06\/gent-jopve-aldaia-portada.jpg\" alt=\"Juventud\" class=\"wp-image-38143\" srcset=\"https:\/\/aldaia.es\/wp-content\/uploads\/2025\/06\/gent-jopve-aldaia-portada.jpg 1440w, https:\/\/aldaia.es\/wp-content\/uploads\/2025\/06\/gent-jopve-aldaia-portada-300x88.jpg 300w, https:\/\/aldaia.es\/wp-content\/uploads\/2025\/06\/gent-jopve-aldaia-portada-1024x299.jpg 1024w, https:\/\/aldaia.es\/wp-content\/uploads\/2025\/06\/gent-jopve-aldaia-portada-768x224.jpg 768w, https:\/\/aldaia.es\/wp-content\/uploads\/2025\/06\/gent-jopve-aldaia-portada-150x44.jpg 150w, https:\/\/aldaia.es\/wp-content\/uploads\/2025\/06\/gent-jopve-aldaia-portada-696x203.jpg 696w, https:\/\/aldaia.es\/wp-content\/uploads\/2025\/06\/gent-jopve-aldaia-portada-1068x312.jpg 1068w\" sizes=\"auto, (max-width: 1440px) 100vw, 1440px\" \/><\/figure>\n<\/div>\n<\/div>\n\n\n\n<div class=\"wp-block-columns dep-juventud is-layout-flex wp-container-core-columns-is-layout-9d6595d7 wp-block-columns-is-layout-flex\">\n<div class=\"wp-block-column is-layout-flow wp-block-column-is-layout-flow\" style=\"flex-basis:30%\"><!--  Info juventud -->\n\n \n\n<div class='bloque-infos-juventud wrapper-departamentos'>\n<p class=\"tit-bloque-infos\">Centro Gent Jove<\/p>\n    <div class='infos-departamento'>\n        <p>Plaza Constituci\u00f3n, 10, 46960 Aldaia Valencia<\/p>\n        <p><i class=\"fa fa-phone\" aria-hidden=\"true\"><\/i> <a href=\"tel:+34964636246\">+34 964 636 246<\/a><\/p>\n        <p><strong>Horario:<\/strong> De lunes a viernes de 9h a 21h.<\/p>\n        <p><a href=\"https:\/\/www.facebook.com\/centrematildesalvador\/\" target=\"_blank\" rel=\"noreferrer noopener\"><i class=\"fab fa-facebook\"><\/i><\/a> &nbsp;&nbsp; <a href=\"https:\/\/www.instagram.com\/gentjove_aldaia\/\" target=\"_blank\" rel=\"noreferrer noopener\"><i class=\"fab fa-square-instagram\"><\/i><\/a>  &nbsp;&nbsp;  <a href=\"https:\/\/www.youtube.com\/@gentjove4994\" target=\"_blank\" rel=\"noreferrer noopener\"><i class=\"fab fa-youtube\"><\/i><\/a> <\/p>\n           \n     <\/div>\n\n     <div class='mapa-1'>\n        <iframe src=\"https:\/\/www.google.com\/maps\/embed?pb=!1m18!1m12!1m3!1d622.7679968418242!2d-0.4608059177881311!3d39.465164288659615!2m3!1f0!2f0!3f0!3m2!1i1024!2i768!4f13.1!3m3!1m2!1s0xd6051b0ac582aed%3A0xd3a2ed9d1d945ab0!2sAyuntamiento%20de%20Aldaya!5e0!3m2!1ses!2sus!4v1725979182758!5m2!1ses!2sus\" width=\"100%\" height=\"450\" style=\"border:0;\" allowfullscreen=\"\" loading=\"lazy\" referrerpolicy=\"no-referrer-when-downgrade\"><\/iframe>\n    <\/div>\n<br>\n\n<p class=\"tit-bloque-infos\">Centro Matilde Salvador<\/p>\n    <div class='infos-departamento'>\n        <p>C\/ Maestro Serrano, 42, Piso 1 - Puerta 1, 46960 Aldaia, Valencia<\/p>\n        <p><i class=\"fa fa-phone\" aria-hidden=\"true\"><\/i> <a href=\"tel:+34964636246\">+34 961 988 796<\/a><\/p>\n        <p><strong>Horario:<\/strong> De lunes a viernes de 9h a 14h y de 17h a 21h.<\/p>\n              \n     <\/div>\n\n     <div class='mapa-1'>\n        <iframe src=\"https:\/\/www.google.com\/maps\/embed?pb=!1m18!1m12!1m3!1d3080.501933719872!2d-0.4695230881715891!3d39.457988013314!2m3!1f0!2f0!3f0!3m2!1i1024!2i768!4f13.1!3m3!1m2!1s0xd605038e1ce4193%3A0xdb19ed001da1e3b3!2sCentro%20Sociocultural%20Matilde%20Salvador!5e0!3m2!1ses!2ses!4v1727076403998!5m2!1ses!2ses\" width=\"100%\" height=\"450\" style=\"border:0;\" allowfullscreen=\"\" loading=\"lazy\" referrerpolicy=\"no-referrer-when-downgrade\"><\/iframe>\n    <\/div>\n\n<\/div>\n<!-- end bloque infos -->\n   \n\n    \n\n\n<\/div>\n\n\n\n<div class=\"wp-block-column is-layout-flow wp-block-column-is-layout-flow\" style=\"flex-basis:70%\">\n<h1 class=\"wp-block-heading\">Juventud<\/h1>\n\n\n\n<p>El Servicio de Juventud Municipal de Aldaia es un motor de dinamizaci\u00f3n y un punto de encuentro para j\u00f3venes. Ofrece informaci\u00f3n, intervenci\u00f3n socioeducativa en contextos no formales y fomento de la participaci\u00f3n.<\/p>\n\n\n\n<p>Cuenta con dos centros confortables y acondicionados para consulta y orientaci\u00f3n personalizada sobre estudios, empleo, ayudas y becas, voluntariado, programas europeos, viajes, salud y cualquier otro tema de inter\u00e9s joven. Tambi\u00e9n para realizar actividades formativas, culturales y de ocio educativo.<\/p>\n\n\n\n<p>Espacio en el que puede sentirse a gusto, interactuar con otras personas, desarrollar la creatividad, proponer proyectos y poner en marcha iniciativas. El departamento municipal est\u00e1 atendido por un equipo de profesionales especialistas que trabaja constantemente para dotar al servicio de innovaci\u00f3n y calidad.<\/p>\n\n\n\n<p>Los proyectos, actividades y servicios que desarrolla el Servicio de Juventud del Ayuntamiento de Aldaia, en sus dos centros j\u00f3venes, giran en torno a tres ejes fundamentales:<\/p>\n\n\n\n<h3 class=\"wp-block-heading\"><strong>1) EMANCIPACI\u00d3N, INFORMACI\u00d3N Y FORMACI\u00d3N:<\/strong><\/h3>\n\n\n\n<p><strong>Con el objetivo de fomentar el desarrollo aut\u00f3nomo, tanto personal como colectivo, de las personas j\u00f3venes del municipio, como sujetos activos capaces de tomar decisiones libres, y ser protagonistas de su vida. Y facilitar los recursos necesarios para conseguir la autonom\u00eda, desarrollar sus intereses, atender a sus inquietudes para emprender los proyectos que respondan a su voluntad. Algunas de las acciones y servicios de este eje son:<\/strong><\/p>\n\n\n\n<p>Servicio de Informaci\u00f3n juvenil: atenci\u00f3n personalizada y dinamizaci\u00f3n de contenidos en redes sociales en las demandas informativas (estudios, becas, b\u00fasqueda de empleo, ocio y cultura y cualquier otro tema de inter\u00e9s joven).<\/p>\n\n\n\n<ul class=\"wp-block-list\">\n<li>Tramitaci\u00f3n de Carnet Jove.<\/li>\n\n\n\n<li>Asesor\u00edas J\u00f3venes especializadas.<\/li>\n\n\n\n<li>Programa \u2018Joven Oportunidad\u2019.<\/li>\n\n\n\n<li>Cursos de idiomas.<\/li>\n\n\n\n<li>Cursos homologados de educaci\u00f3n al ocio como el Monitor\/a de actividades al tiempo libre (MATL), educador\/a de comedor, etc.<\/li>\n\n\n\n<li>Informaci\u00f3n y acompa\u00f1amiento en inscripci\u00f3n en el Sistema \u2018Garant\u00eda Juvenil\u2019<\/li>\n<\/ul>\n\n\n\n<h3 class=\"wp-block-heading\"><strong>2) BIENESTAR Y SOCIALIZACI\u00d3N:<\/strong><\/h3>\n\n\n\n<p><strong>Los espacios y actividades de ocio son un elemento central de socializaci\u00f3n y de aprendizaje comunitario. A trav\u00e9s del ocio educativo se potencia la promoci\u00f3n de h\u00e1bitos saludables. Cuidar y cuidar el entorno que nos rodea, para poder disfrutar de ambientes agradables de convivencia. Apostamos por el arte joven, facilitando el acceso a la cultura y fomentando la creaci\u00f3n art\u00edstica como herramienta de comunicaci\u00f3n, sensibilizaci\u00f3n y pensamiento cr\u00edtico. El objetivo es acompa\u00f1ar a las personas j\u00f3venes en su desarrollo, favoreciendo su bienestar y las relaciones sociales, a trav\u00e9s de programas como:<\/strong><\/p>\n\n\n\n<ul class=\"wp-block-list\">\n<li>Oferta de ocio educativo \u2018Programaci\u00f3n estable\u2019 ( danza, guitarra, fotograf\u00eda, manualidades, etc).<\/li>\n\n\n\n<li>Actividades tem\u00e1ticas de ocio alternativo.<\/li>\n\n\n\n<li>Salidas culturales y excursiones a espacios naturales.<\/li>\n\n\n\n<li>Servicio de orientaci\u00f3n sexual para j\u00f3venes J\u00d3VENES.SEX.<\/li>\n\n\n\n<li>Espacio de Creaci\u00f3n Joven ARTLAB.<\/li>\n\n\n\n<li>Espacio Sonoro.<\/li>\n<\/ul>\n\n\n\n<h3 class=\"wp-block-heading\"><strong>3) PARTICIPACI\u00d3N Y TRANSFORMACI\u00d3N SOCIAL:<\/strong><\/h3>\n\n\n\n<p><strong>Las personas j\u00f3venes est\u00e1n sujetas a derecho para participar en la vida p\u00fablica, para transformarla y mejorarla. Reafirmando su identidad en di\u00e1logo con el conjunto de la sociedad. Con el objetivo de impulsar mecanismos de participaci\u00f3n directa de las personas j\u00f3venes, reactivar el tejido asociativo, y sobre todo fomentar la implicaci\u00f3n comunitaria y el activismo desde valores democr\u00e1ticos, solidarios y prosociales, las medidas que se desarrollan en este eje son:<\/strong><br><strong>Foro Joven y diagn\u00f3stico participativo.<\/strong><\/p>\n\n\n\n<ul class=\"wp-block-list\">\n<li>Programa Corresponsales (PIJ en IES, formaci\u00f3n, encuentros, dinamizaci\u00f3n y activaci\u00f3n\u2026).<\/li>\n\n\n\n<li>Programa de educaci\u00f3n para la participaci\u00f3n.<\/li>\n\n\n\n<li>Horta Neta y Razones contra el racismo de JOVESNET.<\/li>\n\n\n\n<li>Campa\u00f1a de voluntariado.<\/li>\n\n\n\n<li>Ayudas Asociaciones Juveniles<\/li>\n<\/ul>\n\n\n\n<p><strong>AMPLIFICAVEU fue un proyecto de diagn\u00f3stico participativo, organizado por el Servicio de Juventud del Ayuntamiento de Aldaia para recoger, analizar y considerar las opiniones, intereses, necesidades y propuestas de la gente joven del municipio. Los resultados sirvieron de gu\u00eda en la redacci\u00f3n del PLAN JOVEN ALDAYA 2021-25.<\/strong><br><strong>+info: amplificavoz.es<\/strong><\/p>\n<\/div>\n<\/div>\n\n\n\n<div class=\"wp-block-columns is-layout-flex wp-container-core-columns-is-layout-9d6595d7 wp-block-columns-is-layout-flex\">\n<div class=\"wp-block-column lista_adjuntos is-layout-flow wp-block-column-is-layout-flow\">\n<h2 class=\"wp-block-heading display-4\">Enlaces<\/h2>\n\n\n\n<p><i class=\"fas fa-link\"><\/i> <a href=\"https:\/\/aldaia.es\/joventut\/galeria-imatges-espais-gent-jove\/\">Galer\u00eda de im\u00e1genes<\/a><\/p>\n\n\n\n<p><i class=\"fas fa-link\"><\/i> <a href=\"https:\/\/aldaia.es\/es\/juventud\/corresponsales-juveniles\/\">Corresponsales juveniles<\/a><\/p>\n\n\n\n<p><i class=\"fas fa-link\"><\/i> <a href=\"https:\/\/aldaia.es\/joventut\/programacions-puntuals-joventut\/\">Programacions puntual<\/a><\/p>\n\n\n\n<p><i class=\"fas fa-link\"><\/i> <a href=\"https:\/\/aldaia.es\/es\/juventud\/servicios-y-programas-de-juventud\/\">Servicios y Programas de Juventud<\/a><\/p>\n\n\n\n<p><i class=\"fas fa-link\"><\/i> <a href=\"https:\/\/aldaia.es\/joventut\/amplificaveu\/\">Amplificaveu<\/a><\/p>\n\n\n\n<p><i class=\"fas fa-link\"><\/i> <a href=\"https:\/\/www.joves.net\/\" target=\"_blank\" rel=\"noreferrer noopener\">Red Joves<\/a><\/p>\n<\/div>\n<\/div>\n","protected":false},"excerpt":{"rendered":"<p>Juventud El Servicio de Juventud Municipal de Aldaia es un motor de dinamizaci\u00f3n y un punto de encuentro para j\u00f3venes. Ofrece informaci\u00f3n, intervenci\u00f3n socioeducativa en contextos no formales y fomento <a class=\"text-decoration-none text-black\" href=\"https:\/\/aldaia.es\/es\/juventud\/\"> &#8230; <\/a><\/p>\n","protected":false},"author":15,"featured_media":0,"parent":0,"menu_order":0,"comment_status":"closed","ping_status":"closed","template":"basic-page-departamentos.php","meta":{"_acf_changed":false,"footnotes":""},"class_list":["post-6253","page","type-page","status-publish","hentry"],"acf":[],"yoast_head":"<!-- This site is optimized with the Yoast SEO plugin v27.0 - https:\/\/yoast.com\/product\/yoast-seo-wordpress\/ -->\n<title>Juventud - Ayuntamiento de Aldaia<\/title>\n<meta name=\"description\" content=\"El Servicio de Juventud Municipal de Aldaia es un motor de dinamizaci\u00f3n y un punto de encuentro para j\u00f3venes. Espacio Gent Jove Aldaia.\" \/>\n<meta name=\"robots\" content=\"index, follow, max-snippet:-1, max-image-preview:large, max-video-preview:-1\" \/>\n<link rel=\"canonical\" href=\"https:\/\/aldaia.es\/es\/juventud\/\" \/>\n<meta property=\"og:locale\" content=\"es_ES\" \/>\n<meta property=\"og:type\" content=\"article\" \/>\n<meta property=\"og:title\" content=\"Juventud - Ayuntamiento de Aldaia\" \/>\n<meta property=\"og:description\" content=\"El Servicio de Juventud Municipal de Aldaia es un motor de dinamizaci\u00f3n y un punto de encuentro para j\u00f3venes. Espacio Gent Jove Aldaia.\" \/>\n<meta property=\"og:url\" content=\"https:\/\/aldaia.es\/es\/juventud\/\" \/>\n<meta property=\"og:site_name\" content=\"Ayuntamiento de Aldaia\" \/>\n<meta property=\"article:modified_time\" content=\"2025-06-26T07:49:23+00:00\" \/>\n<meta property=\"og:image\" content=\"https:\/\/aldaia.es\/wp-content\/uploads\/2025\/06\/gent-jopve-aldaia-portada.jpg\" \/>\n<script type=\"application\/ld+json\" class=\"yoast-schema-graph\">{\"@context\":\"https:\/\/schema.org\",\"@graph\":[{\"@type\":\"WebPage\",\"@id\":\"https:\/\/aldaia.es\/es\/juventud\/\",\"url\":\"https:\/\/aldaia.es\/es\/juventud\/\",\"name\":\"Juventud - Ayuntamiento de Aldaia\",\"isPartOf\":{\"@id\":\"https:\/\/aldaia.es\/es\/#website\"},\"primaryImageOfPage\":{\"@id\":\"https:\/\/aldaia.es\/es\/juventud\/#primaryimage\"},\"image\":{\"@id\":\"https:\/\/aldaia.es\/es\/juventud\/#primaryimage\"},\"thumbnailUrl\":\"https:\/\/aldaia.es\/wp-content\/uploads\/2025\/06\/gent-jopve-aldaia-portada.jpg\",\"datePublished\":\"2022-08-29T11:44:14+00:00\",\"dateModified\":\"2025-06-26T07:49:23+00:00\",\"description\":\"El Servicio de Juventud Municipal de Aldaia es un motor de dinamizaci\u00f3n y un punto de encuentro para j\u00f3venes. Espacio Gent Jove Aldaia.\",\"breadcrumb\":{\"@id\":\"https:\/\/aldaia.es\/es\/juventud\/#breadcrumb\"},\"inLanguage\":\"es\",\"potentialAction\":[{\"@type\":\"ReadAction\",\"target\":[\"https:\/\/aldaia.es\/es\/juventud\/\"]}]},{\"@type\":\"ImageObject\",\"inLanguage\":\"es\",\"@id\":\"https:\/\/aldaia.es\/es\/juventud\/#primaryimage\",\"url\":\"https:\/\/aldaia.es\/wp-content\/uploads\/2025\/06\/gent-jopve-aldaia-portada.jpg\",\"contentUrl\":\"https:\/\/aldaia.es\/wp-content\/uploads\/2025\/06\/gent-jopve-aldaia-portada.jpg\"},{\"@type\":\"BreadcrumbList\",\"@id\":\"https:\/\/aldaia.es\/es\/juventud\/#breadcrumb\",\"itemListElement\":[{\"@type\":\"ListItem\",\"position\":1,\"name\":\"Portada\",\"item\":\"https:\/\/aldaia.es\/es\/\"},{\"@type\":\"ListItem\",\"position\":2,\"name\":\"Juventud\"}]},{\"@type\":\"WebSite\",\"@id\":\"https:\/\/aldaia.es\/es\/#website\",\"url\":\"https:\/\/aldaia.es\/es\/\",\"name\":\"Ajuntament D'Aldaia\",\"description\":\"\",\"publisher\":{\"@id\":\"https:\/\/aldaia.es\/es\/#organization\"},\"alternateName\":\"Ajuntament D'Aldaia\",\"potentialAction\":[{\"@type\":\"SearchAction\",\"target\":{\"@type\":\"EntryPoint\",\"urlTemplate\":\"https:\/\/aldaia.es\/es\/?s={search_term_string}\"},\"query-input\":{\"@type\":\"PropertyValueSpecification\",\"valueRequired\":true,\"valueName\":\"search_term_string\"}}],\"inLanguage\":\"es\"},{\"@type\":\"Organization\",\"@id\":\"https:\/\/aldaia.es\/es\/#organization\",\"name\":\"Ajuntament D'Aldaia\",\"url\":\"https:\/\/aldaia.es\/es\/\",\"logo\":{\"@type\":\"ImageObject\",\"inLanguage\":\"es\",\"@id\":\"https:\/\/aldaia.es\/es\/#\/schema\/logo\/image\/\",\"url\":\"https:\/\/aldaia.es\/wp-content\/uploads\/2022\/06\/aldaia-negro-1.png\",\"contentUrl\":\"https:\/\/aldaia.es\/wp-content\/uploads\/2022\/06\/aldaia-negro-1.png\",\"width\":152,\"height\":70,\"caption\":\"Ajuntament D'Aldaia\"},\"image\":{\"@id\":\"https:\/\/aldaia.es\/es\/#\/schema\/logo\/image\/\"}}]}<\/script>\n<!-- \/ Yoast SEO plugin. -->","yoast_head_json":{"title":"Juventud - Ayuntamiento de Aldaia","description":"El Servicio de Juventud Municipal de Aldaia es un motor de dinamizaci\u00f3n y un punto de encuentro para j\u00f3venes. Espacio Gent Jove Aldaia.","robots":{"index":"index","follow":"follow","max-snippet":"max-snippet:-1","max-image-preview":"max-image-preview:large","max-video-preview":"max-video-preview:-1"},"canonical":"https:\/\/aldaia.es\/es\/juventud\/","og_locale":"es_ES","og_type":"article","og_title":"Juventud - Ayuntamiento de Aldaia","og_description":"El Servicio de Juventud Municipal de Aldaia es un motor de dinamizaci\u00f3n y un punto de encuentro para j\u00f3venes. Espacio Gent Jove Aldaia.","og_url":"https:\/\/aldaia.es\/es\/juventud\/","og_site_name":"Ayuntamiento de Aldaia","article_modified_time":"2025-06-26T07:49:23+00:00","og_image":[{"url":"https:\/\/aldaia.es\/wp-content\/uploads\/2025\/06\/gent-jopve-aldaia-portada.jpg","type":"","width":"","height":""}],"schema":{"@context":"https:\/\/schema.org","@graph":[{"@type":"WebPage","@id":"https:\/\/aldaia.es\/es\/juventud\/","url":"https:\/\/aldaia.es\/es\/juventud\/","name":"Juventud - Ayuntamiento de Aldaia","isPartOf":{"@id":"https:\/\/aldaia.es\/es\/#website"},"primaryImageOfPage":{"@id":"https:\/\/aldaia.es\/es\/juventud\/#primaryimage"},"image":{"@id":"https:\/\/aldaia.es\/es\/juventud\/#primaryimage"},"thumbnailUrl":"https:\/\/aldaia.es\/wp-content\/uploads\/2025\/06\/gent-jopve-aldaia-portada.jpg","datePublished":"2022-08-29T11:44:14+00:00","dateModified":"2025-06-26T07:49:23+00:00","description":"El Servicio de Juventud Municipal de Aldaia es un motor de dinamizaci\u00f3n y un punto de encuentro para j\u00f3venes. Espacio Gent Jove Aldaia.","breadcrumb":{"@id":"https:\/\/aldaia.es\/es\/juventud\/#breadcrumb"},"inLanguage":"es","potentialAction":[{"@type":"ReadAction","target":["https:\/\/aldaia.es\/es\/juventud\/"]}]},{"@type":"ImageObject","inLanguage":"es","@id":"https:\/\/aldaia.es\/es\/juventud\/#primaryimage","url":"https:\/\/aldaia.es\/wp-content\/uploads\/2025\/06\/gent-jopve-aldaia-portada.jpg","contentUrl":"https:\/\/aldaia.es\/wp-content\/uploads\/2025\/06\/gent-jopve-aldaia-portada.jpg"},{"@type":"BreadcrumbList","@id":"https:\/\/aldaia.es\/es\/juventud\/#breadcrumb","itemListElement":[{"@type":"ListItem","position":1,"name":"Portada","item":"https:\/\/aldaia.es\/es\/"},{"@type":"ListItem","position":2,"name":"Juventud"}]},{"@type":"WebSite","@id":"https:\/\/aldaia.es\/es\/#website","url":"https:\/\/aldaia.es\/es\/","name":"Ajuntament D'Aldaia","description":"","publisher":{"@id":"https:\/\/aldaia.es\/es\/#organization"},"alternateName":"Ajuntament D'Aldaia","potentialAction":[{"@type":"SearchAction","target":{"@type":"EntryPoint","urlTemplate":"https:\/\/aldaia.es\/es\/?s={search_term_string}"},"query-input":{"@type":"PropertyValueSpecification","valueRequired":true,"valueName":"search_term_string"}}],"inLanguage":"es"},{"@type":"Organization","@id":"https:\/\/aldaia.es\/es\/#organization","name":"Ajuntament D'Aldaia","url":"https:\/\/aldaia.es\/es\/","logo":{"@type":"ImageObject","inLanguage":"es","@id":"https:\/\/aldaia.es\/es\/#\/schema\/logo\/image\/","url":"https:\/\/aldaia.es\/wp-content\/uploads\/2022\/06\/aldaia-negro-1.png","contentUrl":"https:\/\/aldaia.es\/wp-content\/uploads\/2022\/06\/aldaia-negro-1.png","width":152,"height":70,"caption":"Ajuntament D'Aldaia"},"image":{"@id":"https:\/\/aldaia.es\/es\/#\/schema\/logo\/image\/"}}]}},"_links":{"self":[{"href":"https:\/\/aldaia.es\/es\/wp-json\/wp\/v2\/pages\/6253","targetHints":{"allow":["GET"]}}],"collection":[{"href":"https:\/\/aldaia.es\/es\/wp-json\/wp\/v2\/pages"}],"about":[{"href":"https:\/\/aldaia.es\/es\/wp-json\/wp\/v2\/types\/page"}],"author":[{"embeddable":true,"href":"https:\/\/aldaia.es\/es\/wp-json\/wp\/v2\/users\/15"}],"replies":[{"embeddable":true,"href":"https:\/\/aldaia.es\/es\/wp-json\/wp\/v2\/comments?post=6253"}],"version-history":[{"count":19,"href":"https:\/\/aldaia.es\/es\/wp-json\/wp\/v2\/pages\/6253\/revisions"}],"predecessor-version":[{"id":38145,"href":"https:\/\/aldaia.es\/es\/wp-json\/wp\/v2\/pages\/6253\/revisions\/38145"}],"wp:attachment":[{"href":"https:\/\/aldaia.es\/es\/wp-json\/wp\/v2\/media?parent=6253"}],"curies":[{"name":"wp","href":"https:\/\/api.w.org\/{rel}","templated":true}]}}