{"id":6269,"date":"2023-02-01T13:10:44","date_gmt":"2023-02-01T12:10:44","guid":{"rendered":"https:\/\/aldaia.eu\/ayuda-2023-para-la-escolarizacion-en-el-primer-ciclo-de-educacion-infantil-0-3-anos\/"},"modified":"2024-09-19T15:49:42","modified_gmt":"2024-09-19T13:49:42","slug":"ayuda-escolarizacion","status":"publish","type":"page","link":"https:\/\/aldaia.es\/es\/educacion\/becas\/ayuda-escolarizacion\/","title":{"rendered":"Ayuda 2024 (curso 2023\/2024) para la escolarizaci\u00f3n en el Primer ciclo de educaci\u00f3n infantil (0-3 a\u00f1os)"},"content":{"rendered":"\n<div class=\"wp-block-columns dep-educacion is-layout-flex wp-container-core-columns-is-layout-9d6595d7 wp-block-columns-is-layout-flex\">\n<div class=\"wp-block-column is-layout-flow wp-block-column-is-layout-flow\" style=\"flex-basis:30%\"><!--  Info educacion -->\n\n \n\n<div class='bloque-infos-educacion wrapper-departamentos'>\n<p class=\"tit-bloque-infos\">Centro Municipal Vicent Andres Estell\u00e9s<\/p>\n        <div class='infos-departamento'>\n            <p>Av. Miguel Hern\u00e1ndez, 36, 46960 Aldaia, Valencia, Espa\u00f1a<\/p>\n            <p><i class=\"fa fa-phone\" aria-hidden=\"true\"><\/i> <a href=\"tel:+34961510693\">+34 96 198 88 12<\/a><\/p>\n            <p><strong>Horari:<\/strong><\/p>\n            <p>Lunes a Viernes de 9:00 a 14:00 horas. Tardes lunes de 17:00 a 19:00 horas.<\/p>\n            <p><i class=\"fas fa-envelope\"><\/i> <a href=\"mailto:educacio@ajuntamentaldaia.org\">educacio@ajuntamentaldaia.org<\/a><\/p>\n           \n        <\/div>\n\n        <div class='mapa-1'>\n        <iframe src=\"https:\/\/www.google.com\/maps\/embed?pb=!1m18!1m12!1m3!1d2690.682908478369!2d-0.4686331129630299!3d39.46730324512737!2m3!1f0!2f0!3f0!3m2!1i1024!2i768!4f13.1!3m3!1m2!1s0xd605015adeec8f5%3A0x8b1b4140f8e0c4b3!2sCentre%20Municipal%20Vicent%20Andres%20Estell%C3%A9s!5e0!3m2!1ses!2sus!4v1726660218475!5m2!1ses!2sus\" width=\"100%\" height=\"450\" style=\"border:0;\" allowfullscreen=\"\" loading=\"lazy\" referrerpolicy=\"no-referrer-when-downgrade\"><\/iframe>\n        <\/div>\n\n    <\/div>\n    <!-- end bloque infos -->\n   \n\n    \n\n\n<\/div>\n\n\n\n<div class=\"wp-block-column is-layout-flow wp-block-column-is-layout-flow\" style=\"flex-basis:70%\">\n<h1 class=\"wp-block-heading\">Ayuda 2024 (curso 2023\/2024) para la escolarizaci\u00f3n en el Primer ciclo de educaci\u00f3n infantil (0-3 a\u00f1os)<\/h1>\n\n\n\n<p>Se abre el plazo de presentaci\u00f3n de solicitudes para la concesi\u00f3n de la ayuda de los gastos de matr\u00edcula para la escolarizaci\u00f3n en el primer ciclo de educaci\u00f3n infantil (0-3 a\u00f1os) para el curso 2023\/2024.<\/p>\n\n\n\n<p><strong>PLAZO ABIERTO DEL 20 DE FEBRERO DE 2024 HASTA EL 18 DE MARZO DE 2024 (AMBOS INCLUIDOS)<\/strong><\/p>\n\n\n\n<p><strong>-BENEFICIARIOS:<\/strong><\/p>\n\n\n\n<p>Ser\u00e1 beneficiario el alumnado matriculado y escolarizado en el primer ciclo de educaci\u00f3n infantil en el curso 2023\/2024.<\/p>\n\n\n\n<p><strong>-REQUISITOS:<\/strong><\/p>\n\n\n\n<p>1. Los alumnos deber\u00e1n estar empadronados en Aldaia.<\/p>\n\n\n\n<p>No se podr\u00e1n conceder ayudas a empadronados en Aldaia que residan en el \u00e1mbito del Barrio de Cristo, al contar la Mancomunidad con sus propias ayudas destinadas al mismo objeto.<\/p>\n\n\n\n<p>2. Estar matriculado o matriculada en un centro de educaci\u00f3n infantil y acreditar el pago efectivo de la matr\u00edcula.<\/p>\n\n\n\n<p>3. La persona solicitante no deber\u00e1 estar en ninguna de las circunstancias que no permitan tener la condici\u00f3n de beneficiario, previstas en el art\u00edculo 13.2 de la ley 38\/2003, de 17 de noviembre, General de Subvenciones. Sin embargo, lo que se establece en el art. 13.2, g) seg\u00fan la actual ordenanza general de subvenciones de Aldaia, quedan exoneradas del cumplimiento de este requisito las ayudas p\u00fablicas destinadas a la formaci\u00f3n y educaci\u00f3n y, por tanto, con finalidad educativo-formativo que convoque el ayuntamiento de Aldaia, no siendo objeto de comprobaci\u00f3n este extremo por el centro gestor, para la fase inicial de beneficiario.<\/p>\n\n\n\n<p>Este requisito se acreditar\u00e1 mediante presentaci\u00f3n de declaraci\u00f3n responsable, incluida en la solicitud.<\/p>\n\n\n\n<p>Sin embargo, para la fase del pago y en virtud del art\u00edculo 34.5 de la LGS, no podr\u00e1 realizarse el pago de la subvenci\u00f3n en tanto el beneficiario no se encuentre al corriente en el cumplimiento de sus obligaciones tributarias y con la Seguridad social.<\/p>\n\n\n\n<p><strong>-SOLICITUDES y DOCUMENTACI\u00d3N:<\/strong><\/p>\n\n\n\n<p>1. Solicitud\/Declaraci\u00f3n Responsable. (Anexo I debidamente cumplimentado y firmado).<\/p>\n\n\n\n<p>Las solicitudes se pueden descargar en esta misma publicaci\u00f3n y tambi\u00e9n pueden rellenarse autom\u00e1ticamente para presentarlas telem\u00e1ticamente.<\/p>\n\n\n\n<p>Tambi\u00e9n se podr\u00e1n adquirir en el Departamento de Educaci\u00f3n \u2013 Centro Vicent Andr\u00e9s Estell\u00e9s (Av. Miguel Hern\u00e1ndez, 40) de lunes a viernes de 09.00 a 14.00 horas y lunes tarde de 17:00 a 19:00 horas.<\/p>\n\n\n\n<p>2. Certificado de matr\u00edcula expedido por el centro del curso 2023\/2024 y justificante de pago de la matr\u00edcula.<\/p>\n\n\n\n<p>3. Libro de familia (Todas las hojas).<\/p>\n\n\n\n<p>4. En caso de no obrar acreditaci\u00f3n del n\u00famero de cuenta, se deber\u00e1 acreditar mediante cualquiera de los siguientes medios:<\/p>\n\n\n\n<p>&nbsp; &nbsp; \u2013 Certificado de titularidad bancaria.<\/p>\n\n\n\n<p>&nbsp; &nbsp; \u2013 Hoja de mantenimiento de terceros (Anexo II) con sello y firma de la entidad bancaria.<\/p>\n\n\n\n<p>&nbsp; &nbsp; \u2013 Captura de pantalla del perfil bancario en el que aparezca nombre completo, DNI, N.\u00ba de cuenta bancaria y logotipo de la entidad bancaria.<\/p>\n\n\n\n<p><strong>-PRESENTACI\u00d3N DE SOLICITUDES<\/strong><\/p>\n\n\n\n<p>1. Preferentemente telem\u00e1ticamente con certificado digital.<\/p>\n\n\n\n<p>(Conseguir certificado digital mediante cita previa en el registro de entrada del Ayuntamiento de Aldaia)<\/p>\n\n\n\n<p>2. Presencialmente solicitante <a href=\"https:\/\/citaprevia.aldaia.eu\/frontend.php\">cita previa<\/a> (en horario de L a V de 9.00 a 14.00 horas y Lunes tardes de 17:00 a 19:00):<\/p>\n\n\n\n<p>-Por tel\u00e9fono en el departamento de Educaci\u00f3n 96 198 88 12<\/p>\n\n\n\n<p>-Por tel\u00e9fono en el registro de entrada del ayuntamiento de Aldaia 96 150 15 00<\/p>\n\n\n\n<p>Para m\u00e1s informaci\u00f3n a continuaci\u00f3n adjuntamos las bases de esta convocatoria, junto con los anexos a cumplimentar.<\/p>\n\n\n\n<p>Cualquier duda debe dirigirse al departamento de educaci\u00f3n mediante el tel\u00e9fono 96 198 88 12 o al correo <a href=\"mailto:educacio@ajuntamentaldaia.org\">educacio@ajuntamentaldaia.org<\/a> con sus datos y nos pondremos en contacto con usted.<\/p>\n\n\n\n<p><strong>AMPLIACI\u00d3N DEL PLAZO DE PRESENTACION DE INSTANCIAS HASTA EL 26 DE MARZO DE 2024<\/strong><\/p>\n\n\n\n<p>El Ayuntamiento de Aldaia ha ampliado en fecha de hoy el plazo de presentaci\u00f3n de instancias de la convocatoria de las ayudas destinadas a los gastos de matr\u00edcula para la escolarizaci\u00f3n en el primer ciclo de educaci\u00f3n infantil (0 a 3 a\u00f1os) para el curso 2023-2024, que inicialmente finalizaba el 18\/03\/2024. Con esta ampliaci\u00f3n, el per\u00edodo de presentaci\u00f3n finalizar\u00e1 el 26\/03\/2024, incluido. Puede consultar las bases y documentaci\u00f3n requerida en la p\u00e1gina web del Ayuntamiento de Aldaia. Las instancias se presentar\u00e1n preferentemente por v\u00eda telem\u00e1tica.<\/p>\n\n\n\n<p><strong>LISTADO DE ADMISI\u00d3N Y DENEGACI\u00d3N PROVISIONAL DE LA AYUDA DE MATRICULACI\u00d3N DE 0 A 3 A\u00d1OS.<\/strong><\/p>\n\n\n\n<p><strong>PERIODO DE SUBSANACI\u00d3N DEL 17\/05\/2024 AL 30\/05\/2024 AMBOS INCLUIDOS<\/strong><\/p>\n\n\n\n<p><strong>\u2013 INSTANCIAS DE SUBSANACI\u00d3N DISPONIBLES EN:<\/strong><\/p>\n\n\n\n<ol class=\"wp-block-list\">\n<li>Ayuntamiento de Aldaia de lunes a viernes de 09:00 a 14:00 horas. De lunes a jueves por la tarde de 17:00 a 19:00 horas.<\/li>\n\n\n\n<li>En el Departamento de Educaci\u00f3n Vicent Andr\u00e9s Estell\u00e9s (Avenida Miguel Hern\u00e1ndez, 40) de lunes a viernes de 09:00 a 14:00 horas. Lunes por la tarde de 17:00 a 19:00 horas.<\/li>\n<\/ol>\n\n\n\n<p>La instancia es el modelo gen\u00e9rico.<\/p>\n\n\n\n<p><strong>\u2013 COMO PRESENTAR TU INSTANCIA DE SUBSANACI\u00d3N:<\/strong><\/p>\n\n\n\n<ol class=\"wp-block-list\">\n<li>Telem\u00e1ticamente con certificado digital en la Sede Electr\u00f3nica enlace <a href=\"https:\/\/www.oficinavirtual.aldaia.es\/portalCiudadano\/sede\/fichaInformativa.do?asu_cod=187&amp;asu_mod_cod=184&amp;codVerif=62B0A0CF5E61E96028A057730F9A6A1AED0F4585&amp;tra_cod=\">Sede electr\u00f3nica \u2013 Ficha Informativa (aldaia.es)<\/a> .<\/li>\n\n\n\n<li>Presencialmente en el Ayuntamiento y Departamento de Educaci\u00f3n, solicitando cita previa:<\/li>\n<\/ol>\n\n\n\n<ul class=\"wp-block-list\">\n<li><a href=\"https:\/\/citaprevia.aldaia.eu\/frontend.php\">PINCHA AQUI PARA COGER CITA PREVIA<\/a><\/li>\n\n\n\n<li>Por tel\u00e9fono en el Departamento de educaci\u00f3n 96 198 88 12<\/li>\n\n\n\n<li>Mediante la aplicaci\u00f3n <a href=\"https:\/\/play.google.com\/store\/apps\/details?id=es.digitalvalue.aldaia\">Descarga APP<\/a><\/li>\n<\/ul>\n\n\n\n<p><strong>* Recuerda acompa\u00f1ar tu instancia de subsanaci\u00f3n con la documentaci\u00f3n requerida al listado publicado. <\/strong><a href=\"https:\/\/aldaia.es\/wp-content\/uploads\/2024\/05\/EDICTO-CORRECTO-Aprobacion-provisional-ayuda-de-matriculacion-de-0-a-3-anos-curso-2023-2024.pdf\"><strong>LISTADO PROVISIONAL DE LA AYUDA DE MATRICULACI\u00d3N DE 0 A 3 A\u00d1OS CURSO 2023\/2024<\/strong><\/a><\/p>\n\n\n\n<p><strong>LISTADO DE ADMISI\u00d3N Y DENEGACI\u00d3N DEFINITIVO DE LA AYUDA DE MATRICULACI\u00d3N DE 0 A 3 A\u00d1OS.<\/strong><\/p>\n\n\n\n<p>Para m\u00e1s informaci\u00f3n no dude en contactar por tel\u00e9fono en el <a href=\"http:\/\/96.198.88.12\/\">96.198.88.12<\/a>.<\/p>\n<\/div>\n<\/div>\n\n\n\n<figure class=\"wp-block-image size-large\"><img loading=\"lazy\" decoding=\"async\" width=\"1024\" height=\"576\" src=\"https:\/\/aldaia.es\/wp-content\/uploads\/2024\/09\/BECA-de-0-a-3-CASTELLANO-1024x576.webp\" alt=\"Primer cicle d\u2019educaci\u00f3 infantil \" class=\"wp-image-32473\" srcset=\"https:\/\/aldaia.es\/wp-content\/uploads\/2024\/09\/BECA-de-0-a-3-CASTELLANO-1024x576.webp 1024w, https:\/\/aldaia.es\/wp-content\/uploads\/2024\/09\/BECA-de-0-a-3-CASTELLANO-300x169.webp 300w, https:\/\/aldaia.es\/wp-content\/uploads\/2024\/09\/BECA-de-0-a-3-CASTELLANO-768x432.webp 768w, https:\/\/aldaia.es\/wp-content\/uploads\/2024\/09\/BECA-de-0-a-3-CASTELLANO-150x84.webp 150w, https:\/\/aldaia.es\/wp-content\/uploads\/2024\/09\/BECA-de-0-a-3-CASTELLANO-696x391.webp 696w, https:\/\/aldaia.es\/wp-content\/uploads\/2024\/09\/BECA-de-0-a-3-CASTELLANO-1068x600.webp 1068w, https:\/\/aldaia.es\/wp-content\/uploads\/2024\/09\/BECA-de-0-a-3-CASTELLANO.webp 1366w\" sizes=\"auto, (max-width: 1024px) 100vw, 1024px\" \/><\/figure>\n\n\n\n<div class=\"wp-block-columns is-layout-flex wp-container-core-columns-is-layout-9d6595d7 wp-block-columns-is-layout-flex\">\n<div class=\"wp-block-column lista_adjuntos is-layout-flow wp-block-column-is-layout-flow\">\n<h2 class=\"wp-block-heading display-4\">Adjuntos<\/h2>\n\n\n\n<p><i class=\"fas fa-file-pdf\"><\/i> <a href=\"https:\/\/aldaia.es\/wp-content\/uploads\/2024\/02\/Bases-0-3-anos-publicadas-en-BOP-19-febrero-2023.pdf\" target=\"_blank\" rel=\"noreferrer noopener\">BASES AYUDA 0-3 A\u00d1OS<\/a><\/p>\n\n\n\n<p><i class=\"fas fa-file-pdf\"><\/i> <a href=\"https:\/\/aldaia.es\/wp-content\/uploads\/2024\/02\/ANEXO-I-UNIFICADO-CON-ANEXO-III-VALENCIANO-1.pdf\" target=\"_blank\" rel=\"noreferrer noopener\">ANEXO I (SOLICITUD)<\/a><\/p>\n\n\n\n<p><i class=\"fas fa-file-pdf\"><\/i> <a href=\"https:\/\/aldaia.es\/wp-content\/uploads\/2024\/02\/ANEXO-II-VALENCIANO-AUTORRELLENABLE.pdf\" target=\"_blank\" rel=\"noreferrer noopener\">FICHA MANTENIMIENTO TERCEROS<\/a><\/p>\n\n\n\n<p><i class=\"fas fa-file-pdf\"><\/i> <a href=\"https:\/\/aldaia.es\/wp-content\/uploads\/2024\/03\/EDICTO-Ampliacion-plazo-de-presentacion-beca-0-3-anos-curso-2023-2024-FIRMADO.pdf\" target=\"_blank\" rel=\"noreferrer noopener\">AMPLIACI\u00d3N DEL PLAZO<\/a><\/p>\n\n\n\n<p><i class=\"fas fa-file-pdf\"><\/i> <a href=\"https:\/\/aldaia.es\/wp-content\/uploads\/2024\/05\/EDICTO-CORRECTO-Aprobacion-provisional-ayuda-de-matriculacion-de-0-a-3-anos-curso-2023-2024.pdf\" target=\"_blank\" rel=\"noreferrer noopener\">LISTADO DE ADMISI\u00d3N Y DENEGACI\u00d3N PROVISIONAL<\/a><\/p>\n\n\n\n<p><i class=\"fas fa-file-pdf\"><\/i> <a href=\"https:\/\/aldaia.es\/wp-content\/uploads\/2024\/06\/EDICTO-Aprobacion-y-denegacion-definitiva-de-la-ayuda-matriculacion-0-a-3-anos-para-el-curso-2023-2024.-FIRMADO.pdf\" target=\"_blank\" rel=\"noreferrer noopener\">LISTADO DE ADMISI\u00d3N Y DENEGACI\u00d3N DEFINITIVO<\/a><\/p>\n<\/div>\n<\/div>\n\n\n\n<div class=\"wp-block-columns is-layout-flex wp-container-core-columns-is-layout-9d6595d7 wp-block-columns-is-layout-flex\">\n<div class=\"wp-block-column lista_adjuntos is-layout-flow wp-block-column-is-layout-flow\">\n<h2 class=\"wp-block-heading display-4\">Enlaces<\/h2>\n\n\n\n<p><i class=\"fas fa-file-pdf\"><\/i> <a href=\"https:\/\/www.oficinavirtual.aldaia.es\/portalCiudadano\/sede\/catalogoTramites.do?opcion=detalle&amp;idApl=4&amp;pes_cod=-2&amp;ent_id=2&amp;idioma=1\" target=\"_blank\" rel=\"noreferrer noopener\">TR\u00c1MITE SEDE ELECTR\u00d3NICA<\/a><\/p>\n<\/div>\n<\/div>\n\n\n\n<p><\/p>\n","protected":false},"excerpt":{"rendered":"<p>Ayuda 2024 (curso 2023\/2024) para la escolarizaci\u00f3n en el Primer ciclo de educaci\u00f3n infantil (0-3 a\u00f1os) Se abre el plazo de presentaci\u00f3n de solicitudes para la concesi\u00f3n de la ayuda <a class=\"text-decoration-none text-black\" href=\"https:\/\/aldaia.es\/es\/educacion\/becas\/ayuda-escolarizacion\/\"> &#8230; <\/a><\/p>\n","protected":false},"author":14,"featured_media":0,"parent":6338,"menu_order":0,"comment_status":"closed","ping_status":"closed","template":"basic-page-departamentos.php","meta":{"_acf_changed":false,"footnotes":""},"class_list":["post-6269","page","type-page","status-publish","hentry"],"acf":[],"yoast_head":"<!-- This site is optimized with the Yoast SEO plugin v27.0 - https:\/\/yoast.com\/product\/yoast-seo-wordpress\/ -->\n<title>Escolarizaci\u00f3n en el primer ciclo de educaci\u00f3n infantil - Ayuntamiento de Aldaia<\/title>\n<meta name=\"description\" content=\"Informaci\u00f3n ayuda en gastos de matr\u00edcula para la escolarizaci\u00f3n en Primer ciclo educaci\u00f3n infantil (0-3 a\u00f1os). Departamento Educaci\u00f3n Aldaia.\" \/>\n<meta name=\"robots\" content=\"index, follow, max-snippet:-1, max-image-preview:large, max-video-preview:-1\" \/>\n<link rel=\"canonical\" href=\"https:\/\/aldaia.es\/es\/educacion\/becas\/ayuda-escolarizacion\/\" \/>\n<meta property=\"og:locale\" content=\"es_ES\" \/>\n<meta property=\"og:type\" content=\"article\" \/>\n<meta property=\"og:title\" content=\"Escolarizaci\u00f3n en el primer ciclo de educaci\u00f3n infantil - Ayuntamiento de Aldaia\" \/>\n<meta property=\"og:description\" content=\"Informaci\u00f3n ayuda en gastos de matr\u00edcula para la escolarizaci\u00f3n en Primer ciclo educaci\u00f3n infantil (0-3 a\u00f1os). Departamento Educaci\u00f3n Aldaia.\" \/>\n<meta property=\"og:url\" content=\"https:\/\/aldaia.es\/es\/educacion\/becas\/ayuda-escolarizacion\/\" \/>\n<meta property=\"og:site_name\" content=\"Ayuntamiento de Aldaia\" \/>\n<meta property=\"article:modified_time\" content=\"2024-09-19T13:49:42+00:00\" \/>\n<meta property=\"og:image\" content=\"https:\/\/aldaia.es\/wp-content\/uploads\/2024\/09\/BECA-de-0-a-3-CASTELLANO-1024x576.webp\" \/>\n<script type=\"application\/ld+json\" class=\"yoast-schema-graph\">{\"@context\":\"https:\/\/schema.org\",\"@graph\":[{\"@type\":\"WebPage\",\"@id\":\"https:\/\/aldaia.es\/es\/educacion\/becas\/ayuda-escolarizacion\/\",\"url\":\"https:\/\/aldaia.es\/es\/educacion\/becas\/ayuda-escolarizacion\/\",\"name\":\"Escolarizaci\u00f3n en el primer ciclo de educaci\u00f3n infantil - Ayuntamiento de Aldaia\",\"isPartOf\":{\"@id\":\"https:\/\/aldaia.es\/es\/#website\"},\"primaryImageOfPage\":{\"@id\":\"https:\/\/aldaia.es\/es\/educacion\/becas\/ayuda-escolarizacion\/#primaryimage\"},\"image\":{\"@id\":\"https:\/\/aldaia.es\/es\/educacion\/becas\/ayuda-escolarizacion\/#primaryimage\"},\"thumbnailUrl\":\"https:\/\/aldaia.es\/wp-content\/uploads\/2024\/09\/BECA-de-0-a-3-CASTELLANO-1024x576.webp\",\"datePublished\":\"2023-02-01T12:10:44+00:00\",\"dateModified\":\"2024-09-19T13:49:42+00:00\",\"description\":\"Informaci\u00f3n ayuda en gastos de matr\u00edcula para la escolarizaci\u00f3n en Primer ciclo educaci\u00f3n infantil (0-3 a\u00f1os). Departamento Educaci\u00f3n Aldaia.\",\"breadcrumb\":{\"@id\":\"https:\/\/aldaia.es\/es\/educacion\/becas\/ayuda-escolarizacion\/#breadcrumb\"},\"inLanguage\":\"es\",\"potentialAction\":[{\"@type\":\"ReadAction\",\"target\":[\"https:\/\/aldaia.es\/es\/educacion\/becas\/ayuda-escolarizacion\/\"]}]},{\"@type\":\"ImageObject\",\"inLanguage\":\"es\",\"@id\":\"https:\/\/aldaia.es\/es\/educacion\/becas\/ayuda-escolarizacion\/#primaryimage\",\"url\":\"https:\/\/aldaia.es\/wp-content\/uploads\/2024\/09\/BECA-de-0-a-3-CASTELLANO-1024x576.webp\",\"contentUrl\":\"https:\/\/aldaia.es\/wp-content\/uploads\/2024\/09\/BECA-de-0-a-3-CASTELLANO-1024x576.webp\"},{\"@type\":\"BreadcrumbList\",\"@id\":\"https:\/\/aldaia.es\/es\/educacion\/becas\/ayuda-escolarizacion\/#breadcrumb\",\"itemListElement\":[{\"@type\":\"ListItem\",\"position\":1,\"name\":\"Portada\",\"item\":\"https:\/\/aldaia.es\/es\/\"},{\"@type\":\"ListItem\",\"position\":2,\"name\":\"Educaci\u00f3n\",\"item\":\"https:\/\/aldaia.es\/es\/educacion\/\"},{\"@type\":\"ListItem\",\"position\":3,\"name\":\"Becas\",\"item\":\"https:\/\/aldaia.es\/es\/educacion\/becas\/\"},{\"@type\":\"ListItem\",\"position\":4,\"name\":\"Ayuda 2024 (curso 2023\/2024) para la escolarizaci\u00f3n en el Primer ciclo de educaci\u00f3n infantil (0-3 a\u00f1os)\"}]},{\"@type\":\"WebSite\",\"@id\":\"https:\/\/aldaia.es\/es\/#website\",\"url\":\"https:\/\/aldaia.es\/es\/\",\"name\":\"Ajuntament D'Aldaia\",\"description\":\"\",\"publisher\":{\"@id\":\"https:\/\/aldaia.es\/es\/#organization\"},\"alternateName\":\"Ajuntament D'Aldaia\",\"potentialAction\":[{\"@type\":\"SearchAction\",\"target\":{\"@type\":\"EntryPoint\",\"urlTemplate\":\"https:\/\/aldaia.es\/es\/?s={search_term_string}\"},\"query-input\":{\"@type\":\"PropertyValueSpecification\",\"valueRequired\":true,\"valueName\":\"search_term_string\"}}],\"inLanguage\":\"es\"},{\"@type\":\"Organization\",\"@id\":\"https:\/\/aldaia.es\/es\/#organization\",\"name\":\"Ajuntament D'Aldaia\",\"url\":\"https:\/\/aldaia.es\/es\/\",\"logo\":{\"@type\":\"ImageObject\",\"inLanguage\":\"es\",\"@id\":\"https:\/\/aldaia.es\/es\/#\/schema\/logo\/image\/\",\"url\":\"https:\/\/aldaia.es\/wp-content\/uploads\/2022\/06\/aldaia-negro-1.png\",\"contentUrl\":\"https:\/\/aldaia.es\/wp-content\/uploads\/2022\/06\/aldaia-negro-1.png\",\"width\":152,\"height\":70,\"caption\":\"Ajuntament D'Aldaia\"},\"image\":{\"@id\":\"https:\/\/aldaia.es\/es\/#\/schema\/logo\/image\/\"}}]}<\/script>\n<!-- \/ Yoast SEO plugin. -->","yoast_head_json":{"title":"Escolarizaci\u00f3n en el primer ciclo de educaci\u00f3n infantil - Ayuntamiento de Aldaia","description":"Informaci\u00f3n ayuda en gastos de matr\u00edcula para la escolarizaci\u00f3n en Primer ciclo educaci\u00f3n infantil (0-3 a\u00f1os). Departamento Educaci\u00f3n Aldaia.","robots":{"index":"index","follow":"follow","max-snippet":"max-snippet:-1","max-image-preview":"max-image-preview:large","max-video-preview":"max-video-preview:-1"},"canonical":"https:\/\/aldaia.es\/es\/educacion\/becas\/ayuda-escolarizacion\/","og_locale":"es_ES","og_type":"article","og_title":"Escolarizaci\u00f3n en el primer ciclo de educaci\u00f3n infantil - Ayuntamiento de Aldaia","og_description":"Informaci\u00f3n ayuda en gastos de matr\u00edcula para la escolarizaci\u00f3n en Primer ciclo educaci\u00f3n infantil (0-3 a\u00f1os). Departamento Educaci\u00f3n Aldaia.","og_url":"https:\/\/aldaia.es\/es\/educacion\/becas\/ayuda-escolarizacion\/","og_site_name":"Ayuntamiento de Aldaia","article_modified_time":"2024-09-19T13:49:42+00:00","og_image":[{"url":"https:\/\/aldaia.es\/wp-content\/uploads\/2024\/09\/BECA-de-0-a-3-CASTELLANO-1024x576.webp","type":"","width":"","height":""}],"schema":{"@context":"https:\/\/schema.org","@graph":[{"@type":"WebPage","@id":"https:\/\/aldaia.es\/es\/educacion\/becas\/ayuda-escolarizacion\/","url":"https:\/\/aldaia.es\/es\/educacion\/becas\/ayuda-escolarizacion\/","name":"Escolarizaci\u00f3n en el primer ciclo de educaci\u00f3n infantil - Ayuntamiento de Aldaia","isPartOf":{"@id":"https:\/\/aldaia.es\/es\/#website"},"primaryImageOfPage":{"@id":"https:\/\/aldaia.es\/es\/educacion\/becas\/ayuda-escolarizacion\/#primaryimage"},"image":{"@id":"https:\/\/aldaia.es\/es\/educacion\/becas\/ayuda-escolarizacion\/#primaryimage"},"thumbnailUrl":"https:\/\/aldaia.es\/wp-content\/uploads\/2024\/09\/BECA-de-0-a-3-CASTELLANO-1024x576.webp","datePublished":"2023-02-01T12:10:44+00:00","dateModified":"2024-09-19T13:49:42+00:00","description":"Informaci\u00f3n ayuda en gastos de matr\u00edcula para la escolarizaci\u00f3n en Primer ciclo educaci\u00f3n infantil (0-3 a\u00f1os). Departamento Educaci\u00f3n Aldaia.","breadcrumb":{"@id":"https:\/\/aldaia.es\/es\/educacion\/becas\/ayuda-escolarizacion\/#breadcrumb"},"inLanguage":"es","potentialAction":[{"@type":"ReadAction","target":["https:\/\/aldaia.es\/es\/educacion\/becas\/ayuda-escolarizacion\/"]}]},{"@type":"ImageObject","inLanguage":"es","@id":"https:\/\/aldaia.es\/es\/educacion\/becas\/ayuda-escolarizacion\/#primaryimage","url":"https:\/\/aldaia.es\/wp-content\/uploads\/2024\/09\/BECA-de-0-a-3-CASTELLANO-1024x576.webp","contentUrl":"https:\/\/aldaia.es\/wp-content\/uploads\/2024\/09\/BECA-de-0-a-3-CASTELLANO-1024x576.webp"},{"@type":"BreadcrumbList","@id":"https:\/\/aldaia.es\/es\/educacion\/becas\/ayuda-escolarizacion\/#breadcrumb","itemListElement":[{"@type":"ListItem","position":1,"name":"Portada","item":"https:\/\/aldaia.es\/es\/"},{"@type":"ListItem","position":2,"name":"Educaci\u00f3n","item":"https:\/\/aldaia.es\/es\/educacion\/"},{"@type":"ListItem","position":3,"name":"Becas","item":"https:\/\/aldaia.es\/es\/educacion\/becas\/"},{"@type":"ListItem","position":4,"name":"Ayuda 2024 (curso 2023\/2024) para la escolarizaci\u00f3n en el Primer ciclo de educaci\u00f3n infantil (0-3 a\u00f1os)"}]},{"@type":"WebSite","@id":"https:\/\/aldaia.es\/es\/#website","url":"https:\/\/aldaia.es\/es\/","name":"Ajuntament D'Aldaia","description":"","publisher":{"@id":"https:\/\/aldaia.es\/es\/#organization"},"alternateName":"Ajuntament D'Aldaia","potentialAction":[{"@type":"SearchAction","target":{"@type":"EntryPoint","urlTemplate":"https:\/\/aldaia.es\/es\/?s={search_term_string}"},"query-input":{"@type":"PropertyValueSpecification","valueRequired":true,"valueName":"search_term_string"}}],"inLanguage":"es"},{"@type":"Organization","@id":"https:\/\/aldaia.es\/es\/#organization","name":"Ajuntament D'Aldaia","url":"https:\/\/aldaia.es\/es\/","logo":{"@type":"ImageObject","inLanguage":"es","@id":"https:\/\/aldaia.es\/es\/#\/schema\/logo\/image\/","url":"https:\/\/aldaia.es\/wp-content\/uploads\/2022\/06\/aldaia-negro-1.png","contentUrl":"https:\/\/aldaia.es\/wp-content\/uploads\/2022\/06\/aldaia-negro-1.png","width":152,"height":70,"caption":"Ajuntament D'Aldaia"},"image":{"@id":"https:\/\/aldaia.es\/es\/#\/schema\/logo\/image\/"}}]}},"_links":{"self":[{"href":"https:\/\/aldaia.es\/es\/wp-json\/wp\/v2\/pages\/6269","targetHints":{"allow":["GET"]}}],"collection":[{"href":"https:\/\/aldaia.es\/es\/wp-json\/wp\/v2\/pages"}],"about":[{"href":"https:\/\/aldaia.es\/es\/wp-json\/wp\/v2\/types\/page"}],"author":[{"embeddable":true,"href":"https:\/\/aldaia.es\/es\/wp-json\/wp\/v2\/users\/14"}],"replies":[{"embeddable":true,"href":"https:\/\/aldaia.es\/es\/wp-json\/wp\/v2\/comments?post=6269"}],"version-history":[{"count":38,"href":"https:\/\/aldaia.es\/es\/wp-json\/wp\/v2\/pages\/6269\/revisions"}],"predecessor-version":[{"id":32482,"href":"https:\/\/aldaia.es\/es\/wp-json\/wp\/v2\/pages\/6269\/revisions\/32482"}],"up":[{"embeddable":true,"href":"https:\/\/aldaia.es\/es\/wp-json\/wp\/v2\/pages\/6338"}],"wp:attachment":[{"href":"https:\/\/aldaia.es\/es\/wp-json\/wp\/v2\/media?parent=6269"}],"curies":[{"name":"wp","href":"https:\/\/api.w.org\/{rel}","templated":true}]}}