{"id":6273,"date":"2022-08-30T09:27:25","date_gmt":"2022-08-30T07:27:25","guid":{"rendered":"https:\/\/aldaia.eu\/aldaia-por-el-clima\/"},"modified":"2024-09-25T09:27:52","modified_gmt":"2024-09-25T07:27:52","slug":"aldaia-por-el-clima","status":"publish","type":"page","link":"https:\/\/aldaia.es\/es\/urbanismo-y-medio-ambiente\/aldaia-por-el-clima\/","title":{"rendered":"Aldaia por el Clima"},"content":{"rendered":"\n<div class=\"wp-block-columns is-not-stacked-on-mobile dep-urbanismo is-layout-flex wp-container-core-columns-is-layout-9d6595d7 wp-block-columns-is-layout-flex\">\n<div class=\"wp-block-column is-layout-flow wp-block-column-is-layout-flow\" style=\"flex-basis:30%\"><!--  Info urbanismo -->\n\n \n\n<div class='bloque-infos-urbanismo wrapper-departamentos'>\n<p class=\"tit-bloque-infos\">Departamento de Urbanismo y Medio ambiente<\/p>\n        <div class='infos-departamento'>\n            <p>Plaza Constituci\u00f3n, 10, 46960 Aldaia Valencia<\/p>\n            <p><i class=\"fa fa-phone\" aria-hidden=\"true\"><\/i> <a href=\"tel:+34961501500\">+34 96 150 15 00<\/a><\/p>\n            <p><i class=\"fa fa-phone\" aria-hidden=\"true\"><\/i> <a href=\"tel:+34961510693\">+34 96 151 06 93<\/a><\/p>\n            <p><i class=\"fas fa-envelope\"><\/i> <a href=\"mailto:urbanisme@ajuntamentaldaia.org\">urbanisme@ajuntamentaldaia.org<\/a><\/p>\n            \n        <\/div>\n\n        <div class='mapa-1'>\n        <iframe src=\"https:\/\/www.google.com\/maps\/embed?pb=!1m18!1m12!1m3!1d622.7679968418242!2d-0.4608059177881311!3d39.465164288659615!2m3!1f0!2f0!3f0!3m2!1i1024!2i768!4f13.1!3m3!1m2!1s0xd6051b0ac582aed%3A0xd3a2ed9d1d945ab0!2sAyuntamiento%20de%20Aldaya!5e0!3m2!1ses!2sus!4v1725979182758!5m2!1ses!2sus\" width=\"100%\" height=\"450\" style=\"border:0;\" allowfullscreen=\"\" loading=\"lazy\" referrerpolicy=\"no-referrer-when-downgrade\"><\/iframe>\n        <\/div>\n\n    <\/div>\n    <!-- end bloque infos -->\n   \n\n    \n\n\n<\/div>\n\n\n\n<div class=\"wp-block-column is-layout-flow wp-block-column-is-layout-flow\" style=\"flex-basis:70%\">\n<h1 class=\"wp-block-heading\">Aldaia por el Clima<\/h1>\n\n\n\n<p>Las consecuencias del cambio clim\u00e1tico ya son visibles en nuestro planeta, incluso m\u00e1s de lo que pod\u00edamos imaginar. La temperatura a escala global sigue aumentando y estamos experimentando alteraciones en los patrones de precipitaciones de forma alarmante, con inundaciones y sequ\u00edas, cada vez m\u00e1s a menudo y el avance de la desertizaci\u00f3n en el Mediterr\u00e1neo. La principal causa de estos efectos catastr\u00f3ficos es la contaminaci\u00f3n, en sus diversas formas. Afortunadamente, todav\u00eda hay cosas que hacer para combatir el cambio clim\u00e1tico. Y en Aldaia nos sumamos a ese reto mundial.<\/p>\n\n\n\n<p>Aldaia por el Clima, es nuestra contribuci\u00f3n, desde el \u00e1mbito local. Un proyecto de amplio espectro que abarca todas las iniciativas relacionadas con el cuidado del medio ambiente.<\/p>\n\n\n\n<p>La primera acci\u00f3n de Aldaia por el Clima es la renovaci\u00f3n de las m\u00e1s de 5.500 luminarias de las calles de Aldaia. Ahora hemos pasado a utilizar l\u00e1mpara LED, de \u00faltima generaci\u00f3n. Seg\u00fan los expertos, nuestro municipio ahorrar\u00e1 m\u00e1s de dos millones de KW\/h de energ\u00eda. Y se dejar\u00e1n de emitir 1.000 toneladas de CO2, equivalente a la plantaci\u00f3n de cerca de 90.000 \u00e1rboles. Con esta nueva iluminaci\u00f3n conseguimos reducir la contaminaci\u00f3n lum\u00ednica. Es decir, a la luz que se emite hacia el cielo y que no tiene utilidad alguna. Esta luz, de hecho, puede alterar la salud de las personas produciendo insomnio, estr\u00e9s y otras enfermedades relacionadas.<\/p>\n\n\n\n<p>As\u00ed que, la nueva iluminaci\u00f3n de Aldaia, se dirige ya hacia el suelo, donde s\u00ed es \u00fatil.<\/p>\n\n\n\n<p>Salvar el medio ambiente comienza con nosotros, y es nuestra responsabilidad actuar contra estos terribles da\u00f1os en nuestro entorno.<\/p>\n\n\n\n<h3 class=\"wp-block-heading\"><strong>S\u00famate a ALDAIA POR EL CLIMA<\/strong><\/h3>\n\n\n\n<p>Aldaia ha trabajado para conseguir la cofinanciaci\u00f3n en grandes proyectos de este sentido. As\u00ed sumamos una subvenci\u00f3n importante para el cambio de alumbrado: 1.107.987 euros de fondos europeos FEDER -para la sustituci\u00f3n de las antiguas luminarias por iluminaci\u00f3n led de \u00faltima generaci\u00f3n.<\/p>\n\n\n\n<figure class=\"wp-block-image size-full\"><img loading=\"lazy\" decoding=\"async\" width=\"300\" height=\"45\" src=\"https:\/\/aldaia.es\/wp-content\/uploads\/2024\/09\/aldaia-clima.png\" alt=\"\" class=\"wp-image-33050\" srcset=\"https:\/\/aldaia.es\/wp-content\/uploads\/2024\/09\/aldaia-clima.png 300w, https:\/\/aldaia.es\/wp-content\/uploads\/2024\/09\/aldaia-clima-150x23.png 150w\" sizes=\"auto, (max-width: 300px) 100vw, 300px\" \/><\/figure>\n\n\n\n<div class=\"wp-block-columns is-layout-flex wp-container-core-columns-is-layout-9d6595d7 wp-block-columns-is-layout-flex\">\n<div class=\"wp-block-column is-layout-flow wp-block-column-is-layout-flow\">\n<figure class=\"wp-block-image size-large\"><img decoding=\"async\" src=\"https:\/\/aldaia.es\/wp-content\/uploads\/2023\/10\/logo-union-europea-300x255.png\" alt=\"UE\"\/><\/figure>\n<\/div>\n\n\n\n<div class=\"wp-block-column is-layout-flow wp-block-column-is-layout-flow\">\n<figure class=\"wp-block-image size-large\"><img decoding=\"async\" src=\"https:\/\/aldaia.es\/wp-content\/uploads\/2023\/10\/Logo-FEDER-300x184.jpg\" alt=\"feder\"\/><\/figure>\n<\/div>\n<\/div>\n<\/div>\n<\/div>\n\n\n\n<div class=\"wp-block-columns is-layout-flex wp-container-core-columns-is-layout-9d6595d7 wp-block-columns-is-layout-flex\">\n<div class=\"wp-block-column lista_adjuntos is-layout-flow wp-block-column-is-layout-flow\">\n<h2 class=\"wp-block-heading display-4\">Adjuntos<\/h2>\n\n\n\n<p><i class=\"fas fa-link\"><\/i> <a href=\"https:\/\/aldaia.es\/wp-content\/uploads\/2023\/10\/Aldaia-consigue-1.107.987-euros-de-fondos-europeos-FEDER-para-renovar-el-alumbrado-publico-de-todo-el-municipio.pdf\" target=\"_blank\" rel=\"noreferrer noopener\">Aldaia consigue 1.107.987 euros de fondos europeos FEDER para renovar el alumbrado p\u00fablico de todo el municipio<\/a><\/p>\n\n\n\n<p><i class=\"fas fa-link\"><\/i> <a href=\"https:\/\/aldaia.es\/wp-content\/uploads\/2023\/10\/MAN.-IMAG.-EBC-EL.pdf\" target=\"_blank\" rel=\"noreferrer noopener\">Manual &#8211; FONDO EUROPEO DE DESARROLLO REGIONAL (FEDER)<\/a><\/p>\n\n\n\n<p><i class=\"fas fa-link\"><\/i> <a href=\"https:\/\/aldaia.es\/wp-content\/uploads\/2023\/10\/20181229_RD-modifica-RD-que-regula-concesion-ayudas.pdf\" target=\"_blank\" rel=\"noreferrer noopener\">RD modifica RD que regula concesi\u00f3n ayudas<\/a><\/p>\n\n\n\n<p><i class=\"fas fa-link\"><\/i> <a href=\"https:\/\/aldaia.es\/wp-content\/uploads\/2023\/10\/20190530_RD-modifica-RD-que-regula-concesion-directa-de-subvenciones.pdf\" target=\"_blank\" rel=\"noreferrer noopener\">RD modifica RD que regula concesi\u00f3n directa de subvenciones<\/a><\/p>\n\n\n\n<p><i class=\"fas fa-link\"><\/i> <a href=\"https:\/\/aldaia.es\/wp-content\/uploads\/2023\/10\/20170617_RD-regula-concesion-directa-subvenciones.pdf\" target=\"_blank\" rel=\"noreferrer noopener\">RD regula concesi\u00f3n directa subvenciones<\/a><\/p>\n<\/div>\n<\/div>\n\n\n\n<div class=\"wp-block-columns is-layout-flex wp-container-core-columns-is-layout-9d6595d7 wp-block-columns-is-layout-flex\">\n<div class=\"wp-block-column lista_adjuntos is-layout-flow wp-block-column-is-layout-flow\">\n<h2 class=\"wp-block-heading display-4\">Enlaces<\/h2>\n\n\n\n<p><i class=\"fas fa-link\"><\/i> <a href=\"https:\/\/www.youtube.com\/playlist?list=PLEYvIiNqjeYMpNMeeMZbiaryz1LfxZjTf\" target=\"_blank\" rel=\"noreferrer noopener\">\u00abAldaiers pel Clima\u00bb V\u00eddeos<\/a><\/p>\n<\/div>\n<\/div>\n\n\n\n<p><\/p>\n","protected":false},"excerpt":{"rendered":"<p>Aldaia por el Clima Las consecuencias del cambio clim\u00e1tico ya son visibles en nuestro planeta, incluso m\u00e1s de lo que pod\u00edamos imaginar. La temperatura a escala global sigue aumentando y <a class=\"text-decoration-none text-black\" href=\"https:\/\/aldaia.es\/es\/urbanismo-y-medio-ambiente\/aldaia-por-el-clima\/\"> &#8230; <\/a><\/p>\n","protected":false},"author":1,"featured_media":0,"parent":6254,"menu_order":0,"comment_status":"closed","ping_status":"closed","template":"basic-page-departamentos.php","meta":{"_acf_changed":false,"footnotes":""},"class_list":["post-6273","page","type-page","status-publish","hentry"],"acf":[],"yoast_head":"<!-- This site is optimized with the Yoast SEO plugin v27.0 - https:\/\/yoast.com\/product\/yoast-seo-wordpress\/ -->\n<title>Aldaia por el Clima - Ayuntamiento de Aldaia<\/title>\n<meta name=\"description\" content=\"&quot;Aldaia por el Clima&quot; es nuestra contribuci\u00f3n: proyecto que engloba todas las iniciativas relacionadas con el cuidado del medio ambiente.\" \/>\n<meta name=\"robots\" content=\"index, follow, max-snippet:-1, max-image-preview:large, max-video-preview:-1\" \/>\n<link rel=\"canonical\" href=\"https:\/\/aldaia.es\/es\/urbanismo-y-medio-ambiente\/aldaia-por-el-clima\/\" \/>\n<meta property=\"og:locale\" content=\"es_ES\" \/>\n<meta property=\"og:type\" content=\"article\" \/>\n<meta property=\"og:title\" content=\"Aldaia por el Clima - Ayuntamiento de Aldaia\" \/>\n<meta property=\"og:description\" content=\"&quot;Aldaia por el Clima&quot; es nuestra contribuci\u00f3n: proyecto que engloba todas las iniciativas relacionadas con el cuidado del medio ambiente.\" \/>\n<meta property=\"og:url\" content=\"https:\/\/aldaia.es\/es\/urbanismo-y-medio-ambiente\/aldaia-por-el-clima\/\" \/>\n<meta property=\"og:site_name\" content=\"Ayuntamiento de Aldaia\" \/>\n<meta property=\"article:modified_time\" content=\"2024-09-25T07:27:52+00:00\" \/>\n<meta property=\"og:image\" content=\"https:\/\/aldaia.es\/wp-content\/uploads\/2024\/09\/aldaia-clima.png\" \/>\n<script type=\"application\/ld+json\" class=\"yoast-schema-graph\">{\"@context\":\"https:\/\/schema.org\",\"@graph\":[{\"@type\":\"WebPage\",\"@id\":\"https:\/\/aldaia.es\/es\/urbanismo-y-medio-ambiente\/aldaia-por-el-clima\/\",\"url\":\"https:\/\/aldaia.es\/es\/urbanismo-y-medio-ambiente\/aldaia-por-el-clima\/\",\"name\":\"Aldaia por el Clima - Ayuntamiento de Aldaia\",\"isPartOf\":{\"@id\":\"https:\/\/aldaia.es\/es\/#website\"},\"primaryImageOfPage\":{\"@id\":\"https:\/\/aldaia.es\/es\/urbanismo-y-medio-ambiente\/aldaia-por-el-clima\/#primaryimage\"},\"image\":{\"@id\":\"https:\/\/aldaia.es\/es\/urbanismo-y-medio-ambiente\/aldaia-por-el-clima\/#primaryimage\"},\"thumbnailUrl\":\"https:\/\/aldaia.es\/wp-content\/uploads\/2024\/09\/aldaia-clima.png\",\"datePublished\":\"2022-08-30T07:27:25+00:00\",\"dateModified\":\"2024-09-25T07:27:52+00:00\",\"description\":\"\\\"Aldaia por el Clima\\\" es nuestra contribuci\u00f3n: proyecto que engloba todas las iniciativas relacionadas con el cuidado del medio ambiente.\",\"breadcrumb\":{\"@id\":\"https:\/\/aldaia.es\/es\/urbanismo-y-medio-ambiente\/aldaia-por-el-clima\/#breadcrumb\"},\"inLanguage\":\"es\",\"potentialAction\":[{\"@type\":\"ReadAction\",\"target\":[\"https:\/\/aldaia.es\/es\/urbanismo-y-medio-ambiente\/aldaia-por-el-clima\/\"]}]},{\"@type\":\"ImageObject\",\"inLanguage\":\"es\",\"@id\":\"https:\/\/aldaia.es\/es\/urbanismo-y-medio-ambiente\/aldaia-por-el-clima\/#primaryimage\",\"url\":\"https:\/\/aldaia.es\/wp-content\/uploads\/2024\/09\/aldaia-clima.png\",\"contentUrl\":\"https:\/\/aldaia.es\/wp-content\/uploads\/2024\/09\/aldaia-clima.png\"},{\"@type\":\"BreadcrumbList\",\"@id\":\"https:\/\/aldaia.es\/es\/urbanismo-y-medio-ambiente\/aldaia-por-el-clima\/#breadcrumb\",\"itemListElement\":[{\"@type\":\"ListItem\",\"position\":1,\"name\":\"Portada\",\"item\":\"https:\/\/aldaia.es\/es\/\"},{\"@type\":\"ListItem\",\"position\":2,\"name\":\"Urbanismo y medio ambiente\",\"item\":\"https:\/\/aldaia.es\/es\/urbanismo-y-medio-ambiente\/\"},{\"@type\":\"ListItem\",\"position\":3,\"name\":\"Aldaia por el Clima\"}]},{\"@type\":\"WebSite\",\"@id\":\"https:\/\/aldaia.es\/es\/#website\",\"url\":\"https:\/\/aldaia.es\/es\/\",\"name\":\"Ajuntament D'Aldaia\",\"description\":\"\",\"publisher\":{\"@id\":\"https:\/\/aldaia.es\/es\/#organization\"},\"alternateName\":\"Ajuntament D'Aldaia\",\"potentialAction\":[{\"@type\":\"SearchAction\",\"target\":{\"@type\":\"EntryPoint\",\"urlTemplate\":\"https:\/\/aldaia.es\/es\/?s={search_term_string}\"},\"query-input\":{\"@type\":\"PropertyValueSpecification\",\"valueRequired\":true,\"valueName\":\"search_term_string\"}}],\"inLanguage\":\"es\"},{\"@type\":\"Organization\",\"@id\":\"https:\/\/aldaia.es\/es\/#organization\",\"name\":\"Ajuntament D'Aldaia\",\"url\":\"https:\/\/aldaia.es\/es\/\",\"logo\":{\"@type\":\"ImageObject\",\"inLanguage\":\"es\",\"@id\":\"https:\/\/aldaia.es\/es\/#\/schema\/logo\/image\/\",\"url\":\"https:\/\/aldaia.es\/wp-content\/uploads\/2022\/06\/aldaia-negro-1.png\",\"contentUrl\":\"https:\/\/aldaia.es\/wp-content\/uploads\/2022\/06\/aldaia-negro-1.png\",\"width\":152,\"height\":70,\"caption\":\"Ajuntament D'Aldaia\"},\"image\":{\"@id\":\"https:\/\/aldaia.es\/es\/#\/schema\/logo\/image\/\"}}]}<\/script>\n<!-- \/ Yoast SEO plugin. -->","yoast_head_json":{"title":"Aldaia por el Clima - Ayuntamiento de Aldaia","description":"\"Aldaia por el Clima\" es nuestra contribuci\u00f3n: proyecto que engloba todas las iniciativas relacionadas con el cuidado del medio ambiente.","robots":{"index":"index","follow":"follow","max-snippet":"max-snippet:-1","max-image-preview":"max-image-preview:large","max-video-preview":"max-video-preview:-1"},"canonical":"https:\/\/aldaia.es\/es\/urbanismo-y-medio-ambiente\/aldaia-por-el-clima\/","og_locale":"es_ES","og_type":"article","og_title":"Aldaia por el Clima - Ayuntamiento de Aldaia","og_description":"\"Aldaia por el Clima\" es nuestra contribuci\u00f3n: proyecto que engloba todas las iniciativas relacionadas con el cuidado del medio ambiente.","og_url":"https:\/\/aldaia.es\/es\/urbanismo-y-medio-ambiente\/aldaia-por-el-clima\/","og_site_name":"Ayuntamiento de Aldaia","article_modified_time":"2024-09-25T07:27:52+00:00","og_image":[{"url":"https:\/\/aldaia.es\/wp-content\/uploads\/2024\/09\/aldaia-clima.png","type":"","width":"","height":""}],"schema":{"@context":"https:\/\/schema.org","@graph":[{"@type":"WebPage","@id":"https:\/\/aldaia.es\/es\/urbanismo-y-medio-ambiente\/aldaia-por-el-clima\/","url":"https:\/\/aldaia.es\/es\/urbanismo-y-medio-ambiente\/aldaia-por-el-clima\/","name":"Aldaia por el Clima - Ayuntamiento de Aldaia","isPartOf":{"@id":"https:\/\/aldaia.es\/es\/#website"},"primaryImageOfPage":{"@id":"https:\/\/aldaia.es\/es\/urbanismo-y-medio-ambiente\/aldaia-por-el-clima\/#primaryimage"},"image":{"@id":"https:\/\/aldaia.es\/es\/urbanismo-y-medio-ambiente\/aldaia-por-el-clima\/#primaryimage"},"thumbnailUrl":"https:\/\/aldaia.es\/wp-content\/uploads\/2024\/09\/aldaia-clima.png","datePublished":"2022-08-30T07:27:25+00:00","dateModified":"2024-09-25T07:27:52+00:00","description":"\"Aldaia por el Clima\" es nuestra contribuci\u00f3n: proyecto que engloba todas las iniciativas relacionadas con el cuidado del medio ambiente.","breadcrumb":{"@id":"https:\/\/aldaia.es\/es\/urbanismo-y-medio-ambiente\/aldaia-por-el-clima\/#breadcrumb"},"inLanguage":"es","potentialAction":[{"@type":"ReadAction","target":["https:\/\/aldaia.es\/es\/urbanismo-y-medio-ambiente\/aldaia-por-el-clima\/"]}]},{"@type":"ImageObject","inLanguage":"es","@id":"https:\/\/aldaia.es\/es\/urbanismo-y-medio-ambiente\/aldaia-por-el-clima\/#primaryimage","url":"https:\/\/aldaia.es\/wp-content\/uploads\/2024\/09\/aldaia-clima.png","contentUrl":"https:\/\/aldaia.es\/wp-content\/uploads\/2024\/09\/aldaia-clima.png"},{"@type":"BreadcrumbList","@id":"https:\/\/aldaia.es\/es\/urbanismo-y-medio-ambiente\/aldaia-por-el-clima\/#breadcrumb","itemListElement":[{"@type":"ListItem","position":1,"name":"Portada","item":"https:\/\/aldaia.es\/es\/"},{"@type":"ListItem","position":2,"name":"Urbanismo y medio ambiente","item":"https:\/\/aldaia.es\/es\/urbanismo-y-medio-ambiente\/"},{"@type":"ListItem","position":3,"name":"Aldaia por el Clima"}]},{"@type":"WebSite","@id":"https:\/\/aldaia.es\/es\/#website","url":"https:\/\/aldaia.es\/es\/","name":"Ajuntament D'Aldaia","description":"","publisher":{"@id":"https:\/\/aldaia.es\/es\/#organization"},"alternateName":"Ajuntament D'Aldaia","potentialAction":[{"@type":"SearchAction","target":{"@type":"EntryPoint","urlTemplate":"https:\/\/aldaia.es\/es\/?s={search_term_string}"},"query-input":{"@type":"PropertyValueSpecification","valueRequired":true,"valueName":"search_term_string"}}],"inLanguage":"es"},{"@type":"Organization","@id":"https:\/\/aldaia.es\/es\/#organization","name":"Ajuntament D'Aldaia","url":"https:\/\/aldaia.es\/es\/","logo":{"@type":"ImageObject","inLanguage":"es","@id":"https:\/\/aldaia.es\/es\/#\/schema\/logo\/image\/","url":"https:\/\/aldaia.es\/wp-content\/uploads\/2022\/06\/aldaia-negro-1.png","contentUrl":"https:\/\/aldaia.es\/wp-content\/uploads\/2022\/06\/aldaia-negro-1.png","width":152,"height":70,"caption":"Ajuntament D'Aldaia"},"image":{"@id":"https:\/\/aldaia.es\/es\/#\/schema\/logo\/image\/"}}]}},"_links":{"self":[{"href":"https:\/\/aldaia.es\/es\/wp-json\/wp\/v2\/pages\/6273","targetHints":{"allow":["GET"]}}],"collection":[{"href":"https:\/\/aldaia.es\/es\/wp-json\/wp\/v2\/pages"}],"about":[{"href":"https:\/\/aldaia.es\/es\/wp-json\/wp\/v2\/types\/page"}],"author":[{"embeddable":true,"href":"https:\/\/aldaia.es\/es\/wp-json\/wp\/v2\/users\/1"}],"replies":[{"embeddable":true,"href":"https:\/\/aldaia.es\/es\/wp-json\/wp\/v2\/comments?post=6273"}],"version-history":[{"count":11,"href":"https:\/\/aldaia.es\/es\/wp-json\/wp\/v2\/pages\/6273\/revisions"}],"predecessor-version":[{"id":33054,"href":"https:\/\/aldaia.es\/es\/wp-json\/wp\/v2\/pages\/6273\/revisions\/33054"}],"up":[{"embeddable":true,"href":"https:\/\/aldaia.es\/es\/wp-json\/wp\/v2\/pages\/6254"}],"wp:attachment":[{"href":"https:\/\/aldaia.es\/es\/wp-json\/wp\/v2\/media?parent=6273"}],"curies":[{"name":"wp","href":"https:\/\/api.w.org\/{rel}","templated":true}]}}