{"id":6376,"date":"2022-08-25T11:22:10","date_gmt":"2022-08-25T09:22:10","guid":{"rendered":"https:\/\/aldaia.eu\/cultura\/tama-teatro-auditorio\/"},"modified":"2026-04-08T12:10:49","modified_gmt":"2026-04-08T10:10:49","slug":"tama-teatro-auditorio","status":"publish","type":"page","link":"https:\/\/aldaia.es\/es\/cultura\/tama-teatro-auditorio\/","title":{"rendered":"TAMA. Teatro Auditorio de Aldaia"},"content":{"rendered":"\n<div class=\"wp-block-columns is-layout-flex wp-container-core-columns-is-layout-9d6595d7 wp-block-columns-is-layout-flex\">\n<div class=\"wp-block-column is-layout-flow wp-block-column-is-layout-flow\">\n<figure class=\"wp-block-image size-full\"><img loading=\"lazy\" decoding=\"async\" width=\"1440\" height=\"420\" src=\"https:\/\/aldaia.es\/wp-content\/uploads\/2025\/06\/cultura-tama-portada.jpg\" alt=\"TAMA. Teatro Auditorio de Aldaia\" class=\"wp-image-38111\" srcset=\"https:\/\/aldaia.es\/wp-content\/uploads\/2025\/06\/cultura-tama-portada.jpg 1440w, https:\/\/aldaia.es\/wp-content\/uploads\/2025\/06\/cultura-tama-portada-300x88.jpg 300w, https:\/\/aldaia.es\/wp-content\/uploads\/2025\/06\/cultura-tama-portada-1024x299.jpg 1024w, https:\/\/aldaia.es\/wp-content\/uploads\/2025\/06\/cultura-tama-portada-768x224.jpg 768w, https:\/\/aldaia.es\/wp-content\/uploads\/2025\/06\/cultura-tama-portada-150x44.jpg 150w, https:\/\/aldaia.es\/wp-content\/uploads\/2025\/06\/cultura-tama-portada-696x203.jpg 696w, https:\/\/aldaia.es\/wp-content\/uploads\/2025\/06\/cultura-tama-portada-1068x312.jpg 1068w\" sizes=\"auto, (max-width: 1440px) 100vw, 1440px\" \/><\/figure>\n<\/div>\n<\/div>\n\n\n\n<div class=\"wp-block-columns dep-cultura temporada is-layout-flex wp-container-core-columns-is-layout-9d6595d7 wp-block-columns-is-layout-flex\">\n<div class=\"wp-block-column is-layout-flow wp-block-column-is-layout-flow\" style=\"flex-basis:30%\"><!--  Info cultura TAMA -->\n\n \n\n<div class='bloque-infos-cultura-tama wrapper-departamentos'>\n<p class=\"tit-bloque-infos\">Localizaci\u00f3n TAMA<\/p>\n        <div class='infos-departamento'>\n            <p>Av. de la M\u00fasica, 11, 46960 Aldaia, Valencia, Espa\u00f1a. Acceso por calle Cuarto s\/n.<\/p>\n            <p><i class=\"fa fa-phone\" aria-hidden=\"true\"><\/i> <a href=\"tel:+34961988406\">+34 96 198 84 06<\/a><\/p>\n            <p><i class=\"fas fa-envelope\"><\/i> <a href=\"mailto:flopez@ajuntamentaldaia.org\">flopez@ajuntamentaldaia.org<\/a><\/p>\n            <p><i class=\"fas fa-envelope\"><\/i> <a href=\"mailto:agarcera@ajuntamentaldaia.org\">agarcera@ajuntamentaldaia.org<\/a><\/p>\n            <p><i class=\"fas fa-envelope\"><\/i> <a href=\"mailto:cultura@ajuntamentaldaia.org\">cultura@ajuntamentaldaia.org<\/a><\/p>\n        <\/div>\n\n        <div class='mapa-1'>\n        <iframe src=\"https:\/\/www.google.com\/maps\/embed?pb=!1m14!1m8!1m3!1d1220.9579746302354!2d-0.45720314031949144!3d39.46531419902647!3m2!1i1024!2i768!4f13.1!3m3!1m2!1s0xd605018834c3113%3A0x18b8f585c8e09c91!2sTAMA%20%E2%80%94%20Teatro%20Auditorio%20Municipal%20de%20Aldaia!5e0!3m2!1ses!2sus!4v1725979334211!5m2!1ses!2sus\" width=\"100%\" height=\"450\" style=\"border:0;\" allowfullscreen=\"\" loading=\"lazy\" referrerpolicy=\"no-referrer-when-downgrade\"><\/iframe>\n        <\/div>\n\n    <\/div>\n    <!-- end bloque infos -->\n   \n\n    \n\n\n<\/div>\n\n\n\n<div class=\"wp-block-column is-layout-flow wp-block-column-is-layout-flow\" style=\"flex-basis:70%\">\n<h1 class=\"wp-block-heading\">TAMA. Teatro Auditorio de Aldaia<\/h1>\n\n\n\n<p>Aldaia es un municipio con una gran actividad cultural. La ciudad ha ido dot\u00e1ndose de unas instalaciones de calidad y configurando una programaci\u00f3n cultural permanente durante todo el a\u00f1o, convirti\u00e9ndose en un referente cultural en la Comunidad Valenciana. Las artes esc\u00e9nicas ocupan un lugar relevante puesto que est\u00e1n intr\u00ednsecamente relacionadas con la paz, el progreso, el desarrollo humano y la libertad. La lectura de la placa inaugural del Teatro Auditorio Municipal de Aldaia (TAMA) define claramente la filosof\u00eda que marca la pol\u00edtica cultural del Ayuntamiento:<\/p>\n\n\n\n<p><em>\u201c <\/em><em>La cultura \u00e9s llibertat. El teatre, la dansa i la m\u00fasica s\u00f3n cultura. El TAMA \u00e9s un espai de cultura, i per tant de llibertat. Des d\u2019aquesta llibertat creadora l\u2019inaugurem un dijous 5 de desembre de 2002, vespra tamb\u00e9 d\u2019altre s\u00edmbol de llibertat: el 6 de desembre, Dia de la Constituci\u00f3\u201d.<\/em><\/p>\n\n\n\n<p>El TAMA, inaugurado en 2002, es el centro cultural y art\u00edstico emblem\u00e1tico del municipio de Aldaia. Tiene un uso cultural interdisciplinario puesto que acoge representaciones de teatro, m\u00fasica y danza y circo, as\u00ed como congresos y otros acontecimientos c\u00edvicos y culturales. <\/p>\n\n\n\n<p>El TAMA, con una capacidad por 713 espectadores y espectadoras, es un edificio arquitect\u00f3nico moderno y vanguardista. El escenario es de grandes dimensiones (362m2) y est\u00e1 dise\u00f1ado para acoger bandas de m\u00fasica de hasta 140 m\u00fasicos. Dispone de salas de ensayo de 90m2 y cuenta con las m\u00e1s modernas innovaciones t\u00e9cnicas. <\/p>\n\n\n\n<p>A qui\u00e9n va dirigida la programaci\u00f3n? Al p\u00fablico de todas las edades<\/p>\n<\/div>\n<\/div>\n\n\n\n<div class=\"wp-block-columns is-layout-flex wp-container-core-columns-is-layout-9d6595d7 wp-block-columns-is-layout-flex\">\n<div class=\"wp-block-column is-layout-flow wp-block-column-is-layout-flow\">\n<h2 class=\"wp-block-heading display-4\">Programaci\u00f3n y noticias TAMA<\/h2>\n\n\n\n<p><\/p>\n\n\n\n<p class=\"has-red-color has-text-color has-link-color wp-elements-4cb2ffd87ca46c327e912fd9485f6d3b\" style=\"font-size:24px\"><\/p>\n\n\n\n<figure class=\"wp-block-image size-large\"><img loading=\"lazy\" decoding=\"async\" width=\"1024\" height=\"716\" src=\"https:\/\/aldaia.es\/wp-content\/uploads\/2025\/09\/Avancament-TAMA-25_26-1024x716.jpeg\" alt=\"\" class=\"wp-image-38820\" srcset=\"https:\/\/aldaia.es\/wp-content\/uploads\/2025\/09\/Avancament-TAMA-25_26-1024x716.jpeg 1024w, https:\/\/aldaia.es\/wp-content\/uploads\/2025\/09\/Avancament-TAMA-25_26-300x210.jpeg 300w, https:\/\/aldaia.es\/wp-content\/uploads\/2025\/09\/Avancament-TAMA-25_26-768x537.jpeg 768w, https:\/\/aldaia.es\/wp-content\/uploads\/2025\/09\/Avancament-TAMA-25_26.jpeg 1188w\" sizes=\"auto, (max-width: 1024px) 100vw, 1024px\" \/><\/figure>\n\n\n\n<p style=\"font-size:52px\"><strong>TEMPORADA 25-26<\/strong><\/p>\n\n\n\n<figure class=\"wp-block-image size-full is-resized\"><img loading=\"lazy\" decoding=\"async\" width=\"686\" height=\"907\" src=\"https:\/\/aldaia.es\/wp-content\/uploads\/2026\/04\/Captura_web.jpg\" alt=\"\" class=\"wp-image-41488\" style=\"width:840px;height:auto\" srcset=\"https:\/\/aldaia.es\/wp-content\/uploads\/2026\/04\/Captura_web.jpg 686w, https:\/\/aldaia.es\/wp-content\/uploads\/2026\/04\/Captura_web-227x300.jpg 227w\" sizes=\"auto, (max-width: 686px) 100vw, 686px\" \/><\/figure>\n\n\n\n<p style=\"font-size:30px\"><strong>Folleto de programaci\u00f3n esc\u00e9nica inicio temporada 25-26 (abril-junio). Para ver y descargar el folleto haz clic <a href=\"https:\/\/aldaia.es\/wp-content\/uploads\/2026\/04\/WEB-compressio_Fullet-TAMA-2026-3T-BR.pdf\">AQU\u00cd.<\/a><\/strong><\/p>\n\n\n\n<p style=\"font-size:30px\"><\/p>\n\n\n\n<figure class=\"wp-block-image size-full is-resized\"><img loading=\"lazy\" decoding=\"async\" width=\"684\" height=\"741\" src=\"https:\/\/aldaia.es\/wp-content\/uploads\/2025\/12\/fULLET-captura.jpg\" alt=\"\" class=\"wp-image-40035\" style=\"width:840px;height:auto\" srcset=\"https:\/\/aldaia.es\/wp-content\/uploads\/2025\/12\/fULLET-captura.jpg 684w, https:\/\/aldaia.es\/wp-content\/uploads\/2025\/12\/fULLET-captura-277x300.jpg 277w\" sizes=\"auto, (max-width: 684px) 100vw, 684px\" \/><\/figure>\n\n\n\n<p><\/p>\n\n\n\n<p style=\"font-size:30px\"><strong>Folleto de programaci\u00f3n esc\u00e9nica inicio temporada 25-26 (enero-marzo). Para ver y descargar el folleto haz clic <a href=\"https:\/\/aldaia.es\/wp-content\/uploads\/2025\/12\/Compressio-per-a-xarxes_Fullet-TAMA-2026-1T-DEF-4.pdf\">AQU\u00cd.<\/a><\/strong><\/p>\n\n\n\n<p><\/p>\n\n\n\n<figure class=\"wp-block-image size-full is-resized\"><img loading=\"lazy\" decoding=\"async\" width=\"671\" height=\"665\" src=\"https:\/\/aldaia.es\/wp-content\/uploads\/2025\/09\/2.jpg\" alt=\"\" class=\"wp-image-38967\" style=\"width:840px;height:auto\" srcset=\"https:\/\/aldaia.es\/wp-content\/uploads\/2025\/09\/2.jpg 671w, https:\/\/aldaia.es\/wp-content\/uploads\/2025\/09\/2-300x297.jpg 300w, https:\/\/aldaia.es\/wp-content\/uploads\/2025\/09\/2-150x150.jpg 150w\" sizes=\"auto, (max-width: 671px) 100vw, 671px\" \/><\/figure>\n\n\n\n<p style=\"font-size:30px;font-style:normal;font-weight:700\"><strong>Folleto de programaci\u00f3n esc\u00e9nica inicio temporada 25-26. Para ver y descargar el folleto haz clic <a href=\"https:\/\/aldaia.es\/wp-content\/uploads\/2025\/10\/Fullet-TAMA-TEMPORADA-25_26_.pdf\">AQU\u00cd.<\/a><\/strong><\/p>\n\n\n\n<p style=\"font-size:48px\"><strong>SEPTIEMBRE<\/strong><\/p>\n\n\n\n<p style=\"font-size:22px\"><strong>27 SEPTIEMBRE<\/strong>, a les 18:30 horas, desde la Diputaci\u00f3 de Val\u00e8ncia llega la campa\u00f1a \u00abVal\u00e8ncia \u00e9s m\u00fasica\u00bb de subvenciones a agrupaciones locales 2025 con la actuaci\u00f3n del <strong>Grup de Ball Ronda d&#8217;Aldaia<\/strong>, en el Teatre del Mercat.<\/p>\n\n\n\n<figure class=\"wp-block-image size-large is-resized\"><img loading=\"lazy\" decoding=\"async\" width=\"706\" height=\"1024\" src=\"https:\/\/aldaia.es\/wp-content\/uploads\/2025\/09\/Concert-Ronda-1-706x1024.jpg\" alt=\"\" class=\"wp-image-38900\" style=\"width:631px;height:auto\" srcset=\"https:\/\/aldaia.es\/wp-content\/uploads\/2025\/09\/Concert-Ronda-1-706x1024.jpg 706w, https:\/\/aldaia.es\/wp-content\/uploads\/2025\/09\/Concert-Ronda-1-207x300.jpg 207w, https:\/\/aldaia.es\/wp-content\/uploads\/2025\/09\/Concert-Ronda-1-768x1114.jpg 768w, https:\/\/aldaia.es\/wp-content\/uploads\/2025\/09\/Concert-Ronda-1-1059x1536.jpg 1059w, https:\/\/aldaia.es\/wp-content\/uploads\/2025\/09\/Concert-Ronda-1.jpg 1080w\" sizes=\"auto, (max-width: 706px) 100vw, 706px\" \/><\/figure>\n\n\n\n<p style=\"font-size:38px\"><strong>OCTUBRE<\/strong><\/p>\n\n\n\n<p style=\"font-size:22px\"><strong>19 OCTUBRE. <\/strong>Iniciamos oficialmente la temporada con el <strong>10\u00e9 FESTIVAL de teatre de carrer \u201cCOLORS\u201d, <em>performing arts on the street <\/em><\/strong>al Cintur\u00f3 Verd y alrededor del TAMA.<\/p>\n\n\n\n<p><strong>TEATRO, CIRCO Y I DANZA. Domingo 19 de octubre, a partir de las 11:00 horas.<\/strong><\/p>\n\n\n\n<figure class=\"wp-block-image size-large is-resized\"><img loading=\"lazy\" decoding=\"async\" width=\"724\" height=\"1024\" src=\"https:\/\/aldaia.es\/wp-content\/uploads\/2025\/09\/DEFINITIU-4-Cartell-Colors-19-doctubre-724x1024.jpg\" alt=\"\" class=\"wp-image-38828\" style=\"width:629px;height:auto\" srcset=\"https:\/\/aldaia.es\/wp-content\/uploads\/2025\/09\/DEFINITIU-4-Cartell-Colors-19-doctubre-724x1024.jpg 724w, https:\/\/aldaia.es\/wp-content\/uploads\/2025\/09\/DEFINITIU-4-Cartell-Colors-19-doctubre-212x300.jpg 212w, https:\/\/aldaia.es\/wp-content\/uploads\/2025\/09\/DEFINITIU-4-Cartell-Colors-19-doctubre-768x1086.jpg 768w, https:\/\/aldaia.es\/wp-content\/uploads\/2025\/09\/DEFINITIU-4-Cartell-Colors-19-doctubre-1086x1536.jpg 1086w, https:\/\/aldaia.es\/wp-content\/uploads\/2025\/09\/DEFINITIU-4-Cartell-Colors-19-doctubre.jpg 1414w\" sizes=\"auto, (max-width: 724px) 100vw, 724px\" \/><\/figure>\n\n\n\n<p><\/p>\n\n\n\n<p style=\"font-size:18px\"><strong>11.00 horas horas al Cintur\u00f3n Verd, frente a la fachada este del TAMA (mural \u201cCultura Natural\u201d de DULK), recibimos a Spinish Circo (Val\u00e8ncia) con \u201cCabar\u00e9t de circo\u201d<\/strong>, espect\u00e1culo de acrobacias, malabares, equilibrismo, clown&#8230; M\u00e1s informaci\u00f3n: <a href=\"https:\/\/spinishcirco.com\/espectaculo\/cabaret-de-circo\/\">https:\/\/spinishcirco.com\/espectaculo\/cabaret-de-circo\/<\/a> &nbsp;<\/p>\n\n\n\n<p style=\"font-size:18px\"><strong>11.40  horas en el Cintur\u00f3 Verd, frente a la fachada este del TAMA (mural \u201cCultura Natural\u201d de DULK), podremos ver el espect\u00e1culo \u201cWoof\u201d de Pere Hosta.<\/strong> El perro es el animal m\u00e1s fiel. El payaso es leal a su p\u00fablico.<br>M\u00e1s informaci\u00f3n: <a href=\"https:\/\/www.perehosta.com\/es\/espectaculo\/woof\/\">https:\/\/www.perehosta.com\/es\/espectaculo\/woof\/<\/a><\/p>\n\n\n\n<p style=\"font-size:18px\"><strong>12.15 en el Cintur\u00f3 Verd zona del parque para ni\u00f1os y ni\u00f1as, recibimos a Edu Manazas (Zaragoza) con \u201cFuera de Stock\u201d.<\/strong> Narrado en clave de circo a trav\u00e9s de malabares y de acrobacias. M\u00e1s informaci\u00f3n: <a href=\"http:\/\/edumanazas.com\/outofstock.html\">http:\/\/edumanazas.com\/outofstock.html<\/a> &nbsp;<\/p>\n\n\n\n<p style=\"font-size:18px\">&nbsp;<strong>13.00 horas a la puerta principal del TAMA, presentamos a Nunca Clown (Madrid) con el espect\u00e1culo \u201cAlone\u201d. <\/strong>Teatro f\u00edsico, clown gestual y acrobacias a\u00e9reas &#8230; M\u00e1s informaci\u00f3n: <a href=\"https:\/\/www.maiclown.com\/\">https:\/\/www.maiclown.com\/<\/a><\/p>\n\n\n\n<p style=\"font-size:18px\"><\/p>\n\n\n\n<p style=\"font-size:22px\"><strong>24 OCTUBRE<\/strong>. \u00bfImaginas poder vivir un concierto de la Reina de Rock y del Soul, <strong>Tina Turner<\/strong>, y gozar en directo de sus canciones? Con <strong>\u201cTotally Tina\u201d <\/strong>un espectaculo tributo a la genial artista podremos lograrlo.<\/p>\n\n\n\n<figure class=\"wp-block-image size-large is-resized\"><img loading=\"lazy\" decoding=\"async\" width=\"731\" height=\"1024\" src=\"https:\/\/aldaia.es\/wp-content\/uploads\/2025\/09\/TINA-TURNER-24-doctubre-a-les-20h-731x1024.jpg\" alt=\"\" class=\"wp-image-38830\" style=\"width:633px;height:auto\" srcset=\"https:\/\/aldaia.es\/wp-content\/uploads\/2025\/09\/TINA-TURNER-24-doctubre-a-les-20h-731x1024.jpg 731w, https:\/\/aldaia.es\/wp-content\/uploads\/2025\/09\/TINA-TURNER-24-doctubre-a-les-20h-214x300.jpg 214w, https:\/\/aldaia.es\/wp-content\/uploads\/2025\/09\/TINA-TURNER-24-doctubre-a-les-20h-768x1076.jpg 768w, https:\/\/aldaia.es\/wp-content\/uploads\/2025\/09\/TINA-TURNER-24-doctubre-a-les-20h-1097x1536.jpg 1097w, https:\/\/aldaia.es\/wp-content\/uploads\/2025\/09\/TINA-TURNER-24-doctubre-a-les-20h.jpg 1462w\" sizes=\"auto, (max-width: 731px) 100vw, 731px\" \/><\/figure>\n\n\n\n<p style=\"font-size:22px\"><strong>26 octubre<\/strong>, Concierto de Intercambio de la <strong>Banda Els Majors de l&#8217;Horta Sud<\/strong> (Dir. Jos\u00e9 Antonio Igual Moreno). Recibir\u00e1n a la <strong>Uni\u00f3 Musical de Benet\u00fasser<\/strong> (Dir. Jes\u00fas Bermejo Chicano). <strong>A les 12 horas<\/strong>.<\/p>\n\n\n\n<p style=\"font-size:38px\"><strong>NOVIEMBRE<\/strong><\/p>\n\n\n\n<p style=\"font-size:22px\"><strong>2 de noviembre<\/strong>, Intercambio del Grup de danes de la Ronda d&#8217;Aldaia con el Grup de Danses de Pollen\u00e7a (Mallorca). A las 11.00 horas. Todos los p\u00fablicos.<\/p>\n\n\n\n<figure class=\"wp-block-image size-large is-resized\"><img loading=\"lazy\" decoding=\"async\" width=\"1024\" height=\"639\" src=\"https:\/\/aldaia.es\/wp-content\/uploads\/2025\/10\/Grup-de-Danses-1024x639.jpg\" alt=\"\" class=\"wp-image-39438\" style=\"width:808px;height:auto\" srcset=\"https:\/\/aldaia.es\/wp-content\/uploads\/2025\/10\/Grup-de-Danses-1024x639.jpg 1024w, https:\/\/aldaia.es\/wp-content\/uploads\/2025\/10\/Grup-de-Danses-300x187.jpg 300w, https:\/\/aldaia.es\/wp-content\/uploads\/2025\/10\/Grup-de-Danses-768x480.jpg 768w, https:\/\/aldaia.es\/wp-content\/uploads\/2025\/10\/Grup-de-Danses.jpg 1536w\" sizes=\"auto, (max-width: 1024px) 100vw, 1024px\" \/><\/figure>\n\n\n\n<p><\/p>\n\n\n\n<p style=\"font-size:22px\"><strong>2 de novembre, 19:30 horas.<\/strong> Acto DANA <strong>\u00abIN MEMORIAM\u00bb<\/strong>. A las v\u00edctimas de la DANA. Interpretaci\u00f3n del r\u00e9quiem de Faur\u00e9 en recuerdo de les v\u00edctimas de la Dana en nuestro pueblo. <strong>Entrada libre hasta completar aforo<\/strong>.<\/p>\n\n\n\n<figure class=\"wp-block-image size-full is-resized\"><img loading=\"lazy\" decoding=\"async\" width=\"525\" height=\"525\" src=\"https:\/\/aldaia.es\/wp-content\/uploads\/2025\/10\/in-memoriam-1.jpg\" alt=\"\" class=\"wp-image-39440\" style=\"width:683px;height:auto\" srcset=\"https:\/\/aldaia.es\/wp-content\/uploads\/2025\/10\/in-memoriam-1.jpg 525w, https:\/\/aldaia.es\/wp-content\/uploads\/2025\/10\/in-memoriam-1-300x300.jpg 300w, https:\/\/aldaia.es\/wp-content\/uploads\/2025\/10\/in-memoriam-1-150x150.jpg 150w\" sizes=\"auto, (max-width: 525px) 100vw, 525px\" \/><\/figure>\n\n\n\n<p style=\"font-size:22px\"><strong>7 noviembre<\/strong>, <strong>Gran Circo Acrob\u00e1tico de China<\/strong>. El Gran Circo Acrob\u00e1tico de China<strong>, <\/strong>llega al TAMA para hacernos gozar al p\u00fablico con sus espectaculares acrobacias perfectamente coreografiadas. <strong>A las 20 horas<\/strong>.<\/p>\n\n\n\n<figure class=\"wp-block-image size-full\"><img loading=\"lazy\" decoding=\"async\" width=\"720\" height=\"1007\" src=\"https:\/\/aldaia.es\/wp-content\/uploads\/2025\/10\/CIRCO-ACROBATICO-CHINO-TAMA-7-noviembre-DEFINITIVO.jpg\" alt=\"\" class=\"wp-image-39442\" srcset=\"https:\/\/aldaia.es\/wp-content\/uploads\/2025\/10\/CIRCO-ACROBATICO-CHINO-TAMA-7-noviembre-DEFINITIVO.jpg 720w, https:\/\/aldaia.es\/wp-content\/uploads\/2025\/10\/CIRCO-ACROBATICO-CHINO-TAMA-7-noviembre-DEFINITIVO-214x300.jpg 214w\" sizes=\"auto, (max-width: 720px) 100vw, 720px\" \/><\/figure>\n\n\n\n<p><\/p>\n\n\n\n<p style=\"font-size:22px\"><strong>11, 12 y 13 de noviembre<\/strong>, PIANIMALS, audiciones didacticas para escolares. <strong>A las 9.30 horas y 11.15 horas. <\/strong><\/p>\n\n\n\n<p style=\"font-size:22px\">Espectaculo musical, educatiuvo y participativo. Inspirado en el \u201cCarnaval dels animals\u201d de Camille Saint-Sa\u00ebns.<\/p>\n\n\n\n<figure class=\"wp-block-image size-large is-resized\"><img loading=\"lazy\" decoding=\"async\" width=\"1024\" height=\"724\" src=\"https:\/\/aldaia.es\/wp-content\/uploads\/2025\/10\/Pianimals-horitzontal-1024x724.jpg\" alt=\"\" class=\"wp-image-39446\" style=\"width:721px;height:auto\" srcset=\"https:\/\/aldaia.es\/wp-content\/uploads\/2025\/10\/Pianimals-horitzontal-1024x724.jpg 1024w, https:\/\/aldaia.es\/wp-content\/uploads\/2025\/10\/Pianimals-horitzontal-300x212.jpg 300w, https:\/\/aldaia.es\/wp-content\/uploads\/2025\/10\/Pianimals-horitzontal-768x543.jpg 768w, https:\/\/aldaia.es\/wp-content\/uploads\/2025\/10\/Pianimals-horitzontal-1536x1086.jpg 1536w, https:\/\/aldaia.es\/wp-content\/uploads\/2025\/10\/Pianimals-horitzontal.jpg 1755w\" sizes=\"auto, (max-width: 1024px) 100vw, 1024px\" \/><\/figure>\n\n\n\n<p><\/p>\n\n\n\n<p style=\"font-size:22px\"><strong>14 noviembre<\/strong>,<strong> La v\u00eddua valenciana<\/strong>. Dramaturgia de Adri\u00e0 Novella y a partir de la obra de Lope de Vega. Disfrutaremos de una historia cl\u00e1sica con una adaptaci\u00f3n llena de humor y con mucho aprecio hacia nuestra tierra. A las 20 horas.<\/p>\n\n\n\n<p class=\"has-red-color has-text-color has-link-color wp-elements-2d7e018cf975bdf9fbe00acefed95119\" style=\"font-size:28px\"><strong>Anulado por la compa\u00f1\u00eda.<\/strong><\/p>\n\n\n\n<figure class=\"wp-block-image size-large\"><img loading=\"lazy\" decoding=\"async\" width=\"724\" height=\"1024\" src=\"https:\/\/aldaia.es\/wp-content\/uploads\/2025\/10\/CARTELL-Anullat_-VIDUA-VALENCIANA-724x1024.jpg\" alt=\"\" class=\"wp-image-39450\" srcset=\"https:\/\/aldaia.es\/wp-content\/uploads\/2025\/10\/CARTELL-Anullat_-VIDUA-VALENCIANA-724x1024.jpg 724w, https:\/\/aldaia.es\/wp-content\/uploads\/2025\/10\/CARTELL-Anullat_-VIDUA-VALENCIANA-212x300.jpg 212w, https:\/\/aldaia.es\/wp-content\/uploads\/2025\/10\/CARTELL-Anullat_-VIDUA-VALENCIANA-768x1087.jpg 768w, https:\/\/aldaia.es\/wp-content\/uploads\/2025\/10\/CARTELL-Anullat_-VIDUA-VALENCIANA-1085x1536.jpg 1085w, https:\/\/aldaia.es\/wp-content\/uploads\/2025\/10\/CARTELL-Anullat_-VIDUA-VALENCIANA.jpg 1447w\" sizes=\"auto, (max-width: 724px) 100vw, 724px\" \/><\/figure>\n\n\n\n<p><\/p>\n\n\n\n<p style=\"font-size:22px\"><strong>16 noviembre<\/strong>. <strong>Concierto de Sta. Cecilia de la Uni\u00f3 Musical d&#8217;Aldaia<\/strong>. Direcci\u00f3n: J.Amadeo Guillot Montaner. <strong>A las 12 horas.<\/strong><\/p>\n\n\n\n<p><\/p>\n\n\n\n<p style=\"font-size:22px\"><strong>21 novembre<\/strong>, <strong>VDF2025.<\/strong> Val\u00e8ncia Dancing Forward (Val\u00e8ncia). El espect\u00e1culo \u00ab<strong>VDF 2025<\/strong>\u00bb est\u00e1 formado por cinco piezas de<strong> danza <\/strong>que combinan<strong> el estilo neocl\u00e1sico y contempor\u00e1neo<\/strong>. <strong>A les 20 horas.<\/strong><\/p>\n\n\n\n<figure class=\"wp-block-image size-large is-resized\"><img loading=\"lazy\" decoding=\"async\" width=\"768\" height=\"1024\" src=\"https:\/\/aldaia.es\/wp-content\/uploads\/2025\/10\/Cartel-21-de-novembre-2025-768x1024.jpg\" alt=\"\" class=\"wp-image-39452\" style=\"width:752px;height:auto\" srcset=\"https:\/\/aldaia.es\/wp-content\/uploads\/2025\/10\/Cartel-21-de-novembre-2025-768x1024.jpg 768w, https:\/\/aldaia.es\/wp-content\/uploads\/2025\/10\/Cartel-21-de-novembre-2025-225x300.jpg 225w, https:\/\/aldaia.es\/wp-content\/uploads\/2025\/10\/Cartel-21-de-novembre-2025-1152x1536.jpg 1152w, https:\/\/aldaia.es\/wp-content\/uploads\/2025\/10\/Cartel-21-de-novembre-2025.jpg 1536w\" sizes=\"auto, (max-width: 768px) 100vw, 768px\" \/><\/figure>\n\n\n\n<p><\/p>\n\n\n\n<p style=\"font-size:22px\"><strong>23 novembre, <em>Aldaia, l&#8217;empremta del barranc<\/em>.<\/strong> (P\u00e9rez&amp;Disla).<\/p>\n\n\n\n<p><\/p>\n\n\n\n<p style=\"font-size:22px\"><strong>Estrena del espect\u00e1culo \u201cAldaia, l&#8217;empremta del barranc\u201d<\/strong>, <strong>producci\u00f3n del Ajuntament d&#8217;Aldaia<\/strong> creada por <strong>P\u00e9rez&amp;Disla (Val\u00e8ncia).<\/strong> Este espect\u00e1culo nace a partir del proyecto<em> <\/em>SANEM COMUNITAT, Reactivem, Reaccionem i Retrobent-nos.<\/p>\n\n\n\n<p style=\"font-size:22px\">Cronolog\u00eda i testimonios para la recuperaci\u00f3n emocional despu\u00e9s de la dana del 29 de octubre de 2024. Con la participaci\u00f3n y el compromiso de la ciudadan\u00eda y los colectivos de nuestra poblaci\u00f3n. <strong>A las 18 horas.<\/strong><\/p>\n\n\n\n<figure class=\"wp-block-image size-large is-resized\"><img loading=\"lazy\" decoding=\"async\" width=\"1024\" height=\"1024\" src=\"https:\/\/aldaia.es\/wp-content\/uploads\/2025\/11\/Imagen-del-23-1024x1024.jpg\" alt=\"\" class=\"wp-image-39662\" style=\"width:743px;height:auto\" srcset=\"https:\/\/aldaia.es\/wp-content\/uploads\/2025\/11\/Imagen-del-23-1024x1024.jpg 1024w, https:\/\/aldaia.es\/wp-content\/uploads\/2025\/11\/Imagen-del-23-300x300.jpg 300w, https:\/\/aldaia.es\/wp-content\/uploads\/2025\/11\/Imagen-del-23-150x150.jpg 150w, https:\/\/aldaia.es\/wp-content\/uploads\/2025\/11\/Imagen-del-23-768x767.jpg 768w, https:\/\/aldaia.es\/wp-content\/uploads\/2025\/11\/Imagen-del-23.jpg 1080w\" sizes=\"auto, (max-width: 1024px) 100vw, 1024px\" \/><\/figure>\n\n\n\n<p><\/p>\n\n\n\n<p style=\"font-size:22px\"><strong>28 noviembre<\/strong>, <strong>El perfume del tiempo<\/strong>. (Arden Producciones) de Chema Carde\u00f1a.<\/p>\n\n\n\n<p><\/p>\n\n\n\n<p style=\"font-size:22px\">Un viejo militar retirado en Argentina de 2008 y el peso que supone vivir con el fruto de sus propias acciones. Premio de las Arts Esc\u00e8nicas Valencianes 2023 a Mejor Espect\u00e1culo, Mejor Direcci\u00f3n y Mejor Actor Principal. <strong>A las 20 horas<\/strong>.<\/p>\n\n\n\n<figure class=\"wp-block-image size-large\"><img loading=\"lazy\" decoding=\"async\" width=\"731\" height=\"1024\" src=\"https:\/\/aldaia.es\/wp-content\/uploads\/2025\/10\/28-de-noviembre-de-2025-3-731x1024.jpg\" alt=\"\" class=\"wp-image-39454\" srcset=\"https:\/\/aldaia.es\/wp-content\/uploads\/2025\/10\/28-de-noviembre-de-2025-3-731x1024.jpg 731w, https:\/\/aldaia.es\/wp-content\/uploads\/2025\/10\/28-de-noviembre-de-2025-3-214x300.jpg 214w, https:\/\/aldaia.es\/wp-content\/uploads\/2025\/10\/28-de-noviembre-de-2025-3-768x1076.jpg 768w, https:\/\/aldaia.es\/wp-content\/uploads\/2025\/10\/28-de-noviembre-de-2025-3-1097x1536.jpg 1097w, https:\/\/aldaia.es\/wp-content\/uploads\/2025\/10\/28-de-noviembre-de-2025-3.jpg 1462w\" sizes=\"auto, (max-width: 731px) 100vw, 731px\" \/><\/figure>\n\n\n\n<p><\/p>\n\n\n\n<p style=\"font-size:22px\"><strong>30 novembre<\/strong>. \u00ab<strong>Boira<\/strong>\u00bb (Maquinant Teatre, Val\u00e8ncia). <\/p>\n\n\n\n<p style=\"font-size:22px\">Un espect\u00e1culo finalista de los Premios Max 2025, de Maquinant Teatre (Val\u00e8ncia) producido por el Centro de Producci\u00f3n Escalante de la Diputaci\u00f3 de Val\u00e8ncia. Un espect\u00e1culo inmersivo, multidisciplinario, con ilustraciones y m\u00fasica en directo. A las 18 horas.<\/p>\n\n\n\n<figure class=\"wp-block-image size-large\"><img loading=\"lazy\" decoding=\"async\" width=\"734\" height=\"1024\" src=\"https:\/\/aldaia.es\/wp-content\/uploads\/2025\/10\/30-DE-NOVEMBRE-DE-2025-A-LES-18-H-734x1024.jpg\" alt=\"\" class=\"wp-image-39458\" srcset=\"https:\/\/aldaia.es\/wp-content\/uploads\/2025\/10\/30-DE-NOVEMBRE-DE-2025-A-LES-18-H-734x1024.jpg 734w, https:\/\/aldaia.es\/wp-content\/uploads\/2025\/10\/30-DE-NOVEMBRE-DE-2025-A-LES-18-H-215x300.jpg 215w, https:\/\/aldaia.es\/wp-content\/uploads\/2025\/10\/30-DE-NOVEMBRE-DE-2025-A-LES-18-H-768x1071.jpg 768w, https:\/\/aldaia.es\/wp-content\/uploads\/2025\/10\/30-DE-NOVEMBRE-DE-2025-A-LES-18-H-1101x1536.jpg 1101w, https:\/\/aldaia.es\/wp-content\/uploads\/2025\/10\/30-DE-NOVEMBRE-DE-2025-A-LES-18-H.jpg 1468w\" sizes=\"auto, (max-width: 734px) 100vw, 734px\" \/><\/figure>\n\n\n\n<p style=\"font-size:38px\"><strong>Diciembre<\/strong><\/p>\n\n\n\n<p style=\"font-size:22px\"><strong>5 diciembre<\/strong>, \u00abDon Roberto\u00bb de la cia. Leamok (Val\u00e8ncia)<\/p>\n\n\n\n<p style=\"font-size:22px\">De nuevo Roberto Hoyo nos presenta al TAMA su obra, y van tres, inspirada en los cl\u00e1sicos. \u201c<strong>Don Roberto<\/strong>\u201d de la<strong> cia Leamok (Val\u00e8ncia)<\/strong> se recrea en una libre, fr\u00edvola y actual versi\u00f3n de \u201cD. Juan\u201d.&nbsp; El autor nos dice \u201chueso voy a contar una historia: voy a hacer lo que me d\u00e9 el hambre y voy a conseguir todo lo que quiero porque soy lo mejor en lo m\u00edo\u201d. <strong>A las 20 horas.<\/strong><\/p>\n\n\n\n<figure class=\"wp-block-image size-large\"><img loading=\"lazy\" decoding=\"async\" width=\"725\" height=\"1024\" src=\"https:\/\/aldaia.es\/wp-content\/uploads\/2025\/11\/DEFINITU-CARTEL-DON-ROBERTO-725x1024.jpg\" alt=\"\" class=\"wp-image-39726\" srcset=\"https:\/\/aldaia.es\/wp-content\/uploads\/2025\/11\/DEFINITU-CARTEL-DON-ROBERTO-725x1024.jpg 725w, https:\/\/aldaia.es\/wp-content\/uploads\/2025\/11\/DEFINITU-CARTEL-DON-ROBERTO-212x300.jpg 212w, https:\/\/aldaia.es\/wp-content\/uploads\/2025\/11\/DEFINITU-CARTEL-DON-ROBERTO-768x1085.jpg 768w, https:\/\/aldaia.es\/wp-content\/uploads\/2025\/11\/DEFINITU-CARTEL-DON-ROBERTO-1087x1536.jpg 1087w, https:\/\/aldaia.es\/wp-content\/uploads\/2025\/11\/DEFINITU-CARTEL-DON-ROBERTO.jpg 1241w\" sizes=\"auto, (max-width: 725px) 100vw, 725px\" \/><\/figure>\n\n\n\n<p style=\"font-size:22px\"><strong>14 de diciembre<\/strong>, Concierto de Navidad de la <strong>Agrupaci\u00f3 Musical Els Majors de l&#8217;Horta Sud<\/strong>, direcci\u00f3n de Jos\u00e9 Antonio Igual Moreno.<\/p>\n\n\n\n<p style=\"font-size:22px\"><strong>18 de desembre<\/strong>, \u00ab<strong>Un valencianet a Madrid\u201d a c\u00e0rrec de M\u00fasica Trobada (Val\u00e8ncia)<\/strong>.<\/p>\n\n\n\n<p style=\"font-size:22px\">Celebraremos la tradicional fiesta de Navidad para las personas mayores con un concierto teatralizado, a las 17 horas, hasta completar aforo.<\/p>\n\n\n\n<figure class=\"wp-block-image size-large is-resized\"><img loading=\"lazy\" decoding=\"async\" width=\"1024\" height=\"584\" src=\"https:\/\/aldaia.es\/wp-content\/uploads\/2025\/11\/un-valencianet-a-madrid-1024x584.jpg\" alt=\"\" class=\"wp-image-39728\" style=\"width:693px;height:auto\" srcset=\"https:\/\/aldaia.es\/wp-content\/uploads\/2025\/11\/un-valencianet-a-madrid-1024x584.jpg 1024w, https:\/\/aldaia.es\/wp-content\/uploads\/2025\/11\/un-valencianet-a-madrid-300x171.jpg 300w, https:\/\/aldaia.es\/wp-content\/uploads\/2025\/11\/un-valencianet-a-madrid-768x438.jpg 768w, https:\/\/aldaia.es\/wp-content\/uploads\/2025\/11\/un-valencianet-a-madrid.jpg 1097w\" sizes=\"auto, (max-width: 1024px) 100vw, 1024px\" \/><\/figure>\n\n\n\n<p style=\"font-size:22px\"><strong>19 de desembre<\/strong>, \u00abTrash!\u00bb de la cia. <strong>Yllana&amp;T\u00f6them<\/strong> (Madrid).<\/p>\n\n\n\n<p style=\"font-size:22px\">Un <strong>espect\u00e1culo<\/strong> vital y en\u00e9rgico sobre las posibilidades del <strong>reciclaje<\/strong> a trav\u00e9s de la percusi\u00f3n, el movimiento y el humor. <strong>A las 20 horas<\/strong>.<\/p>\n\n\n\n<figure class=\"wp-block-image size-large\"><img loading=\"lazy\" decoding=\"async\" width=\"724\" height=\"1024\" src=\"https:\/\/aldaia.es\/wp-content\/uploads\/2025\/11\/Cartel-Trash-definitiu-724x1024.jpg\" alt=\"\" class=\"wp-image-39730\" srcset=\"https:\/\/aldaia.es\/wp-content\/uploads\/2025\/11\/Cartel-Trash-definitiu-724x1024.jpg 724w, https:\/\/aldaia.es\/wp-content\/uploads\/2025\/11\/Cartel-Trash-definitiu-212x300.jpg 212w, https:\/\/aldaia.es\/wp-content\/uploads\/2025\/11\/Cartel-Trash-definitiu-768x1086.jpg 768w, https:\/\/aldaia.es\/wp-content\/uploads\/2025\/11\/Cartel-Trash-definitiu-1086x1536.jpg 1086w, https:\/\/aldaia.es\/wp-content\/uploads\/2025\/11\/Cartel-Trash-definitiu.jpg 1273w\" sizes=\"auto, (max-width: 724px) 100vw, 724px\" \/><\/figure>\n\n\n\n<p><strong>21 de desembre<\/strong>, Concerts de Nadal.<\/p>\n\n\n\n<p style=\"font-size:22px\"><strong>Concert de Nadal<\/strong> a cargo de la <strong>Uni\u00f3 Musical d&#8217;Aldaia,<\/strong> director Jos\u00e9 Amadeo Guillot Montaner. Iluminaci\u00f3n espectacular a cargo del equipo t\u00e9cnico del TAMA. A las 12 horas.<\/p>\n\n\n\n<p style=\"font-size:22px\"><strong>Concert de Nadal <\/strong>a cargo de la <strong>Banda Sinf\u00f3nica de Aldaia<\/strong> director Rafael S. L\u00f3pez Marchal. Iluminaci\u00f3n espectacular a cargo del equipo t\u00e9cnico del TAMA. A las 18:30 horas.<\/p>\n\n\n\n<p style=\"font-size:24px\"><strong>\u201cBONIC\u201d, XXI Ciclo navide\u00f1o de teatro para ni\u00f1os y ni\u00f1as.<\/strong><\/p>\n\n\n\n<p style=\"font-size:22px\"><strong>26 diciembre, Cia Infinit (Val\u00e8ncia)<\/strong> nos presenta \u201c<strong>Nilu<\/strong>\u201d, un espect\u00e1culo alrededor de nuestra relaci\u00f3n con el agua y la necesidad de preservarla. Circo, magia, teatro de objetos y m\u00fasica en directo. <strong>A las 18 horas.<\/strong><\/p>\n\n\n\n<p style=\"font-size:22px\"><strong>27 diciembre, \u201cEl Rock Roll tambi\u00e9n es cosa de ni\u00f1os y de padres. \u00a1Especial Navidad<\/strong>!\u201d con Scorcia y Big 54, es un espect\u00e1culo musical a ritmo de rock para toda la familia. <strong>A las 18 horas.<\/strong><\/p>\n\n\n\n<p style=\"font-size:22px\"><strong>28 diciembre, \u201cTempus magicus\u201d de la c\u00eda valenciana &nbsp;JM Gesti\u00f3n Teatral.<\/strong> &nbsp;Clowns, n\u00fameros de acrobacia, equilibrio, magia, grandes ilusiones en un nuevo circo que nunca olvidar\u00e1s. Ocho artistas en escena que te har\u00e1n so\u00f1ar. <strong>A las 18 horas.<\/strong><\/p>\n\n\n\n<figure class=\"wp-block-image size-large\"><img loading=\"lazy\" decoding=\"async\" width=\"1024\" height=\"724\" src=\"https:\/\/aldaia.es\/wp-content\/uploads\/2025\/11\/BONIC-2025-1024x724.jpg\" alt=\"\" class=\"wp-image-39732\" srcset=\"https:\/\/aldaia.es\/wp-content\/uploads\/2025\/11\/BONIC-2025-1024x724.jpg 1024w, https:\/\/aldaia.es\/wp-content\/uploads\/2025\/11\/BONIC-2025-300x212.jpg 300w, https:\/\/aldaia.es\/wp-content\/uploads\/2025\/11\/BONIC-2025-768x543.jpg 768w, https:\/\/aldaia.es\/wp-content\/uploads\/2025\/11\/BONIC-2025-1536x1086.jpg 1536w, https:\/\/aldaia.es\/wp-content\/uploads\/2025\/11\/BONIC-2025.jpg 2000w\" sizes=\"auto, (max-width: 1024px) 100vw, 1024px\" \/><\/figure>\n\n\n\n<p><\/p>\n\n\n\n<p style=\"font-size:36px;font-style:normal;font-weight:700\">Enero<\/p>\n\n\n\n<p style=\"font-size:24px\">Seguimos con la temporada 2025-26, continuamos con el ciclo INTIM\u00cdSSIM y para empezar disfrutaremos de tres piezas cortas estrenadas a \u201c<strong>Russafa Esc\u00e8nica. Festival de Tardor a l&#8217;edici\u00f3n 2025<\/strong>\u201d, beneficiarios del programa de residencias y movilidad \u201c<strong>Via Esc\u00e8nica<\/strong>\u201d. Dos de las piezas han sido seleccionadas por un grupo de espectadores\/se de Aldaia.<\/p>\n\n\n\n<p><\/p>\n\n\n\n<p style=\"font-size:24px\"><strong>16 enero, A qu\u00e9 sonaremos cuando ya no estemos,<\/strong> (c\u00eda Vivirei Teatro). Compa\u00f1\u00eda residente en Aldaia gracias al programa V\u00eda Esc\u00e9nica y al Ayuntamiento de Aldaia. (<strong>A las 20 horas<\/strong>).<\/p>\n\n\n\n<p class=\"has-medium-font-size\">Un m\u00fasico est\u00e1 a punto de morir. En el local, su bajo reposa aislado sobre una silla vac\u00eda. El responsable de su seguro de decesos le ha preguntado si quiere que suene una \u00faltima canci\u00f3n en el velatorio; una canci\u00f3n que l\u00f3gicamente \u00e9l no escuchar\u00e1, pero los asistentes s\u00ed, y esto le genera una gran responsabilidad.<\/p>\n\n\n\n<figure class=\"wp-block-image size-large\"><img loading=\"lazy\" decoding=\"async\" width=\"1024\" height=\"621\" src=\"https:\/\/aldaia.es\/wp-content\/uploads\/2025\/12\/A-QUE-SONAREMOS-1024x621.jpg\" alt=\"\" class=\"wp-image-40042\" srcset=\"https:\/\/aldaia.es\/wp-content\/uploads\/2025\/12\/A-QUE-SONAREMOS-1024x621.jpg 1024w, https:\/\/aldaia.es\/wp-content\/uploads\/2025\/12\/A-QUE-SONAREMOS-300x182.jpg 300w, https:\/\/aldaia.es\/wp-content\/uploads\/2025\/12\/A-QUE-SONAREMOS-768x466.jpg 768w, https:\/\/aldaia.es\/wp-content\/uploads\/2025\/12\/A-QUE-SONAREMOS-1536x931.jpg 1536w, https:\/\/aldaia.es\/wp-content\/uploads\/2025\/12\/A-QUE-SONAREMOS.jpg 1600w\" sizes=\"auto, (max-width: 1024px) 100vw, 1024px\" \/><\/figure>\n\n\n\n<p style=\"font-size:24px\"><strong>Sapines, (c\u00eda La Familia Pol\u00edtica)<\/strong>, Compa\u00f1\u00eda residente en Quart de Poblet gracias al programa V\u00eda Esc\u00e9nica y al Ayuntamiento de Quart de Poblet.<\/p>\n\n\n\n<p class=\"has-medium-font-size\">Vall del Rift. Jordania. A\u00f1o 7000 a. C.. Un grupo de n\u00f3madas se cansa de andar. Granada. Espa\u00f1a. A\u00f1o 1936. Un olivo y dos hermanos que se encuentran. Una historia de necesidades, de v\u00ednculos, de aprecio, de humanidad,\u2026<\/p>\n\n\n\n<figure class=\"wp-block-image size-large\"><img loading=\"lazy\" decoding=\"async\" width=\"1024\" height=\"621\" src=\"https:\/\/aldaia.es\/wp-content\/uploads\/2025\/12\/SAPIENS-1024x621.jpg\" alt=\"\" class=\"wp-image-40044\" srcset=\"https:\/\/aldaia.es\/wp-content\/uploads\/2025\/12\/SAPIENS-1024x621.jpg 1024w, https:\/\/aldaia.es\/wp-content\/uploads\/2025\/12\/SAPIENS-300x182.jpg 300w, https:\/\/aldaia.es\/wp-content\/uploads\/2025\/12\/SAPIENS-768x466.jpg 768w, https:\/\/aldaia.es\/wp-content\/uploads\/2025\/12\/SAPIENS-1536x931.jpg 1536w, https:\/\/aldaia.es\/wp-content\/uploads\/2025\/12\/SAPIENS.jpg 1600w\" sizes=\"auto, (max-width: 1024px) 100vw, 1024px\" \/><\/figure>\n\n\n\n<p><\/p>\n\n\n\n<p style=\"font-size:24px\"><strong>Dutxa<\/strong>, Compa\u00f1\u00eda residente en Alaqu\u00e0s gracias al programa V\u00eda Esc\u00e9nica y al Ayuntamiento de Alaqu\u00e0s.<\/p>\n\n\n\n<p class=\"has-medium-font-size\">\u00bfY si hoy fuera el \u00faltimo d\u00eda? Nos ir\u00edamos en paz o querr\u00edamos cambiar algo? Esta es la pregunta que resuena en Nelo despu\u00e9s de una violenta ca\u00edda al resbalar saliendo de la ducha.<\/p>\n\n\n\n<figure class=\"wp-block-image size-large\"><img loading=\"lazy\" decoding=\"async\" width=\"1024\" height=\"621\" src=\"https:\/\/aldaia.es\/wp-content\/uploads\/2025\/12\/DUTXA-1024x621.jpg\" alt=\"\" class=\"wp-image-40046\" srcset=\"https:\/\/aldaia.es\/wp-content\/uploads\/2025\/12\/DUTXA-1024x621.jpg 1024w, https:\/\/aldaia.es\/wp-content\/uploads\/2025\/12\/DUTXA-300x182.jpg 300w, https:\/\/aldaia.es\/wp-content\/uploads\/2025\/12\/DUTXA-768x466.jpg 768w, https:\/\/aldaia.es\/wp-content\/uploads\/2025\/12\/DUTXA-1536x931.jpg 1536w, https:\/\/aldaia.es\/wp-content\/uploads\/2025\/12\/DUTXA.jpg 1600w\" sizes=\"auto, (max-width: 1024px) 100vw, 1024px\" \/><\/figure>\n\n\n\n<p><\/p>\n\n\n\n<p style=\"font-size:24px\"><strong>23 ENERO, Yo soy 451 (cia. La Teta Calva, Val\u00e8ncia). <\/strong>A les 20 horas.<\/p>\n\n\n\n<p class=\"has-medium-font-size\">Una adaptaci\u00f3n de la novela \u201cFahrenheit 451\u201d de Ray Bradbury. Dirigida e interpretada por Ochavo Gim\u00e9nez. La obra fusiona teatro de texto con m\u00fasica en directo, invit\u00e1ndonos a reflexionar sobre la censura y el valor de la lectura en la sociedad moderna.<\/p>\n\n\n\n<figure class=\"wp-block-image size-large\"><img loading=\"lazy\" decoding=\"async\" width=\"709\" height=\"1024\" src=\"https:\/\/aldaia.es\/wp-content\/uploads\/2025\/12\/CARTEL-YO-SOY-451_DEFINITIU.pdf-709x1024.jpg\" alt=\"\" class=\"wp-image-40048\" srcset=\"https:\/\/aldaia.es\/wp-content\/uploads\/2025\/12\/CARTEL-YO-SOY-451_DEFINITIU.pdf-709x1024.jpg 709w, https:\/\/aldaia.es\/wp-content\/uploads\/2025\/12\/CARTEL-YO-SOY-451_DEFINITIU.pdf-208x300.jpg 208w, https:\/\/aldaia.es\/wp-content\/uploads\/2025\/12\/CARTEL-YO-SOY-451_DEFINITIU.pdf.jpg 720w\" sizes=\"auto, (max-width: 709px) 100vw, 709px\" \/><\/figure>\n\n\n\n<p><\/p>\n\n\n\n<p style=\"font-size:24px\"><strong>30 enero, MARE (cia. Las emergidas) a las 20 horas. <\/strong><\/p>\n\n\n\n<p class=\"has-medium-font-size\">Recibimos de nuevo en la cia Las emergidas (Val\u00e8ncia) que nos presentan el espect\u00e1culo \u201cMare\u201d. Un espect\u00e1culo muy tierno con las vivencias de la infancia de una de las protagonistas. La vida en estado puro, con momentos duros y entra\u00f1ables.<\/p>\n\n\n\n<figure class=\"wp-block-image size-large\"><img loading=\"lazy\" decoding=\"async\" width=\"727\" height=\"1024\" src=\"https:\/\/aldaia.es\/wp-content\/uploads\/2025\/12\/Comprimit_Mare-727x1024.jpg\" alt=\"\" class=\"wp-image-40055\" srcset=\"https:\/\/aldaia.es\/wp-content\/uploads\/2025\/12\/Comprimit_Mare-727x1024.jpg 727w, https:\/\/aldaia.es\/wp-content\/uploads\/2025\/12\/Comprimit_Mare-213x300.jpg 213w, https:\/\/aldaia.es\/wp-content\/uploads\/2025\/12\/Comprimit_Mare-768x1082.jpg 768w, https:\/\/aldaia.es\/wp-content\/uploads\/2025\/12\/Comprimit_Mare-1090x1536.jpg 1090w, https:\/\/aldaia.es\/wp-content\/uploads\/2025\/12\/Comprimit_Mare-1454x2048.jpg 1454w, https:\/\/aldaia.es\/wp-content\/uploads\/2025\/12\/Comprimit_Mare-scaled.jpg 1817w\" sizes=\"auto, (max-width: 727px) 100vw, 727px\" \/><\/figure>\n\n\n\n<p style=\"font-size:48px\"><strong>Febrero<\/strong><\/p>\n\n\n\n<p style=\"font-size:24px\"><strong>6 febrero, Boges <\/strong>(Bramant Teatre, Val\u00e8ncia). <strong>A las 20 horas<\/strong>.<\/p>\n\n\n\n<p class=\"has-medium-font-size\">Se trata de un espect\u00e1culo en el cual damos la voz a las mujeres silenciadas a lo largo de 70 a\u00f1os. Mujeres que han sufrido la opresi\u00f3n y la estigmatizaci\u00f3n.&nbsp;En 3 recorridos diferentes por el interior del TAMA, viviremos una experiencia \u00fanica distribuidos por grupos de 40 personas.<\/p>\n\n\n\n<p><\/p>\n\n\n\n<figure class=\"wp-block-image size-large\"><img loading=\"lazy\" decoding=\"async\" width=\"728\" height=\"1024\" src=\"https:\/\/aldaia.es\/wp-content\/uploads\/2025\/12\/CARTELL-BOGES_DEFINITIU-728x1024.jpg\" alt=\"\" class=\"wp-image-40061\" srcset=\"https:\/\/aldaia.es\/wp-content\/uploads\/2025\/12\/CARTELL-BOGES_DEFINITIU-728x1024.jpg 728w, https:\/\/aldaia.es\/wp-content\/uploads\/2025\/12\/CARTELL-BOGES_DEFINITIU-213x300.jpg 213w, https:\/\/aldaia.es\/wp-content\/uploads\/2025\/12\/CARTELL-BOGES_DEFINITIU-768x1080.jpg 768w, https:\/\/aldaia.es\/wp-content\/uploads\/2025\/12\/CARTELL-BOGES_DEFINITIU-1092x1536.jpg 1092w, https:\/\/aldaia.es\/wp-content\/uploads\/2025\/12\/CARTELL-BOGES_DEFINITIU.jpg 1456w\" sizes=\"auto, (max-width: 728px) 100vw, 728px\" \/><\/figure>\n\n\n\n<p style=\"font-size:24px\"><strong>12 de febrer<\/strong>, Xarrem amb @AlegriadePoble, <strong>a les 9:30 hores (p\u00fablic escolar)<\/strong><\/p>\n\n\n\n<p style=\"font-size:20px\">Desde la Oficina de Promoci\u00f3 del Valenci\u00e0, lanzamos la segunda edici\u00f3n del \u00abXarrem amb&#8230;\u00bb, un encuentro destinado al p\u00fablico escolar (4.\u00ba ESO y 1.\u00ba de Batx) en el cual uno\/a influencer de renombre viene a hablar sobre su trabajo, sus inquietudes y c\u00f3mo el valenciano ha sido una herramienta en al creaci\u00f3n de contenido para su d\u00eda a d\u00eda. En esta ocasi\u00f3n nos visita @alegriadepoble \u00abRixi Barber\u00e0\u00bb.<\/p>\n\n\n\n<figure class=\"wp-block-embed is-type-video is-provider-youtube wp-block-embed-youtube wp-embed-aspect-9-16 wp-has-aspect-ratio\"><div class=\"wp-block-embed__wrapper\">\n<iframe loading=\"lazy\" title=\"Alegriadepoble ve Aldaia\" width=\"540\" height=\"960\" src=\"https:\/\/www.youtube.com\/embed\/4TvIP4zv_U8?feature=oembed\" frameborder=\"0\" allow=\"accelerometer; autoplay; clipboard-write; encrypted-media; gyroscope; picture-in-picture; web-share\" referrerpolicy=\"strict-origin-when-cross-origin\" allowfullscreen><\/iframe>\n<\/div><\/figure>\n\n\n\n<p style=\"font-size:20px\"><\/p>\n\n\n\n<p style=\"font-size:24px\"><strong>13 febrero<\/strong>, <strong>AU! <\/strong>(cia. Maria Andr\u00e9s, Val\u00e8ncia) <strong>A las 20 horas.<\/strong><\/p>\n\n\n\n<p class=\"has-medium-font-size\">La interpretaci\u00f3n de la clown Maria Andr\u00e9s siempre nos saca una sonrisa y nos transmite dulzura, ternura, amor y tambi\u00e9n coraje. En esta ocasi\u00f3n la clown Patricia Pardo, la dirige. Todo un lujo.<\/p>\n\n\n\n<figure class=\"wp-block-image size-large\"><img loading=\"lazy\" decoding=\"async\" width=\"724\" height=\"1024\" src=\"https:\/\/aldaia.es\/wp-content\/uploads\/2025\/12\/cartel_DEFINITIU.pdf-724x1024.jpg\" alt=\"\" class=\"wp-image-40063\" srcset=\"https:\/\/aldaia.es\/wp-content\/uploads\/2025\/12\/cartel_DEFINITIU.pdf-724x1024.jpg 724w, https:\/\/aldaia.es\/wp-content\/uploads\/2025\/12\/cartel_DEFINITIU.pdf-212x300.jpg 212w, https:\/\/aldaia.es\/wp-content\/uploads\/2025\/12\/cartel_DEFINITIU.pdf-768x1086.jpg 768w, https:\/\/aldaia.es\/wp-content\/uploads\/2025\/12\/cartel_DEFINITIU.pdf-1086x1536.jpg 1086w, https:\/\/aldaia.es\/wp-content\/uploads\/2025\/12\/cartel_DEFINITIU.pdf.jpg 1414w\" sizes=\"auto, (max-width: 724px) 100vw, 724px\" \/><\/figure>\n\n\n\n<p><\/p>\n\n\n\n<p style=\"font-size:24px\"><strong>20 febrero, We love DISCO<\/strong> (Yllana &amp; Planeta Producciones, Madrid). <strong>A las 20 horas<\/strong>.<\/p>\n\n\n\n<p class=\"has-medium-font-size\">Una experiencia \u00fanica e inolvidable con el sello distintivo y canalla de la cia madrile\u00f1a que nos proponen un viaje a trav\u00e9s de los \u00e9xitos m\u00e1s emblem\u00e1ticos de las d\u00e9cadas de 1970, 1980 y 1990. Una experiencia \u00fanica e inolvidable con el sello distintivo y canalla de la cia madrile\u00f1a que nos proponen un viaje a trav\u00e9s de los \u00e9xitos m\u00e1s emblem\u00e1ticos de las d\u00e9cadas de 1970, 1980 y 1990.<\/p>\n\n\n\n<figure class=\"wp-block-image size-full is-resized\"><img loading=\"lazy\" decoding=\"async\" width=\"870\" height=\"580\" src=\"https:\/\/aldaia.es\/wp-content\/uploads\/2025\/12\/we-love-disco-cartel.webp-870x580-1.webp\" alt=\"\" class=\"wp-image-40074\" style=\"width:803px;height:auto\" srcset=\"https:\/\/aldaia.es\/wp-content\/uploads\/2025\/12\/we-love-disco-cartel.webp-870x580-1.webp 870w, https:\/\/aldaia.es\/wp-content\/uploads\/2025\/12\/we-love-disco-cartel.webp-870x580-1-300x200.webp 300w, https:\/\/aldaia.es\/wp-content\/uploads\/2025\/12\/we-love-disco-cartel.webp-870x580-1-768x512.webp 768w\" sizes=\"auto, (max-width: 870px) 100vw, 870px\" \/><\/figure>\n\n\n\n<p><\/p>\n\n\n\n<p style=\"font-size:24px\"><strong>27 febrero, El alma de Sorolla<\/strong> (PerformArts, Val\u00e8ncia). <strong>A las 20 horas<\/strong>.<\/p>\n\n\n\n<p class=\"has-medium-font-size\">Un espect\u00e1culo multidisciplinario inspirado en la obra del pintor valenciano Joaqu\u00edn Sorolla. \u201cEl alma de Sorolla\u201d fusiona la obra pict\u00f3rica del gran maestro con la m\u00fasica napolitana interpretada al piano y la narraci\u00f3n teatral. En escena podremos disfrutar de la interpretaci\u00f3n del activo Iris Lezcano.<\/p>\n\n\n\n<figure class=\"wp-block-image size-full\"><img loading=\"lazy\" decoding=\"async\" width=\"767\" height=\"434\" src=\"https:\/\/aldaia.es\/wp-content\/uploads\/2025\/12\/Evento-Concierto-El-Alma-de-Sorolla-cover-image.webp\" alt=\"\" class=\"wp-image-40076\" srcset=\"https:\/\/aldaia.es\/wp-content\/uploads\/2025\/12\/Evento-Concierto-El-Alma-de-Sorolla-cover-image.webp 767w, https:\/\/aldaia.es\/wp-content\/uploads\/2025\/12\/Evento-Concierto-El-Alma-de-Sorolla-cover-image-300x170.webp 300w\" sizes=\"auto, (max-width: 767px) 100vw, 767px\" \/><\/figure>\n\n\n\n<p><\/p>\n\n\n\n<p style=\"font-size:48px;font-style:normal;font-weight:700\">MAR\u00c7<\/p>\n\n\n\n<p style=\"font-size:24px\"><strong>27 mar\u00e7<\/strong>, <strong>Ballant, ballant<\/strong> (Teatre MIcalet, Val\u00e8ncia). <strong>A les 20 hores<\/strong>.<\/p>\n\n\n\n<p class=\"has-medium-font-size\">Un recorrido por la historia de Val\u00e8ncia desde 1920 a la actualidad. 15 int\u00e9rpretes que revisan hechos hist\u00f3ricos y personales, transport\u00e1ndonos en un viaje en el tiempo a trav\u00e9s de los bailes, vestuarios y canciones.<\/p>\n\n\n\n<figure class=\"wp-block-image size-large\"><img loading=\"lazy\" decoding=\"async\" width=\"1024\" height=\"683\" src=\"https:\/\/aldaia.es\/wp-content\/uploads\/2025\/12\/imatge-ballant-ballant-1024x683.jpg\" alt=\"\" class=\"wp-image-40084\" srcset=\"https:\/\/aldaia.es\/wp-content\/uploads\/2025\/12\/imatge-ballant-ballant-1024x683.jpg 1024w, https:\/\/aldaia.es\/wp-content\/uploads\/2025\/12\/imatge-ballant-ballant-300x200.jpg 300w, https:\/\/aldaia.es\/wp-content\/uploads\/2025\/12\/imatge-ballant-ballant-768x512.jpg 768w, https:\/\/aldaia.es\/wp-content\/uploads\/2025\/12\/imatge-ballant-ballant-1536x1024.jpg 1536w, https:\/\/aldaia.es\/wp-content\/uploads\/2025\/12\/imatge-ballant-ballant-2048x1366.jpg 2048w\" sizes=\"auto, (max-width: 1024px) 100vw, 1024px\" \/><\/figure>\n\n\n\n<p><\/p>\n\n\n\n<p style=\"font-size:24px\"><strong>29 mar\u00e7<\/strong>, Visita guiada en el TAMA (Grupos limitados). <strong>A las 11:30 i 12:30 horas. <\/strong><\/p>\n\n\n\n<p class=\"has-medium-font-size\">\u00bfQuer\u00e9is conocer el interior y los secretos del TAMA? Los vestuarios y camerinos, la cabina de control, el escenario, las pasarelas, los motores y los puertos&#8230; Hay que inscribirse previamente en cultura@ajuntamentaldaia.org, o por Whatsapp al 663304734 o al tel\u00e9fono 961988406 (mi\u00e9rcoles y viernes de 9.30 a 14.00 horas).<\/p>\n\n\n\n<p class=\"has-medium-font-size\">Los grupos son limitados.<\/p>\n\n\n\n<p class=\"has-medium-font-size\">Duraci\u00f3n de la visita: 45\u2019 aproximadamente.<\/p>\n\n\n\n<p><\/p>\n\n\n\n<p style=\"font-size:30px;font-style:normal;font-weight:800\">AVANCE DE TEMPORADA (ABRIL-JUNIO 2026)<\/p>\n\n\n\n<figure class=\"wp-block-image size-full\"><img loading=\"lazy\" decoding=\"async\" width=\"955\" height=\"757\" src=\"https:\/\/aldaia.es\/wp-content\/uploads\/2026\/03\/Captura-avanc-temporada.jpg\" alt=\"\" class=\"wp-image-41395\" srcset=\"https:\/\/aldaia.es\/wp-content\/uploads\/2026\/03\/Captura-avanc-temporada.jpg 955w, https:\/\/aldaia.es\/wp-content\/uploads\/2026\/03\/Captura-avanc-temporada-300x238.jpg 300w, https:\/\/aldaia.es\/wp-content\/uploads\/2026\/03\/Captura-avanc-temporada-768x609.jpg 768w\" sizes=\"auto, (max-width: 955px) 100vw, 955px\" \/><\/figure>\n\n\n\n<p style=\"font-size:48px\"><strong>Abril<\/strong><\/p>\n\n\n\n<p style=\"font-size:24px\"><strong>17 abril<\/strong>, Rogles de can\u00e7ons i mis\u00e8ria. <strong>A las 20 horas.<\/strong><\/p>\n\n\n\n<p>Cinco rogles (corros). Uno de lavar ropa, uno de coser, uno de dar a luz, uno de cocinar y otro del rosario.<\/p>\n\n\n\n<p>\u200bEsta obra recoge diferentes relatos sobre mujeres de un pueblo cualquiera de posguerra: mujeres que lavan la ropa en el r\u00edo, vecinas que chismorrean, una joven que no quiere casarse de negro, la soltera que espera, la casada que desespera, una mujer que pose por ante las necesidades de su ama, hermanas que comparten cama, y cocinar, y amasar, y amortajar y partos, muchos partos. Llantos, jab\u00f3n, agua, agujas, hilos, dolores, cebolla y pan (con suerte, blanco).<\/p>\n\n\n\n<p>\u200bY silencio. Mudo. De vez en cuando una cancioncita, un baile, una caricia para recordar toda la vida. Algo amable en mitad de tanta miseria.<\/p>\n\n\n\n<figure class=\"wp-block-image size-large\"><img loading=\"lazy\" decoding=\"async\" width=\"733\" height=\"1024\" src=\"https:\/\/aldaia.es\/wp-content\/uploads\/2026\/02\/cartell-ROGLES-DEFINITIVO-733x1024.jpg\" alt=\"\" class=\"wp-image-40669\" srcset=\"https:\/\/aldaia.es\/wp-content\/uploads\/2026\/02\/cartell-ROGLES-DEFINITIVO-733x1024.jpg 733w, https:\/\/aldaia.es\/wp-content\/uploads\/2026\/02\/cartell-ROGLES-DEFINITIVO-215x300.jpg 215w, https:\/\/aldaia.es\/wp-content\/uploads\/2026\/02\/cartell-ROGLES-DEFINITIVO-768x1074.jpg 768w, https:\/\/aldaia.es\/wp-content\/uploads\/2026\/02\/cartell-ROGLES-DEFINITIVO-1099x1536.jpg 1099w, https:\/\/aldaia.es\/wp-content\/uploads\/2026\/02\/cartell-ROGLES-DEFINITIVO.jpg 1465w\" sizes=\"auto, (max-width: 733px) 100vw, 733px\" \/><\/figure>\n\n\n\n<p><\/p>\n\n\n\n<p style=\"font-size:24px\"><strong>24 abril<\/strong>, <strong>He&#8217;s back<\/strong>, <em>Michael Jackson Tribute<\/em>, <strong>a las 20 horas<\/strong>.<\/p>\n\n\n\n<p style=\"font-size:20px\">Prep\u00e1rate para vivir la magia del Rey del Pop con \u201cHe&#8217;s Back\u201d, <em>el tributo m\u00e1s aut\u00e9ntico y espectacular a Michael Jackson<\/em>.<\/p>\n\n\n\n<figure class=\"wp-block-image size-large\"><img loading=\"lazy\" decoding=\"async\" width=\"756\" height=\"1024\" src=\"https:\/\/aldaia.es\/wp-content\/uploads\/2026\/02\/HES-BACK_MICHEL-JACKSON-DEFINITIVO-756x1024.jpg\" alt=\"\" class=\"wp-image-40671\" srcset=\"https:\/\/aldaia.es\/wp-content\/uploads\/2026\/02\/HES-BACK_MICHEL-JACKSON-DEFINITIVO-756x1024.jpg 756w, https:\/\/aldaia.es\/wp-content\/uploads\/2026\/02\/HES-BACK_MICHEL-JACKSON-DEFINITIVO-221x300.jpg 221w, https:\/\/aldaia.es\/wp-content\/uploads\/2026\/02\/HES-BACK_MICHEL-JACKSON-DEFINITIVO-768x1040.jpg 768w, https:\/\/aldaia.es\/wp-content\/uploads\/2026\/02\/HES-BACK_MICHEL-JACKSON-DEFINITIVO.jpg 1060w\" sizes=\"auto, (max-width: 756px) 100vw, 756px\" \/><\/figure>\n\n\n\n<p style=\"font-size:48px;font-style:normal;font-weight:700\">MAYO<\/p>\n\n\n\n<p style=\"font-size:24px\"><strong>8 de mayo<\/strong>, <em>Iconos o la exploraci\u00f3n del destino <\/em><strong>(El Brujo), a las 20 horas.<\/strong><\/p>\n\n\n\n<p style=\"font-size:20px\">Un mon\u00f3logo de humor que reflexiona sobre el destino en la tragedia griega. Desfilan por este espect\u00e1culo las grandes figuras ic\u00f3nicas de Medea, Edipo, Ant\u00edgona y finalmente, H\u00e9cuba. La exploraci\u00f3n del destino viene de la mano de una exposici\u00f3n comparada de esta fuerza determinante (el destino) en la vida de los h\u00e9roes tr\u00e1gicos y en los relatos de la mitolog\u00eda hind\u00fa, en la cual el concepto de <em>karma<\/em> incluye en el dinamismo del destino, el concepto de libertad.<\/p>\n\n\n\n<figure class=\"wp-block-image size-large\"><img loading=\"lazy\" decoding=\"async\" width=\"701\" height=\"1024\" src=\"https:\/\/aldaia.es\/wp-content\/uploads\/2026\/02\/cartel-iconos_DEFINITIU.pdf-701x1024.jpg\" alt=\"\" class=\"wp-image-40673\" srcset=\"https:\/\/aldaia.es\/wp-content\/uploads\/2026\/02\/cartel-iconos_DEFINITIU.pdf-701x1024.jpg 701w, https:\/\/aldaia.es\/wp-content\/uploads\/2026\/02\/cartel-iconos_DEFINITIU.pdf-205x300.jpg 205w, https:\/\/aldaia.es\/wp-content\/uploads\/2026\/02\/cartel-iconos_DEFINITIU.pdf-768x1122.jpg 768w, https:\/\/aldaia.es\/wp-content\/uploads\/2026\/02\/cartel-iconos_DEFINITIU.pdf-1052x1536.jpg 1052w, https:\/\/aldaia.es\/wp-content\/uploads\/2026\/02\/cartel-iconos_DEFINITIU.pdf-1402x2048.jpg 1402w, https:\/\/aldaia.es\/wp-content\/uploads\/2026\/02\/cartel-iconos_DEFINITIU.pdf-scaled.jpg 1753w\" sizes=\"auto, (max-width: 701px) 100vw, 701px\" \/><\/figure>\n\n\n\n<p style=\"font-size:60px\">TEMPORADA 24-25<\/p>\n\n\n\n<div class=\"wp-block-columns is-layout-flex wp-container-core-columns-is-layout-9d6595d7 wp-block-columns-is-layout-flex\">\n<div class=\"wp-block-column is-layout-flow wp-block-column-is-layout-flow\" style=\"flex-basis:25%\">\n<figure class=\"wp-block-image size-full\"><img loading=\"lazy\" decoding=\"async\" width=\"426\" height=\"518\" src=\"https:\/\/aldaia.es\/wp-content\/uploads\/2025\/03\/1-captura-1.jpg\" alt=\"\" class=\"wp-image-36467\" style=\"aspect-ratio:1;object-fit:cover\" srcset=\"https:\/\/aldaia.es\/wp-content\/uploads\/2025\/03\/1-captura-1.jpg 426w, https:\/\/aldaia.es\/wp-content\/uploads\/2025\/03\/1-captura-1-247x300.jpg 247w, https:\/\/aldaia.es\/wp-content\/uploads\/2025\/03\/1-captura-1-150x182.jpg 150w, https:\/\/aldaia.es\/wp-content\/uploads\/2025\/03\/1-captura-1-300x365.jpg 300w\" sizes=\"auto, (max-width: 426px) 100vw, 426px\" \/><\/figure>\n<\/div>\n\n\n\n<div class=\"wp-block-column is-layout-flow wp-block-column-is-layout-flow\">\n<div class=\"wp-block-columns is-layout-flex wp-container-core-columns-is-layout-9d6595d7 wp-block-columns-is-layout-flex\">\n<div class=\"wp-block-column lista_adjuntos is-layout-flow wp-block-column-is-layout-flow\">\n<h2 class=\"wp-block-heading\">Programaci\u00f3n nueva temporada 2024-2025 <\/h2>\n\n\n\n<h3 class=\"wp-block-heading has-vivid-red-color has-white-background-color has-text-color has-background has-link-color wp-elements-0313d056d7eedaca9780514674392e7c\" style=\"font-size:30px;font-style:normal;font-weight:800;text-transform:none\"><a href=\"https:\/\/aldaia.es\/wp-content\/uploads\/2025\/03\/Fullet-TAMA-2025-3T-DEF-mof_02.pdf\"> Programaci\u00f3n TAMA (Abril-Junio) 2025<\/a><\/h3>\n\n\n\n<h3 class=\"wp-block-heading has-black-color has-white-background-color has-text-color has-background has-link-color wp-elements-a39f068d3b8c297f07ec8c4248276116\" style=\"font-size:30px;font-style:normal;font-weight:800;text-transform:none\"><a href=\"https:\/\/aldaia.es\/wp-content\/uploads\/2025\/01\/Fullet-TAMA-2025-2T-DEF-BR-modf02.pdf\">Programaci\u00f3n TAMA (enero-marzo) 2025<\/a><\/h3>\n\n\n\n<p class=\"has-regular-font-size\"><p class=\"has-regular-font-size\" style=\"margin-top:3px\"><i class=\"fas fa-file-pdf\"><\/i><a href=\"https:\/\/aldaia.es\/wp-content\/uploads\/2024\/09\/Fullet-TAMA-2025-1T-DEF-BR-2.pdf\" target=\"_blank\" rel=\"noreferrer noopener\">  Programaci\u00f3n TAMA (septiembre-diciembre) 2024-25<\/a><\/p><\/p>\n\n\n\n<p class=\"has-regular-font-size\"><a href=\"https:\/\/aldaia.es\/cultura\/tama-teatre-auditori\/programacio-del-tama-temporada-2023-2024\/\">Programaci\u00f3n temporada anterior 2023-2024 <\/a><\/p>\n<\/div>\n<\/div>\n<\/div>\n<\/div>\n<\/div>\n<\/div>\n\n\n\n<p class=\"has-vivid-red-color has-text-color has-link-color has-large-font-size wp-elements-562153824aeb5173fb132a10d30f7eb5\">[Especial Falles] Exposici\u00f3 del Ninot. Hall del TAMA<\/p>\n\n\n\n<p>Horario: Mi\u00e9rcoles de 10 a 13:30 horas. De 19 a 21 horas.<\/p>\n\n\n\n<p>&nbsp;&nbsp;&nbsp;&nbsp;&nbsp;&nbsp;&nbsp;&nbsp;&nbsp;&nbsp;&nbsp;&nbsp;&nbsp;&nbsp;&nbsp; &nbsp;Viernes: de 10 a 13:30 horas. De 17:30 a 20 horas.<\/p>\n\n\n\n<p>&nbsp;&nbsp;&nbsp;&nbsp;&nbsp;&nbsp;&nbsp;&nbsp;&nbsp;&nbsp;&nbsp;&nbsp;&nbsp;&nbsp;&nbsp; Domingo de 11:30 a 13:30 y de 17 a 20 hores.<\/p>\n\n\n\n<h2 class=\"wp-block-heading has-vivid-red-color has-text-color has-link-color wp-elements-d4d91f99468175eb0f8e8a867f48c463\"><strong><mark class=\"has-inline-color has-vivid-red-color\">Atenci\u00f3<\/mark><\/strong>n! Concierto Solidario por la DANA (22 marzo)<\/h2>\n\n\n\n<figure class=\"wp-block-image size-full is-resized\"><img loading=\"lazy\" decoding=\"async\" width=\"579\" height=\"814\" src=\"https:\/\/aldaia.es\/wp-content\/uploads\/2025\/03\/Retall-WEB-1.jpg\" alt=\"\" class=\"wp-image-36218\" style=\"width:671px;height:auto\" srcset=\"https:\/\/aldaia.es\/wp-content\/uploads\/2025\/03\/Retall-WEB-1.jpg 579w, https:\/\/aldaia.es\/wp-content\/uploads\/2025\/03\/Retall-WEB-1-213x300.jpg 213w, https:\/\/aldaia.es\/wp-content\/uploads\/2025\/03\/Retall-WEB-1-150x211.jpg 150w, https:\/\/aldaia.es\/wp-content\/uploads\/2025\/03\/Retall-WEB-1-300x422.jpg 300w\" sizes=\"auto, (max-width: 579px) 100vw, 579px\" \/><\/figure>\n\n\n\n<div class=\"wp-block-columns is-layout-flex wp-container-core-columns-is-layout-9d6595d7 wp-block-columns-is-layout-flex\">\n<div class=\"wp-block-column is-layout-flow wp-block-column-is-layout-flow\">\n<h2 class=\"wp-block-heading display-4\">Celebraci\u00f3n 20 a\u00f1os del TAMA<\/h2>\n\n\n\n<h3 class=\"wp-block-heading\"><strong>20 a\u00f1os del TAMA<\/strong><\/h3>\n\n\n\n\n\n<div style=\"height:31px\" aria-hidden=\"true\" class=\"wp-block-spacer\"><\/div>\n\n\n\n<h3 class=\"wp-block-heading\">Cultura Natural 1080p -DULK- 20 a\u00f1os del TAMA<\/h3>\n\n\n<\/div>\n<\/div>\n\n\n\n<h2 class=\"wp-block-heading\"><strong><mark>Atenci\u00f3n!<\/mark><\/strong> <strong>VOLVEMOS!<\/strong><\/h2>\n\n\n\n<p>Despr\u00e9s del treball dur del Servei de Cultura, el personal de l\u2019Ajuntament, l\u2019ex\u00e8rcit i la solidaritat impagable&nbsp;dels i les volunt\u00e0ries,<mark> ens alegrem d\u2019anunciar que tornem<\/mark>! Ser\u00e0 amb el XX\u00e9 Festival Bonic <mark>(26,27 i 28 de desembre).<\/mark> Teniu informaci\u00f3 m\u00e9s avall.<\/p>\n\n\n\n<h2 class=\"wp-block-heading\"><strong>Informaci\u00f3n DANA<\/strong><\/h2>\n\n\n\n<p>Despu\u00e9s de la tragedia provocada por la riada a causa de la #DANA, el Servicio de Cultura se suma al luto oficial decretado. <strong>Quedan suspendidas todas las actividades y actas culturales programadas para el mes de noviembre<\/strong>. En funci\u00f3n del avance de los acontecimientos, comunicaremos novedades, si hay jefe, de cara a diciembre. Mucho de \u00e1nimo y fuerza! Con la esperanza que todos unidos haremos frente a esta situaci\u00f3n.<\/p>\n\n\n\n<p>Por otro lado, este lunes <strong>18 de noviembre retomamos las clases de la EMTA y la EMDA<\/strong> las condiciones de seguridad y uso.<\/p>\n\n\n\n<h2 class=\"wp-block-heading\"><strong><mark>Atenci\u00f3n devoluci\u00f3n ENTRADAS<\/mark><\/strong>: las entradas adquiridas v\u00eda Giglon ya se han devuelto. Las entradas adquiridas en <mark>taquilla del TAMA<\/mark> ser\u00e1n devueltas en <mark>horario habitual<\/mark>:<\/h2>\n\n\n\n<p>Mi\u00e9rcoles ma\u00f1anas de 11:30 a 13:30 horas y 19:00 a 21:00 horas.<\/p>\n\n\n\n<div class=\"wp-block-columns is-layout-flex wp-container-core-columns-is-layout-9d6595d7 wp-block-columns-is-layout-flex\">\n<div class=\"wp-block-column is-layout-flow wp-block-column-is-layout-flow\">\n<h2 class=\"wp-block-heading display-4\" style=\"font-size:48px\">Espect\u00e1culos del mes<\/h2>\n\n\n\n<p style=\"font-size:63px\">Julio<\/p>\n\n\n\n<p style=\"font-size:22px\"><strong>3 de julio<\/strong>, Concierto solidario de recaudaci\u00f3n para las asociaciones culturales afectadas por la DANA. Entradas aqu\u00ed: <a href=\"https:\/\/elmicalet.cat\/producte\/entrada-som-micalet-dana\/\" target=\"_blank\" rel=\"noreferrer noopener\">https:\/\/elmicalet.cat\/producte\/entrada-som-micalet-dana\/ <\/a><\/p>\n\n\n\n<figure class=\"wp-block-image size-large is-resized\"><img loading=\"lazy\" decoding=\"async\" width=\"783\" height=\"1024\" src=\"https:\/\/aldaia.es\/wp-content\/uploads\/2025\/06\/CARTELL-DANA-ALDAIA-783x1024.jpg\" alt=\"\" class=\"wp-image-38193\" style=\"width:713px;height:auto\" srcset=\"https:\/\/aldaia.es\/wp-content\/uploads\/2025\/06\/CARTELL-DANA-ALDAIA-783x1024.jpg 783w, https:\/\/aldaia.es\/wp-content\/uploads\/2025\/06\/CARTELL-DANA-ALDAIA-229x300.jpg 229w, https:\/\/aldaia.es\/wp-content\/uploads\/2025\/06\/CARTELL-DANA-ALDAIA-768x1004.jpg 768w, https:\/\/aldaia.es\/wp-content\/uploads\/2025\/06\/CARTELL-DANA-ALDAIA-1175x1536.jpg 1175w, https:\/\/aldaia.es\/wp-content\/uploads\/2025\/06\/CARTELL-DANA-ALDAIA-150x196.jpg 150w, https:\/\/aldaia.es\/wp-content\/uploads\/2025\/06\/CARTELL-DANA-ALDAIA-300x392.jpg 300w, https:\/\/aldaia.es\/wp-content\/uploads\/2025\/06\/CARTELL-DANA-ALDAIA-696x910.jpg 696w, https:\/\/aldaia.es\/wp-content\/uploads\/2025\/06\/CARTELL-DANA-ALDAIA-1068x1396.jpg 1068w, https:\/\/aldaia.es\/wp-content\/uploads\/2025\/06\/CARTELL-DANA-ALDAIA.jpg 1190w\" sizes=\"auto, (max-width: 783px) 100vw, 783px\" \/><\/figure>\n\n\n\n<p style=\"font-size:63px\">Junio<\/p>\n\n\n\n<figure class=\"wp-block-image size-full is-resized\"><img loading=\"lazy\" decoding=\"async\" width=\"542\" height=\"541\" src=\"https:\/\/aldaia.es\/wp-content\/uploads\/2025\/05\/Programcio-juny-IMATGE.jpg\" alt=\"\" class=\"wp-image-37617\" style=\"width:706px;height:auto\" srcset=\"https:\/\/aldaia.es\/wp-content\/uploads\/2025\/05\/Programcio-juny-IMATGE.jpg 542w, https:\/\/aldaia.es\/wp-content\/uploads\/2025\/05\/Programcio-juny-IMATGE-300x299.jpg 300w, https:\/\/aldaia.es\/wp-content\/uploads\/2025\/05\/Programcio-juny-IMATGE-150x150.jpg 150w\" sizes=\"auto, (max-width: 542px) 100vw, 542px\" \/><\/figure>\n\n\n\n<p><strong>20 junio<\/strong> Mostra de coreografies EMDA 2025.<\/p>\n\n\n\n<figure class=\"wp-block-image size-large\"><img loading=\"lazy\" decoding=\"async\" width=\"819\" height=\"1024\" src=\"https:\/\/aldaia.es\/wp-content\/uploads\/2025\/06\/Mostra-de-Coreografies-EMDA-819x1024.jpg\" alt=\"\" class=\"wp-image-37725\" srcset=\"https:\/\/aldaia.es\/wp-content\/uploads\/2025\/06\/Mostra-de-Coreografies-EMDA-819x1024.jpg 819w, https:\/\/aldaia.es\/wp-content\/uploads\/2025\/06\/Mostra-de-Coreografies-EMDA-240x300.jpg 240w, https:\/\/aldaia.es\/wp-content\/uploads\/2025\/06\/Mostra-de-Coreografies-EMDA-768x960.jpg 768w, https:\/\/aldaia.es\/wp-content\/uploads\/2025\/06\/Mostra-de-Coreografies-EMDA-150x188.jpg 150w, https:\/\/aldaia.es\/wp-content\/uploads\/2025\/06\/Mostra-de-Coreografies-EMDA-300x375.jpg 300w, https:\/\/aldaia.es\/wp-content\/uploads\/2025\/06\/Mostra-de-Coreografies-EMDA-696x870.jpg 696w, https:\/\/aldaia.es\/wp-content\/uploads\/2025\/06\/Mostra-de-Coreografies-EMDA-1068x1335.jpg 1068w, https:\/\/aldaia.es\/wp-content\/uploads\/2025\/06\/Mostra-de-Coreografies-EMDA.jpg 1080w\" sizes=\"auto, (max-width: 819px) 100vw, 819px\" \/><\/figure>\n\n\n\n<p>Aqu\u00ed un resumen de la mostra:<\/p>\n\n\n\n<figure class=\"wp-block-embed is-type-video is-provider-youtube wp-block-embed-youtube wp-embed-aspect-16-9 wp-has-aspect-ratio\"><div class=\"wp-block-embed__wrapper\">\n<iframe loading=\"lazy\" title=\"[Recap] XVII Mostra coreografies EMDA Aldaia 2025\" width=\"640\" height=\"360\" src=\"https:\/\/www.youtube.com\/embed\/gIaAnzal5s0?feature=oembed\" frameborder=\"0\" allow=\"accelerometer; autoplay; clipboard-write; encrypted-media; gyroscope; picture-in-picture; web-share\" referrerpolicy=\"strict-origin-when-cross-origin\" allowfullscreen><\/iframe>\n<\/div><\/figure>\n\n\n\n<p style=\"font-size:51px\">MAYO<\/p>\n\n\n\n<p class=\"has-vivid-red-color has-text-color has-link-color wp-elements-d5a1f7b99ac7791220b3b7b2a3fa7ed9\" style=\"font-size:24px\"><strong>14 mayo. Templete, Pla\u00e7a d&#8217;Europa. 11:30 horas<\/strong><\/p>\n\n\n\n<p style=\"font-size:20px\">C\u00c0NTER es la iniciativa de conciertos al aire libre en los municipios de la zona cero de la DANA. Esta iniciativa del Ministerio de Cultura a trav\u00e9s del Plan para la Reactivaci\u00f3n del Sector Musical en la Comunidad Valenciana tras de la DANA tendr\u00e1 lugar en Aldaia al Templete de la Plaza de Europa el pr\u00f3ximo 24 de mayo a las 11:30 horas. No te lo puedes perder! Habr\u00e1 m\u00fasica, arte, jaleo y baile&#8230;y es a la hora buena para tomar fresquito al ritmo de hot jazz y swing!<\/p>\n\n\n\n<figure class=\"wp-block-image size-large\"><img loading=\"lazy\" decoding=\"async\" width=\"817\" height=\"1024\" src=\"https:\/\/aldaia.es\/wp-content\/uploads\/2025\/04\/dia-24-Canter-Musica-a-la-Zona-Zero-individuals-03-817x1024.png\" alt=\"\" class=\"wp-image-37246\" srcset=\"https:\/\/aldaia.es\/wp-content\/uploads\/2025\/04\/dia-24-Canter-Musica-a-la-Zona-Zero-individuals-03-817x1024.png 817w, https:\/\/aldaia.es\/wp-content\/uploads\/2025\/04\/dia-24-Canter-Musica-a-la-Zona-Zero-individuals-03-239x300.png 239w, https:\/\/aldaia.es\/wp-content\/uploads\/2025\/04\/dia-24-Canter-Musica-a-la-Zona-Zero-individuals-03-768x962.png 768w, https:\/\/aldaia.es\/wp-content\/uploads\/2025\/04\/dia-24-Canter-Musica-a-la-Zona-Zero-individuals-03-1226x1536.png 1226w, https:\/\/aldaia.es\/wp-content\/uploads\/2025\/04\/dia-24-Canter-Musica-a-la-Zona-Zero-individuals-03-150x188.png 150w, https:\/\/aldaia.es\/wp-content\/uploads\/2025\/04\/dia-24-Canter-Musica-a-la-Zona-Zero-individuals-03-300x376.png 300w, https:\/\/aldaia.es\/wp-content\/uploads\/2025\/04\/dia-24-Canter-Musica-a-la-Zona-Zero-individuals-03-696x872.png 696w, https:\/\/aldaia.es\/wp-content\/uploads\/2025\/04\/dia-24-Canter-Musica-a-la-Zona-Zero-individuals-03-1068x1338.png 1068w, https:\/\/aldaia.es\/wp-content\/uploads\/2025\/04\/dia-24-Canter-Musica-a-la-Zona-Zero-individuals-03.png 1241w\" sizes=\"auto, (max-width: 817px) 100vw, 817px\" \/><\/figure>\n\n\n\n<p style=\"font-size:20px\"> <strong>9 de mayo, 20.00 horas. Todos los p\u00fablicos. Nacho Diago.<\/strong><\/p>\n\n\n\n<p style=\"font-size:20px\"><strong>El mago valenciano Nacho Diago <\/strong>nos visita de nuevo con el espect\u00e1culo \u201c<strong>aLUZina<\/strong>\u201d. En aLUZina viviremos un viaje a trav\u00e9s de la luz y de su inseparable sombra para reflexionar sobre nuestras vidas y como la magia es un arte que nos estimula y nos mantiene vivos.<\/p>\n\n\n\n<figure class=\"wp-block-image size-large is-resized\"><img loading=\"lazy\" decoding=\"async\" width=\"731\" height=\"1024\" src=\"https:\/\/aldaia.es\/wp-content\/uploads\/2025\/04\/cartel_aLUZina_baja_resolucion-731x1024.jpg\" alt=\"\" class=\"wp-image-37244\" style=\"width:580px;height:auto\" srcset=\"https:\/\/aldaia.es\/wp-content\/uploads\/2025\/04\/cartel_aLUZina_baja_resolucion-731x1024.jpg 731w, https:\/\/aldaia.es\/wp-content\/uploads\/2025\/04\/cartel_aLUZina_baja_resolucion-214x300.jpg 214w, https:\/\/aldaia.es\/wp-content\/uploads\/2025\/04\/cartel_aLUZina_baja_resolucion-768x1075.jpg 768w, https:\/\/aldaia.es\/wp-content\/uploads\/2025\/04\/cartel_aLUZina_baja_resolucion-1097x1536.jpg 1097w, https:\/\/aldaia.es\/wp-content\/uploads\/2025\/04\/cartel_aLUZina_baja_resolucion-1463x2048.jpg 1463w, https:\/\/aldaia.es\/wp-content\/uploads\/2025\/04\/cartel_aLUZina_baja_resolucion-150x210.jpg 150w, https:\/\/aldaia.es\/wp-content\/uploads\/2025\/04\/cartel_aLUZina_baja_resolucion-300x420.jpg 300w, https:\/\/aldaia.es\/wp-content\/uploads\/2025\/04\/cartel_aLUZina_baja_resolucion-696x975.jpg 696w, https:\/\/aldaia.es\/wp-content\/uploads\/2025\/04\/cartel_aLUZina_baja_resolucion-1068x1495.jpg 1068w, https:\/\/aldaia.es\/wp-content\/uploads\/2025\/04\/cartel_aLUZina_baja_resolucion-1920x2688.jpg 1920w, https:\/\/aldaia.es\/wp-content\/uploads\/2025\/04\/cartel_aLUZina_baja_resolucion-scaled.jpg 1828w\" sizes=\"auto, (max-width: 731px) 100vw, 731px\" \/><\/figure>\n\n\n\n<p class=\"has-vivid-red-color has-text-color has-link-color wp-elements-b68dedcd36e2aa7501d461bd97efa997\" style=\"font-size:20px\"><\/p>\n\n\n\n<p style=\"font-size:24px\"><strong>6,7,13 y 14 de mayo de 2025<\/strong><\/p>\n\n\n\n<p style=\"font-size:20px\">Anem al teatre. Programaci\u00f3n comarcal teatro infantil y juvenil para centros educativos.<\/p>\n\n\n\n<p style=\"font-size:20px\"><strong>Voil\u00e0<\/strong>, (JM Gesti\u00f3 Cultural, Val\u00e8ncia)<\/p>\n\n\n\n<figure class=\"wp-block-image size-large\"><img loading=\"lazy\" decoding=\"async\" width=\"676\" height=\"1024\" src=\"https:\/\/aldaia.es\/wp-content\/uploads\/2025\/04\/comprimit_CARTELL-VOILA-VALENCIA-2025-676x1024.jpg\" alt=\"\" class=\"wp-image-37251\" srcset=\"https:\/\/aldaia.es\/wp-content\/uploads\/2025\/04\/comprimit_CARTELL-VOILA-VALENCIA-2025-676x1024.jpg 676w, https:\/\/aldaia.es\/wp-content\/uploads\/2025\/04\/comprimit_CARTELL-VOILA-VALENCIA-2025-198x300.jpg 198w, https:\/\/aldaia.es\/wp-content\/uploads\/2025\/04\/comprimit_CARTELL-VOILA-VALENCIA-2025-768x1164.jpg 768w, https:\/\/aldaia.es\/wp-content\/uploads\/2025\/04\/comprimit_CARTELL-VOILA-VALENCIA-2025-1014x1536.jpg 1014w, https:\/\/aldaia.es\/wp-content\/uploads\/2025\/04\/comprimit_CARTELL-VOILA-VALENCIA-2025-1352x2048.jpg 1352w, https:\/\/aldaia.es\/wp-content\/uploads\/2025\/04\/comprimit_CARTELL-VOILA-VALENCIA-2025-150x227.jpg 150w, https:\/\/aldaia.es\/wp-content\/uploads\/2025\/04\/comprimit_CARTELL-VOILA-VALENCIA-2025-300x455.jpg 300w, https:\/\/aldaia.es\/wp-content\/uploads\/2025\/04\/comprimit_CARTELL-VOILA-VALENCIA-2025-696x1055.jpg 696w, https:\/\/aldaia.es\/wp-content\/uploads\/2025\/04\/comprimit_CARTELL-VOILA-VALENCIA-2025-1068x1618.jpg 1068w, https:\/\/aldaia.es\/wp-content\/uploads\/2025\/04\/comprimit_CARTELL-VOILA-VALENCIA-2025.jpg 1654w\" sizes=\"auto, (max-width: 676px) 100vw, 676px\" \/><\/figure>\n\n\n\n<p style=\"font-size:20px\"><strong>El fantasma mentider<\/strong>, (El Cau de l&#8217;Unicorn, Barcelona)<\/p>\n\n\n\n<figure class=\"wp-block-image size-large is-resized\"><img loading=\"lazy\" decoding=\"async\" width=\"1024\" height=\"630\" src=\"https:\/\/aldaia.es\/wp-content\/uploads\/2025\/04\/El-fantasma-mentider-El-cau-de-lunicorn-Foto-5-alta-1024x630.jpg\" alt=\"\" class=\"wp-image-37253\" style=\"width:748px;height:auto\" srcset=\"https:\/\/aldaia.es\/wp-content\/uploads\/2025\/04\/El-fantasma-mentider-El-cau-de-lunicorn-Foto-5-alta-1024x630.jpg 1024w, https:\/\/aldaia.es\/wp-content\/uploads\/2025\/04\/El-fantasma-mentider-El-cau-de-lunicorn-Foto-5-alta-300x185.jpg 300w, https:\/\/aldaia.es\/wp-content\/uploads\/2025\/04\/El-fantasma-mentider-El-cau-de-lunicorn-Foto-5-alta-768x473.jpg 768w, https:\/\/aldaia.es\/wp-content\/uploads\/2025\/04\/El-fantasma-mentider-El-cau-de-lunicorn-Foto-5-alta-1536x946.jpg 1536w, https:\/\/aldaia.es\/wp-content\/uploads\/2025\/04\/El-fantasma-mentider-El-cau-de-lunicorn-Foto-5-alta-150x92.jpg 150w, https:\/\/aldaia.es\/wp-content\/uploads\/2025\/04\/El-fantasma-mentider-El-cau-de-lunicorn-Foto-5-alta-696x428.jpg 696w, https:\/\/aldaia.es\/wp-content\/uploads\/2025\/04\/El-fantasma-mentider-El-cau-de-lunicorn-Foto-5-alta-1068x657.jpg 1068w, https:\/\/aldaia.es\/wp-content\/uploads\/2025\/04\/El-fantasma-mentider-El-cau-de-lunicorn-Foto-5-alta-1920x1182.jpg 1920w, https:\/\/aldaia.es\/wp-content\/uploads\/2025\/04\/El-fantasma-mentider-El-cau-de-lunicorn-Foto-5-alta.jpg 2029w\" sizes=\"auto, (max-width: 1024px) 100vw, 1024px\" \/><\/figure>\n\n\n\n<p style=\"font-size:30px\"><strong>16 mayo\u201cL\u2019Esclat\u201d 5\u00e9 festival de dansa<\/strong><\/p>\n\n\n\n<p><span style=\"font-size: 16.5pt\">La<strong> DANZA <\/strong>inundar\u00e1 la calle y diferentes espacios de exhibici\u00f3n continua e innovadora. Aldaia ser\u00e1 capital de la danza por un d\u00eda!<\/span><\/p>\n\n\n\n<p style=\"font-size:22px\">Arrancaremos en el hall del TAMA. A continuaci\u00f3n en la alameda de la Av. De la M\u00fasica y luego en la explanada frente al TAMA.<\/p>\n<\/div>\n<\/div>\n\n\n\n<figure class=\"wp-block-image size-large is-resized\"><img loading=\"lazy\" decoding=\"async\" width=\"707\" height=\"1024\" src=\"https:\/\/aldaia.es\/wp-content\/uploads\/2025\/05\/CARTELL_ESCLAT_-MODIFICAT1-707x1024.jpg\" alt=\"\" class=\"wp-image-37391\" style=\"width:728px;height:auto\" srcset=\"https:\/\/aldaia.es\/wp-content\/uploads\/2025\/05\/CARTELL_ESCLAT_-MODIFICAT1-707x1024.jpg 707w, https:\/\/aldaia.es\/wp-content\/uploads\/2025\/05\/CARTELL_ESCLAT_-MODIFICAT1-207x300.jpg 207w, https:\/\/aldaia.es\/wp-content\/uploads\/2025\/05\/CARTELL_ESCLAT_-MODIFICAT1-768x1112.jpg 768w, https:\/\/aldaia.es\/wp-content\/uploads\/2025\/05\/CARTELL_ESCLAT_-MODIFICAT1-1060x1536.jpg 1060w, https:\/\/aldaia.es\/wp-content\/uploads\/2025\/05\/CARTELL_ESCLAT_-MODIFICAT1-1414x2048.jpg 1414w, https:\/\/aldaia.es\/wp-content\/uploads\/2025\/05\/CARTELL_ESCLAT_-MODIFICAT1-150x217.jpg 150w, https:\/\/aldaia.es\/wp-content\/uploads\/2025\/05\/CARTELL_ESCLAT_-MODIFICAT1-300x435.jpg 300w, https:\/\/aldaia.es\/wp-content\/uploads\/2025\/05\/CARTELL_ESCLAT_-MODIFICAT1-696x1008.jpg 696w, https:\/\/aldaia.es\/wp-content\/uploads\/2025\/05\/CARTELL_ESCLAT_-MODIFICAT1-1068x1547.jpg 1068w, https:\/\/aldaia.es\/wp-content\/uploads\/2025\/05\/CARTELL_ESCLAT_-MODIFICAT1-1920x2781.jpg 1920w, https:\/\/aldaia.es\/wp-content\/uploads\/2025\/05\/CARTELL_ESCLAT_-MODIFICAT1-scaled.jpg 1767w\" sizes=\"auto, (max-width: 707px) 100vw, 707px\" \/><\/figure>\n\n\n\n<p style=\"font-size:22px\"><strong>Mukuki<\/strong>, (Cristina G\u00f3mez, Val\u00e8ncia), 17:30h Alameda<\/p>\n\n\n\n<figure class=\"wp-block-image size-large\"><img loading=\"lazy\" decoding=\"async\" width=\"724\" height=\"1024\" src=\"https:\/\/aldaia.es\/wp-content\/uploads\/2025\/04\/Enambar-Danza-Mukuki-724x1024.jpg\" alt=\"\" class=\"wp-image-37263\" srcset=\"https:\/\/aldaia.es\/wp-content\/uploads\/2025\/04\/Enambar-Danza-Mukuki-724x1024.jpg 724w, https:\/\/aldaia.es\/wp-content\/uploads\/2025\/04\/Enambar-Danza-Mukuki-212x300.jpg 212w, https:\/\/aldaia.es\/wp-content\/uploads\/2025\/04\/Enambar-Danza-Mukuki-768x1086.jpg 768w, https:\/\/aldaia.es\/wp-content\/uploads\/2025\/04\/Enambar-Danza-Mukuki-150x212.jpg 150w, https:\/\/aldaia.es\/wp-content\/uploads\/2025\/04\/Enambar-Danza-Mukuki-300x424.jpg 300w, https:\/\/aldaia.es\/wp-content\/uploads\/2025\/04\/Enambar-Danza-Mukuki-696x984.jpg 696w, https:\/\/aldaia.es\/wp-content\/uploads\/2025\/04\/Enambar-Danza-Mukuki.jpg 842w\" sizes=\"auto, (max-width: 724px) 100vw, 724px\" \/><\/figure>\n\n\n\n<p style=\"font-size:22px\"><strong>Anto\u00f1ita<\/strong> (Irene de la Rosa, Val\u00e8ncia), 18:30h hall del TAMA<\/p>\n\n\n\n<figure class=\"wp-block-image size-large\"><img loading=\"lazy\" decoding=\"async\" width=\"724\" height=\"1024\" src=\"https:\/\/aldaia.es\/wp-content\/uploads\/2025\/04\/Irene-de-la-Rosa-Antonita-724x1024.jpg\" alt=\"\" class=\"wp-image-37265\" srcset=\"https:\/\/aldaia.es\/wp-content\/uploads\/2025\/04\/Irene-de-la-Rosa-Antonita-724x1024.jpg 724w, https:\/\/aldaia.es\/wp-content\/uploads\/2025\/04\/Irene-de-la-Rosa-Antonita-212x300.jpg 212w, https:\/\/aldaia.es\/wp-content\/uploads\/2025\/04\/Irene-de-la-Rosa-Antonita-768x1086.jpg 768w, https:\/\/aldaia.es\/wp-content\/uploads\/2025\/04\/Irene-de-la-Rosa-Antonita-150x212.jpg 150w, https:\/\/aldaia.es\/wp-content\/uploads\/2025\/04\/Irene-de-la-Rosa-Antonita-300x424.jpg 300w, https:\/\/aldaia.es\/wp-content\/uploads\/2025\/04\/Irene-de-la-Rosa-Antonita-696x984.jpg 696w, https:\/\/aldaia.es\/wp-content\/uploads\/2025\/04\/Irene-de-la-Rosa-Antonita.jpg 842w\" sizes=\"auto, (max-width: 724px) 100vw, 724px\" \/><\/figure>\n\n\n\n<p style=\"font-size:22px\"><strong>Efecto Siam<\/strong> (Colectivo Sin Par, Val\u00e8ncia), 19h Explanada frente del TAMA<\/p>\n\n\n\n<figure class=\"wp-block-image size-large\"><img loading=\"lazy\" decoding=\"async\" width=\"724\" height=\"1024\" src=\"https:\/\/aldaia.es\/wp-content\/uploads\/2025\/04\/Colectivo-SinPar-Efecto-Siam-724x1024.jpg\" alt=\"\" class=\"wp-image-37267\" srcset=\"https:\/\/aldaia.es\/wp-content\/uploads\/2025\/04\/Colectivo-SinPar-Efecto-Siam-724x1024.jpg 724w, https:\/\/aldaia.es\/wp-content\/uploads\/2025\/04\/Colectivo-SinPar-Efecto-Siam-212x300.jpg 212w, https:\/\/aldaia.es\/wp-content\/uploads\/2025\/04\/Colectivo-SinPar-Efecto-Siam-768x1086.jpg 768w, https:\/\/aldaia.es\/wp-content\/uploads\/2025\/04\/Colectivo-SinPar-Efecto-Siam-150x212.jpg 150w, https:\/\/aldaia.es\/wp-content\/uploads\/2025\/04\/Colectivo-SinPar-Efecto-Siam-300x424.jpg 300w, https:\/\/aldaia.es\/wp-content\/uploads\/2025\/04\/Colectivo-SinPar-Efecto-Siam-696x984.jpg 696w, https:\/\/aldaia.es\/wp-content\/uploads\/2025\/04\/Colectivo-SinPar-Efecto-Siam.jpg 842w\" sizes=\"auto, (max-width: 724px) 100vw, 724px\" \/><\/figure>\n\n\n\n<p style=\"font-size:22px\"><strong>Zenez <\/strong>(Fil d&#8217;arena,Val\u00e8ncia), 19:15h Explanada frente al TAMA<\/p>\n\n\n\n<figure class=\"wp-block-image size-large\"><img loading=\"lazy\" decoding=\"async\" width=\"724\" height=\"1024\" src=\"https:\/\/aldaia.es\/wp-content\/uploads\/2025\/04\/Fil-dArena-Zenez-724x1024.jpg\" alt=\"\" class=\"wp-image-37269\" srcset=\"https:\/\/aldaia.es\/wp-content\/uploads\/2025\/04\/Fil-dArena-Zenez-724x1024.jpg 724w, https:\/\/aldaia.es\/wp-content\/uploads\/2025\/04\/Fil-dArena-Zenez-212x300.jpg 212w, https:\/\/aldaia.es\/wp-content\/uploads\/2025\/04\/Fil-dArena-Zenez-768x1086.jpg 768w, https:\/\/aldaia.es\/wp-content\/uploads\/2025\/04\/Fil-dArena-Zenez-150x212.jpg 150w, https:\/\/aldaia.es\/wp-content\/uploads\/2025\/04\/Fil-dArena-Zenez-300x424.jpg 300w, https:\/\/aldaia.es\/wp-content\/uploads\/2025\/04\/Fil-dArena-Zenez-696x984.jpg 696w, https:\/\/aldaia.es\/wp-content\/uploads\/2025\/04\/Fil-dArena-Zenez.jpg 842w\" sizes=\"auto, (max-width: 724px) 100vw, 724px\" \/><\/figure>\n\n\n\n<p style=\"font-size:22px\"><strong>19 al 23 de mayo de 2025<\/strong><\/p>\n\n\n\n<p style=\"font-size:20px\">Setmana de les persones majors<\/p>\n\n\n\n<p class=\"has-black-color has-text-color has-link-color wp-elements-5319980dd1e1727b19e4653e6081e9bd\" style=\"font-size:51px\">ABRIL<\/p>\n\n\n\n<p style=\"font-size:22px\"><strong>4 abril.&nbsp; IMPULSO Mayumana(Madrid).<\/strong><\/p>\n\n\n\n<p style=\"font-size:22px\">Con el espect\u00e1culo \u201cIMPULSO\u201d, la compa\u00f1\u00eda Mayumana (Madrid) visita lo TAMA por segunda vez. Maymana es un c\u00f3ctel explosivo de baile, ritmo, luces, m\u00fasica y humor. A disfrutar con energ\u00eda superlativa<\/p>\n\n\n\n<figure class=\"wp-block-image size-large\"><img loading=\"lazy\" decoding=\"async\" width=\"697\" height=\"1024\" src=\"https:\/\/aldaia.es\/wp-content\/uploads\/2025\/03\/Comprimit-XARXES_impulso_carte\u00b4l-697x1024.jpg\" alt=\"\" class=\"wp-image-36687\" srcset=\"https:\/\/aldaia.es\/wp-content\/uploads\/2025\/03\/Comprimit-XARXES_impulso_carte\u00b4l-697x1024.jpg 697w, https:\/\/aldaia.es\/wp-content\/uploads\/2025\/03\/Comprimit-XARXES_impulso_carte\u00b4l-204x300.jpg 204w, https:\/\/aldaia.es\/wp-content\/uploads\/2025\/03\/Comprimit-XARXES_impulso_carte\u00b4l-768x1129.jpg 768w, https:\/\/aldaia.es\/wp-content\/uploads\/2025\/03\/Comprimit-XARXES_impulso_carte\u00b4l-1045x1536.jpg 1045w, https:\/\/aldaia.es\/wp-content\/uploads\/2025\/03\/Comprimit-XARXES_impulso_carte\u00b4l-1393x2048.jpg 1393w, https:\/\/aldaia.es\/wp-content\/uploads\/2025\/03\/Comprimit-XARXES_impulso_carte\u00b4l-150x220.jpg 150w, https:\/\/aldaia.es\/wp-content\/uploads\/2025\/03\/Comprimit-XARXES_impulso_carte\u00b4l-300x441.jpg 300w, https:\/\/aldaia.es\/wp-content\/uploads\/2025\/03\/Comprimit-XARXES_impulso_carte\u00b4l-696x1023.jpg 696w, https:\/\/aldaia.es\/wp-content\/uploads\/2025\/03\/Comprimit-XARXES_impulso_carte\u00b4l-1068x1570.jpg 1068w, https:\/\/aldaia.es\/wp-content\/uploads\/2025\/03\/Comprimit-XARXES_impulso_carte\u00b4l-scaled.jpg 1742w\" sizes=\"auto, (max-width: 697px) 100vw, 697px\" \/><\/figure>\n\n\n\n<p style=\"font-size:22px\"><strong>5 abril<\/strong>. Final y partido de exhibici\u00f3n de la XX Liga de Improvisaci\u00f3 \u201925. IMPROU y la Escuela Municipal de Teatro de Aldaia(EMTA).<\/p>\n\n\n\n<p style=\"font-size:22px\">Direcci\u00f3n y organizaci\u00f3n a cargo del colectivo IMPROU y con la colaboraci\u00f3n de la Escuela Municipal de Teatro de Aldaia (EMTA). Iluminaci\u00f3n espectacular a cargo del equipo t\u00e9cnico del TAMA. Si has sido seguidor o seguidora de la Liga no te puedes perder este encuentro final lleno de emociones y muchas sorpresas.<\/p>\n\n\n\n<figure class=\"wp-block-image size-large is-resized\"><img loading=\"lazy\" decoding=\"async\" width=\"1024\" height=\"1024\" src=\"https:\/\/aldaia.es\/wp-content\/uploads\/2025\/03\/LLiga-Improu-1-1024x1024.jpg\" alt=\"\" class=\"wp-image-36689\" style=\"width:636px;height:auto\" srcset=\"https:\/\/aldaia.es\/wp-content\/uploads\/2025\/03\/LLiga-Improu-1-1024x1024.jpg 1024w, https:\/\/aldaia.es\/wp-content\/uploads\/2025\/03\/LLiga-Improu-1-300x300.jpg 300w, https:\/\/aldaia.es\/wp-content\/uploads\/2025\/03\/LLiga-Improu-1-150x150.jpg 150w, https:\/\/aldaia.es\/wp-content\/uploads\/2025\/03\/LLiga-Improu-1-768x768.jpg 768w, https:\/\/aldaia.es\/wp-content\/uploads\/2025\/03\/LLiga-Improu-1-696x696.jpg 696w, https:\/\/aldaia.es\/wp-content\/uploads\/2025\/03\/LLiga-Improu-1-1068x1068.jpg 1068w, https:\/\/aldaia.es\/wp-content\/uploads\/2025\/03\/LLiga-Improu-1.jpg 1279w\" sizes=\"auto, (max-width: 1024px) 100vw, 1024px\" \/><\/figure>\n\n\n\n<p style=\"font-size:22px\"><strong>8 abril<\/strong>. Cabrafotuda (Influencer valenciano)<\/p>\n\n\n\n<p style=\"font-size:22px\">Desde la Oficina Municipal de Promoci\u00f3 del Valenci\u00e0 y el p\u00fablico de los institutos nos encontramos y charlamos con Cabrofotuda.<\/p>\n\n\n\n<figure class=\"wp-block-image size-full is-resized\"><img loading=\"lazy\" decoding=\"async\" width=\"1810\" height=\"2560\" src=\"https:\/\/aldaia.es\/wp-content\/uploads\/2025\/03\/Sobre_Mi_cabra2-scaled-1.jpg\" alt=\"\" class=\"wp-image-36693\" style=\"width:645px;height:auto\" srcset=\"https:\/\/aldaia.es\/wp-content\/uploads\/2025\/03\/Sobre_Mi_cabra2-scaled-1.jpg 1810w, https:\/\/aldaia.es\/wp-content\/uploads\/2025\/03\/Sobre_Mi_cabra2-scaled-1-212x300.jpg 212w, https:\/\/aldaia.es\/wp-content\/uploads\/2025\/03\/Sobre_Mi_cabra2-scaled-1-724x1024.jpg 724w, https:\/\/aldaia.es\/wp-content\/uploads\/2025\/03\/Sobre_Mi_cabra2-scaled-1-768x1086.jpg 768w, https:\/\/aldaia.es\/wp-content\/uploads\/2025\/03\/Sobre_Mi_cabra2-scaled-1-1086x1536.jpg 1086w, https:\/\/aldaia.es\/wp-content\/uploads\/2025\/03\/Sobre_Mi_cabra2-scaled-1-1448x2048.jpg 1448w, https:\/\/aldaia.es\/wp-content\/uploads\/2025\/03\/Sobre_Mi_cabra2-scaled-1-150x212.jpg 150w, https:\/\/aldaia.es\/wp-content\/uploads\/2025\/03\/Sobre_Mi_cabra2-scaled-1-300x424.jpg 300w, https:\/\/aldaia.es\/wp-content\/uploads\/2025\/03\/Sobre_Mi_cabra2-scaled-1-696x984.jpg 696w, https:\/\/aldaia.es\/wp-content\/uploads\/2025\/03\/Sobre_Mi_cabra2-scaled-1-1068x1511.jpg 1068w\" sizes=\"auto, (max-width: 1810px) 100vw, 1810px\" \/><\/figure>\n\n\n\n<p style=\"font-size:22px\"><strong>11 abril<\/strong>. Gala de los 1. (19 horas).<br><br>Reconocimiento a los artistas fallas ganadores del premio a la mejor falla de cada poblaci\u00f3n.<\/p>\n\n\n\n<figure class=\"wp-block-image size-large\"><img loading=\"lazy\" decoding=\"async\" width=\"724\" height=\"1024\" src=\"https:\/\/aldaia.es\/wp-content\/uploads\/2025\/03\/Gala-dels-1-724x1024.jpg\" alt=\"\" class=\"wp-image-36698\" srcset=\"https:\/\/aldaia.es\/wp-content\/uploads\/2025\/03\/Gala-dels-1-724x1024.jpg 724w, https:\/\/aldaia.es\/wp-content\/uploads\/2025\/03\/Gala-dels-1-212x300.jpg 212w, https:\/\/aldaia.es\/wp-content\/uploads\/2025\/03\/Gala-dels-1-768x1086.jpg 768w, https:\/\/aldaia.es\/wp-content\/uploads\/2025\/03\/Gala-dels-1-1086x1536.jpg 1086w, https:\/\/aldaia.es\/wp-content\/uploads\/2025\/03\/Gala-dels-1-150x212.jpg 150w, https:\/\/aldaia.es\/wp-content\/uploads\/2025\/03\/Gala-dels-1-300x424.jpg 300w, https:\/\/aldaia.es\/wp-content\/uploads\/2025\/03\/Gala-dels-1-696x985.jpg 696w, https:\/\/aldaia.es\/wp-content\/uploads\/2025\/03\/Gala-dels-1-1068x1511.jpg 1068w, https:\/\/aldaia.es\/wp-content\/uploads\/2025\/03\/Gala-dels-1.jpg 1131w\" sizes=\"auto, (max-width: 724px) 100vw, 724px\" \/><\/figure>\n\n\n\n<h2 class=\"wp-block-heading has-larger-font-size\">Marzo<\/h2>\n\n\n\n<p><strong>2 marzo,<\/strong> La Banda Simf\u00f2nica de Dones de la FSMCV. 12 hores, m\u00fasica.<\/p>\n\n\n\n<figure class=\"wp-block-image size-large\"><img loading=\"lazy\" decoding=\"async\" width=\"728\" height=\"1024\" src=\"https:\/\/aldaia.es\/wp-content\/uploads\/2025\/03\/CARTELL-BANDA-DONES-FSMCV-728x1024.png\" alt=\"\" class=\"wp-image-36236\" srcset=\"https:\/\/aldaia.es\/wp-content\/uploads\/2025\/03\/CARTELL-BANDA-DONES-FSMCV-728x1024.png 728w, https:\/\/aldaia.es\/wp-content\/uploads\/2025\/03\/CARTELL-BANDA-DONES-FSMCV-213x300.png 213w, https:\/\/aldaia.es\/wp-content\/uploads\/2025\/03\/CARTELL-BANDA-DONES-FSMCV-768x1080.png 768w, https:\/\/aldaia.es\/wp-content\/uploads\/2025\/03\/CARTELL-BANDA-DONES-FSMCV-1092x1536.png 1092w, https:\/\/aldaia.es\/wp-content\/uploads\/2025\/03\/CARTELL-BANDA-DONES-FSMCV-1457x2048.png 1457w, https:\/\/aldaia.es\/wp-content\/uploads\/2025\/03\/CARTELL-BANDA-DONES-FSMCV-150x211.png 150w, https:\/\/aldaia.es\/wp-content\/uploads\/2025\/03\/CARTELL-BANDA-DONES-FSMCV-300x422.png 300w, https:\/\/aldaia.es\/wp-content\/uploads\/2025\/03\/CARTELL-BANDA-DONES-FSMCV-696x979.png 696w, https:\/\/aldaia.es\/wp-content\/uploads\/2025\/03\/CARTELL-BANDA-DONES-FSMCV-1068x1502.png 1068w, https:\/\/aldaia.es\/wp-content\/uploads\/2025\/03\/CARTELL-BANDA-DONES-FSMCV-1920x2699.png 1920w\" sizes=\"auto, (max-width: 728px) 100vw, 728px\" \/><\/figure>\n\n\n\n<p class=\"has-large-font-size\">Enlaces<\/p>\n\n\n\n<p><i class=\"fas fa-link\"><\/i> <a href=\"https:\/\/aldaia.es\/cultura\/tama-teatre-auditori\/bonic-cicle-nadalenc-de-teatre-per-a-xiquets-i-xiquetes\/\">Bonic, cicle nadalenc de teatre per a xiquets i xiquetes<\/a><\/p>\n\n\n\n<p><i class=\"fas fa-link\"><\/i> <a href=\"https:\/\/aldaia.es\/cultura\/tama-teatre-auditori\/colors-festival-escenic-al-carrer\/\">Festival Colors, Festival esc\u00e8nic al carrer<\/a><\/p>\n\n\n\n<p><i class=\"fas fa-link\"><\/i> <a href=\"https:\/\/aldaia.es\/cultura\/tama-teatre-auditori\/funcionament\/\">Funcionamiento<\/a><\/p>\n\n\n\n<p><i class=\"fas fa-link\"><\/i> <a href=\"https:\/\/aldaia.es\/cultura\/tama-teatre-auditori\/programes-singulars-propis-darts-esceniques\/\">Programas singulares propios de artes esc\u00e9niques<\/a><\/p>\n\n\n\n<p><i class=\"fas fa-link\"><\/i> <a href=\"https:\/\/aldaia.es\/wp-content\/uploads\/2026\/03\/Documentacion-TAMA-actualizada-2026.pdf\">Documentaci\u00f3n TAMA<\/a><\/p>\n\n\n\n<p><i class=\"fas fa-link\"><\/i> <a href=\"https:\/\/docs.google.com\/spreadsheets\/d\/1S-cbGnbgO-i81fr9A6W4NkVhdgx2SNjFVSap5bcVH8o\/export?format=pdf&amp;gid=107921347&amp;size=A4&amp;portrait=true&amp;fitw=true&amp;gridlines=false&amp;printtitle=false\">RIDER TAMA<\/a><\/p>\n\n\n\n<p><i class=\"fas fa-link\"><\/i> <a href=\"https:\/\/aldaia.es\/cultura\/tama-teatre-auditori\/normes-seguretat-salut-empreses-subcontractades\/\">Normas de Seguridad y Salud per a empresas subcontratadas<\/a><\/p>\n\n\n\n<p><i class=\"fas fa-link\"><\/i> <a href=\"https:\/\/aldaia.es\/cultura\/tama-teatre-auditori\/installacions-del-tama\/\">Instalaciones del TAMA<\/a><\/p>\n\n\n\n<p><i class=\"fas fa-link\"><\/i> <a href=\"https:\/\/aldaia.es\/cultura\/tama-teatre-auditori\/galeria-dimatges\/\">TAMA Galeria im\u00e1genes<\/a><\/p>\n\n\n\n<p><i class=\"fas fa-link\"><\/i> <a href=\"https:\/\/www.giglon.com\/salas?p_p_id=sala_WAR_giglonportlet_INSTANCE_H3CHFm3UBb8i&amp;p_p_lifecycle=0&amp;p_p_state=normal&amp;p_p_mode=view&amp;p_p_col_id=column-1&amp;p_p_col_count=1&amp;_sala_WAR_giglonportlet_INSTANCE_H3CHFm3UBb8i_jspPage=%2Fhtml%2Fsalaportlet%2FviewSala.jsp&amp;_sala_WAR_giglonportlet_INSTANCE_H3CHFm3UBb8i_salaId=10505&amp;_sala_WAR_giglonportlet_INSTANCE_H3CHFm3UBb8i_redirect=%2Fsalas%3FidSala%3Dtama\" target=\"_blank\" rel=\"noreferrer noopener\">Entradas Online<\/a><\/p>\n\n\n\n<div class=\"wp-block-columns is-layout-flex wp-container-core-columns-is-layout-9d6595d7 wp-block-columns-is-layout-flex\">\n<div class=\"wp-block-column is-layout-flow wp-block-column-is-layout-flow\"><\/div>\n\n\n\n<div class=\"wp-block-column is-layout-flow wp-block-column-is-layout-flow\"><\/div>\n<\/div>\n\n\n<\/div>\n<p><!-- \/wp:post-content --><\/div>\n<p><!-- \/wp:columns --><\/p>","protected":false},"excerpt":{"rendered":"<p>TAMA. Teatro Auditorio de Aldaia Aldaia es un municipio con una gran actividad cultural. La ciudad ha ido dot\u00e1ndose de unas instalaciones de calidad y configurando una programaci\u00f3n cultural permanente <a class=\"text-decoration-none text-black\" href=\"https:\/\/aldaia.es\/es\/cultura\/tama-teatro-auditorio\/\"> &#8230; <\/a><\/p>\n","protected":false},"author":21,"featured_media":0,"parent":6238,"menu_order":0,"comment_status":"closed","ping_status":"closed","template":"basic-page-departamentos.php","meta":{"_acf_changed":false,"footnotes":""},"class_list":["post-6376","page","type-page","status-publish","hentry"],"acf":[],"yoast_head":"<!-- This site is optimized with the Yoast SEO plugin v27.0 - https:\/\/yoast.com\/product\/yoast-seo-wordpress\/ -->\n<title>TAMA, teatro auditorio de Aldaia. Espect\u00e1culos de teatro y m\u00fasica.<\/title>\n<meta name=\"description\" content=\"Presentaci\u00f3n del TAMA, teatro auditorio de Aldaia. Programaciones mensuales de todos los espect\u00e1culos, teatro y conciertos de m\u00fasica.\" \/>\n<meta name=\"robots\" content=\"index, follow, max-snippet:-1, max-image-preview:large, max-video-preview:-1\" \/>\n<link rel=\"canonical\" href=\"https:\/\/aldaia.es\/es\/cultura\/tama-teatro-auditorio\/\" \/>\n<meta property=\"og:locale\" content=\"es_ES\" \/>\n<meta property=\"og:type\" content=\"article\" \/>\n<meta property=\"og:title\" content=\"TAMA, teatro auditorio de Aldaia. Espect\u00e1culos de teatro y m\u00fasica.\" \/>\n<meta property=\"og:description\" content=\"Presentaci\u00f3n del TAMA, teatro auditorio de Aldaia. Programaciones mensuales de todos los espect\u00e1culos, teatro y conciertos de m\u00fasica.\" \/>\n<meta property=\"og:url\" content=\"https:\/\/aldaia.es\/es\/cultura\/tama-teatro-auditorio\/\" \/>\n<meta property=\"og:site_name\" content=\"Ayuntamiento de Aldaia\" \/>\n<meta property=\"article:modified_time\" content=\"2026-04-08T10:10:49+00:00\" \/>\n<meta property=\"og:image\" content=\"https:\/\/aldaia.es\/wp-content\/uploads\/2025\/06\/cultura-tama-portada.jpg\" \/>\n\t<meta property=\"og:image:width\" content=\"1440\" \/>\n\t<meta property=\"og:image:height\" content=\"420\" \/>\n\t<meta property=\"og:image:type\" content=\"image\/jpeg\" \/>\n<script type=\"application\/ld+json\" class=\"yoast-schema-graph\">{\"@context\":\"https:\/\/schema.org\",\"@graph\":[{\"@type\":\"WebPage\",\"@id\":\"https:\/\/aldaia.es\/es\/cultura\/tama-teatro-auditorio\/\",\"url\":\"https:\/\/aldaia.es\/es\/cultura\/tama-teatro-auditorio\/\",\"name\":\"TAMA, teatro auditorio de Aldaia. Espect\u00e1culos de teatro y m\u00fasica.\",\"isPartOf\":{\"@id\":\"https:\/\/aldaia.es\/es\/#website\"},\"primaryImageOfPage\":{\"@id\":\"https:\/\/aldaia.es\/es\/cultura\/tama-teatro-auditorio\/#primaryimage\"},\"image\":{\"@id\":\"https:\/\/aldaia.es\/es\/cultura\/tama-teatro-auditorio\/#primaryimage\"},\"thumbnailUrl\":\"https:\/\/aldaia.es\/wp-content\/uploads\/2025\/06\/cultura-tama-portada.jpg\",\"datePublished\":\"2022-08-25T09:22:10+00:00\",\"dateModified\":\"2026-04-08T10:10:49+00:00\",\"description\":\"Presentaci\u00f3n del TAMA, teatro auditorio de Aldaia. Programaciones mensuales de todos los espect\u00e1culos, teatro y conciertos de m\u00fasica.\",\"breadcrumb\":{\"@id\":\"https:\/\/aldaia.es\/es\/cultura\/tama-teatro-auditorio\/#breadcrumb\"},\"inLanguage\":\"es\",\"potentialAction\":[{\"@type\":\"ReadAction\",\"target\":[\"https:\/\/aldaia.es\/es\/cultura\/tama-teatro-auditorio\/\"]}]},{\"@type\":\"ImageObject\",\"inLanguage\":\"es\",\"@id\":\"https:\/\/aldaia.es\/es\/cultura\/tama-teatro-auditorio\/#primaryimage\",\"url\":\"https:\/\/aldaia.es\/wp-content\/uploads\/2025\/06\/cultura-tama-portada.jpg\",\"contentUrl\":\"https:\/\/aldaia.es\/wp-content\/uploads\/2025\/06\/cultura-tama-portada.jpg\"},{\"@type\":\"BreadcrumbList\",\"@id\":\"https:\/\/aldaia.es\/es\/cultura\/tama-teatro-auditorio\/#breadcrumb\",\"itemListElement\":[{\"@type\":\"ListItem\",\"position\":1,\"name\":\"Portada\",\"item\":\"https:\/\/aldaia.es\/es\/\"},{\"@type\":\"ListItem\",\"position\":2,\"name\":\"Cultura\",\"item\":\"https:\/\/aldaia.es\/es\/cultura\/\"},{\"@type\":\"ListItem\",\"position\":3,\"name\":\"TAMA. Teatro Auditorio de Aldaia\"}]},{\"@type\":\"WebSite\",\"@id\":\"https:\/\/aldaia.es\/es\/#website\",\"url\":\"https:\/\/aldaia.es\/es\/\",\"name\":\"Ajuntament D'Aldaia\",\"description\":\"\",\"publisher\":{\"@id\":\"https:\/\/aldaia.es\/es\/#organization\"},\"alternateName\":\"Ajuntament D'Aldaia\",\"potentialAction\":[{\"@type\":\"SearchAction\",\"target\":{\"@type\":\"EntryPoint\",\"urlTemplate\":\"https:\/\/aldaia.es\/es\/?s={search_term_string}\"},\"query-input\":{\"@type\":\"PropertyValueSpecification\",\"valueRequired\":true,\"valueName\":\"search_term_string\"}}],\"inLanguage\":\"es\"},{\"@type\":\"Organization\",\"@id\":\"https:\/\/aldaia.es\/es\/#organization\",\"name\":\"Ajuntament D'Aldaia\",\"url\":\"https:\/\/aldaia.es\/es\/\",\"logo\":{\"@type\":\"ImageObject\",\"inLanguage\":\"es\",\"@id\":\"https:\/\/aldaia.es\/es\/#\/schema\/logo\/image\/\",\"url\":\"https:\/\/aldaia.es\/wp-content\/uploads\/2022\/06\/aldaia-negro-1.png\",\"contentUrl\":\"https:\/\/aldaia.es\/wp-content\/uploads\/2022\/06\/aldaia-negro-1.png\",\"width\":152,\"height\":70,\"caption\":\"Ajuntament D'Aldaia\"},\"image\":{\"@id\":\"https:\/\/aldaia.es\/es\/#\/schema\/logo\/image\/\"}}]}<\/script>\n<!-- \/ Yoast SEO plugin. -->","yoast_head_json":{"title":"TAMA, teatro auditorio de Aldaia. Espect\u00e1culos de teatro y m\u00fasica.","description":"Presentaci\u00f3n del TAMA, teatro auditorio de Aldaia. Programaciones mensuales de todos los espect\u00e1culos, teatro y conciertos de m\u00fasica.","robots":{"index":"index","follow":"follow","max-snippet":"max-snippet:-1","max-image-preview":"max-image-preview:large","max-video-preview":"max-video-preview:-1"},"canonical":"https:\/\/aldaia.es\/es\/cultura\/tama-teatro-auditorio\/","og_locale":"es_ES","og_type":"article","og_title":"TAMA, teatro auditorio de Aldaia. Espect\u00e1culos de teatro y m\u00fasica.","og_description":"Presentaci\u00f3n del TAMA, teatro auditorio de Aldaia. Programaciones mensuales de todos los espect\u00e1culos, teatro y conciertos de m\u00fasica.","og_url":"https:\/\/aldaia.es\/es\/cultura\/tama-teatro-auditorio\/","og_site_name":"Ayuntamiento de Aldaia","article_modified_time":"2026-04-08T10:10:49+00:00","og_image":[{"width":1440,"height":420,"url":"https:\/\/aldaia.es\/wp-content\/uploads\/2025\/06\/cultura-tama-portada.jpg","type":"image\/jpeg"}],"schema":{"@context":"https:\/\/schema.org","@graph":[{"@type":"WebPage","@id":"https:\/\/aldaia.es\/es\/cultura\/tama-teatro-auditorio\/","url":"https:\/\/aldaia.es\/es\/cultura\/tama-teatro-auditorio\/","name":"TAMA, teatro auditorio de Aldaia. Espect\u00e1culos de teatro y m\u00fasica.","isPartOf":{"@id":"https:\/\/aldaia.es\/es\/#website"},"primaryImageOfPage":{"@id":"https:\/\/aldaia.es\/es\/cultura\/tama-teatro-auditorio\/#primaryimage"},"image":{"@id":"https:\/\/aldaia.es\/es\/cultura\/tama-teatro-auditorio\/#primaryimage"},"thumbnailUrl":"https:\/\/aldaia.es\/wp-content\/uploads\/2025\/06\/cultura-tama-portada.jpg","datePublished":"2022-08-25T09:22:10+00:00","dateModified":"2026-04-08T10:10:49+00:00","description":"Presentaci\u00f3n del TAMA, teatro auditorio de Aldaia. Programaciones mensuales de todos los espect\u00e1culos, teatro y conciertos de m\u00fasica.","breadcrumb":{"@id":"https:\/\/aldaia.es\/es\/cultura\/tama-teatro-auditorio\/#breadcrumb"},"inLanguage":"es","potentialAction":[{"@type":"ReadAction","target":["https:\/\/aldaia.es\/es\/cultura\/tama-teatro-auditorio\/"]}]},{"@type":"ImageObject","inLanguage":"es","@id":"https:\/\/aldaia.es\/es\/cultura\/tama-teatro-auditorio\/#primaryimage","url":"https:\/\/aldaia.es\/wp-content\/uploads\/2025\/06\/cultura-tama-portada.jpg","contentUrl":"https:\/\/aldaia.es\/wp-content\/uploads\/2025\/06\/cultura-tama-portada.jpg"},{"@type":"BreadcrumbList","@id":"https:\/\/aldaia.es\/es\/cultura\/tama-teatro-auditorio\/#breadcrumb","itemListElement":[{"@type":"ListItem","position":1,"name":"Portada","item":"https:\/\/aldaia.es\/es\/"},{"@type":"ListItem","position":2,"name":"Cultura","item":"https:\/\/aldaia.es\/es\/cultura\/"},{"@type":"ListItem","position":3,"name":"TAMA. Teatro Auditorio de Aldaia"}]},{"@type":"WebSite","@id":"https:\/\/aldaia.es\/es\/#website","url":"https:\/\/aldaia.es\/es\/","name":"Ajuntament D'Aldaia","description":"","publisher":{"@id":"https:\/\/aldaia.es\/es\/#organization"},"alternateName":"Ajuntament D'Aldaia","potentialAction":[{"@type":"SearchAction","target":{"@type":"EntryPoint","urlTemplate":"https:\/\/aldaia.es\/es\/?s={search_term_string}"},"query-input":{"@type":"PropertyValueSpecification","valueRequired":true,"valueName":"search_term_string"}}],"inLanguage":"es"},{"@type":"Organization","@id":"https:\/\/aldaia.es\/es\/#organization","name":"Ajuntament D'Aldaia","url":"https:\/\/aldaia.es\/es\/","logo":{"@type":"ImageObject","inLanguage":"es","@id":"https:\/\/aldaia.es\/es\/#\/schema\/logo\/image\/","url":"https:\/\/aldaia.es\/wp-content\/uploads\/2022\/06\/aldaia-negro-1.png","contentUrl":"https:\/\/aldaia.es\/wp-content\/uploads\/2022\/06\/aldaia-negro-1.png","width":152,"height":70,"caption":"Ajuntament D'Aldaia"},"image":{"@id":"https:\/\/aldaia.es\/es\/#\/schema\/logo\/image\/"}}]}},"_links":{"self":[{"href":"https:\/\/aldaia.es\/es\/wp-json\/wp\/v2\/pages\/6376","targetHints":{"allow":["GET"]}}],"collection":[{"href":"https:\/\/aldaia.es\/es\/wp-json\/wp\/v2\/pages"}],"about":[{"href":"https:\/\/aldaia.es\/es\/wp-json\/wp\/v2\/types\/page"}],"author":[{"embeddable":true,"href":"https:\/\/aldaia.es\/es\/wp-json\/wp\/v2\/users\/21"}],"replies":[{"embeddable":true,"href":"https:\/\/aldaia.es\/es\/wp-json\/wp\/v2\/comments?post=6376"}],"version-history":[{"count":148,"href":"https:\/\/aldaia.es\/es\/wp-json\/wp\/v2\/pages\/6376\/revisions"}],"predecessor-version":[{"id":41496,"href":"https:\/\/aldaia.es\/es\/wp-json\/wp\/v2\/pages\/6376\/revisions\/41496"}],"up":[{"embeddable":true,"href":"https:\/\/aldaia.es\/es\/wp-json\/wp\/v2\/pages\/6238"}],"wp:attachment":[{"href":"https:\/\/aldaia.es\/es\/wp-json\/wp\/v2\/media?parent=6376"}],"curies":[{"name":"wp","href":"https:\/\/api.w.org\/{rel}","templated":true}]}}