{"id":6377,"date":"2022-08-31T11:29:45","date_gmt":"2022-08-31T09:29:45","guid":{"rendered":"https:\/\/aldaia.eu\/cultura\/tama-teatro-auditorio\/funcionamiento\/"},"modified":"2024-09-13T09:03:46","modified_gmt":"2024-09-13T07:03:46","slug":"funcionamiento","status":"publish","type":"page","link":"https:\/\/aldaia.es\/es\/cultura\/tama-teatro-auditorio\/funcionamiento\/","title":{"rendered":"Funcionamiento"},"content":{"rendered":"\n<div class=\"wp-block-columns dep-cultura is-layout-flex wp-container-core-columns-is-layout-9d6595d7 wp-block-columns-is-layout-flex\">\n<div class=\"wp-block-column is-layout-flow wp-block-column-is-layout-flow\" style=\"flex-basis:30%\"><!--  Info cultura TAMA -->\n\n \n\n<div class='bloque-infos-cultura-tama wrapper-departamentos'>\n<p class=\"tit-bloque-infos\">Localizaci\u00f3n TAMA<\/p>\n        <div class='infos-departamento'>\n            <p>Av. de la M\u00fasica, 11, 46960 Aldaia, Valencia, Espa\u00f1a. Acceso por calle Cuarto s\/n.<\/p>\n            <p><i class=\"fa fa-phone\" aria-hidden=\"true\"><\/i> <a href=\"tel:+34961988406\">+34 96 198 84 06<\/a><\/p>\n            <p><i class=\"fas fa-envelope\"><\/i> <a href=\"mailto:flopez@ajuntamentaldaia.org\">flopez@ajuntamentaldaia.org<\/a><\/p>\n            <p><i class=\"fas fa-envelope\"><\/i> <a href=\"mailto:agarcera@ajuntamentaldaia.org\">agarcera@ajuntamentaldaia.org<\/a><\/p>\n            <p><i class=\"fas fa-envelope\"><\/i> <a href=\"mailto:cultura@ajuntamentaldaia.org\">cultura@ajuntamentaldaia.org<\/a><\/p>\n        <\/div>\n\n        <div class='mapa-1'>\n        <iframe src=\"https:\/\/www.google.com\/maps\/embed?pb=!1m14!1m8!1m3!1d1220.9579746302354!2d-0.45720314031949144!3d39.46531419902647!3m2!1i1024!2i768!4f13.1!3m3!1m2!1s0xd605018834c3113%3A0x18b8f585c8e09c91!2sTAMA%20%E2%80%94%20Teatro%20Auditorio%20Municipal%20de%20Aldaia!5e0!3m2!1ses!2sus!4v1725979334211!5m2!1ses!2sus\" width=\"100%\" height=\"450\" style=\"border:0;\" allowfullscreen=\"\" loading=\"lazy\" referrerpolicy=\"no-referrer-when-downgrade\"><\/iframe>\n        <\/div>\n\n    <\/div>\n    <!-- end bloque infos -->\n   \n\n    \n\n\n<\/div>\n\n\n\n<div class=\"wp-block-column is-layout-flow wp-block-column-is-layout-flow\" style=\"flex-basis:70%\">\n<h1 class=\"wp-block-heading\">TAMA, Funcionamiento <\/h1>\n\n\n\n<h3 class=\"wp-block-heading\"><strong>Horario y venta de entradas<\/strong><\/h3>\n\n\n\n<p>El horario general de taquilla del TAMA es el mi\u00e9rcoles de 11:30 a 13:30 horas y de 19:00 a 21:00 horas, excepto aquellos mi\u00e9rcoles que sean festivos. El d\u00eda que exista programaci\u00f3n, la taquilla se abrir\u00e1 dos horas antes de empezar el espect\u00e1culo, excepto cuando la entrada sea gratuita que la taquilla estar\u00e1 abierta una hora antes de empezar el acto.<\/p>\n\n\n\n<h3 class=\"wp-block-heading\"><strong>Exhibici\u00f3n<\/strong><\/h3>\n\n\n\n<p>Primordialmente, el TAMA es un espacio de exhibici\u00f3n esc\u00e9nica. La programaci\u00f3n y funcionamiento del TAMA debe manifestar un equilibrio entre:<\/p>\n\n\n\n<ul class=\"wp-block-list\">\n<li>Programaci\u00f3n esc\u00e9nica: teatro, m\u00fasica, danza\u2026<\/li>\n\n\n\n<li>Programaci\u00f3n local:<br> &#8211; Escuela Municipal de Teatro de Aldaia.<br> &#8211; Entidades Musicales de Aldaia: Uni\u00f3n Musical de Aldaia, Banda Sinf\u00f3nica de Aldaia, Orfe\u00f3n de Aldaia, Escuela Coral Aubada, Scholla Cantorum de Aldaia, Asociaci\u00f3n de M\u00fasica Tradicional, Aleaci\u00f3n de Dol\u00e7ainers.<\/li>\n\n\n\n<li>Actos protocolarios.<\/li>\n\n\n\n<li>Otros actos como congresos, encuentros de orquestas y coros, festivales, ciclos\u2026<\/li>\n<\/ul>\n\n\n\n<h3 class=\"wp-block-heading\"><strong>Formaci\u00f3n<\/strong><\/h3>\n\n\n\n<p>Los aspectos formativos continuaron en la Casa de la M\u00fasica y el Teatro del Mercado, exceptuando aquellas actividades formativas (como cursos de especializaci\u00f3n dram\u00e1tica\u2026) que se consideran convenientes realizar en el aula de formaci\u00f3n \u201cBACUS\u201d del TAMA.<\/p>\n\n\n\n<h3 class=\"wp-block-heading\"><strong>Gesti\u00f3n<\/strong><\/h3>\n\n\n\n<p>Los aspectos formativos continuar\u00e1n en la Casa de la M\u00fasica y en el Teatro del Mercado, exceptuando aquellas actividades formativas (como cursos de especializaci\u00f3n dram\u00e1tica\u2026) que se considera conveniente realizar en el aula de formaci\u00f3n \u201cBACO\u201d del TAMA.<\/p>\n\n\n\n<h3 class=\"wp-block-heading\"><strong>Producci\u00f3n<\/strong><\/h3>\n\n\n\n<p>Una iniciativa a medio plazo. El TAMA puede convertirse, adem\u00e1s de en un centro de exhibici\u00f3n, en un centro de producci\u00f3n o coproducci\u00f3n de espect\u00e1culos: tanto a nivel de las compa\u00f1\u00edas de residentes, como de otras compa\u00f1\u00edas de teatro y\/o m\u00fasica, as\u00ed como de encargos concretos de espect\u00e1culos.<\/p>\n\n\n\n<h3 class=\"wp-block-heading\"><strong>Normas b\u00e1sicas del p\u00fablico<\/strong><\/h3>\n\n\n\n<ul class=\"wp-block-list\">\n<li>Puntualidad. Una vez comenzado el espect\u00e1culo no se permitir\u00e1 el acceso a la sala, por lo que se ruega puntualidad y estar pendiente de los horarios de programaci\u00f3n.<\/li>\n\n\n\n<li>Espacio libre de humos. En atenci\u00f3n a las disposiciones legales vigentes, no est\u00e1 permitido fumar en el interior del TAMA. Les rogamos que apaguen sus cigarrillos antes de acceder al Hall.<\/li>\n\n\n\n<li>Fotograf\u00edas y grabaciones. No se permite ning\u00fan tipo de grabaci\u00f3n de los espect\u00e1culos sin autorizaci\u00f3n expresa de la compa\u00f1\u00eda o del TAMA<\/li>\n\n\n\n<li>Relojes y tel\u00e9fonos m\u00f3viles. Los espectadores y espectadoras deben asegurarse de que ning\u00fan aparato emitir\u00e1 se\u00f1ales ac\u00fasticas que distraigan la atenci\u00f3n del p\u00fablico y de los int\u00e9rpretes.<\/li>\n\n\n\n<li>Cambios. Esta programaci\u00f3n est\u00e1 sujeta a posibles variaciones. Si por causas imprevistas as\u00ed se produjera, el TAMA lo anunciar\u00e1 con antelaci\u00f3n.<\/li>\n\n\n\n<li>Devoluciones. Una vez adquirida la entrada no ser\u00e1 cambiada ni se devolver\u00e1 el importe, excepto en el caso de anulaci\u00f3n del calendario de programaci\u00f3n<\/li>\n\n\n\n<li>\u00c2 Alimentos. En el interior de la sala no es posible consumir alimentos ni bebidas durante la representaci\u00f3n.<\/li>\n\n\n\n<li>Empleo. Por razones de seguridad y de evacuaci\u00f3n, la sala no puede superar su aforo y los pasillos no pueden ocuparse. El aforo total de la sala es de 712 butacas.<\/li>\n\n\n\n<li>El aforo total de la sala es de 712 butacas.<\/li>\n\n\n\n<li>Se reserva el derecho de admisi\u00f3n.<\/li>\n<\/ul>\n<\/div>\n<\/div>\n\n\n\n<p><\/p>\n","protected":false},"excerpt":{"rendered":"<p>TAMA, Funcionamiento Horario y venta de entradas El horario general de taquilla del TAMA es el mi\u00e9rcoles de 11:30 a 13:30 horas y de 19:00 a 21:00 horas, excepto aquellos <a class=\"text-decoration-none text-black\" href=\"https:\/\/aldaia.es\/es\/cultura\/tama-teatro-auditorio\/funcionamiento\/\"> &#8230; <\/a><\/p>\n","protected":false},"author":21,"featured_media":0,"parent":6376,"menu_order":0,"comment_status":"closed","ping_status":"closed","template":"basic-page-departamentos.php","meta":{"_acf_changed":false,"footnotes":""},"class_list":["post-6377","page","type-page","status-publish","hentry"],"acf":[],"yoast_head":"<!-- This site is optimized with the Yoast SEO plugin v27.0 - https:\/\/yoast.com\/product\/yoast-seo-wordpress\/ -->\n<title>Funcionamiento - Ayuntamiento de Aldaia<\/title>\n<meta name=\"description\" content=\"Venta de entradas por el TAMA, teatro auditorio de Aldaia. Informaciones de horarios, localizaci\u00f3n, formaciones y normativas.\" \/>\n<meta name=\"robots\" content=\"index, follow, max-snippet:-1, max-image-preview:large, max-video-preview:-1\" \/>\n<link rel=\"canonical\" href=\"https:\/\/aldaia.es\/es\/cultura\/tama-teatro-auditorio\/funcionamiento\/\" \/>\n<meta property=\"og:locale\" content=\"es_ES\" \/>\n<meta property=\"og:type\" content=\"article\" \/>\n<meta property=\"og:title\" content=\"Funcionamiento - Ayuntamiento de Aldaia\" \/>\n<meta property=\"og:description\" content=\"Venta de entradas por el TAMA, teatro auditorio de Aldaia. Informaciones de horarios, localizaci\u00f3n, formaciones y normativas.\" \/>\n<meta property=\"og:url\" content=\"https:\/\/aldaia.es\/es\/cultura\/tama-teatro-auditorio\/funcionamiento\/\" \/>\n<meta property=\"og:site_name\" content=\"Ayuntamiento de Aldaia\" \/>\n<meta property=\"article:modified_time\" content=\"2024-09-13T07:03:46+00:00\" \/>\n<script type=\"application\/ld+json\" class=\"yoast-schema-graph\">{\"@context\":\"https:\/\/schema.org\",\"@graph\":[{\"@type\":\"WebPage\",\"@id\":\"https:\/\/aldaia.es\/es\/cultura\/tama-teatro-auditorio\/funcionamiento\/\",\"url\":\"https:\/\/aldaia.es\/es\/cultura\/tama-teatro-auditorio\/funcionamiento\/\",\"name\":\"Funcionamiento - Ayuntamiento de Aldaia\",\"isPartOf\":{\"@id\":\"https:\/\/aldaia.es\/es\/#website\"},\"datePublished\":\"2022-08-31T09:29:45+00:00\",\"dateModified\":\"2024-09-13T07:03:46+00:00\",\"description\":\"Venta de entradas por el TAMA, teatro auditorio de Aldaia. Informaciones de horarios, localizaci\u00f3n, formaciones y normativas.\",\"breadcrumb\":{\"@id\":\"https:\/\/aldaia.es\/es\/cultura\/tama-teatro-auditorio\/funcionamiento\/#breadcrumb\"},\"inLanguage\":\"es\",\"potentialAction\":[{\"@type\":\"ReadAction\",\"target\":[\"https:\/\/aldaia.es\/es\/cultura\/tama-teatro-auditorio\/funcionamiento\/\"]}]},{\"@type\":\"BreadcrumbList\",\"@id\":\"https:\/\/aldaia.es\/es\/cultura\/tama-teatro-auditorio\/funcionamiento\/#breadcrumb\",\"itemListElement\":[{\"@type\":\"ListItem\",\"position\":1,\"name\":\"Portada\",\"item\":\"https:\/\/aldaia.es\/es\/\"},{\"@type\":\"ListItem\",\"position\":2,\"name\":\"Cultura\",\"item\":\"https:\/\/aldaia.es\/es\/cultura\/\"},{\"@type\":\"ListItem\",\"position\":3,\"name\":\"TAMA. Teatro Auditorio de Aldaia\",\"item\":\"https:\/\/aldaia.es\/es\/cultura\/tama-teatro-auditorio\/\"},{\"@type\":\"ListItem\",\"position\":4,\"name\":\"Funcionamiento\"}]},{\"@type\":\"WebSite\",\"@id\":\"https:\/\/aldaia.es\/es\/#website\",\"url\":\"https:\/\/aldaia.es\/es\/\",\"name\":\"Ajuntament D'Aldaia\",\"description\":\"\",\"publisher\":{\"@id\":\"https:\/\/aldaia.es\/es\/#organization\"},\"alternateName\":\"Ajuntament D'Aldaia\",\"potentialAction\":[{\"@type\":\"SearchAction\",\"target\":{\"@type\":\"EntryPoint\",\"urlTemplate\":\"https:\/\/aldaia.es\/es\/?s={search_term_string}\"},\"query-input\":{\"@type\":\"PropertyValueSpecification\",\"valueRequired\":true,\"valueName\":\"search_term_string\"}}],\"inLanguage\":\"es\"},{\"@type\":\"Organization\",\"@id\":\"https:\/\/aldaia.es\/es\/#organization\",\"name\":\"Ajuntament D'Aldaia\",\"url\":\"https:\/\/aldaia.es\/es\/\",\"logo\":{\"@type\":\"ImageObject\",\"inLanguage\":\"es\",\"@id\":\"https:\/\/aldaia.es\/es\/#\/schema\/logo\/image\/\",\"url\":\"https:\/\/aldaia.es\/wp-content\/uploads\/2022\/06\/aldaia-negro-1.png\",\"contentUrl\":\"https:\/\/aldaia.es\/wp-content\/uploads\/2022\/06\/aldaia-negro-1.png\",\"width\":152,\"height\":70,\"caption\":\"Ajuntament D'Aldaia\"},\"image\":{\"@id\":\"https:\/\/aldaia.es\/es\/#\/schema\/logo\/image\/\"}}]}<\/script>\n<!-- \/ Yoast SEO plugin. -->","yoast_head_json":{"title":"Funcionamiento - Ayuntamiento de Aldaia","description":"Venta de entradas por el TAMA, teatro auditorio de Aldaia. Informaciones de horarios, localizaci\u00f3n, formaciones y normativas.","robots":{"index":"index","follow":"follow","max-snippet":"max-snippet:-1","max-image-preview":"max-image-preview:large","max-video-preview":"max-video-preview:-1"},"canonical":"https:\/\/aldaia.es\/es\/cultura\/tama-teatro-auditorio\/funcionamiento\/","og_locale":"es_ES","og_type":"article","og_title":"Funcionamiento - Ayuntamiento de Aldaia","og_description":"Venta de entradas por el TAMA, teatro auditorio de Aldaia. Informaciones de horarios, localizaci\u00f3n, formaciones y normativas.","og_url":"https:\/\/aldaia.es\/es\/cultura\/tama-teatro-auditorio\/funcionamiento\/","og_site_name":"Ayuntamiento de Aldaia","article_modified_time":"2024-09-13T07:03:46+00:00","schema":{"@context":"https:\/\/schema.org","@graph":[{"@type":"WebPage","@id":"https:\/\/aldaia.es\/es\/cultura\/tama-teatro-auditorio\/funcionamiento\/","url":"https:\/\/aldaia.es\/es\/cultura\/tama-teatro-auditorio\/funcionamiento\/","name":"Funcionamiento - Ayuntamiento de Aldaia","isPartOf":{"@id":"https:\/\/aldaia.es\/es\/#website"},"datePublished":"2022-08-31T09:29:45+00:00","dateModified":"2024-09-13T07:03:46+00:00","description":"Venta de entradas por el TAMA, teatro auditorio de Aldaia. Informaciones de horarios, localizaci\u00f3n, formaciones y normativas.","breadcrumb":{"@id":"https:\/\/aldaia.es\/es\/cultura\/tama-teatro-auditorio\/funcionamiento\/#breadcrumb"},"inLanguage":"es","potentialAction":[{"@type":"ReadAction","target":["https:\/\/aldaia.es\/es\/cultura\/tama-teatro-auditorio\/funcionamiento\/"]}]},{"@type":"BreadcrumbList","@id":"https:\/\/aldaia.es\/es\/cultura\/tama-teatro-auditorio\/funcionamiento\/#breadcrumb","itemListElement":[{"@type":"ListItem","position":1,"name":"Portada","item":"https:\/\/aldaia.es\/es\/"},{"@type":"ListItem","position":2,"name":"Cultura","item":"https:\/\/aldaia.es\/es\/cultura\/"},{"@type":"ListItem","position":3,"name":"TAMA. Teatro Auditorio de Aldaia","item":"https:\/\/aldaia.es\/es\/cultura\/tama-teatro-auditorio\/"},{"@type":"ListItem","position":4,"name":"Funcionamiento"}]},{"@type":"WebSite","@id":"https:\/\/aldaia.es\/es\/#website","url":"https:\/\/aldaia.es\/es\/","name":"Ajuntament D'Aldaia","description":"","publisher":{"@id":"https:\/\/aldaia.es\/es\/#organization"},"alternateName":"Ajuntament D'Aldaia","potentialAction":[{"@type":"SearchAction","target":{"@type":"EntryPoint","urlTemplate":"https:\/\/aldaia.es\/es\/?s={search_term_string}"},"query-input":{"@type":"PropertyValueSpecification","valueRequired":true,"valueName":"search_term_string"}}],"inLanguage":"es"},{"@type":"Organization","@id":"https:\/\/aldaia.es\/es\/#organization","name":"Ajuntament D'Aldaia","url":"https:\/\/aldaia.es\/es\/","logo":{"@type":"ImageObject","inLanguage":"es","@id":"https:\/\/aldaia.es\/es\/#\/schema\/logo\/image\/","url":"https:\/\/aldaia.es\/wp-content\/uploads\/2022\/06\/aldaia-negro-1.png","contentUrl":"https:\/\/aldaia.es\/wp-content\/uploads\/2022\/06\/aldaia-negro-1.png","width":152,"height":70,"caption":"Ajuntament D'Aldaia"},"image":{"@id":"https:\/\/aldaia.es\/es\/#\/schema\/logo\/image\/"}}]}},"_links":{"self":[{"href":"https:\/\/aldaia.es\/es\/wp-json\/wp\/v2\/pages\/6377","targetHints":{"allow":["GET"]}}],"collection":[{"href":"https:\/\/aldaia.es\/es\/wp-json\/wp\/v2\/pages"}],"about":[{"href":"https:\/\/aldaia.es\/es\/wp-json\/wp\/v2\/types\/page"}],"author":[{"embeddable":true,"href":"https:\/\/aldaia.es\/es\/wp-json\/wp\/v2\/users\/21"}],"replies":[{"embeddable":true,"href":"https:\/\/aldaia.es\/es\/wp-json\/wp\/v2\/comments?post=6377"}],"version-history":[{"count":5,"href":"https:\/\/aldaia.es\/es\/wp-json\/wp\/v2\/pages\/6377\/revisions"}],"predecessor-version":[{"id":31653,"href":"https:\/\/aldaia.es\/es\/wp-json\/wp\/v2\/pages\/6377\/revisions\/31653"}],"up":[{"embeddable":true,"href":"https:\/\/aldaia.es\/es\/wp-json\/wp\/v2\/pages\/6376"}],"wp:attachment":[{"href":"https:\/\/aldaia.es\/es\/wp-json\/wp\/v2\/media?parent=6377"}],"curies":[{"name":"wp","href":"https:\/\/api.w.org\/{rel}","templated":true}]}}