{"id":6405,"date":"2022-08-31T13:59:12","date_gmt":"2022-08-31T11:59:12","guid":{"rendered":"https:\/\/aldaia.eu\/deportes\/gimnasio\/"},"modified":"2026-01-20T10:01:54","modified_gmt":"2026-01-20T09:01:54","slug":"gimnasio","status":"publish","type":"page","link":"https:\/\/aldaia.es\/es\/deportes\/gimnasio\/","title":{"rendered":"Gimnasio"},"content":{"rendered":"\n<div class=\"wp-block-columns dep-deportes is-layout-flex wp-container-core-columns-is-layout-9d6595d7 wp-block-columns-is-layout-flex\">\n<div class=\"wp-block-column is-layout-flow wp-block-column-is-layout-flow\">\n<h2 class=\"wp-block-heading\">Sala Fitness<\/h2>\n\n\n\n<p>El nuevo gimnasio del polideportivo Jaume Ort\u00ed combina maquinaria de cardio, musculaci\u00f3n, entrenamiento funcional y accesorios, destacando:<\/p>\n\n\n\n<p><strong>M\u00e1quinas de cardio<\/strong><\/p>\n\n\n\n<ul class=\"wp-block-list\">\n<li>2 cintas de correr con pantallas t\u00e1ctiles interactivas, conectividad total, amortiguaci\u00f3n avanzada e inclinaci\u00f3n\/declinaci\u00f3n.<\/li>\n\n\n\n<li>1 el\u00edptica profesional con pantalla t\u00e1ctil y 30 niveles de resistencia.<\/li>\n\n\n\n<li>1 bicicleta reclinada conectada, con asiento ergon\u00f3mico y respaldo regulable.<\/li>\n<\/ul>\n\n\n\n<p><strong>M\u00e1quinas de musculaci\u00f3n<\/strong><\/p>\n\n\n\n<ul class=\"wp-block-list\">\n<li>Press horizontal de pecho<\/li>\n\n\n\n<li>Press de hombros<\/li>\n\n\n\n<li>Extensi\u00f3n de piernas<\/li>\n\n\n\n<li>Curl femoral tumbado<\/li>\n\n\n\n<li>Prensa\/Jaca de piernas dual<\/li>\n\n\n\n<li>Banco multipower ol\u00edmpico<\/li>\n\n\n\n<li>Banco de b\u00edceps<\/li>\n\n\n\n<li>3 bancos regulables (inclinado\/declinado)<\/li>\n<\/ul>\n\n\n\n<p><strong>Entrenamiento funcional<\/strong><\/p>\n\n\n\n<ul class=\"wp-block-list\">\n<li>M\u00f3dulo funcional con m\u00faltiples estaciones<\/li>\n\n\n\n<li>Poleas cruzadas de 8 estaciones<\/li>\n\n\n\n<li>Jaula de fuerza completa con barras de dominadas, anclajes, soportes y accesorios<\/li>\n\n\n\n<li>Soportes de discos, barras y mancuernas<\/li>\n<\/ul>\n\n\n\n<p><strong>Material libre<\/strong><\/p>\n\n\n\n<ul class=\"wp-block-list\">\n<li>Mancuernas TPU de 2,5 a 30 kg<\/li>\n\n\n\n<li>Discos con agarres de 2,5 a 20 kg<\/li>\n\n\n\n<li>Barras ol\u00edmpicas y de b\u00edceps<\/li>\n\n\n\n<li>Suelo t\u00e9cnico amortiguado para toda la sala<\/li>\n<\/ul>\n\n\n\n<p><strong>Tecnolog\u00eda incorporada<\/strong><\/p>\n\n\n\n<p>Las m\u00e1quinas de cardio incluyen:<\/p>\n\n\n\n<ul class=\"wp-block-list\">\n<li>Pantallas t\u00e1ctiles 21\u2019HD<\/li>\n\n\n\n<li>Apps de entrenamiento del propio fabricante, con seguimiento de progreso<\/li>\n\n\n\n<li>Conectividad wifi, Bluetooth, USB<\/li>\n\n\n\n<li>Integraci\u00f3n con m\u00f3viles iOS\/Android<\/li>\n\n\n\n<li>Programas de entrenamiento y paisajes virtuales<\/li>\n<\/ul>\n<\/div>\n<\/div>\n\n\n\n<div style=\"height:40px\" aria-hidden=\"true\" class=\"wp-block-spacer\"><\/div>\n\n\n\n<h2 class=\"wp-block-heading display-4\">Galer\u00eda<\/h2>\n\n\n\n<figure class=\"wp-block-gallery has-nested-images columns-3 is-cropped wp-block-gallery-1 is-layout-flex wp-block-gallery-is-layout-flex\">\n<figure class=\"wp-block-image size-large\"><img loading=\"lazy\" decoding=\"async\" width=\"1024\" height=\"768\" data-id=\"40451\" src=\"https:\/\/aldaia.es\/wp-content\/uploads\/2026\/01\/WhatsApp-Image-2026-01-20-at-09.58.27-1024x768.jpeg\" alt=\"\" class=\"wp-image-40451\" srcset=\"https:\/\/aldaia.es\/wp-content\/uploads\/2026\/01\/WhatsApp-Image-2026-01-20-at-09.58.27-1024x768.jpeg 1024w, https:\/\/aldaia.es\/wp-content\/uploads\/2026\/01\/WhatsApp-Image-2026-01-20-at-09.58.27-300x225.jpeg 300w, https:\/\/aldaia.es\/wp-content\/uploads\/2026\/01\/WhatsApp-Image-2026-01-20-at-09.58.27-768x576.jpeg 768w, https:\/\/aldaia.es\/wp-content\/uploads\/2026\/01\/WhatsApp-Image-2026-01-20-at-09.58.27-1536x1152.jpeg 1536w, https:\/\/aldaia.es\/wp-content\/uploads\/2026\/01\/WhatsApp-Image-2026-01-20-at-09.58.27.jpeg 1600w\" sizes=\"auto, (max-width: 1024px) 100vw, 1024px\" \/><\/figure>\n\n\n\n<figure class=\"wp-block-image size-large\"><img loading=\"lazy\" decoding=\"async\" width=\"1024\" height=\"768\" data-id=\"40449\" src=\"https:\/\/aldaia.es\/wp-content\/uploads\/2026\/01\/WhatsApp-Image-2026-01-20-at-09.58.27-2-1024x768.jpeg\" alt=\"\" class=\"wp-image-40449\" srcset=\"https:\/\/aldaia.es\/wp-content\/uploads\/2026\/01\/WhatsApp-Image-2026-01-20-at-09.58.27-2-1024x768.jpeg 1024w, https:\/\/aldaia.es\/wp-content\/uploads\/2026\/01\/WhatsApp-Image-2026-01-20-at-09.58.27-2-300x225.jpeg 300w, https:\/\/aldaia.es\/wp-content\/uploads\/2026\/01\/WhatsApp-Image-2026-01-20-at-09.58.27-2-768x576.jpeg 768w, https:\/\/aldaia.es\/wp-content\/uploads\/2026\/01\/WhatsApp-Image-2026-01-20-at-09.58.27-2-1536x1152.jpeg 1536w, https:\/\/aldaia.es\/wp-content\/uploads\/2026\/01\/WhatsApp-Image-2026-01-20-at-09.58.27-2.jpeg 1600w\" sizes=\"auto, (max-width: 1024px) 100vw, 1024px\" \/><\/figure>\n\n\n\n<figure class=\"wp-block-image size-large\"><img loading=\"lazy\" decoding=\"async\" width=\"1024\" height=\"768\" data-id=\"40447\" src=\"https:\/\/aldaia.es\/wp-content\/uploads\/2026\/01\/WhatsApp-Image-2026-01-20-at-09.58.27-1-1024x768.jpeg\" alt=\"\" class=\"wp-image-40447\" srcset=\"https:\/\/aldaia.es\/wp-content\/uploads\/2026\/01\/WhatsApp-Image-2026-01-20-at-09.58.27-1-1024x768.jpeg 1024w, https:\/\/aldaia.es\/wp-content\/uploads\/2026\/01\/WhatsApp-Image-2026-01-20-at-09.58.27-1-300x225.jpeg 300w, https:\/\/aldaia.es\/wp-content\/uploads\/2026\/01\/WhatsApp-Image-2026-01-20-at-09.58.27-1-768x576.jpeg 768w, https:\/\/aldaia.es\/wp-content\/uploads\/2026\/01\/WhatsApp-Image-2026-01-20-at-09.58.27-1-1536x1152.jpeg 1536w, https:\/\/aldaia.es\/wp-content\/uploads\/2026\/01\/WhatsApp-Image-2026-01-20-at-09.58.27-1.jpeg 1600w\" sizes=\"auto, (max-width: 1024px) 100vw, 1024px\" \/><\/figure>\n\n\n\n<figure class=\"wp-block-image size-large\"><img loading=\"lazy\" decoding=\"async\" width=\"1024\" height=\"768\" data-id=\"40445\" src=\"https:\/\/aldaia.es\/wp-content\/uploads\/2026\/01\/WhatsApp-Image-2026-01-20-at-09.58.26-1024x768.jpeg\" alt=\"\" class=\"wp-image-40445\" srcset=\"https:\/\/aldaia.es\/wp-content\/uploads\/2026\/01\/WhatsApp-Image-2026-01-20-at-09.58.26-1024x768.jpeg 1024w, https:\/\/aldaia.es\/wp-content\/uploads\/2026\/01\/WhatsApp-Image-2026-01-20-at-09.58.26-300x225.jpeg 300w, https:\/\/aldaia.es\/wp-content\/uploads\/2026\/01\/WhatsApp-Image-2026-01-20-at-09.58.26-768x576.jpeg 768w, https:\/\/aldaia.es\/wp-content\/uploads\/2026\/01\/WhatsApp-Image-2026-01-20-at-09.58.26-1536x1152.jpeg 1536w, https:\/\/aldaia.es\/wp-content\/uploads\/2026\/01\/WhatsApp-Image-2026-01-20-at-09.58.26.jpeg 1600w\" sizes=\"auto, (max-width: 1024px) 100vw, 1024px\" \/><\/figure>\n\n\n\n<figure class=\"wp-block-image size-large\"><img loading=\"lazy\" decoding=\"async\" width=\"1024\" height=\"768\" data-id=\"40443\" src=\"https:\/\/aldaia.es\/wp-content\/uploads\/2026\/01\/WhatsApp-Image-2026-01-20-at-09.58.26-3-1024x768.jpeg\" alt=\"\" class=\"wp-image-40443\" srcset=\"https:\/\/aldaia.es\/wp-content\/uploads\/2026\/01\/WhatsApp-Image-2026-01-20-at-09.58.26-3-1024x768.jpeg 1024w, https:\/\/aldaia.es\/wp-content\/uploads\/2026\/01\/WhatsApp-Image-2026-01-20-at-09.58.26-3-300x225.jpeg 300w, https:\/\/aldaia.es\/wp-content\/uploads\/2026\/01\/WhatsApp-Image-2026-01-20-at-09.58.26-3-768x576.jpeg 768w, https:\/\/aldaia.es\/wp-content\/uploads\/2026\/01\/WhatsApp-Image-2026-01-20-at-09.58.26-3-1536x1152.jpeg 1536w, https:\/\/aldaia.es\/wp-content\/uploads\/2026\/01\/WhatsApp-Image-2026-01-20-at-09.58.26-3.jpeg 1600w\" sizes=\"auto, (max-width: 1024px) 100vw, 1024px\" \/><\/figure>\n\n\n\n<figure class=\"wp-block-image size-large\"><img loading=\"lazy\" decoding=\"async\" width=\"1024\" height=\"768\" data-id=\"40439\" src=\"https:\/\/aldaia.es\/wp-content\/uploads\/2026\/01\/WhatsApp-Image-2026-01-20-at-09.58.26-1-1024x768.jpeg\" alt=\"\" class=\"wp-image-40439\" srcset=\"https:\/\/aldaia.es\/wp-content\/uploads\/2026\/01\/WhatsApp-Image-2026-01-20-at-09.58.26-1-1024x768.jpeg 1024w, https:\/\/aldaia.es\/wp-content\/uploads\/2026\/01\/WhatsApp-Image-2026-01-20-at-09.58.26-1-300x225.jpeg 300w, https:\/\/aldaia.es\/wp-content\/uploads\/2026\/01\/WhatsApp-Image-2026-01-20-at-09.58.26-1-768x576.jpeg 768w, https:\/\/aldaia.es\/wp-content\/uploads\/2026\/01\/WhatsApp-Image-2026-01-20-at-09.58.26-1-1536x1152.jpeg 1536w, https:\/\/aldaia.es\/wp-content\/uploads\/2026\/01\/WhatsApp-Image-2026-01-20-at-09.58.26-1.jpeg 1600w\" sizes=\"auto, (max-width: 1024px) 100vw, 1024px\" \/><\/figure>\n\n\n\n<figure class=\"wp-block-image size-large\"><img loading=\"lazy\" decoding=\"async\" width=\"1024\" height=\"768\" data-id=\"40441\" src=\"https:\/\/aldaia.es\/wp-content\/uploads\/2026\/01\/WhatsApp-Image-2026-01-20-at-09.58.26-2-1024x768.jpeg\" alt=\"\" class=\"wp-image-40441\" srcset=\"https:\/\/aldaia.es\/wp-content\/uploads\/2026\/01\/WhatsApp-Image-2026-01-20-at-09.58.26-2-1024x768.jpeg 1024w, https:\/\/aldaia.es\/wp-content\/uploads\/2026\/01\/WhatsApp-Image-2026-01-20-at-09.58.26-2-300x225.jpeg 300w, https:\/\/aldaia.es\/wp-content\/uploads\/2026\/01\/WhatsApp-Image-2026-01-20-at-09.58.26-2-768x576.jpeg 768w, https:\/\/aldaia.es\/wp-content\/uploads\/2026\/01\/WhatsApp-Image-2026-01-20-at-09.58.26-2-1536x1152.jpeg 1536w, https:\/\/aldaia.es\/wp-content\/uploads\/2026\/01\/WhatsApp-Image-2026-01-20-at-09.58.26-2.jpeg 1600w\" sizes=\"auto, (max-width: 1024px) 100vw, 1024px\" \/><\/figure>\n<\/figure>\n\n\n\n<div style=\"height:40px\" aria-hidden=\"true\" class=\"wp-block-spacer\"><\/div>\n\n\n\n<h2 class=\"wp-block-heading display-4\">Adjuntos<\/h2>\n\n\n\n<div class=\"wp-block-columns lista_adjuntos is-layout-flex wp-container-core-columns-is-layout-9d6595d7 wp-block-columns-is-layout-flex\">\n<div class=\"wp-block-column adjuntos is-layout-flow wp-block-column-is-layout-flow\">\n<p class=\"adjuntos\"><\/p>\n<\/div>\n<\/div>\n\n\n\n<div style=\"height:40px\" aria-hidden=\"true\" class=\"wp-block-spacer\"><\/div>\n\n\n\n<p><\/p>\n","protected":false},"excerpt":{"rendered":"<p>Sala Fitness El nuevo gimnasio del polideportivo Jaume Ort\u00ed combina maquinaria de cardio, musculaci\u00f3n, entrenamiento funcional y accesorios, destacando: M\u00e1quinas de cardio M\u00e1quinas de musculaci\u00f3n Entrenamiento funcional Material libre Tecnolog\u00eda <a class=\"text-decoration-none text-black\" href=\"https:\/\/aldaia.es\/es\/deportes\/gimnasio\/\"> &#8230; <\/a><\/p>\n","protected":false},"author":13,"featured_media":0,"parent":6239,"menu_order":0,"comment_status":"closed","ping_status":"closed","template":"basic-page-departamentos.php","meta":{"_acf_changed":false,"footnotes":""},"class_list":["post-6405","page","type-page","status-publish","hentry"],"acf":[],"yoast_head":"<!-- This site is optimized with the Yoast SEO plugin v27.0 - https:\/\/yoast.com\/product\/yoast-seo-wordpress\/ -->\n<title>Gimnasio - Ayuntamiento de Aldaia<\/title>\n<meta name=\"robots\" content=\"index, follow, max-snippet:-1, max-image-preview:large, max-video-preview:-1\" \/>\n<link rel=\"canonical\" href=\"https:\/\/aldaia.es\/es\/deportes\/gimnasio\/\" \/>\n<meta property=\"og:locale\" content=\"es_ES\" \/>\n<meta property=\"og:type\" content=\"article\" \/>\n<meta property=\"og:title\" content=\"Gimnasio - Ayuntamiento de Aldaia\" \/>\n<meta property=\"og:description\" content=\"Sala Fitness El nuevo gimnasio del polideportivo Jaume Ort\u00ed combina maquinaria de cardio, musculaci\u00f3n, entrenamiento funcional y accesorios, destacando: M\u00e1quinas de cardio M\u00e1quinas de musculaci\u00f3n Entrenamiento funcional Material libre Tecnolog\u00eda ...\" \/>\n<meta property=\"og:url\" content=\"https:\/\/aldaia.es\/es\/deportes\/gimnasio\/\" \/>\n<meta property=\"og:site_name\" content=\"Ayuntamiento de Aldaia\" \/>\n<meta property=\"article:modified_time\" content=\"2026-01-20T09:01:54+00:00\" \/>\n<meta property=\"og:image\" content=\"https:\/\/aldaia.es\/wp-content\/uploads\/2026\/01\/WhatsApp-Image-2026-01-20-at-09.58.27.jpeg\" \/>\n\t<meta property=\"og:image:width\" content=\"1600\" \/>\n\t<meta property=\"og:image:height\" content=\"1200\" \/>\n\t<meta property=\"og:image:type\" content=\"image\/jpeg\" \/>\n<script type=\"application\/ld+json\" class=\"yoast-schema-graph\">{\"@context\":\"https:\/\/schema.org\",\"@graph\":[{\"@type\":\"WebPage\",\"@id\":\"https:\/\/aldaia.es\/es\/deportes\/gimnasio\/\",\"url\":\"https:\/\/aldaia.es\/es\/deportes\/gimnasio\/\",\"name\":\"Gimnasio - Ayuntamiento de Aldaia\",\"isPartOf\":{\"@id\":\"https:\/\/aldaia.es\/es\/#website\"},\"primaryImageOfPage\":{\"@id\":\"https:\/\/aldaia.es\/es\/deportes\/gimnasio\/#primaryimage\"},\"image\":{\"@id\":\"https:\/\/aldaia.es\/es\/deportes\/gimnasio\/#primaryimage\"},\"thumbnailUrl\":\"https:\/\/aldaia.es\/wp-content\/uploads\/2026\/01\/WhatsApp-Image-2026-01-20-at-09.58.27-1024x768.jpeg\",\"datePublished\":\"2022-08-31T11:59:12+00:00\",\"dateModified\":\"2026-01-20T09:01:54+00:00\",\"breadcrumb\":{\"@id\":\"https:\/\/aldaia.es\/es\/deportes\/gimnasio\/#breadcrumb\"},\"inLanguage\":\"es\",\"potentialAction\":[{\"@type\":\"ReadAction\",\"target\":[\"https:\/\/aldaia.es\/es\/deportes\/gimnasio\/\"]}]},{\"@type\":\"ImageObject\",\"inLanguage\":\"es\",\"@id\":\"https:\/\/aldaia.es\/es\/deportes\/gimnasio\/#primaryimage\",\"url\":\"https:\/\/aldaia.es\/wp-content\/uploads\/2026\/01\/WhatsApp-Image-2026-01-20-at-09.58.27-1024x768.jpeg\",\"contentUrl\":\"https:\/\/aldaia.es\/wp-content\/uploads\/2026\/01\/WhatsApp-Image-2026-01-20-at-09.58.27-1024x768.jpeg\"},{\"@type\":\"BreadcrumbList\",\"@id\":\"https:\/\/aldaia.es\/es\/deportes\/gimnasio\/#breadcrumb\",\"itemListElement\":[{\"@type\":\"ListItem\",\"position\":1,\"name\":\"Portada\",\"item\":\"https:\/\/aldaia.es\/es\/\"},{\"@type\":\"ListItem\",\"position\":2,\"name\":\"Deportes\",\"item\":\"https:\/\/aldaia.es\/es\/deportes\/\"},{\"@type\":\"ListItem\",\"position\":3,\"name\":\"Gimnasio\"}]},{\"@type\":\"WebSite\",\"@id\":\"https:\/\/aldaia.es\/es\/#website\",\"url\":\"https:\/\/aldaia.es\/es\/\",\"name\":\"Ajuntament D'Aldaia\",\"description\":\"\",\"publisher\":{\"@id\":\"https:\/\/aldaia.es\/es\/#organization\"},\"alternateName\":\"Ajuntament D'Aldaia\",\"potentialAction\":[{\"@type\":\"SearchAction\",\"target\":{\"@type\":\"EntryPoint\",\"urlTemplate\":\"https:\/\/aldaia.es\/es\/?s={search_term_string}\"},\"query-input\":{\"@type\":\"PropertyValueSpecification\",\"valueRequired\":true,\"valueName\":\"search_term_string\"}}],\"inLanguage\":\"es\"},{\"@type\":\"Organization\",\"@id\":\"https:\/\/aldaia.es\/es\/#organization\",\"name\":\"Ajuntament D'Aldaia\",\"url\":\"https:\/\/aldaia.es\/es\/\",\"logo\":{\"@type\":\"ImageObject\",\"inLanguage\":\"es\",\"@id\":\"https:\/\/aldaia.es\/es\/#\/schema\/logo\/image\/\",\"url\":\"https:\/\/aldaia.es\/wp-content\/uploads\/2022\/06\/aldaia-negro-1.png\",\"contentUrl\":\"https:\/\/aldaia.es\/wp-content\/uploads\/2022\/06\/aldaia-negro-1.png\",\"width\":152,\"height\":70,\"caption\":\"Ajuntament D'Aldaia\"},\"image\":{\"@id\":\"https:\/\/aldaia.es\/es\/#\/schema\/logo\/image\/\"}}]}<\/script>\n<!-- \/ Yoast SEO plugin. -->","yoast_head_json":{"title":"Gimnasio - Ayuntamiento de Aldaia","robots":{"index":"index","follow":"follow","max-snippet":"max-snippet:-1","max-image-preview":"max-image-preview:large","max-video-preview":"max-video-preview:-1"},"canonical":"https:\/\/aldaia.es\/es\/deportes\/gimnasio\/","og_locale":"es_ES","og_type":"article","og_title":"Gimnasio - Ayuntamiento de Aldaia","og_description":"Sala Fitness El nuevo gimnasio del polideportivo Jaume Ort\u00ed combina maquinaria de cardio, musculaci\u00f3n, entrenamiento funcional y accesorios, destacando: M\u00e1quinas de cardio M\u00e1quinas de musculaci\u00f3n Entrenamiento funcional Material libre Tecnolog\u00eda ...","og_url":"https:\/\/aldaia.es\/es\/deportes\/gimnasio\/","og_site_name":"Ayuntamiento de Aldaia","article_modified_time":"2026-01-20T09:01:54+00:00","og_image":[{"width":1600,"height":1200,"url":"https:\/\/aldaia.es\/wp-content\/uploads\/2026\/01\/WhatsApp-Image-2026-01-20-at-09.58.27.jpeg","type":"image\/jpeg"}],"schema":{"@context":"https:\/\/schema.org","@graph":[{"@type":"WebPage","@id":"https:\/\/aldaia.es\/es\/deportes\/gimnasio\/","url":"https:\/\/aldaia.es\/es\/deportes\/gimnasio\/","name":"Gimnasio - Ayuntamiento de Aldaia","isPartOf":{"@id":"https:\/\/aldaia.es\/es\/#website"},"primaryImageOfPage":{"@id":"https:\/\/aldaia.es\/es\/deportes\/gimnasio\/#primaryimage"},"image":{"@id":"https:\/\/aldaia.es\/es\/deportes\/gimnasio\/#primaryimage"},"thumbnailUrl":"https:\/\/aldaia.es\/wp-content\/uploads\/2026\/01\/WhatsApp-Image-2026-01-20-at-09.58.27-1024x768.jpeg","datePublished":"2022-08-31T11:59:12+00:00","dateModified":"2026-01-20T09:01:54+00:00","breadcrumb":{"@id":"https:\/\/aldaia.es\/es\/deportes\/gimnasio\/#breadcrumb"},"inLanguage":"es","potentialAction":[{"@type":"ReadAction","target":["https:\/\/aldaia.es\/es\/deportes\/gimnasio\/"]}]},{"@type":"ImageObject","inLanguage":"es","@id":"https:\/\/aldaia.es\/es\/deportes\/gimnasio\/#primaryimage","url":"https:\/\/aldaia.es\/wp-content\/uploads\/2026\/01\/WhatsApp-Image-2026-01-20-at-09.58.27-1024x768.jpeg","contentUrl":"https:\/\/aldaia.es\/wp-content\/uploads\/2026\/01\/WhatsApp-Image-2026-01-20-at-09.58.27-1024x768.jpeg"},{"@type":"BreadcrumbList","@id":"https:\/\/aldaia.es\/es\/deportes\/gimnasio\/#breadcrumb","itemListElement":[{"@type":"ListItem","position":1,"name":"Portada","item":"https:\/\/aldaia.es\/es\/"},{"@type":"ListItem","position":2,"name":"Deportes","item":"https:\/\/aldaia.es\/es\/deportes\/"},{"@type":"ListItem","position":3,"name":"Gimnasio"}]},{"@type":"WebSite","@id":"https:\/\/aldaia.es\/es\/#website","url":"https:\/\/aldaia.es\/es\/","name":"Ajuntament D'Aldaia","description":"","publisher":{"@id":"https:\/\/aldaia.es\/es\/#organization"},"alternateName":"Ajuntament D'Aldaia","potentialAction":[{"@type":"SearchAction","target":{"@type":"EntryPoint","urlTemplate":"https:\/\/aldaia.es\/es\/?s={search_term_string}"},"query-input":{"@type":"PropertyValueSpecification","valueRequired":true,"valueName":"search_term_string"}}],"inLanguage":"es"},{"@type":"Organization","@id":"https:\/\/aldaia.es\/es\/#organization","name":"Ajuntament D'Aldaia","url":"https:\/\/aldaia.es\/es\/","logo":{"@type":"ImageObject","inLanguage":"es","@id":"https:\/\/aldaia.es\/es\/#\/schema\/logo\/image\/","url":"https:\/\/aldaia.es\/wp-content\/uploads\/2022\/06\/aldaia-negro-1.png","contentUrl":"https:\/\/aldaia.es\/wp-content\/uploads\/2022\/06\/aldaia-negro-1.png","width":152,"height":70,"caption":"Ajuntament D'Aldaia"},"image":{"@id":"https:\/\/aldaia.es\/es\/#\/schema\/logo\/image\/"}}]}},"_links":{"self":[{"href":"https:\/\/aldaia.es\/es\/wp-json\/wp\/v2\/pages\/6405","targetHints":{"allow":["GET"]}}],"collection":[{"href":"https:\/\/aldaia.es\/es\/wp-json\/wp\/v2\/pages"}],"about":[{"href":"https:\/\/aldaia.es\/es\/wp-json\/wp\/v2\/types\/page"}],"author":[{"embeddable":true,"href":"https:\/\/aldaia.es\/es\/wp-json\/wp\/v2\/users\/13"}],"replies":[{"embeddable":true,"href":"https:\/\/aldaia.es\/es\/wp-json\/wp\/v2\/comments?post=6405"}],"version-history":[{"count":12,"href":"https:\/\/aldaia.es\/es\/wp-json\/wp\/v2\/pages\/6405\/revisions"}],"predecessor-version":[{"id":40453,"href":"https:\/\/aldaia.es\/es\/wp-json\/wp\/v2\/pages\/6405\/revisions\/40453"}],"up":[{"embeddable":true,"href":"https:\/\/aldaia.es\/es\/wp-json\/wp\/v2\/pages\/6239"}],"wp:attachment":[{"href":"https:\/\/aldaia.es\/es\/wp-json\/wp\/v2\/media?parent=6405"}],"curies":[{"name":"wp","href":"https:\/\/api.w.org\/{rel}","templated":true}]}}