{"id":6418,"date":"2023-02-01T12:22:20","date_gmt":"2023-02-01T11:22:20","guid":{"rendered":"https:\/\/aldaia.eu\/deportes\/salas-polivalentes\/"},"modified":"2024-07-29T09:09:49","modified_gmt":"2024-07-29T07:09:49","slug":"salas-polivalentes","status":"publish","type":"page","link":"https:\/\/aldaia.es\/es\/deportes\/salas-polivalentes\/","title":{"rendered":"Salas polivalentes"},"content":{"rendered":"\n<h1 class=\"wp-block-heading\">Salas polivalentes<\/h1>\n\n\n\n<p>El pabell\u00f3n abarca las siguientes instalaciones:<\/p>\n\n\n\n<ul class=\"wp-block-list\">\n<li>2 salas multiusos para actividades diversas, ubicadas en la planta principal, justo debajo de las oficinas.<\/li>\n\n\n\n<li>Una zona de calistenia, cerca de las 2 pistas de tenis y p\u00e1del<\/li>\n\n\n\n<li>2 pistas de tenis y justo al lado de \u00e9stas, se encontrar\u00e1 una de las 3 pistas de p\u00e1del.<\/li>\n\n\n\n<li>Justo al lado se encuentra la zona de alquiler de bicicletas.<\/li>\n\n\n\n<li>3 pistas de front\u00f3n.<\/li>\n\n\n\n<li>Un campo de f\u00fatbol 11 de c\u00e9sped artificial, que cuenta con varios accesos al mismo, tiene la capacidad suficiente para dividirse en dos campos de f\u00fatbol 7 el campo de f\u00fatbol \u00edntegramente de unas medidas 91\u00d747 metros.<\/li>\n\n\n\n<li>El campo de f\u00fatbol va acompa\u00f1ado de una grader\u00eda con un aforo m\u00e1ximo de 287 personas. Tambi\u00e9n dispone de 2 banquillos con 10 butacas cada uno.<\/li>\n\n\n\n<li>Una pista de trinquete, acompa\u00f1ada de un almac\u00e9n, y vestuarios para hombres y mujeres.<\/li>\n\n\n\n<li>2 pistas de p\u00e1del situadas junto al pabell\u00f3n y otra situada junto a las pistas de tenis.<\/li>\n<\/ul>\n\n\n\n<div style=\"height:40px\" aria-hidden=\"true\" class=\"wp-block-spacer\"><\/div>\n\n\n\n<h2 class=\"wp-block-heading\">Galer\u00eda<\/h2>\n\n\n\n<figure class=\"wp-block-gallery has-nested-images columns-default is-cropped wp-block-gallery-1 is-layout-flex wp-block-gallery-is-layout-flex\">\n<figure class=\"wp-block-image size-large\"><img loading=\"lazy\" decoding=\"async\" width=\"480\" height=\"250\" data-id=\"4317\" src=\"https:\/\/aldaia.es\/wp-content\/uploads\/2023\/02\/dsc_0543_0.jpeg\" alt=\"\" class=\"wp-image-4317\" srcset=\"https:\/\/aldaia.es\/wp-content\/uploads\/2023\/02\/dsc_0543_0.jpeg 480w, https:\/\/aldaia.es\/wp-content\/uploads\/2023\/02\/dsc_0543_0-300x156.jpeg 300w, https:\/\/aldaia.es\/wp-content\/uploads\/2023\/02\/dsc_0543_0-150x78.jpeg 150w\" sizes=\"auto, (max-width: 480px) 100vw, 480px\" \/><\/figure>\n\n\n\n<figure class=\"wp-block-image size-large\"><img loading=\"lazy\" decoding=\"async\" width=\"480\" height=\"250\" data-id=\"4316\" src=\"https:\/\/aldaia.es\/wp-content\/uploads\/2023\/02\/dsc_0563.jpeg\" alt=\"\" class=\"wp-image-4316\" srcset=\"https:\/\/aldaia.es\/wp-content\/uploads\/2023\/02\/dsc_0563.jpeg 480w, https:\/\/aldaia.es\/wp-content\/uploads\/2023\/02\/dsc_0563-300x156.jpeg 300w, https:\/\/aldaia.es\/wp-content\/uploads\/2023\/02\/dsc_0563-150x78.jpeg 150w\" sizes=\"auto, (max-width: 480px) 100vw, 480px\" \/><\/figure>\n\n\n\n<figure class=\"wp-block-image size-large\"><img loading=\"lazy\" decoding=\"async\" width=\"480\" height=\"250\" data-id=\"4304\" src=\"https:\/\/aldaia.es\/wp-content\/uploads\/2023\/02\/okbasket2.jpeg\" alt=\"\" class=\"wp-image-4304\" srcset=\"https:\/\/aldaia.es\/wp-content\/uploads\/2023\/02\/okbasket2.jpeg 480w, https:\/\/aldaia.es\/wp-content\/uploads\/2023\/02\/okbasket2-300x156.jpeg 300w, https:\/\/aldaia.es\/wp-content\/uploads\/2023\/02\/okbasket2-150x78.jpeg 150w\" sizes=\"auto, (max-width: 480px) 100vw, 480px\" \/><\/figure>\n\n\n\n<figure class=\"wp-block-image size-large\"><img loading=\"lazy\" decoding=\"async\" width=\"480\" height=\"250\" data-id=\"4306\" src=\"https:\/\/aldaia.es\/wp-content\/uploads\/2023\/02\/img_2632_0.jpeg\" alt=\"\" class=\"wp-image-4306\" srcset=\"https:\/\/aldaia.es\/wp-content\/uploads\/2023\/02\/img_2632_0.jpeg 480w, https:\/\/aldaia.es\/wp-content\/uploads\/2023\/02\/img_2632_0-300x156.jpeg 300w, https:\/\/aldaia.es\/wp-content\/uploads\/2023\/02\/img_2632_0-150x78.jpeg 150w\" sizes=\"auto, (max-width: 480px) 100vw, 480px\" \/><\/figure>\n\n\n\n<figure class=\"wp-block-image size-large\"><img loading=\"lazy\" decoding=\"async\" width=\"480\" height=\"250\" data-id=\"4307\" src=\"https:\/\/aldaia.es\/wp-content\/uploads\/2023\/02\/img_2585.jpeg\" alt=\"\" class=\"wp-image-4307\" srcset=\"https:\/\/aldaia.es\/wp-content\/uploads\/2023\/02\/img_2585.jpeg 480w, https:\/\/aldaia.es\/wp-content\/uploads\/2023\/02\/img_2585-300x156.jpeg 300w, https:\/\/aldaia.es\/wp-content\/uploads\/2023\/02\/img_2585-150x78.jpeg 150w\" sizes=\"auto, (max-width: 480px) 100vw, 480px\" \/><\/figure>\n\n\n\n<figure class=\"wp-block-image size-large\"><img loading=\"lazy\" decoding=\"async\" width=\"480\" height=\"250\" data-id=\"4310\" src=\"https:\/\/aldaia.es\/wp-content\/uploads\/2023\/02\/ok2.jpeg\" alt=\"\" class=\"wp-image-4310\" srcset=\"https:\/\/aldaia.es\/wp-content\/uploads\/2023\/02\/ok2.jpeg 480w, https:\/\/aldaia.es\/wp-content\/uploads\/2023\/02\/ok2-300x156.jpeg 300w, https:\/\/aldaia.es\/wp-content\/uploads\/2023\/02\/ok2-150x78.jpeg 150w\" sizes=\"auto, (max-width: 480px) 100vw, 480px\" \/><\/figure>\n\n\n\n<figure class=\"wp-block-image size-large\"><img loading=\"lazy\" decoding=\"async\" width=\"480\" height=\"250\" data-id=\"4312\" src=\"https:\/\/aldaia.es\/wp-content\/uploads\/2023\/02\/img_9522.jpeg\" alt=\"\" class=\"wp-image-4312\" srcset=\"https:\/\/aldaia.es\/wp-content\/uploads\/2023\/02\/img_9522.jpeg 480w, https:\/\/aldaia.es\/wp-content\/uploads\/2023\/02\/img_9522-300x156.jpeg 300w, https:\/\/aldaia.es\/wp-content\/uploads\/2023\/02\/img_9522-150x78.jpeg 150w\" sizes=\"auto, (max-width: 480px) 100vw, 480px\" \/><\/figure>\n\n\n\n<figure class=\"wp-block-image size-large\"><img loading=\"lazy\" decoding=\"async\" width=\"480\" height=\"250\" data-id=\"4311\" src=\"https:\/\/aldaia.es\/wp-content\/uploads\/2023\/02\/img_9518_2.jpeg\" alt=\"\" class=\"wp-image-4311\" srcset=\"https:\/\/aldaia.es\/wp-content\/uploads\/2023\/02\/img_9518_2.jpeg 480w, https:\/\/aldaia.es\/wp-content\/uploads\/2023\/02\/img_9518_2-300x156.jpeg 300w, https:\/\/aldaia.es\/wp-content\/uploads\/2023\/02\/img_9518_2-150x78.jpeg 150w\" sizes=\"auto, (max-width: 480px) 100vw, 480px\" \/><\/figure>\n\n\n\n<figure class=\"wp-block-image size-large\"><img loading=\"lazy\" decoding=\"async\" width=\"480\" height=\"250\" data-id=\"4313\" src=\"https:\/\/aldaia.es\/wp-content\/uploads\/2023\/02\/img_9519.jpeg\" alt=\"\" class=\"wp-image-4313\" srcset=\"https:\/\/aldaia.es\/wp-content\/uploads\/2023\/02\/img_9519.jpeg 480w, https:\/\/aldaia.es\/wp-content\/uploads\/2023\/02\/img_9519-300x156.jpeg 300w, https:\/\/aldaia.es\/wp-content\/uploads\/2023\/02\/img_9519-150x78.jpeg 150w\" sizes=\"auto, (max-width: 480px) 100vw, 480px\" \/><\/figure>\n\n\n\n<figure class=\"wp-block-image size-large\"><img loading=\"lazy\" decoding=\"async\" width=\"480\" height=\"250\" data-id=\"4314\" src=\"https:\/\/aldaia.es\/wp-content\/uploads\/2023\/02\/ok3.jpeg\" alt=\"\" class=\"wp-image-4314\" srcset=\"https:\/\/aldaia.es\/wp-content\/uploads\/2023\/02\/ok3.jpeg 480w, https:\/\/aldaia.es\/wp-content\/uploads\/2023\/02\/ok3-300x156.jpeg 300w, https:\/\/aldaia.es\/wp-content\/uploads\/2023\/02\/ok3-150x78.jpeg 150w\" sizes=\"auto, (max-width: 480px) 100vw, 480px\" \/><\/figure>\n<\/figure>\n\n\n\n<div style=\"height:40px\" aria-hidden=\"true\" class=\"wp-block-spacer\"><\/div>\n","protected":false},"excerpt":{"rendered":"<p>Salas polivalentes El pabell\u00f3n abarca las siguientes instalaciones: Galer\u00eda <a class=\"text-decoration-none text-black\" href=\"https:\/\/aldaia.es\/es\/deportes\/salas-polivalentes\/\"> &#8230; <\/a><\/p>\n","protected":false},"author":13,"featured_media":0,"parent":6239,"menu_order":0,"comment_status":"closed","ping_status":"closed","template":"basic-page-departamentos.php","meta":{"_acf_changed":false,"footnotes":""},"class_list":["post-6418","page","type-page","status-publish","hentry"],"acf":[],"yoast_head":"<!-- This site is optimized with the Yoast SEO plugin v27.0 - https:\/\/yoast.com\/product\/yoast-seo-wordpress\/ -->\n<title>Salas polivalentes - Ayuntamiento de Aldaia<\/title>\n<meta name=\"robots\" content=\"index, follow, max-snippet:-1, max-image-preview:large, max-video-preview:-1\" \/>\n<link rel=\"canonical\" href=\"https:\/\/aldaia.es\/es\/deportes\/salas-polivalentes\/\" \/>\n<meta property=\"og:locale\" content=\"es_ES\" \/>\n<meta property=\"og:type\" content=\"article\" \/>\n<meta property=\"og:title\" content=\"Salas polivalentes - Ayuntamiento de Aldaia\" \/>\n<meta property=\"og:description\" content=\"Salas polivalentes El pabell\u00f3n abarca las siguientes instalaciones: Galer\u00eda ...\" \/>\n<meta property=\"og:url\" content=\"https:\/\/aldaia.es\/es\/deportes\/salas-polivalentes\/\" \/>\n<meta property=\"og:site_name\" content=\"Ayuntamiento de Aldaia\" \/>\n<meta property=\"article:modified_time\" content=\"2024-07-29T07:09:49+00:00\" \/>\n<meta property=\"og:image\" content=\"https:\/\/aldaia.es\/wp-content\/uploads\/2023\/02\/dsc_0543_0.jpeg\" \/>\n<script type=\"application\/ld+json\" class=\"yoast-schema-graph\">{\"@context\":\"https:\/\/schema.org\",\"@graph\":[{\"@type\":\"WebPage\",\"@id\":\"https:\/\/aldaia.es\/es\/deportes\/salas-polivalentes\/\",\"url\":\"https:\/\/aldaia.es\/es\/deportes\/salas-polivalentes\/\",\"name\":\"Salas polivalentes - Ayuntamiento de Aldaia\",\"isPartOf\":{\"@id\":\"https:\/\/aldaia.es\/es\/#website\"},\"primaryImageOfPage\":{\"@id\":\"https:\/\/aldaia.es\/es\/deportes\/salas-polivalentes\/#primaryimage\"},\"image\":{\"@id\":\"https:\/\/aldaia.es\/es\/deportes\/salas-polivalentes\/#primaryimage\"},\"thumbnailUrl\":\"https:\/\/aldaia.es\/wp-content\/uploads\/2023\/02\/dsc_0543_0.jpeg\",\"datePublished\":\"2023-02-01T11:22:20+00:00\",\"dateModified\":\"2024-07-29T07:09:49+00:00\",\"breadcrumb\":{\"@id\":\"https:\/\/aldaia.es\/es\/deportes\/salas-polivalentes\/#breadcrumb\"},\"inLanguage\":\"es\",\"potentialAction\":[{\"@type\":\"ReadAction\",\"target\":[\"https:\/\/aldaia.es\/es\/deportes\/salas-polivalentes\/\"]}]},{\"@type\":\"ImageObject\",\"inLanguage\":\"es\",\"@id\":\"https:\/\/aldaia.es\/es\/deportes\/salas-polivalentes\/#primaryimage\",\"url\":\"https:\/\/aldaia.es\/wp-content\/uploads\/2023\/02\/dsc_0543_0.jpeg\",\"contentUrl\":\"https:\/\/aldaia.es\/wp-content\/uploads\/2023\/02\/dsc_0543_0.jpeg\"},{\"@type\":\"BreadcrumbList\",\"@id\":\"https:\/\/aldaia.es\/es\/deportes\/salas-polivalentes\/#breadcrumb\",\"itemListElement\":[{\"@type\":\"ListItem\",\"position\":1,\"name\":\"Portada\",\"item\":\"https:\/\/aldaia.es\/es\/\"},{\"@type\":\"ListItem\",\"position\":2,\"name\":\"Deportes\",\"item\":\"https:\/\/aldaia.es\/es\/deportes\/\"},{\"@type\":\"ListItem\",\"position\":3,\"name\":\"Salas polivalentes\"}]},{\"@type\":\"WebSite\",\"@id\":\"https:\/\/aldaia.es\/es\/#website\",\"url\":\"https:\/\/aldaia.es\/es\/\",\"name\":\"Ajuntament D'Aldaia\",\"description\":\"\",\"publisher\":{\"@id\":\"https:\/\/aldaia.es\/es\/#organization\"},\"alternateName\":\"Ajuntament D'Aldaia\",\"potentialAction\":[{\"@type\":\"SearchAction\",\"target\":{\"@type\":\"EntryPoint\",\"urlTemplate\":\"https:\/\/aldaia.es\/es\/?s={search_term_string}\"},\"query-input\":{\"@type\":\"PropertyValueSpecification\",\"valueRequired\":true,\"valueName\":\"search_term_string\"}}],\"inLanguage\":\"es\"},{\"@type\":\"Organization\",\"@id\":\"https:\/\/aldaia.es\/es\/#organization\",\"name\":\"Ajuntament D'Aldaia\",\"url\":\"https:\/\/aldaia.es\/es\/\",\"logo\":{\"@type\":\"ImageObject\",\"inLanguage\":\"es\",\"@id\":\"https:\/\/aldaia.es\/es\/#\/schema\/logo\/image\/\",\"url\":\"https:\/\/aldaia.es\/wp-content\/uploads\/2022\/06\/aldaia-negro-1.png\",\"contentUrl\":\"https:\/\/aldaia.es\/wp-content\/uploads\/2022\/06\/aldaia-negro-1.png\",\"width\":152,\"height\":70,\"caption\":\"Ajuntament D'Aldaia\"},\"image\":{\"@id\":\"https:\/\/aldaia.es\/es\/#\/schema\/logo\/image\/\"}}]}<\/script>\n<!-- \/ Yoast SEO plugin. -->","yoast_head_json":{"title":"Salas polivalentes - Ayuntamiento de Aldaia","robots":{"index":"index","follow":"follow","max-snippet":"max-snippet:-1","max-image-preview":"max-image-preview:large","max-video-preview":"max-video-preview:-1"},"canonical":"https:\/\/aldaia.es\/es\/deportes\/salas-polivalentes\/","og_locale":"es_ES","og_type":"article","og_title":"Salas polivalentes - Ayuntamiento de Aldaia","og_description":"Salas polivalentes El pabell\u00f3n abarca las siguientes instalaciones: Galer\u00eda ...","og_url":"https:\/\/aldaia.es\/es\/deportes\/salas-polivalentes\/","og_site_name":"Ayuntamiento de Aldaia","article_modified_time":"2024-07-29T07:09:49+00:00","og_image":[{"url":"https:\/\/aldaia.es\/wp-content\/uploads\/2023\/02\/dsc_0543_0.jpeg","type":"","width":"","height":""}],"schema":{"@context":"https:\/\/schema.org","@graph":[{"@type":"WebPage","@id":"https:\/\/aldaia.es\/es\/deportes\/salas-polivalentes\/","url":"https:\/\/aldaia.es\/es\/deportes\/salas-polivalentes\/","name":"Salas polivalentes - Ayuntamiento de Aldaia","isPartOf":{"@id":"https:\/\/aldaia.es\/es\/#website"},"primaryImageOfPage":{"@id":"https:\/\/aldaia.es\/es\/deportes\/salas-polivalentes\/#primaryimage"},"image":{"@id":"https:\/\/aldaia.es\/es\/deportes\/salas-polivalentes\/#primaryimage"},"thumbnailUrl":"https:\/\/aldaia.es\/wp-content\/uploads\/2023\/02\/dsc_0543_0.jpeg","datePublished":"2023-02-01T11:22:20+00:00","dateModified":"2024-07-29T07:09:49+00:00","breadcrumb":{"@id":"https:\/\/aldaia.es\/es\/deportes\/salas-polivalentes\/#breadcrumb"},"inLanguage":"es","potentialAction":[{"@type":"ReadAction","target":["https:\/\/aldaia.es\/es\/deportes\/salas-polivalentes\/"]}]},{"@type":"ImageObject","inLanguage":"es","@id":"https:\/\/aldaia.es\/es\/deportes\/salas-polivalentes\/#primaryimage","url":"https:\/\/aldaia.es\/wp-content\/uploads\/2023\/02\/dsc_0543_0.jpeg","contentUrl":"https:\/\/aldaia.es\/wp-content\/uploads\/2023\/02\/dsc_0543_0.jpeg"},{"@type":"BreadcrumbList","@id":"https:\/\/aldaia.es\/es\/deportes\/salas-polivalentes\/#breadcrumb","itemListElement":[{"@type":"ListItem","position":1,"name":"Portada","item":"https:\/\/aldaia.es\/es\/"},{"@type":"ListItem","position":2,"name":"Deportes","item":"https:\/\/aldaia.es\/es\/deportes\/"},{"@type":"ListItem","position":3,"name":"Salas polivalentes"}]},{"@type":"WebSite","@id":"https:\/\/aldaia.es\/es\/#website","url":"https:\/\/aldaia.es\/es\/","name":"Ajuntament D'Aldaia","description":"","publisher":{"@id":"https:\/\/aldaia.es\/es\/#organization"},"alternateName":"Ajuntament D'Aldaia","potentialAction":[{"@type":"SearchAction","target":{"@type":"EntryPoint","urlTemplate":"https:\/\/aldaia.es\/es\/?s={search_term_string}"},"query-input":{"@type":"PropertyValueSpecification","valueRequired":true,"valueName":"search_term_string"}}],"inLanguage":"es"},{"@type":"Organization","@id":"https:\/\/aldaia.es\/es\/#organization","name":"Ajuntament D'Aldaia","url":"https:\/\/aldaia.es\/es\/","logo":{"@type":"ImageObject","inLanguage":"es","@id":"https:\/\/aldaia.es\/es\/#\/schema\/logo\/image\/","url":"https:\/\/aldaia.es\/wp-content\/uploads\/2022\/06\/aldaia-negro-1.png","contentUrl":"https:\/\/aldaia.es\/wp-content\/uploads\/2022\/06\/aldaia-negro-1.png","width":152,"height":70,"caption":"Ajuntament D'Aldaia"},"image":{"@id":"https:\/\/aldaia.es\/es\/#\/schema\/logo\/image\/"}}]}},"_links":{"self":[{"href":"https:\/\/aldaia.es\/es\/wp-json\/wp\/v2\/pages\/6418","targetHints":{"allow":["GET"]}}],"collection":[{"href":"https:\/\/aldaia.es\/es\/wp-json\/wp\/v2\/pages"}],"about":[{"href":"https:\/\/aldaia.es\/es\/wp-json\/wp\/v2\/types\/page"}],"author":[{"embeddable":true,"href":"https:\/\/aldaia.es\/es\/wp-json\/wp\/v2\/users\/13"}],"replies":[{"embeddable":true,"href":"https:\/\/aldaia.es\/es\/wp-json\/wp\/v2\/comments?post=6418"}],"version-history":[{"count":3,"href":"https:\/\/aldaia.es\/es\/wp-json\/wp\/v2\/pages\/6418\/revisions"}],"predecessor-version":[{"id":30219,"href":"https:\/\/aldaia.es\/es\/wp-json\/wp\/v2\/pages\/6418\/revisions\/30219"}],"up":[{"embeddable":true,"href":"https:\/\/aldaia.es\/es\/wp-json\/wp\/v2\/pages\/6239"}],"wp:attachment":[{"href":"https:\/\/aldaia.es\/es\/wp-json\/wp\/v2\/media?parent=6418"}],"curies":[{"name":"wp","href":"https:\/\/api.w.org\/{rel}","templated":true}]}}