{"id":6537,"date":"2023-02-02T08:46:45","date_gmt":"2023-02-02T07:46:45","guid":{"rendered":"https:\/\/aldaia.eu\/biblioteca\/archivo-municipal\/"},"modified":"2024-09-16T14:10:14","modified_gmt":"2024-09-16T12:10:14","slug":"archivo-municipal","status":"publish","type":"page","link":"https:\/\/aldaia.es\/es\/biblioteca\/archivo-municipal\/","title":{"rendered":"Archivo Municipal"},"content":{"rendered":"\n<div class=\"wp-block-columns dep-biblioteca is-layout-flex wp-container-core-columns-is-layout-9d6595d7 wp-block-columns-is-layout-flex\">\n<div class=\"wp-block-column is-layout-flow wp-block-column-is-layout-flow\" style=\"flex-basis:30%\">\n<p class=\"tit-bloque-infos\"><strong>Archivo Municipal<\/strong><\/p>\n\n\n\n<figure class=\"wp-block-image size-full\"><img loading=\"lazy\" decoding=\"async\" width=\"200\" height=\"150\" src=\"https:\/\/aldaia.es\/wp-content\/uploads\/2023\/02\/logo-arxiu-municipal.jpeg\" alt=\"arxiu municipal d' aldaia\" class=\"wp-image-4562\" srcset=\"https:\/\/aldaia.es\/wp-content\/uploads\/2023\/02\/logo-arxiu-municipal.jpeg 200w, https:\/\/aldaia.es\/wp-content\/uploads\/2023\/02\/logo-arxiu-municipal-150x113.jpeg 150w\" sizes=\"auto, (max-width: 200px) 100vw, 200px\" \/><\/figure>\n\n\n\n<p>Calle San Francisco, 7, 46960 Aldaia<\/p>\n\n\n\n<p><i class=\"fas fa-phone\"><\/i> 96 151 31 97<\/p>\n\n\n\n<p> <i class=\"fas fa-envelope\"><\/i> <a href=\"mailto:arxiu@ajuntamentaldaia.org\">arxiu@ajuntamentaldaia.org<\/a><\/p>\n\n\n\n<p> <i class=\"fas fa-envelope\"><\/i> <a href=\"mailto:psanchez@ajuntamentaldaia.org\">psanchez@ajuntamentaldaia.org<\/a><\/p>\n\n\n\n<p><strong>Horario:<\/strong> De lunes a viernes de 11:30h a 13:30h<\/p>\n\n\n\n<iframe src=\"https:\/\/www.google.com\/maps\/embed?pb=!1m18!1m12!1m3!1d1422.0863283802616!2d-0.4614335464081579!3d39.4655066024407!2m3!1f0!2f0!3f0!3m2!1i1024!2i768!4f13.1!3m3!1m2!1s0xd60501618e3b525%3A0x4390d23be44bc697!2sArxiu%20Municipal%20D&#39;Aldaia!5e0!3m2!1ses!2ses!4v1726487715145!5m2!1ses!2ses\" width=\"100%\" height=\"450\" style=\"border:0;\" allowfullscreen=\"\" loading=\"lazy\" referrerpolicy=\"no-referrer-when-downgrade\"><\/iframe>\n<\/div>\n\n\n\n<div class=\"wp-block-column is-layout-flow wp-block-column-is-layout-flow\" style=\"flex-basis:70%\">\n<h1 class=\"wp-block-heading\">Archivo Municipal<\/h1>\n\n\n\n<p>El Archivo Municipal de Aldaia conserva la documentaci\u00f3n producida por el Ayuntamiento de Aldaia desde 1936. La documentaci\u00f3n de fechas anteriores fue destruida en octubre de 1936.<\/p>\n\n\n\n<p>Tambi\u00e9n conserva un fondo fotogr\u00e1fico de actividades y obras municipales que se inicia en 1983.<\/p>\n\n\n\n<p>El Archivo Municipal tiene la vocaci\u00f3n de convertirse en el archivo del pueblo de Aldaia y recoger y conservar documentos, fotograf\u00edas, carteles, audiovisuales, etc. asociaciones, entidades y empresas. Por ello, cualquier colectivo que quiera que el Archivo Municipal preserve su documentaci\u00f3n s\u00f3lo debe ponerse en contacto con nosotros. Si cede esta documentaci\u00f3n tiene asegurada su conservaci\u00f3n para el futuro, a la vez que podr\u00e1 consultarla libremente siempre que lo necesite.<\/p>\n\n\n\n<p>La primera entidad que ha depositado en el Archivo Municipal parte de su fondo ha sido la Junta Local Fallera de Aldaia. Tambi\u00e9n nos han llegado fotograf\u00edas de alg\u00fan fallo de Aldaia.<\/p>\n\n\n\n<p>Tambi\u00e9n tenemos una l\u00ednea de recuperaci\u00f3n fotogr\u00e1fica de personas de Aldaia que nos han dejado realizar copias de sus fotograf\u00edas familiares. Una vez reproducidas, las devolvemos. Para un pueblo, es fundamental contar con una importante colecci\u00f3n de im\u00e1genes del pueblo y de sus gentes, por eso agradecer\u00edamos cualquier contribuci\u00f3n que hiciera crecer este fondo. Estas im\u00e1genes pueden servirnos para futuras exposiciones y publicaciones.<\/p>\n<\/div>\n<\/div>\n\n\n\n<div class=\"wp-block-columns is-layout-flex wp-container-core-columns-is-layout-9d6595d7 wp-block-columns-is-layout-flex\">\n<div class=\"wp-block-column lista_adjuntos is-layout-flow wp-block-column-is-layout-flow\">\n<h2 class=\"wp-block-heading display-4\">Enlaces<\/h2>\n\n\n\n<p><i class=\"fas fa-link\"><\/i> <a href=\"https:\/\/aldaia.es\/publicacions-municipals\/\">Publicaciones Municipales <\/a><\/p>\n<\/div>\n<\/div>\n\n\n\n<p><\/p>\n","protected":false},"excerpt":{"rendered":"<p>Archivo Municipal Calle San Francisco, 7, 46960 Aldaia 96 151 31 97 arxiu@ajuntamentaldaia.org psanchez@ajuntamentaldaia.org Horario: De lunes a viernes de 11:30h a 13:30h Archivo Municipal El Archivo Municipal de Aldaia <a class=\"text-decoration-none text-black\" href=\"https:\/\/aldaia.es\/es\/biblioteca\/archivo-municipal\/\"> &#8230; <\/a><\/p>\n","protected":false},"author":12,"featured_media":0,"parent":19321,"menu_order":0,"comment_status":"closed","ping_status":"closed","template":"basic-page-departamentos.php","meta":{"_acf_changed":false,"footnotes":""},"class_list":["post-6537","page","type-page","status-publish","hentry"],"acf":[],"yoast_head":"<!-- This site is optimized with the Yoast SEO plugin v27.0 - https:\/\/yoast.com\/product\/yoast-seo-wordpress\/ -->\n<title>Archivo Municipal - Ayuntamiento de Aldaia<\/title>\n<meta name=\"description\" content=\"El Archivo Municipal de Aldaia conserva la documentaci\u00f3n producida por el Ayuntamiento de Aldaia desde 1936. Tambi\u00e9n conserva un fondo fotogr\u00e1fico.\" \/>\n<meta name=\"robots\" content=\"index, follow, max-snippet:-1, max-image-preview:large, max-video-preview:-1\" \/>\n<link rel=\"canonical\" href=\"https:\/\/aldaia.es\/es\/biblioteca\/archivo-municipal\/\" \/>\n<meta property=\"og:locale\" content=\"es_ES\" \/>\n<meta property=\"og:type\" content=\"article\" \/>\n<meta property=\"og:title\" content=\"Archivo Municipal - Ayuntamiento de Aldaia\" \/>\n<meta property=\"og:description\" content=\"El Archivo Municipal de Aldaia conserva la documentaci\u00f3n producida por el Ayuntamiento de Aldaia desde 1936. Tambi\u00e9n conserva un fondo fotogr\u00e1fico.\" \/>\n<meta property=\"og:url\" content=\"https:\/\/aldaia.es\/es\/biblioteca\/archivo-municipal\/\" \/>\n<meta property=\"og:site_name\" content=\"Ayuntamiento de Aldaia\" \/>\n<meta property=\"article:modified_time\" content=\"2024-09-16T12:10:14+00:00\" \/>\n<meta property=\"og:image\" content=\"https:\/\/aldaia.es\/wp-content\/uploads\/2023\/02\/logo-arxiu-municipal.jpeg\" \/>\n<script type=\"application\/ld+json\" class=\"yoast-schema-graph\">{\"@context\":\"https:\/\/schema.org\",\"@graph\":[{\"@type\":\"WebPage\",\"@id\":\"https:\/\/aldaia.es\/es\/biblioteca\/archivo-municipal\/\",\"url\":\"https:\/\/aldaia.es\/es\/biblioteca\/archivo-municipal\/\",\"name\":\"Archivo Municipal - Ayuntamiento de Aldaia\",\"isPartOf\":{\"@id\":\"https:\/\/aldaia.es\/es\/#website\"},\"primaryImageOfPage\":{\"@id\":\"https:\/\/aldaia.es\/es\/biblioteca\/archivo-municipal\/#primaryimage\"},\"image\":{\"@id\":\"https:\/\/aldaia.es\/es\/biblioteca\/archivo-municipal\/#primaryimage\"},\"thumbnailUrl\":\"https:\/\/aldaia.es\/wp-content\/uploads\/2023\/02\/logo-arxiu-municipal.jpeg\",\"datePublished\":\"2023-02-02T07:46:45+00:00\",\"dateModified\":\"2024-09-16T12:10:14+00:00\",\"description\":\"El Archivo Municipal de Aldaia conserva la documentaci\u00f3n producida por el Ayuntamiento de Aldaia desde 1936. Tambi\u00e9n conserva un fondo fotogr\u00e1fico.\",\"breadcrumb\":{\"@id\":\"https:\/\/aldaia.es\/es\/biblioteca\/archivo-municipal\/#breadcrumb\"},\"inLanguage\":\"es\",\"potentialAction\":[{\"@type\":\"ReadAction\",\"target\":[\"https:\/\/aldaia.es\/es\/biblioteca\/archivo-municipal\/\"]}]},{\"@type\":\"ImageObject\",\"inLanguage\":\"es\",\"@id\":\"https:\/\/aldaia.es\/es\/biblioteca\/archivo-municipal\/#primaryimage\",\"url\":\"https:\/\/aldaia.es\/wp-content\/uploads\/2023\/02\/logo-arxiu-municipal.jpeg\",\"contentUrl\":\"https:\/\/aldaia.es\/wp-content\/uploads\/2023\/02\/logo-arxiu-municipal.jpeg\"},{\"@type\":\"BreadcrumbList\",\"@id\":\"https:\/\/aldaia.es\/es\/biblioteca\/archivo-municipal\/#breadcrumb\",\"itemListElement\":[{\"@type\":\"ListItem\",\"position\":1,\"name\":\"Portada\",\"item\":\"https:\/\/aldaia.es\/es\/\"},{\"@type\":\"ListItem\",\"position\":2,\"name\":\"Biblioteca\",\"item\":\"https:\/\/aldaia.es\/es\/biblioteca\/\"},{\"@type\":\"ListItem\",\"position\":3,\"name\":\"Archivo Municipal\"}]},{\"@type\":\"WebSite\",\"@id\":\"https:\/\/aldaia.es\/es\/#website\",\"url\":\"https:\/\/aldaia.es\/es\/\",\"name\":\"Ajuntament D'Aldaia\",\"description\":\"\",\"publisher\":{\"@id\":\"https:\/\/aldaia.es\/es\/#organization\"},\"alternateName\":\"Ajuntament D'Aldaia\",\"potentialAction\":[{\"@type\":\"SearchAction\",\"target\":{\"@type\":\"EntryPoint\",\"urlTemplate\":\"https:\/\/aldaia.es\/es\/?s={search_term_string}\"},\"query-input\":{\"@type\":\"PropertyValueSpecification\",\"valueRequired\":true,\"valueName\":\"search_term_string\"}}],\"inLanguage\":\"es\"},{\"@type\":\"Organization\",\"@id\":\"https:\/\/aldaia.es\/es\/#organization\",\"name\":\"Ajuntament D'Aldaia\",\"url\":\"https:\/\/aldaia.es\/es\/\",\"logo\":{\"@type\":\"ImageObject\",\"inLanguage\":\"es\",\"@id\":\"https:\/\/aldaia.es\/es\/#\/schema\/logo\/image\/\",\"url\":\"https:\/\/aldaia.es\/wp-content\/uploads\/2022\/06\/aldaia-negro-1.png\",\"contentUrl\":\"https:\/\/aldaia.es\/wp-content\/uploads\/2022\/06\/aldaia-negro-1.png\",\"width\":152,\"height\":70,\"caption\":\"Ajuntament D'Aldaia\"},\"image\":{\"@id\":\"https:\/\/aldaia.es\/es\/#\/schema\/logo\/image\/\"}}]}<\/script>\n<!-- \/ Yoast SEO plugin. -->","yoast_head_json":{"title":"Archivo Municipal - Ayuntamiento de Aldaia","description":"El Archivo Municipal de Aldaia conserva la documentaci\u00f3n producida por el Ayuntamiento de Aldaia desde 1936. Tambi\u00e9n conserva un fondo fotogr\u00e1fico.","robots":{"index":"index","follow":"follow","max-snippet":"max-snippet:-1","max-image-preview":"max-image-preview:large","max-video-preview":"max-video-preview:-1"},"canonical":"https:\/\/aldaia.es\/es\/biblioteca\/archivo-municipal\/","og_locale":"es_ES","og_type":"article","og_title":"Archivo Municipal - Ayuntamiento de Aldaia","og_description":"El Archivo Municipal de Aldaia conserva la documentaci\u00f3n producida por el Ayuntamiento de Aldaia desde 1936. Tambi\u00e9n conserva un fondo fotogr\u00e1fico.","og_url":"https:\/\/aldaia.es\/es\/biblioteca\/archivo-municipal\/","og_site_name":"Ayuntamiento de Aldaia","article_modified_time":"2024-09-16T12:10:14+00:00","og_image":[{"url":"https:\/\/aldaia.es\/wp-content\/uploads\/2023\/02\/logo-arxiu-municipal.jpeg","type":"","width":"","height":""}],"schema":{"@context":"https:\/\/schema.org","@graph":[{"@type":"WebPage","@id":"https:\/\/aldaia.es\/es\/biblioteca\/archivo-municipal\/","url":"https:\/\/aldaia.es\/es\/biblioteca\/archivo-municipal\/","name":"Archivo Municipal - Ayuntamiento de Aldaia","isPartOf":{"@id":"https:\/\/aldaia.es\/es\/#website"},"primaryImageOfPage":{"@id":"https:\/\/aldaia.es\/es\/biblioteca\/archivo-municipal\/#primaryimage"},"image":{"@id":"https:\/\/aldaia.es\/es\/biblioteca\/archivo-municipal\/#primaryimage"},"thumbnailUrl":"https:\/\/aldaia.es\/wp-content\/uploads\/2023\/02\/logo-arxiu-municipal.jpeg","datePublished":"2023-02-02T07:46:45+00:00","dateModified":"2024-09-16T12:10:14+00:00","description":"El Archivo Municipal de Aldaia conserva la documentaci\u00f3n producida por el Ayuntamiento de Aldaia desde 1936. Tambi\u00e9n conserva un fondo fotogr\u00e1fico.","breadcrumb":{"@id":"https:\/\/aldaia.es\/es\/biblioteca\/archivo-municipal\/#breadcrumb"},"inLanguage":"es","potentialAction":[{"@type":"ReadAction","target":["https:\/\/aldaia.es\/es\/biblioteca\/archivo-municipal\/"]}]},{"@type":"ImageObject","inLanguage":"es","@id":"https:\/\/aldaia.es\/es\/biblioteca\/archivo-municipal\/#primaryimage","url":"https:\/\/aldaia.es\/wp-content\/uploads\/2023\/02\/logo-arxiu-municipal.jpeg","contentUrl":"https:\/\/aldaia.es\/wp-content\/uploads\/2023\/02\/logo-arxiu-municipal.jpeg"},{"@type":"BreadcrumbList","@id":"https:\/\/aldaia.es\/es\/biblioteca\/archivo-municipal\/#breadcrumb","itemListElement":[{"@type":"ListItem","position":1,"name":"Portada","item":"https:\/\/aldaia.es\/es\/"},{"@type":"ListItem","position":2,"name":"Biblioteca","item":"https:\/\/aldaia.es\/es\/biblioteca\/"},{"@type":"ListItem","position":3,"name":"Archivo Municipal"}]},{"@type":"WebSite","@id":"https:\/\/aldaia.es\/es\/#website","url":"https:\/\/aldaia.es\/es\/","name":"Ajuntament D'Aldaia","description":"","publisher":{"@id":"https:\/\/aldaia.es\/es\/#organization"},"alternateName":"Ajuntament D'Aldaia","potentialAction":[{"@type":"SearchAction","target":{"@type":"EntryPoint","urlTemplate":"https:\/\/aldaia.es\/es\/?s={search_term_string}"},"query-input":{"@type":"PropertyValueSpecification","valueRequired":true,"valueName":"search_term_string"}}],"inLanguage":"es"},{"@type":"Organization","@id":"https:\/\/aldaia.es\/es\/#organization","name":"Ajuntament D'Aldaia","url":"https:\/\/aldaia.es\/es\/","logo":{"@type":"ImageObject","inLanguage":"es","@id":"https:\/\/aldaia.es\/es\/#\/schema\/logo\/image\/","url":"https:\/\/aldaia.es\/wp-content\/uploads\/2022\/06\/aldaia-negro-1.png","contentUrl":"https:\/\/aldaia.es\/wp-content\/uploads\/2022\/06\/aldaia-negro-1.png","width":152,"height":70,"caption":"Ajuntament D'Aldaia"},"image":{"@id":"https:\/\/aldaia.es\/es\/#\/schema\/logo\/image\/"}}]}},"_links":{"self":[{"href":"https:\/\/aldaia.es\/es\/wp-json\/wp\/v2\/pages\/6537","targetHints":{"allow":["GET"]}}],"collection":[{"href":"https:\/\/aldaia.es\/es\/wp-json\/wp\/v2\/pages"}],"about":[{"href":"https:\/\/aldaia.es\/es\/wp-json\/wp\/v2\/types\/page"}],"author":[{"embeddable":true,"href":"https:\/\/aldaia.es\/es\/wp-json\/wp\/v2\/users\/12"}],"replies":[{"embeddable":true,"href":"https:\/\/aldaia.es\/es\/wp-json\/wp\/v2\/comments?post=6537"}],"version-history":[{"count":12,"href":"https:\/\/aldaia.es\/es\/wp-json\/wp\/v2\/pages\/6537\/revisions"}],"predecessor-version":[{"id":32130,"href":"https:\/\/aldaia.es\/es\/wp-json\/wp\/v2\/pages\/6537\/revisions\/32130"}],"up":[{"embeddable":true,"href":"https:\/\/aldaia.es\/es\/wp-json\/wp\/v2\/pages\/19321"}],"wp:attachment":[{"href":"https:\/\/aldaia.es\/es\/wp-json\/wp\/v2\/media?parent=6537"}],"curies":[{"name":"wp","href":"https:\/\/api.w.org\/{rel}","templated":true}]}}