{"id":6542,"date":"2022-08-31T13:01:29","date_gmt":"2022-08-31T11:01:29","guid":{"rendered":"https:\/\/aldaia.eu\/campus-de-verano-2022\/"},"modified":"2024-09-19T12:12:35","modified_gmt":"2024-09-19T10:12:35","slug":"nits-a-la-ludica","status":"publish","type":"page","link":"https:\/\/aldaia.es\/es\/educacion\/nits-a-la-ludica\/","title":{"rendered":"Nits a la l\u00fadica Kids"},"content":{"rendered":"\n<div class=\"wp-block-columns dep-educacion is-layout-flex wp-container-core-columns-is-layout-9d6595d7 wp-block-columns-is-layout-flex\">\n<div class=\"wp-block-column is-layout-flow wp-block-column-is-layout-flow\" style=\"flex-basis:30%\"><!--  Info educacion -->\n\n \n\n<div class='bloque-infos-educacion wrapper-departamentos'>\n<p class=\"tit-bloque-infos\">Centro Municipal Vicent Andres Estell\u00e9s<\/p>\n        <div class='infos-departamento'>\n            <p>Av. Miguel Hern\u00e1ndez, 36, 46960 Aldaia, Valencia, Espa\u00f1a<\/p>\n            <p><i class=\"fa fa-phone\" aria-hidden=\"true\"><\/i> <a href=\"tel:+34961510693\">+34 96 198 88 12<\/a><\/p>\n            <p><strong>Horari:<\/strong><\/p>\n            <p>Lunes a Viernes de 9:00 a 14:00 horas. Tardes lunes de 17:00 a 19:00 horas.<\/p>\n            <p><i class=\"fas fa-envelope\"><\/i> <a href=\"mailto:educacio@ajuntamentaldaia.org\">educacio@ajuntamentaldaia.org<\/a><\/p>\n           \n        <\/div>\n\n        <div class='mapa-1'>\n        <iframe src=\"https:\/\/www.google.com\/maps\/embed?pb=!1m18!1m12!1m3!1d2690.682908478369!2d-0.4686331129630299!3d39.46730324512737!2m3!1f0!2f0!3f0!3m2!1i1024!2i768!4f13.1!3m3!1m2!1s0xd605015adeec8f5%3A0x8b1b4140f8e0c4b3!2sCentre%20Municipal%20Vicent%20Andres%20Estell%C3%A9s!5e0!3m2!1ses!2sus!4v1726660218475!5m2!1ses!2sus\" width=\"100%\" height=\"450\" style=\"border:0;\" allowfullscreen=\"\" loading=\"lazy\" referrerpolicy=\"no-referrer-when-downgrade\"><\/iframe>\n        <\/div>\n\n    <\/div>\n    <!-- end bloque infos -->\n   \n\n    \n\n\n<\/div>\n\n\n\n<div class=\"wp-block-column is-layout-flow wp-block-column-is-layout-flow\" style=\"flex-basis:70%\">\n<h1 class=\"wp-block-heading\">Nits a la l\u00fadica Kids<\/h1>\n\n\n\n<h2 class=\"wp-block-heading\">Edici\u00f3n 2024<\/h2>\n\n\n\n<p>Vuelve \u00abNITS A LA L\u00daDICA KIDS\u00bb!<\/p>\n\n\n\n<h2 class=\"wp-block-heading\">Entradas<\/h2>\n\n\n\n<p>Venta anticipada de entradas en <a href=\"https:\/\/vivetix.com\/entradas-nits-a-la-ludica-kids-2024\" target=\"_blank\" rel=\"noreferrer noopener\"><strong>VIVETIX<\/strong><\/a><\/p>\n\n\n\n<ul class=\"wp-block-list\">\n<li>Los menores de 12 a\u00f1os tendr\u00e1n entrada gratuita al recinto siempre que disponen de invitaci\u00f3n y vengan acompa\u00f1ados de un adulto.<\/li>\n\n\n\n<li>3 \u20ac Entrada general para piquetas\/se (a partir de 12 a\u00f1os) y adultos.<\/li>\n<\/ul>\n\n\n\n<p>EST\u00c1 PROHIBIDA LA ENTRADA DE BEBIDAS ALCOH\u00d3LICAS.<br>PROHIBIDO EL BA\u00d1O EN LA PISCINA DURANTE LOS ACONTECIMIENTOS<\/p>\n<\/div>\n<\/div>\n\n\n\n<div style=\"height:42px\" aria-hidden=\"true\" class=\"wp-block-spacer\"><\/div>\n\n\n\n<figure data-wp-context=\"{&quot;imageId&quot;:&quot;69ee0c38302b6&quot;}\" data-wp-interactive=\"core\/image\" data-wp-key=\"69ee0c38302b6\" class=\"wp-block-image size-large wp-lightbox-container\"><img loading=\"lazy\" decoding=\"async\" width=\"724\" height=\"1024\" data-wp-class--hide=\"state.isContentHidden\" data-wp-class--show=\"state.isContentVisible\" data-wp-init=\"callbacks.setButtonStyles\" data-wp-on--click=\"actions.showLightbox\" data-wp-on--load=\"callbacks.setButtonStyles\" data-wp-on-window--resize=\"callbacks.setButtonStyles\" src=\"https:\/\/aldaia.es\/wp-content\/uploads\/2024\/06\/NITS-A-LA-LUDICA-4-724x1024.jpg\" alt=\"NITS A LA L\u00daDICA \" class=\"wp-image-28756\" srcset=\"https:\/\/aldaia.es\/wp-content\/uploads\/2024\/06\/NITS-A-LA-LUDICA-4-724x1024.jpg 724w, https:\/\/aldaia.es\/wp-content\/uploads\/2024\/06\/NITS-A-LA-LUDICA-4-212x300.jpg 212w, https:\/\/aldaia.es\/wp-content\/uploads\/2024\/06\/NITS-A-LA-LUDICA-4-768x1086.jpg 768w, https:\/\/aldaia.es\/wp-content\/uploads\/2024\/06\/NITS-A-LA-LUDICA-4-1086x1536.jpg 1086w, https:\/\/aldaia.es\/wp-content\/uploads\/2024\/06\/NITS-A-LA-LUDICA-4-150x212.jpg 150w, https:\/\/aldaia.es\/wp-content\/uploads\/2024\/06\/NITS-A-LA-LUDICA-4-300x424.jpg 300w, https:\/\/aldaia.es\/wp-content\/uploads\/2024\/06\/NITS-A-LA-LUDICA-4-696x984.jpg 696w, https:\/\/aldaia.es\/wp-content\/uploads\/2024\/06\/NITS-A-LA-LUDICA-4-1068x1511.jpg 1068w, https:\/\/aldaia.es\/wp-content\/uploads\/2024\/06\/NITS-A-LA-LUDICA-4.jpg 1414w\" sizes=\"auto, (max-width: 724px) 100vw, 724px\" \/><button\n\t\t\tclass=\"lightbox-trigger\"\n\t\t\ttype=\"button\"\n\t\t\taria-haspopup=\"dialog\"\n\t\t\taria-label=\"Agrandar\"\n\t\t\tdata-wp-init=\"callbacks.initTriggerButton\"\n\t\t\tdata-wp-on--click=\"actions.showLightbox\"\n\t\t\tdata-wp-style--right=\"state.imageButtonRight\"\n\t\t\tdata-wp-style--top=\"state.imageButtonTop\"\n\t\t>\n\t\t\t<svg xmlns=\"http:\/\/www.w3.org\/2000\/svg\" width=\"12\" height=\"12\" fill=\"none\" viewBox=\"0 0 12 12\">\n\t\t\t\t<path fill=\"#fff\" d=\"M2 0a2 2 0 0 0-2 2v2h1.5V2a.5.5 0 0 1 .5-.5h2V0H2Zm2 10.5H2a.5.5 0 0 1-.5-.5V8H0v2a2 2 0 0 0 2 2h2v-1.5ZM8 12v-1.5h2a.5.5 0 0 0 .5-.5V8H12v2a2 2 0 0 1-2 2H8Zm2-12a2 2 0 0 1 2 2v2h-1.5V2a.5.5 0 0 0-.5-.5H8V0h2Z\" \/>\n\t\t\t<\/svg>\n\t\t<\/button><\/figure>\n\n\n\n<div class=\"wp-block-columns is-layout-flex wp-container-core-columns-is-layout-9d6595d7 wp-block-columns-is-layout-flex\">\n<div class=\"wp-block-column lista_adjuntos is-layout-flow wp-block-column-is-layout-flow\">\n<h2 class=\"wp-block-heading display-4\">Enlaces<\/h2>\n\n\n\n<p><i class=\"fas fa-file-pdf\"><\/i> <a href=\"https:\/\/vivetix.com\/entradas-nits-a-la-ludica-kids-2024\" target=\"_blank\" rel=\"noreferrer noopener\"><strong>VIVETIX<\/strong><\/a><\/p>\n\n\n\n<p><i class=\"fas fa-link\"><\/i> <a href=\"https:\/\/aldaia.es\/es\/educacion\/nits-a-la-ludica\/nits-ludica-kids-24-magicludica\/\">Nits a la l\u00fadica Kids \u2013 M\u00c0GIC-L\u00daDICA<\/a><\/p>\n\n\n\n<p><i class=\"fas fa-link\"><\/i> <a href=\"https:\/\/aldaia.es\/educacio\/nits-a-la-ludica-kids\/nits-ludica-kids-24-impro\/\">Nits a la l\u00fadica Kids \u2013 3,2,1 IMPRO<\/a><\/p>\n<\/div>\n<\/div>\n\n\n\n<p><\/p>\n","protected":false},"excerpt":{"rendered":"<p>Nits a la l\u00fadica Kids Edici\u00f3n 2024 Vuelve \u00abNITS A LA L\u00daDICA KIDS\u00bb! Entradas Venta anticipada de entradas en VIVETIX EST\u00c1 PROHIBIDA LA ENTRADA DE BEBIDAS ALCOH\u00d3LICAS.PROHIBIDO EL BA\u00d1O EN <a class=\"text-decoration-none text-black\" href=\"https:\/\/aldaia.es\/es\/educacion\/nits-a-la-ludica\/\"> &#8230; <\/a><\/p>\n","protected":false},"author":1,"featured_media":0,"parent":6252,"menu_order":0,"comment_status":"closed","ping_status":"closed","template":"basic-page-departamentos.php","meta":{"_acf_changed":false,"footnotes":""},"class_list":["post-6542","page","type-page","status-publish","hentry"],"acf":[],"yoast_head":"<!-- This site is optimized with the Yoast SEO plugin v27.0 - https:\/\/yoast.com\/product\/yoast-seo-wordpress\/ -->\n<title>Nits a la l\u00fadica Kids - Ayuntamiento de Aldaia<\/title>\n<meta name=\"description\" content=\"VUELVEN LAS \u201cNITS A LA L\u00daDICA KIDS!&quot; \u00a1El verano m\u00e1s divertido en familia! Espect\u00e1culo de improvisaci\u00f3n teatral interactiva.\" \/>\n<meta name=\"robots\" content=\"index, follow, max-snippet:-1, max-image-preview:large, max-video-preview:-1\" \/>\n<link rel=\"canonical\" href=\"https:\/\/aldaia.es\/es\/educacion\/nits-a-la-ludica\/\" \/>\n<meta property=\"og:locale\" content=\"es_ES\" \/>\n<meta property=\"og:type\" content=\"article\" \/>\n<meta property=\"og:title\" content=\"Nits a la l\u00fadica Kids - Ayuntamiento de Aldaia\" \/>\n<meta property=\"og:description\" content=\"VUELVEN LAS \u201cNITS A LA L\u00daDICA KIDS!&quot; \u00a1El verano m\u00e1s divertido en familia! Espect\u00e1culo de improvisaci\u00f3n teatral interactiva.\" \/>\n<meta property=\"og:url\" content=\"https:\/\/aldaia.es\/es\/educacion\/nits-a-la-ludica\/\" \/>\n<meta property=\"og:site_name\" content=\"Ayuntamiento de Aldaia\" \/>\n<meta property=\"article:modified_time\" content=\"2024-09-19T10:12:35+00:00\" \/>\n<meta property=\"og:image\" content=\"https:\/\/aldaia.es\/wp-content\/uploads\/2024\/06\/NITS-A-LA-LUDICA-4-724x1024.jpg\" \/>\n<script type=\"application\/ld+json\" class=\"yoast-schema-graph\">{\"@context\":\"https:\/\/schema.org\",\"@graph\":[{\"@type\":\"WebPage\",\"@id\":\"https:\/\/aldaia.es\/es\/educacion\/nits-a-la-ludica\/\",\"url\":\"https:\/\/aldaia.es\/es\/educacion\/nits-a-la-ludica\/\",\"name\":\"Nits a la l\u00fadica Kids - Ayuntamiento de Aldaia\",\"isPartOf\":{\"@id\":\"https:\/\/aldaia.es\/es\/#website\"},\"primaryImageOfPage\":{\"@id\":\"https:\/\/aldaia.es\/es\/educacion\/nits-a-la-ludica\/#primaryimage\"},\"image\":{\"@id\":\"https:\/\/aldaia.es\/es\/educacion\/nits-a-la-ludica\/#primaryimage\"},\"thumbnailUrl\":\"https:\/\/aldaia.es\/wp-content\/uploads\/2024\/06\/NITS-A-LA-LUDICA-4-724x1024.jpg\",\"datePublished\":\"2022-08-31T11:01:29+00:00\",\"dateModified\":\"2024-09-19T10:12:35+00:00\",\"description\":\"VUELVEN LAS \u201cNITS A LA L\u00daDICA KIDS!\\\" \u00a1El verano m\u00e1s divertido en familia! Espect\u00e1culo de improvisaci\u00f3n teatral interactiva.\",\"breadcrumb\":{\"@id\":\"https:\/\/aldaia.es\/es\/educacion\/nits-a-la-ludica\/#breadcrumb\"},\"inLanguage\":\"es\",\"potentialAction\":[{\"@type\":\"ReadAction\",\"target\":[\"https:\/\/aldaia.es\/es\/educacion\/nits-a-la-ludica\/\"]}]},{\"@type\":\"ImageObject\",\"inLanguage\":\"es\",\"@id\":\"https:\/\/aldaia.es\/es\/educacion\/nits-a-la-ludica\/#primaryimage\",\"url\":\"https:\/\/aldaia.es\/wp-content\/uploads\/2024\/06\/NITS-A-LA-LUDICA-4-724x1024.jpg\",\"contentUrl\":\"https:\/\/aldaia.es\/wp-content\/uploads\/2024\/06\/NITS-A-LA-LUDICA-4-724x1024.jpg\"},{\"@type\":\"BreadcrumbList\",\"@id\":\"https:\/\/aldaia.es\/es\/educacion\/nits-a-la-ludica\/#breadcrumb\",\"itemListElement\":[{\"@type\":\"ListItem\",\"position\":1,\"name\":\"Portada\",\"item\":\"https:\/\/aldaia.es\/es\/\"},{\"@type\":\"ListItem\",\"position\":2,\"name\":\"Educaci\u00f3n\",\"item\":\"https:\/\/aldaia.es\/es\/educacion\/\"},{\"@type\":\"ListItem\",\"position\":3,\"name\":\"Nits a la l\u00fadica Kids\"}]},{\"@type\":\"WebSite\",\"@id\":\"https:\/\/aldaia.es\/es\/#website\",\"url\":\"https:\/\/aldaia.es\/es\/\",\"name\":\"Ajuntament D'Aldaia\",\"description\":\"\",\"publisher\":{\"@id\":\"https:\/\/aldaia.es\/es\/#organization\"},\"alternateName\":\"Ajuntament D'Aldaia\",\"potentialAction\":[{\"@type\":\"SearchAction\",\"target\":{\"@type\":\"EntryPoint\",\"urlTemplate\":\"https:\/\/aldaia.es\/es\/?s={search_term_string}\"},\"query-input\":{\"@type\":\"PropertyValueSpecification\",\"valueRequired\":true,\"valueName\":\"search_term_string\"}}],\"inLanguage\":\"es\"},{\"@type\":\"Organization\",\"@id\":\"https:\/\/aldaia.es\/es\/#organization\",\"name\":\"Ajuntament D'Aldaia\",\"url\":\"https:\/\/aldaia.es\/es\/\",\"logo\":{\"@type\":\"ImageObject\",\"inLanguage\":\"es\",\"@id\":\"https:\/\/aldaia.es\/es\/#\/schema\/logo\/image\/\",\"url\":\"https:\/\/aldaia.es\/wp-content\/uploads\/2022\/06\/aldaia-negro-1.png\",\"contentUrl\":\"https:\/\/aldaia.es\/wp-content\/uploads\/2022\/06\/aldaia-negro-1.png\",\"width\":152,\"height\":70,\"caption\":\"Ajuntament D'Aldaia\"},\"image\":{\"@id\":\"https:\/\/aldaia.es\/es\/#\/schema\/logo\/image\/\"}}]}<\/script>\n<!-- \/ Yoast SEO plugin. -->","yoast_head_json":{"title":"Nits a la l\u00fadica Kids - Ayuntamiento de Aldaia","description":"VUELVEN LAS \u201cNITS A LA L\u00daDICA KIDS!\" \u00a1El verano m\u00e1s divertido en familia! Espect\u00e1culo de improvisaci\u00f3n teatral interactiva.","robots":{"index":"index","follow":"follow","max-snippet":"max-snippet:-1","max-image-preview":"max-image-preview:large","max-video-preview":"max-video-preview:-1"},"canonical":"https:\/\/aldaia.es\/es\/educacion\/nits-a-la-ludica\/","og_locale":"es_ES","og_type":"article","og_title":"Nits a la l\u00fadica Kids - Ayuntamiento de Aldaia","og_description":"VUELVEN LAS \u201cNITS A LA L\u00daDICA KIDS!\" \u00a1El verano m\u00e1s divertido en familia! Espect\u00e1culo de improvisaci\u00f3n teatral interactiva.","og_url":"https:\/\/aldaia.es\/es\/educacion\/nits-a-la-ludica\/","og_site_name":"Ayuntamiento de Aldaia","article_modified_time":"2024-09-19T10:12:35+00:00","og_image":[{"url":"https:\/\/aldaia.es\/wp-content\/uploads\/2024\/06\/NITS-A-LA-LUDICA-4-724x1024.jpg","type":"","width":"","height":""}],"schema":{"@context":"https:\/\/schema.org","@graph":[{"@type":"WebPage","@id":"https:\/\/aldaia.es\/es\/educacion\/nits-a-la-ludica\/","url":"https:\/\/aldaia.es\/es\/educacion\/nits-a-la-ludica\/","name":"Nits a la l\u00fadica Kids - Ayuntamiento de Aldaia","isPartOf":{"@id":"https:\/\/aldaia.es\/es\/#website"},"primaryImageOfPage":{"@id":"https:\/\/aldaia.es\/es\/educacion\/nits-a-la-ludica\/#primaryimage"},"image":{"@id":"https:\/\/aldaia.es\/es\/educacion\/nits-a-la-ludica\/#primaryimage"},"thumbnailUrl":"https:\/\/aldaia.es\/wp-content\/uploads\/2024\/06\/NITS-A-LA-LUDICA-4-724x1024.jpg","datePublished":"2022-08-31T11:01:29+00:00","dateModified":"2024-09-19T10:12:35+00:00","description":"VUELVEN LAS \u201cNITS A LA L\u00daDICA KIDS!\" \u00a1El verano m\u00e1s divertido en familia! Espect\u00e1culo de improvisaci\u00f3n teatral interactiva.","breadcrumb":{"@id":"https:\/\/aldaia.es\/es\/educacion\/nits-a-la-ludica\/#breadcrumb"},"inLanguage":"es","potentialAction":[{"@type":"ReadAction","target":["https:\/\/aldaia.es\/es\/educacion\/nits-a-la-ludica\/"]}]},{"@type":"ImageObject","inLanguage":"es","@id":"https:\/\/aldaia.es\/es\/educacion\/nits-a-la-ludica\/#primaryimage","url":"https:\/\/aldaia.es\/wp-content\/uploads\/2024\/06\/NITS-A-LA-LUDICA-4-724x1024.jpg","contentUrl":"https:\/\/aldaia.es\/wp-content\/uploads\/2024\/06\/NITS-A-LA-LUDICA-4-724x1024.jpg"},{"@type":"BreadcrumbList","@id":"https:\/\/aldaia.es\/es\/educacion\/nits-a-la-ludica\/#breadcrumb","itemListElement":[{"@type":"ListItem","position":1,"name":"Portada","item":"https:\/\/aldaia.es\/es\/"},{"@type":"ListItem","position":2,"name":"Educaci\u00f3n","item":"https:\/\/aldaia.es\/es\/educacion\/"},{"@type":"ListItem","position":3,"name":"Nits a la l\u00fadica Kids"}]},{"@type":"WebSite","@id":"https:\/\/aldaia.es\/es\/#website","url":"https:\/\/aldaia.es\/es\/","name":"Ajuntament D'Aldaia","description":"","publisher":{"@id":"https:\/\/aldaia.es\/es\/#organization"},"alternateName":"Ajuntament D'Aldaia","potentialAction":[{"@type":"SearchAction","target":{"@type":"EntryPoint","urlTemplate":"https:\/\/aldaia.es\/es\/?s={search_term_string}"},"query-input":{"@type":"PropertyValueSpecification","valueRequired":true,"valueName":"search_term_string"}}],"inLanguage":"es"},{"@type":"Organization","@id":"https:\/\/aldaia.es\/es\/#organization","name":"Ajuntament D'Aldaia","url":"https:\/\/aldaia.es\/es\/","logo":{"@type":"ImageObject","inLanguage":"es","@id":"https:\/\/aldaia.es\/es\/#\/schema\/logo\/image\/","url":"https:\/\/aldaia.es\/wp-content\/uploads\/2022\/06\/aldaia-negro-1.png","contentUrl":"https:\/\/aldaia.es\/wp-content\/uploads\/2022\/06\/aldaia-negro-1.png","width":152,"height":70,"caption":"Ajuntament D'Aldaia"},"image":{"@id":"https:\/\/aldaia.es\/es\/#\/schema\/logo\/image\/"}}]}},"_links":{"self":[{"href":"https:\/\/aldaia.es\/es\/wp-json\/wp\/v2\/pages\/6542","targetHints":{"allow":["GET"]}}],"collection":[{"href":"https:\/\/aldaia.es\/es\/wp-json\/wp\/v2\/pages"}],"about":[{"href":"https:\/\/aldaia.es\/es\/wp-json\/wp\/v2\/types\/page"}],"author":[{"embeddable":true,"href":"https:\/\/aldaia.es\/es\/wp-json\/wp\/v2\/users\/1"}],"replies":[{"embeddable":true,"href":"https:\/\/aldaia.es\/es\/wp-json\/wp\/v2\/comments?post=6542"}],"version-history":[{"count":27,"href":"https:\/\/aldaia.es\/es\/wp-json\/wp\/v2\/pages\/6542\/revisions"}],"predecessor-version":[{"id":32401,"href":"https:\/\/aldaia.es\/es\/wp-json\/wp\/v2\/pages\/6542\/revisions\/32401"}],"up":[{"embeddable":true,"href":"https:\/\/aldaia.es\/es\/wp-json\/wp\/v2\/pages\/6252"}],"wp:attachment":[{"href":"https:\/\/aldaia.es\/es\/wp-json\/wp\/v2\/media?parent=6542"}],"curies":[{"name":"wp","href":"https:\/\/api.w.org\/{rel}","templated":true}]}}