{"id":6545,"date":"2023-01-30T17:52:47","date_gmt":"2023-01-30T16:52:47","guid":{"rendered":"https:\/\/aldaia.eu\/cultura\/tama-teatro-auditorio\/datos-de-interes\/"},"modified":"2024-09-13T09:47:24","modified_gmt":"2024-09-13T07:47:24","slug":"datos-de-interes","status":"publish","type":"page","link":"https:\/\/aldaia.es\/es\/cultura\/tama-teatro-auditorio\/datos-de-interes\/","title":{"rendered":"TAMA &#8211; Datos T\u00e9cnicos"},"content":{"rendered":"\n<div class=\"wp-block-columns dep-cultura is-layout-flex wp-container-core-columns-is-layout-9d6595d7 wp-block-columns-is-layout-flex\">\n<div class=\"wp-block-column is-layout-flow wp-block-column-is-layout-flow\" style=\"flex-basis:30%\"><!--  Info cultura TAMA -->\n\n \n\n<div class='bloque-infos-cultura-tama wrapper-departamentos'>\n<p class=\"tit-bloque-infos\">Localizaci\u00f3n TAMA<\/p>\n        <div class='infos-departamento'>\n            <p>Av. de la M\u00fasica, 11, 46960 Aldaia, Valencia, Espa\u00f1a. Acceso por calle Cuarto s\/n.<\/p>\n            <p><i class=\"fa fa-phone\" aria-hidden=\"true\"><\/i> <a href=\"tel:+34961988406\">+34 96 198 84 06<\/a><\/p>\n            <p><i class=\"fas fa-envelope\"><\/i> <a href=\"mailto:flopez@ajuntamentaldaia.org\">flopez@ajuntamentaldaia.org<\/a><\/p>\n            <p><i class=\"fas fa-envelope\"><\/i> <a href=\"mailto:agarcera@ajuntamentaldaia.org\">agarcera@ajuntamentaldaia.org<\/a><\/p>\n            <p><i class=\"fas fa-envelope\"><\/i> <a href=\"mailto:cultura@ajuntamentaldaia.org\">cultura@ajuntamentaldaia.org<\/a><\/p>\n        <\/div>\n\n        <div class='mapa-1'>\n        <iframe src=\"https:\/\/www.google.com\/maps\/embed?pb=!1m14!1m8!1m3!1d1220.9579746302354!2d-0.45720314031949144!3d39.46531419902647!3m2!1i1024!2i768!4f13.1!3m3!1m2!1s0xd605018834c3113%3A0x18b8f585c8e09c91!2sTAMA%20%E2%80%94%20Teatro%20Auditorio%20Municipal%20de%20Aldaia!5e0!3m2!1ses!2sus!4v1725979334211!5m2!1ses!2sus\" width=\"100%\" height=\"450\" style=\"border:0;\" allowfullscreen=\"\" loading=\"lazy\" referrerpolicy=\"no-referrer-when-downgrade\"><\/iframe>\n        <\/div>\n\n    <\/div>\n    <!-- end bloque infos -->\n   \n\n    \n\n\n<\/div>\n\n\n\n<div class=\"wp-block-column is-layout-flow wp-block-column-is-layout-flow\" style=\"flex-basis:70%\">\n<h1 class=\"wp-block-heading\">TAMA &#8211; Datos T\u00e9cnicos<\/h1>\n\n\n\n<p><strong>Superficie total construida:<\/strong>&nbsp;3.076,57 m2.<\/p>\n\n\n\n<p>Planta s\u00f3tano: 449,35 m2.<br>Planta baja: 1.539,32 m2. (Acceso, patio de butacas y escenario)<br>Planta 1\u00aa: 796,58 m2.<br>Planta 2\u00aa: 291,32 m2.<\/p>\n\n\n\n<p><strong>N\u00ba. de butacas:&nbsp;<\/strong>711 butacas.<\/p>\n\n\n\n<p>Platea: 491 (4 para discapacitados y acompa\u00f1ante).<br>Anfiteatro: 196<br>Lonjas laterales: 24.<\/p>\n\n\n\n<p><strong>Cimentaci\u00f3n:<\/strong><\/p>\n\n\n\n<p>Las cargas al terreno se transmiten mediante un sistema de aros y zapatos de hormig\u00f3n armado tipo HA-25\/B\/40\/*IIa, y acero corrugado B 500S, con las dimensiones y disposici\u00f3n de armaduras que se especifican en el Proyecto.<\/p>\n\n\n\n<p><strong>Muros de S\u00f3tano:<\/strong><\/p>\n\n\n\n<p>Los muros del s\u00f3tano son de hormig\u00f3n armado tipo HA-25\/B\/20\/*IIa, y acero corrugado B 500S, con las dimensiones y disposici\u00f3n de armaduras que se especifican en el Proyecto.<\/p>\n\n\n\n<p><strong>Solera:<\/strong><\/p>\n\n\n\n<p>Realizada con hormig\u00f3n tipo HM-20\/B\/20\/*IIa, de espesor 15 cms., incluso malla electrosoldada de acero B 500S di\u00e1metro 4 mms. y malla 15\u00d715 cms, con impermeabilizaci\u00f3n por su cara inferior, colocada sobre capa de lastres artificiales de espesor 20 cms. compactadas al 98% del prector modificado, debidamente curada y fratasada.<\/p>\n\n\n\n<p>Sobre la solera de patio de butacas se han colocado tabiquillos conejeros de baldosa cer\u00e1mica sobre los que se apoyan bardos cer\u00e1micos con capa de compresi\u00f3n de 5 cms. de espesor de hormig\u00f3n tipo HM-20\/B\/20\/Iia y el pavimento, para dejar cuarto inferior para la colocaci\u00f3n de los conductos y rejillas de climatizaci\u00f3n.<\/p>\n\n\n\n<p><strong>Estructura:<\/strong><\/p>\n\n\n\n<p>Sistema de p\u00f3rticos constituidos por soportes y vigas de perfil de acero laminado en caliente A-42b, constituido detalladamente por elementos estructurales autoportantes de ancho, canto y caracter\u00edsticas que se establecen en el Proyecto, sobre los que se sustenta un forjado unidireccional de semivigueta pretensada, bovedilla de hormig\u00f3n vibrado, relleno de senos y capa de compresi\u00f3n con hormig\u00f3n tipo HA-25\/B\/20\/*IIa, canto 31 cms., armados los diferentes elementos con acero corrugado B 500S. Se considera una carga total uniforme capaz de soportar el forjado tipo de 100 kN\/m2, 30 kN\/m2 en cubierta de vest\u00edbulo de acceso, sala y escenario, y 100 kN\/m2 en resto de cubierta, excepto en la trasera de el escenario, que es de 70kN\/m2.<\/p>\n\n\n\n<p>La estructura met\u00e1lica est\u00e1 ignifugada para el cumplimiento de la Norma NBE-CPI\/96, para una estabilidad al fuego tipo EF-120 en planta s\u00f3tano y EF-90 en el resto del edificio.<\/p>\n\n\n\n<p><strong>Cubierta:<\/strong><\/p>\n\n\n\n<p>En cubierta de sala y escenario, cubierta a base de panel s\u00e1ndwich de chapa galvanizada, con aislamiento ac\u00fastico de lana de roca de 80 mm. de espesor y densidad variable 150-200 kg\/m3 en el exterior, y otros 80 mms. de espesor y densidad 70 kg\/m3 en el interior, con un espesor total de aislamiento de 16 cms.; membrana impermeabilizante, y pavimento de grava.<\/p>\n\n\n\n<p>En cubierta de vest\u00edbulo de acceso, la misma cubierta pero con aislamiento \u00fanicamente de 70 kg\/m3 y espesor 5 cms.<\/p>\n\n\n\n<p>En el resto, cubierta plana formada por barrera de vapor, aislante t\u00e9rmico tipo poliestireno extruido de espesor 5 cms, fald\u00f3n de hormig\u00f3n celular, aplanado y fratasado, en formaci\u00f3n de pendientes, con un espesor m\u00ednimo de 8 cms., capa de regularizaci\u00f3n de mortero de cemento de 2 cms de espesor, tela asf\u00e1ltica impermeable monocapa, soldada y solapada en los paramentos verticales, y acabado en baldosa hidr\u00e1ulica lisa 20\u00d720 cms, todo ello con las juntas de dilataci\u00f3n indicadas en los planes de proyecto, debidamente sella a asegurar la estanqueidad.<\/p>\n\n\n\n<p><strong>Cierres:<\/strong><\/p>\n\n\n\n<p>En fachadas correspondientes a sala y escenario, doble f\u00e1brica de baldosa cer\u00e1mica perforada de 12 cms. colocadas a rozadura con mortero de cemento 1:6, una interior y otra exterior, con enfoscado interior de la f\u00e1brica exterior con mortero de cemento hidr\u00f3fugo 1:6, y c\u00e1mara de aire para alojamiento de aislamiento de lana de roca de 70 kg\/m3 de densidad y 5 cms. de espesor.<\/p>\n\n\n\n<p>En resto de fachadas, fabrica exterior de baldosa cer\u00e1mica perforada de 12 cms. colocado a frotado con mortero de cemento 1:6, enfoscado interior con mortero de cemento hidr\u00f3fugo 1:6, c\u00e1mara de aire para alojamiento de lana de roca de 70 kg\/m3 de densidad y 5 cms. de espesor, y tabique de baldosa cer\u00e1mica hueco del 7 colocado a restregado con mortero de cemento 1:6.<\/p>\n\n\n\n<p><strong>Tabiquer\u00eda<\/strong> :<\/p>\n\n\n\n<p>Paredes para divisiones de baldosa cer\u00e1mica vac\u00edo del 7 y del 11 colocados a rozadura con mortero de 1:6. Las paredes de sala, est\u00e1n trasdosadas por el interior con PLADUR, formando un oscuro perimetral en el encuentro con el pavimento 3\u00d73 cms., con un perfil angular en el encuentro.<\/p>\n\n\n\n<p><strong>Solados:<\/strong><\/p>\n\n\n\n<p>En vest\u00edbulos de acceso de p\u00fablico en plantas baja y primera, y en escalera principal, pavimento de m\u00e1rmol en piezas de 60\u00d760 cms. y 12 mms. de espesor, enrasado en los rodapi\u00e9s y escalones a revestimiento de yeso.<\/p>\n\n\n\n<p>En patio de butacas y en anfiteatro, revestimiento vin\u00edlico TARKETT \u201cOptima\u201d de 2 mms. de espesor, en rollos de 2 mts. de ancho, parche con pegamento unilateral sobre terrazo (en patio de butacas y en partes horizontales de anfiteatro) o sobre tablero fen\u00f3lico de 22 mms. de grosor (en grader\u00eda de anfiteatro).<\/p>\n\n\n\n<p>En aseos de camerinos, de vestuarios, de planta 2a, de p\u00fablico, y en almacenes de plantas baja y 1a, gres cer\u00e1mico tipo \u201ccompacto\u201d en piezas de 20 x 20 cms., recibido con mortero de cemento mixto, y rejuntada con lechada de mortero de cemento coloreado.<\/p>\n\n\n\n<p>En pavimento del escenario sobre el bajo escenario, tarima maciza de pi melis, de dimensi\u00f3n de mesa 100 mms de ancho y 22 mms. de espesor, colocada sobre tablero fen\u00f3lico WBP de 21 mms. de espesor, en piezas desmontables de 81\u00d7122 cms., colocadas sobre viguetas de la estructura met\u00e1lica con una distancia entre ejes de 81 cms. Sobre las viguetas met\u00e1licas se ha colocado una cinta de neopreno de 5 mms. de espesor para amortiguaci\u00f3n del ruido a impacto y listones de madera. Cada placa dispone de cuatro pasadores en su cara inferior para ajuste a la vigueta met\u00e1lica. En el resto del escenario, tarima maciza de pino melis, de dimensi\u00f3n de mesa 100 mms de ancho y 22 mms. de espesor, colocada sobre tablero fen\u00f3lico WBP de 15 mms. de espesor, atornillado a rastrelas de madera. Este pavimento est\u00e1 pintado en color negro.<\/p>\n\n\n\n<p>En el resto del edificio, terrazo tipo \u201cVacutile\u201d en piezas de 50 x 50 cms., para uso intensivo, colocado sobre capa de mortero cola de espesor m\u00e1ximo 10 mms., capa de mortero de cemento de arena lavado y l\u00e1mina de separaci\u00f3n con el forjado de poliestireno expandido, rejuntada con lechada de cemento coloreada con la misma tonalidad que las baldosas, incluso rodapi\u00e9 de 7 cms. de altura enrasado a menaje terminado. En las escaleras, la huella y pareda son tambi\u00e9n de terrazo, de una sola pieza, huella por un lado, y pareda por otro, con enrasados en los escalones a paramento terminado.<\/p>\n\n\n\n<p><strong>Revestimientos:<\/strong><\/p>\n\n\n\n<p><strong>Exteriores:<\/strong>&nbsp;Revestimiento de fachadas de bloque de acceso con paneles de madera baquelizada de 10 mms. de grosor, de la casa OBERFLEX, acabado en haya, con juntas vertical y horizontal machiembrada con caracoles aculta de acero inoxidable, todo sobre perfil omega de acero galvanizado, incluso remate superior de chapa de acero inoxidable crudo para pintar de 1,5 mm. de espesor.<\/p>\n\n\n\n<p>Revestimiento de parte superior de bloque de sala con chapa de cobre de 0,65mm. de espesor y ancho de bandeja 62 cms., con junta altura engatillada, atornillada a listones de madera de pino tratado para intemperie, incluso remate superior de chapa de las mismas caracter\u00edsticas. Se dar\u00e1 a la chapa un tratamiento previo de oxidaci\u00f3n.<\/p>\n\n\n\n<p>Revestimiento de resto de fachadas con panel compuesto madera-cemento, de 20 mms. de BETONYP o similar, de 20mms de espesor, con machiembrado simple, atornillado a perfil omega de acero galvanizado con caracoles de acero inoxidable, y sellado a base de cord\u00f3n de poliuretano color gris.<\/p>\n\n\n\n<p>Z\u00f3calo de fachadas a base de aplacado de m\u00e1rmol \u201cBautizo\u201d, en piezas de espesor 4 cms. y dimensi\u00f3n seg\u00fan despiece representado gr\u00e1ficamente en el plano correspondiente, ancladas a f\u00e1brica de baldosa perforada con varillas de acero inoxidable. Est\u00e1 impermeabilizada la cara interior de la f\u00e1brica exterior.<\/p>\n\n\n\n<p><strong>Interiores:&nbsp;<\/strong>En petos frontales de anfiteatro, y en paredes laterales de anfiteatro, tablero aglomerado chapado en madera de arce canadiense, sobre listones de madera en el caso de paredes, y sobre bastidor de madera anclado a obra en petos.<\/p>\n\n\n\n<p>Enfoscado maestreado de mortero de cemento 1:5 en paramentos verticales y horizontales del ascensor.<\/p>\n\n\n\n<p>Chapado de aseos con gres cer\u00e1mico tipo \u201ccompacto\u201d en piezas de 20 x 20 cms., recibido con mortero de cemento mixto, y rejuntada con lechada de cemento coloreado.<\/p>\n\n\n\n<p>Lucidos de yeso maestreados proyectados en resto de paramentos verticales y horizontales interiores.<\/p>\n\n\n\n<p>Moqueta en paredes laterales de acceso a anfiteatro \u201cAudace\u201d de SOMMER, o similar, con tratamiento para comportamiento al fuego M2, pegada con pegamento adhesivo.<\/p>\n\n\n\n<p>Bancadas de lavabos en aseos de granito gris cristal de 2 cms. de espesor, con peto frontal de 10 cms. de altura, sobre bastidor met\u00e1lico de acero galvanizado.<\/p>\n<\/div>\n<\/div>\n\n\n\n<div class=\"wp-block-columns is-layout-flex wp-container-core-columns-is-layout-9d6595d7 wp-block-columns-is-layout-flex\">\n<div class=\"wp-block-column is-layout-flow wp-block-column-is-layout-flow\">\n<h2 class=\"wp-block-heading\">Planos<\/h2>\n\n\n\n<div class=\"wp-block-columns is-layout-flex wp-container-core-columns-is-layout-9d6595d7 wp-block-columns-is-layout-flex\">\n<div class=\"wp-block-column is-layout-flow wp-block-column-is-layout-flow\">\n<figure class=\"wp-block-image size-large\"><img decoding=\"async\" src=\"https:\/\/aldaia.es\/wp-content\/uploads\/2023\/01\/perfil_escenario.gif\" alt=\"plan TAMA\"\/><\/figure>\n<\/div>\n\n\n\n<div class=\"wp-block-column is-layout-flow wp-block-column-is-layout-flow\">\n<figure class=\"wp-block-image size-large\"><img decoding=\"async\" src=\"https:\/\/aldaia.es\/wp-content\/uploads\/2023\/01\/planta_escenario.gif\" alt=\"plan TAMA\"\/><\/figure>\n<\/div>\n<\/div>\n<\/div>\n<\/div>\n\n\n\n<div class=\"wp-block-columns is-layout-flex wp-container-core-columns-is-layout-9d6595d7 wp-block-columns-is-layout-flex\">\n<div class=\"wp-block-column lista_adjuntos is-layout-flow wp-block-column-is-layout-flow\">\n<h2 class=\"wp-block-heading display-4\">Enlaces<\/h2>\n\n\n\n<p><i class=\"fas fa-link\"><\/i> <a href=\"https:\/\/aldaia.es\/es\/cultura\/tama-teatro-auditorio\/\">TAMA, teatro auditorio<\/a><\/p>\n\n\n\n<p><i class=\"fas fa-link\"><\/i> <a href=\"https:\/\/aldaia.es\/es\/cultura\/tama-teatro-auditorio\/funcionamiento\/\">Funcionamiento<\/a><\/p>\n\n\n\n<p><i class=\"fas fa-link\"><\/i> <a href=\"https:\/\/aldaia.es\/es\/cultura\/tama-teatro-auditorio\/programas-singulares-propios-de-artes-escenicas\/\">Programas singulares propios de artes esc\u00e9nicas<\/a><\/p>\n\n\n\n<p><i class=\"fas fa-link\"><\/i> <a href=\"\/?page_id=6554\">Datos de inter\u00e9s<\/a><\/p>\n\n\n\n<p><i class=\"fas fa-link\"><\/i> <a href=\"https:\/\/aldaia.es\/es\/cultura\/tama-teatro-auditorio\/galeria-de-imagenes\/\">TAMA Galer\u00eda de im\u00e1genes<\/a><\/p>\n<\/div>\n<\/div>\n\n\n\n<p><\/p>\n","protected":false},"excerpt":{"rendered":"<p>TAMA &#8211; Datos T\u00e9cnicos Superficie total construida:&nbsp;3.076,57 m2. Planta s\u00f3tano: 449,35 m2.Planta baja: 1.539,32 m2. (Acceso, patio de butacas y escenario)Planta 1\u00aa: 796,58 m2.Planta 2\u00aa: 291,32 m2. N\u00ba. de butacas:&nbsp;711 <a class=\"text-decoration-none text-black\" href=\"https:\/\/aldaia.es\/es\/cultura\/tama-teatro-auditorio\/datos-de-interes\/\"> &#8230; <\/a><\/p>\n","protected":false},"author":21,"featured_media":0,"parent":6376,"menu_order":0,"comment_status":"closed","ping_status":"closed","template":"basic-page-departamentos.php","meta":{"_acf_changed":false,"footnotes":""},"class_list":["post-6545","page","type-page","status-publish","hentry"],"acf":[],"yoast_head":"<!-- This site is optimized with the Yoast SEO plugin v27.0 - https:\/\/yoast.com\/product\/yoast-seo-wordpress\/ -->\n<title>TAMA &#8211; Datos T\u00e9cnicos - Ayuntamiento de Aldaia<\/title>\n<meta name=\"description\" content=\"TAMA - teatro auditorio de Aldaia. Datos T\u00e9cnicos: dimensiones, potencia el\u00e9ctrica, controles de sonido, maquinaria y medidas del escenario.\" \/>\n<meta name=\"robots\" content=\"index, follow, max-snippet:-1, max-image-preview:large, max-video-preview:-1\" \/>\n<link rel=\"canonical\" href=\"https:\/\/aldaia.es\/es\/cultura\/tama-teatro-auditorio\/datos-de-interes\/\" \/>\n<meta property=\"og:locale\" content=\"es_ES\" \/>\n<meta property=\"og:type\" content=\"article\" \/>\n<meta property=\"og:title\" content=\"TAMA &#8211; Datos T\u00e9cnicos - Ayuntamiento de Aldaia\" \/>\n<meta property=\"og:description\" content=\"TAMA - teatro auditorio de Aldaia. Datos T\u00e9cnicos: dimensiones, potencia el\u00e9ctrica, controles de sonido, maquinaria y medidas del escenario.\" \/>\n<meta property=\"og:url\" content=\"https:\/\/aldaia.es\/es\/cultura\/tama-teatro-auditorio\/datos-de-interes\/\" \/>\n<meta property=\"og:site_name\" content=\"Ayuntamiento de Aldaia\" \/>\n<meta property=\"article:modified_time\" content=\"2024-09-13T07:47:24+00:00\" \/>\n<meta property=\"og:image\" content=\"https:\/\/aldaia.es\/wp-content\/uploads\/2023\/01\/perfil_escenario.gif\" \/>\n<script type=\"application\/ld+json\" class=\"yoast-schema-graph\">{\"@context\":\"https:\/\/schema.org\",\"@graph\":[{\"@type\":\"WebPage\",\"@id\":\"https:\/\/aldaia.es\/es\/cultura\/tama-teatro-auditorio\/datos-de-interes\/\",\"url\":\"https:\/\/aldaia.es\/es\/cultura\/tama-teatro-auditorio\/datos-de-interes\/\",\"name\":\"TAMA &#8211; Datos T\u00e9cnicos - Ayuntamiento de Aldaia\",\"isPartOf\":{\"@id\":\"https:\/\/aldaia.es\/es\/#website\"},\"primaryImageOfPage\":{\"@id\":\"https:\/\/aldaia.es\/es\/cultura\/tama-teatro-auditorio\/datos-de-interes\/#primaryimage\"},\"image\":{\"@id\":\"https:\/\/aldaia.es\/es\/cultura\/tama-teatro-auditorio\/datos-de-interes\/#primaryimage\"},\"thumbnailUrl\":\"https:\/\/aldaia.es\/wp-content\/uploads\/2023\/01\/perfil_escenario.gif\",\"datePublished\":\"2023-01-30T16:52:47+00:00\",\"dateModified\":\"2024-09-13T07:47:24+00:00\",\"description\":\"TAMA - teatro auditorio de Aldaia. Datos T\u00e9cnicos: dimensiones, potencia el\u00e9ctrica, controles de sonido, maquinaria y medidas del escenario.\",\"breadcrumb\":{\"@id\":\"https:\/\/aldaia.es\/es\/cultura\/tama-teatro-auditorio\/datos-de-interes\/#breadcrumb\"},\"inLanguage\":\"es\",\"potentialAction\":[{\"@type\":\"ReadAction\",\"target\":[\"https:\/\/aldaia.es\/es\/cultura\/tama-teatro-auditorio\/datos-de-interes\/\"]}]},{\"@type\":\"ImageObject\",\"inLanguage\":\"es\",\"@id\":\"https:\/\/aldaia.es\/es\/cultura\/tama-teatro-auditorio\/datos-de-interes\/#primaryimage\",\"url\":\"https:\/\/aldaia.es\/wp-content\/uploads\/2023\/01\/perfil_escenario.gif\",\"contentUrl\":\"https:\/\/aldaia.es\/wp-content\/uploads\/2023\/01\/perfil_escenario.gif\"},{\"@type\":\"BreadcrumbList\",\"@id\":\"https:\/\/aldaia.es\/es\/cultura\/tama-teatro-auditorio\/datos-de-interes\/#breadcrumb\",\"itemListElement\":[{\"@type\":\"ListItem\",\"position\":1,\"name\":\"Portada\",\"item\":\"https:\/\/aldaia.es\/es\/\"},{\"@type\":\"ListItem\",\"position\":2,\"name\":\"Cultura\",\"item\":\"https:\/\/aldaia.es\/es\/cultura\/\"},{\"@type\":\"ListItem\",\"position\":3,\"name\":\"TAMA. Teatro Auditorio de Aldaia\",\"item\":\"https:\/\/aldaia.es\/es\/cultura\/tama-teatro-auditorio\/\"},{\"@type\":\"ListItem\",\"position\":4,\"name\":\"TAMA &#8211; Datos T\u00e9cnicos\"}]},{\"@type\":\"WebSite\",\"@id\":\"https:\/\/aldaia.es\/es\/#website\",\"url\":\"https:\/\/aldaia.es\/es\/\",\"name\":\"Ajuntament D'Aldaia\",\"description\":\"\",\"publisher\":{\"@id\":\"https:\/\/aldaia.es\/es\/#organization\"},\"alternateName\":\"Ajuntament D'Aldaia\",\"potentialAction\":[{\"@type\":\"SearchAction\",\"target\":{\"@type\":\"EntryPoint\",\"urlTemplate\":\"https:\/\/aldaia.es\/es\/?s={search_term_string}\"},\"query-input\":{\"@type\":\"PropertyValueSpecification\",\"valueRequired\":true,\"valueName\":\"search_term_string\"}}],\"inLanguage\":\"es\"},{\"@type\":\"Organization\",\"@id\":\"https:\/\/aldaia.es\/es\/#organization\",\"name\":\"Ajuntament D'Aldaia\",\"url\":\"https:\/\/aldaia.es\/es\/\",\"logo\":{\"@type\":\"ImageObject\",\"inLanguage\":\"es\",\"@id\":\"https:\/\/aldaia.es\/es\/#\/schema\/logo\/image\/\",\"url\":\"https:\/\/aldaia.es\/wp-content\/uploads\/2022\/06\/aldaia-negro-1.png\",\"contentUrl\":\"https:\/\/aldaia.es\/wp-content\/uploads\/2022\/06\/aldaia-negro-1.png\",\"width\":152,\"height\":70,\"caption\":\"Ajuntament D'Aldaia\"},\"image\":{\"@id\":\"https:\/\/aldaia.es\/es\/#\/schema\/logo\/image\/\"}}]}<\/script>\n<!-- \/ Yoast SEO plugin. -->","yoast_head_json":{"title":"TAMA &#8211; Datos T\u00e9cnicos - Ayuntamiento de Aldaia","description":"TAMA - teatro auditorio de Aldaia. Datos T\u00e9cnicos: dimensiones, potencia el\u00e9ctrica, controles de sonido, maquinaria y medidas del escenario.","robots":{"index":"index","follow":"follow","max-snippet":"max-snippet:-1","max-image-preview":"max-image-preview:large","max-video-preview":"max-video-preview:-1"},"canonical":"https:\/\/aldaia.es\/es\/cultura\/tama-teatro-auditorio\/datos-de-interes\/","og_locale":"es_ES","og_type":"article","og_title":"TAMA &#8211; Datos T\u00e9cnicos - Ayuntamiento de Aldaia","og_description":"TAMA - teatro auditorio de Aldaia. Datos T\u00e9cnicos: dimensiones, potencia el\u00e9ctrica, controles de sonido, maquinaria y medidas del escenario.","og_url":"https:\/\/aldaia.es\/es\/cultura\/tama-teatro-auditorio\/datos-de-interes\/","og_site_name":"Ayuntamiento de Aldaia","article_modified_time":"2024-09-13T07:47:24+00:00","og_image":[{"url":"https:\/\/aldaia.es\/wp-content\/uploads\/2023\/01\/perfil_escenario.gif","type":"","width":"","height":""}],"schema":{"@context":"https:\/\/schema.org","@graph":[{"@type":"WebPage","@id":"https:\/\/aldaia.es\/es\/cultura\/tama-teatro-auditorio\/datos-de-interes\/","url":"https:\/\/aldaia.es\/es\/cultura\/tama-teatro-auditorio\/datos-de-interes\/","name":"TAMA &#8211; Datos T\u00e9cnicos - Ayuntamiento de Aldaia","isPartOf":{"@id":"https:\/\/aldaia.es\/es\/#website"},"primaryImageOfPage":{"@id":"https:\/\/aldaia.es\/es\/cultura\/tama-teatro-auditorio\/datos-de-interes\/#primaryimage"},"image":{"@id":"https:\/\/aldaia.es\/es\/cultura\/tama-teatro-auditorio\/datos-de-interes\/#primaryimage"},"thumbnailUrl":"https:\/\/aldaia.es\/wp-content\/uploads\/2023\/01\/perfil_escenario.gif","datePublished":"2023-01-30T16:52:47+00:00","dateModified":"2024-09-13T07:47:24+00:00","description":"TAMA - teatro auditorio de Aldaia. Datos T\u00e9cnicos: dimensiones, potencia el\u00e9ctrica, controles de sonido, maquinaria y medidas del escenario.","breadcrumb":{"@id":"https:\/\/aldaia.es\/es\/cultura\/tama-teatro-auditorio\/datos-de-interes\/#breadcrumb"},"inLanguage":"es","potentialAction":[{"@type":"ReadAction","target":["https:\/\/aldaia.es\/es\/cultura\/tama-teatro-auditorio\/datos-de-interes\/"]}]},{"@type":"ImageObject","inLanguage":"es","@id":"https:\/\/aldaia.es\/es\/cultura\/tama-teatro-auditorio\/datos-de-interes\/#primaryimage","url":"https:\/\/aldaia.es\/wp-content\/uploads\/2023\/01\/perfil_escenario.gif","contentUrl":"https:\/\/aldaia.es\/wp-content\/uploads\/2023\/01\/perfil_escenario.gif"},{"@type":"BreadcrumbList","@id":"https:\/\/aldaia.es\/es\/cultura\/tama-teatro-auditorio\/datos-de-interes\/#breadcrumb","itemListElement":[{"@type":"ListItem","position":1,"name":"Portada","item":"https:\/\/aldaia.es\/es\/"},{"@type":"ListItem","position":2,"name":"Cultura","item":"https:\/\/aldaia.es\/es\/cultura\/"},{"@type":"ListItem","position":3,"name":"TAMA. Teatro Auditorio de Aldaia","item":"https:\/\/aldaia.es\/es\/cultura\/tama-teatro-auditorio\/"},{"@type":"ListItem","position":4,"name":"TAMA &#8211; Datos T\u00e9cnicos"}]},{"@type":"WebSite","@id":"https:\/\/aldaia.es\/es\/#website","url":"https:\/\/aldaia.es\/es\/","name":"Ajuntament D'Aldaia","description":"","publisher":{"@id":"https:\/\/aldaia.es\/es\/#organization"},"alternateName":"Ajuntament D'Aldaia","potentialAction":[{"@type":"SearchAction","target":{"@type":"EntryPoint","urlTemplate":"https:\/\/aldaia.es\/es\/?s={search_term_string}"},"query-input":{"@type":"PropertyValueSpecification","valueRequired":true,"valueName":"search_term_string"}}],"inLanguage":"es"},{"@type":"Organization","@id":"https:\/\/aldaia.es\/es\/#organization","name":"Ajuntament D'Aldaia","url":"https:\/\/aldaia.es\/es\/","logo":{"@type":"ImageObject","inLanguage":"es","@id":"https:\/\/aldaia.es\/es\/#\/schema\/logo\/image\/","url":"https:\/\/aldaia.es\/wp-content\/uploads\/2022\/06\/aldaia-negro-1.png","contentUrl":"https:\/\/aldaia.es\/wp-content\/uploads\/2022\/06\/aldaia-negro-1.png","width":152,"height":70,"caption":"Ajuntament D'Aldaia"},"image":{"@id":"https:\/\/aldaia.es\/es\/#\/schema\/logo\/image\/"}}]}},"_links":{"self":[{"href":"https:\/\/aldaia.es\/es\/wp-json\/wp\/v2\/pages\/6545","targetHints":{"allow":["GET"]}}],"collection":[{"href":"https:\/\/aldaia.es\/es\/wp-json\/wp\/v2\/pages"}],"about":[{"href":"https:\/\/aldaia.es\/es\/wp-json\/wp\/v2\/types\/page"}],"author":[{"embeddable":true,"href":"https:\/\/aldaia.es\/es\/wp-json\/wp\/v2\/users\/21"}],"replies":[{"embeddable":true,"href":"https:\/\/aldaia.es\/es\/wp-json\/wp\/v2\/comments?post=6545"}],"version-history":[{"count":5,"href":"https:\/\/aldaia.es\/es\/wp-json\/wp\/v2\/pages\/6545\/revisions"}],"predecessor-version":[{"id":31701,"href":"https:\/\/aldaia.es\/es\/wp-json\/wp\/v2\/pages\/6545\/revisions\/31701"}],"up":[{"embeddable":true,"href":"https:\/\/aldaia.es\/es\/wp-json\/wp\/v2\/pages\/6376"}],"wp:attachment":[{"href":"https:\/\/aldaia.es\/es\/wp-json\/wp\/v2\/media?parent=6545"}],"curies":[{"name":"wp","href":"https:\/\/api.w.org\/{rel}","templated":true}]}}